{"id":2098,"date":"2020-11-02T15:34:02","date_gmt":"2020-11-02T15:34:02","guid":{"rendered":"https:\/\/demo06.gethomey.io\/?page_id=2098"},"modified":"2026-03-12T15:25:46","modified_gmt":"2026-03-12T14:25:46","slug":"boat-rental-mallorca","status":"publish","type":"page","link":"https:\/\/boatrentalmallorca.net\/it\/","title":{"rendered":"Noleggio barche a Maiorca"},"content":{"rendered":"<div data-elementor-type=\"wp-page\" data-elementor-id=\"2098\" class=\"elementor elementor-2098\">\n\t\t\t\t\t\t<section class=\"elementor-section elementor-top-section elementor-element elementor-element-26356b9 elementor-section-height-min-height elementor-section-stretched elementor-section-boxed elementor-section-height-default elementor-section-items-middle\" data-id=\"26356b9\" data-element_type=\"section\" data-e-type=\"section\" data-settings=\"{&quot;background_background&quot;:&quot;classic&quot;,&quot;stretch_section&quot;:&quot;section-stretched&quot;}\">\n\t\t\t\t\t\t<div class=\"elementor-container elementor-column-gap-default\">\n\t\t\t\t\t<div class=\"elementor-column elementor-col-100 elementor-top-column elementor-element elementor-element-54636fd\" data-id=\"54636fd\" data-element_type=\"column\" data-e-type=\"column\">\n\t\t\t<div class=\"elementor-widget-wrap elementor-element-populated\">\n\t\t\t\t\t\t<div class=\"elementor-element elementor-element-7614e29 elementor-widget elementor-widget-spacer\" data-id=\"7614e29\" data-element_type=\"widget\" data-e-type=\"widget\" data-widget_type=\"spacer.default\">\n\t\t\t\t<div class=\"elementor-widget-container\">\n\t\t\t\t\t\t\t<div class=\"elementor-spacer\">\n\t\t\t<div class=\"elementor-spacer-inner\"><\/div>\n\t\t<\/div>\n\t\t\t\t\t\t<\/div>\n\t\t\t\t<\/div>\n\t\t\t\t<div class=\"elementor-element elementor-element-5bc9df49 elementor-widget elementor-widget-homey_elementor_section_title\" data-id=\"5bc9df49\" data-element_type=\"widget\" data-e-type=\"widget\" data-widget_type=\"homey_elementor_section_title.default\">\n\t\t\t\t<div class=\"elementor-widget-container\">\n\t\t\t\t\t            <div class=\"homey_section_title_wrap_elementor homey-module module-title section-title-module\">\n                                    <h2 class=\"homey_section_title\">Le barche a noleggio pi\u00f9 prenotate a Maiorca<\/h2>\n                \n                                    <p class=\"homey_section_subtitle sub-heading\">Tutte le localit\u00e0 popolari: Palma di Maiorca, Alcudia, Cala d'Or, Palma Nova, Pollensa, Soller. Oltre 200 barche disponibili (yacht, barca a motore, catamarano, barca a vela).<\/p>\n                            <\/div>\n            \t\t\t\t<\/div>\n\t\t\t\t<\/div>\n\t\t\t\t<div class=\"elementor-element elementor-element-034ff7c elementor-widget-divider--view-line elementor-widget elementor-widget-divider\" data-id=\"034ff7c\" data-element_type=\"widget\" data-e-type=\"widget\" data-widget_type=\"divider.default\">\n\t\t\t\t<div class=\"elementor-widget-container\">\n\t\t\t\t\t\t\t<div class=\"elementor-divider\">\n\t\t\t<span class=\"elementor-divider-separator\">\n\t\t\t\t\t\t<\/span>\n\t\t<\/div>\n\t\t\t\t\t\t<\/div>\n\t\t\t\t<\/div>\n\t\t\t\t<div class=\"elementor-element elementor-element-dc4af8a elementor-widget elementor-widget-homey_elementor_property_by_ids\" data-id=\"dc4af8a\" data-element_type=\"widget\" data-e-type=\"widget\" data-widget_type=\"homey_elementor_property_by_ids.default\">\n\t\t\t\t<div class=\"elementor-widget-container\">\n\t\t\t\t\t\n        <div class=\"module-wrap property-module-by-id property-module-by-id-3cols\">\n            <div class=\"listing-wrap which-layout-grid  item-grid-view\">\n                    <div class=\"col-sm-4\">\n<div class=\"item-wrap infobox_trigger homey-matchHeight item-grid-view infobox_trigger homey-matchHeight\" data-dir=\"listing-item\" data-id=\"7360\">\n    <div class=\"media property-item\">\n        <div class=\"media-left\">\n            <div class=\"item-media item-media-thumb\">\n                <span class=\"label-wrap top-left\">\n                    <span class=\"label label-featured\">With captain (included)<\/span>\n                <\/span>                <a class=\"hover-effect\" href=\"https:\/\/boatrentalmallorca.net\/it\/mallorca\/hinckley-talaria-40-silver-fox-motorboat\/\">\n                    <img fetchpriority=\"high\" decoding=\"async\" width=\"403\" height=\"269\" src=\"https:\/\/boatrentalmallorca.net\/wp-content\/uploads\/2026\/03\/rent-motorboat-Hinckley-Talaria-40-Silver-Fox-Alcudia.jpg\" class=\"img-responsive wp-post-image\" alt=\"noleggio motoscafo Hinckley Talaria 40 Silver Fox Alcudia\" srcset=\"https:\/\/boatrentalmallorca.net\/wp-content\/uploads\/2026\/03\/rent-motorboat-Hinckley-Talaria-40-Silver-Fox-Alcudia.jpg 403w, https:\/\/boatrentalmallorca.net\/wp-content\/uploads\/2026\/03\/rent-motorboat-Hinckley-Talaria-40-Silver-Fox-Alcudia-300x200.jpg 300w, https:\/\/boatrentalmallorca.net\/wp-content\/uploads\/2026\/03\/rent-motorboat-Hinckley-Talaria-40-Silver-Fox-Alcudia-18x12.jpg 18w, https:\/\/boatrentalmallorca.net\/wp-content\/uploads\/2026\/03\/rent-motorboat-Hinckley-Talaria-40-Silver-Fox-Alcudia-120x80.jpg 120w\" sizes=\"(max-width: 403px) 100vw, 403px\" \/>                \n\n                                    <div class=\"item-media-price\">\n                        <span class=\"item-price\">\n                            <sub>da<\/sub> <sup>\u20ac<\/sup>1,800<sub>\/half day<\/sub>\n                        <\/span>\n                    <\/div>\n                                <\/a>\n                            <\/div>\n        <\/div>\n        <div class=\"media-body item-body clearfix\">\n\n            <div class=\"item-title-head table-block\">\n                <div class=\"title-head-left\">\n                    <div class=\"title\"><a href=\"https:\/\/boatrentalmallorca.net\/it\/mallorca\/hinckley-talaria-40-silver-fox-motorboat\/\">\n                            Hinckley Talaria 40 | Silver Fox | Motoscafo<\/a><\/div>\n\n                    <address class=\"item-address\">Maiorca - Alcudia - Porto d&#039;Alc\u00fadia<\/address>        \n                <\/div>\n            <\/div>\n\n                        <ul class=\"item-amenities\">\n\n                                <li>\n                    <i class=\"fa fa-arrows-h\"><\/i> \n                    <span class=\"total-beds\">12.8<\/span> <span class=\"item-label\">M<\/span>\n                <\/li>\n                \n                                <li>\n                    <i class=\"fa fa-clock-o\"><\/i> \n                    <span class=\"total-baths\">mezza giornata<\/span> <span class=\"item-label\">minimo<\/span>\n                <\/li>\n                \n                                <li>\n                    <i class=\"fa fa-user\"><\/i> \n                    <span class=\"total-guests\">8<\/span> <span class=\"item-label\">ospiti<\/span>\n                <\/li>\n                \n                                <li class=\"item-type\">Noleggio barche a motore<\/li>\n                            <\/ul>\n            \n            \n            <div class=\"item-footer\">\n\n                \n                            <\/div>\n        <\/div>\n    <\/div>\n<\/div><!-- .item-wrap --><\/div><div class=\"col-sm-4\">\n<div class=\"item-wrap infobox_trigger homey-matchHeight item-grid-view infobox_trigger homey-matchHeight\" data-dir=\"listing-item\" data-id=\"7336\">\n    <div class=\"media property-item\">\n        <div class=\"media-left\">\n            <div class=\"item-media item-media-thumb\">\n                <span class=\"label-wrap top-left\">\n                    <span class=\"label label-featured\">With captain (included)<\/span>\n                <\/span>                <a class=\"hover-effect\" href=\"https:\/\/boatrentalmallorca.net\/it\/mallorca\/sunseeker-43-thunderhawk-good-news-motorboat\/\">\n                    <img decoding=\"async\" width=\"403\" height=\"269\" src=\"https:\/\/boatrentalmallorca.net\/wp-content\/uploads\/2026\/03\/rent-motorboat-Sunseeker-43-Thunderhawk-Good-News-Palma-de-Mallorca.jpg\" class=\"img-responsive wp-post-image\" alt=\"noleggio motoscafo Sunseeker 43 Thunderhawk Good News Palma di Maiorca\" srcset=\"https:\/\/boatrentalmallorca.net\/wp-content\/uploads\/2026\/03\/rent-motorboat-Sunseeker-43-Thunderhawk-Good-News-Palma-de-Mallorca.jpg 403w, https:\/\/boatrentalmallorca.net\/wp-content\/uploads\/2026\/03\/rent-motorboat-Sunseeker-43-Thunderhawk-Good-News-Palma-de-Mallorca-300x200.jpg 300w, https:\/\/boatrentalmallorca.net\/wp-content\/uploads\/2026\/03\/rent-motorboat-Sunseeker-43-Thunderhawk-Good-News-Palma-de-Mallorca-18x12.jpg 18w, https:\/\/boatrentalmallorca.net\/wp-content\/uploads\/2026\/03\/rent-motorboat-Sunseeker-43-Thunderhawk-Good-News-Palma-de-Mallorca-120x80.jpg 120w\" sizes=\"(max-width: 403px) 100vw, 403px\" \/>                \n\n                                    <div class=\"item-media-price\">\n                        <span class=\"item-price\">\n                            <sub>da<\/sub> <sup>\u20ac<\/sup>900<sub>\/half day<\/sub>\n                        <\/span>\n                    <\/div>\n                                <\/a>\n                            <\/div>\n        <\/div>\n        <div class=\"media-body item-body clearfix\">\n\n            <div class=\"item-title-head table-block\">\n                <div class=\"title-head-left\">\n                    <div class=\"title\"><a href=\"https:\/\/boatrentalmallorca.net\/it\/mallorca\/sunseeker-43-thunderhawk-good-news-motorboat\/\">\n                            Sunseeker 43 Thunderhawk | Motoscafo<\/a><\/div>\n\n                    <address class=\"item-address\">Maiorca - Palma<\/address>        \n                <\/div>\n            <\/div>\n\n                        <ul class=\"item-amenities\">\n\n                                <li>\n                    <i class=\"fa fa-arrows-h\"><\/i> \n                    <span class=\"total-beds\">13.5<\/span> <span class=\"item-label\">M<\/span>\n                <\/li>\n                \n                                <li>\n                    <i class=\"fa fa-clock-o\"><\/i> \n                    <span class=\"total-baths\">mezza giornata<\/span> <span class=\"item-label\">minimo<\/span>\n                <\/li>\n                \n                                <li>\n                    <i class=\"fa fa-user\"><\/i> \n                    <span class=\"total-guests\">12<\/span> <span class=\"item-label\">ospiti<\/span>\n                <\/li>\n                \n                                <li class=\"item-type\">Noleggio barche a motore<\/li>\n                            <\/ul>\n            \n            \n            <div class=\"item-footer\">\n\n                \n                            <\/div>\n        <\/div>\n    <\/div>\n<\/div><!-- .item-wrap --><\/div><div class=\"col-sm-4\">\n<div class=\"item-wrap infobox_trigger homey-matchHeight item-grid-view infobox_trigger homey-matchHeight\" data-dir=\"listing-item\" data-id=\"7302\">\n    <div class=\"media property-item\">\n        <div class=\"media-left\">\n            <div class=\"item-media item-media-thumb\">\n                <span class=\"label-wrap top-left\">\n                    <span class=\"label label-featured\">With captain (included)<\/span>\n                <\/span>                <a class=\"hover-effect\" href=\"https:\/\/boatrentalmallorca.net\/it\/mallorca\/azimut-70-laventure-yacht\/\">\n                    <img decoding=\"async\" width=\"403\" height=\"269\" src=\"https:\/\/boatrentalmallorca.net\/wp-content\/uploads\/2026\/03\/rent-yacht-Azimut-70-L-Aventure-Mallorca.jpg\" class=\"img-responsive wp-post-image\" alt=\"noleggiare yacht Azimut 70 L-Aventure Maiorca\" srcset=\"https:\/\/boatrentalmallorca.net\/wp-content\/uploads\/2026\/03\/rent-yacht-Azimut-70-L-Aventure-Mallorca.jpg 403w, https:\/\/boatrentalmallorca.net\/wp-content\/uploads\/2026\/03\/rent-yacht-Azimut-70-L-Aventure-Mallorca-300x200.jpg 300w, https:\/\/boatrentalmallorca.net\/wp-content\/uploads\/2026\/03\/rent-yacht-Azimut-70-L-Aventure-Mallorca-18x12.jpg 18w, https:\/\/boatrentalmallorca.net\/wp-content\/uploads\/2026\/03\/rent-yacht-Azimut-70-L-Aventure-Mallorca-120x80.jpg 120w\" sizes=\"(max-width: 403px) 100vw, 403px\" \/>                \n\n                                    <div class=\"item-media-price\">\n                        <span class=\"item-price\">\n                            <sub>da<\/sub> <sup>\u20ac<\/sup>2,185<sub>\/8 hours<\/sub>\n                        <\/span>\n                    <\/div>\n                                <\/a>\n                            <\/div>\n        <\/div>\n        <div class=\"media-body item-body clearfix\">\n\n            <div class=\"item-title-head table-block\">\n                <div class=\"title-head-left\">\n                    <div class=\"title\"><a href=\"https:\/\/boatrentalmallorca.net\/it\/mallorca\/azimut-70-laventure-yacht\/\">\n                            Azimut70| L&#039;Avventura | Yacht<\/a><\/div>\n\n                    <address class=\"item-address\">Maiorca - Palma<\/address>        \n                <\/div>\n            <\/div>\n\n                        <ul class=\"item-amenities\">\n\n                                <li>\n                    <i class=\"fa fa-arrows-h\"><\/i> \n                    <span class=\"total-beds\">22.5<\/span> <span class=\"item-label\">M<\/span>\n                <\/li>\n                \n                                <li>\n                    <i class=\"fa fa-clock-o\"><\/i> \n                    <span class=\"total-baths\">8 ore<\/span> <span class=\"item-label\">minimo<\/span>\n                <\/li>\n                \n                                <li>\n                    <i class=\"fa fa-user\"><\/i> \n                    <span class=\"total-guests\">11<\/span> <span class=\"item-label\">ospiti<\/span>\n                <\/li>\n                \n                                <li class=\"item-type\">Noleggio yacht di lusso, Noleggio yacht<\/li>\n                            <\/ul>\n            \n            \n            <div class=\"item-footer\">\n\n                \n                            <\/div>\n        <\/div>\n    <\/div>\n<\/div><!-- .item-wrap --><\/div><div class=\"col-sm-4\">\n<div class=\"item-wrap infobox_trigger homey-matchHeight item-grid-view infobox_trigger homey-matchHeight\" data-dir=\"listing-item\" data-id=\"7164\">\n    <div class=\"media property-item\">\n        <div class=\"media-left\">\n            <div class=\"item-media item-media-thumb\">\n                <span class=\"label-wrap top-left\">\n                    <span class=\"label label-featured\">With captain (included)<\/span>\n                <\/span>                <a class=\"hover-effect\" href=\"https:\/\/boatrentalmallorca.net\/it\/mallorca\/fountaine-pajot-victoria-67-lir-catamaran\/\">\n                    <img loading=\"lazy\" decoding=\"async\" width=\"403\" height=\"269\" src=\"https:\/\/boatrentalmallorca.net\/wp-content\/uploads\/2026\/03\/rent-catamaran-Fountaine-Pajot-Victoria-67-LIR-Mallorca.jpg\" class=\"img-responsive wp-post-image\" alt=\"noleggiare catamarano Fountaine Pajot Victoria 67 LIR Maiorca\" srcset=\"https:\/\/boatrentalmallorca.net\/wp-content\/uploads\/2026\/03\/rent-catamaran-Fountaine-Pajot-Victoria-67-LIR-Mallorca.jpg 403w, https:\/\/boatrentalmallorca.net\/wp-content\/uploads\/2026\/03\/rent-catamaran-Fountaine-Pajot-Victoria-67-LIR-Mallorca-300x200.jpg 300w, https:\/\/boatrentalmallorca.net\/wp-content\/uploads\/2026\/03\/rent-catamaran-Fountaine-Pajot-Victoria-67-LIR-Mallorca-18x12.jpg 18w, https:\/\/boatrentalmallorca.net\/wp-content\/uploads\/2026\/03\/rent-catamaran-Fountaine-Pajot-Victoria-67-LIR-Mallorca-120x80.jpg 120w\" sizes=\"(max-width: 403px) 100vw, 403px\" \/>                \n\n                                    <div class=\"item-media-price\">\n                        <span class=\"item-price\">\n                            <sub>da<\/sub> <sup>\u20ac<\/sup>3,000<sub>\/half day<\/sub>\n                        <\/span>\n                    <\/div>\n                                <\/a>\n                            <\/div>\n        <\/div>\n        <div class=\"media-body item-body clearfix\">\n\n            <div class=\"item-title-head table-block\">\n                <div class=\"title-head-left\">\n                    <div class=\"title\"><a href=\"https:\/\/boatrentalmallorca.net\/it\/mallorca\/fountaine-pajot-victoria-67-lir-catamaran\/\">\n                            Fountaine Pajot67 | LIR | Catamarano<\/a><\/div>\n\n                    <address class=\"item-address\">Maiorca - Porto di S\u00f3ller<\/address>        \n                <\/div>\n            <\/div>\n\n                        <ul class=\"item-amenities\">\n\n                                <li>\n                    <i class=\"fa fa-arrows-h\"><\/i> \n                    <span class=\"total-beds\">20.3<\/span> <span class=\"item-label\">M<\/span>\n                <\/li>\n                \n                                <li>\n                    <i class=\"fa fa-clock-o\"><\/i> \n                    <span class=\"total-baths\">mezza giornata<\/span> <span class=\"item-label\">minimo<\/span>\n                <\/li>\n                \n                                <li>\n                    <i class=\"fa fa-user\"><\/i> \n                    <span class=\"total-guests\">12<\/span> <span class=\"item-label\">ospiti<\/span>\n                <\/li>\n                \n                                <li class=\"item-type\">Noleggio catamarani<\/li>\n                            <\/ul>\n            \n            \n            <div class=\"item-footer\">\n\n                \n                            <\/div>\n        <\/div>\n    <\/div>\n<\/div><!-- .item-wrap --><\/div><div class=\"col-sm-4\">\n<div class=\"item-wrap infobox_trigger homey-matchHeight item-grid-view infobox_trigger homey-matchHeight\" data-dir=\"listing-item\" data-id=\"7109\">\n    <div class=\"media property-item\">\n        <div class=\"media-left\">\n            <div class=\"item-media item-media-thumb\">\n                <span class=\"label-wrap top-left\">\n                    <span class=\"label label-featured\">With captain (included)<\/span>\n                <\/span>                <a class=\"hover-effect\" href=\"https:\/\/boatrentalmallorca.net\/it\/mallorca\/van-de-voorde-98-falcao-uno-yacht\/\">\n                    <img loading=\"lazy\" decoding=\"async\" width=\"403\" height=\"269\" src=\"https:\/\/boatrentalmallorca.net\/wp-content\/uploads\/2026\/03\/rent-yacht-Van-de-Voorde-98-Falcao-Uno-Palma.jpg\" class=\"img-responsive wp-post-image\" alt=\"noleggio yacht Van de Voorde 98 Falcao Uno Palma\" srcset=\"https:\/\/boatrentalmallorca.net\/wp-content\/uploads\/2026\/03\/rent-yacht-Van-de-Voorde-98-Falcao-Uno-Palma.jpg 403w, https:\/\/boatrentalmallorca.net\/wp-content\/uploads\/2026\/03\/rent-yacht-Van-de-Voorde-98-Falcao-Uno-Palma-300x200.jpg 300w, https:\/\/boatrentalmallorca.net\/wp-content\/uploads\/2026\/03\/rent-yacht-Van-de-Voorde-98-Falcao-Uno-Palma-18x12.jpg 18w, https:\/\/boatrentalmallorca.net\/wp-content\/uploads\/2026\/03\/rent-yacht-Van-de-Voorde-98-Falcao-Uno-Palma-120x80.jpg 120w\" sizes=\"(max-width: 403px) 100vw, 403px\" \/>                \n\n                                    <div class=\"item-media-price\">\n                        <span class=\"item-price\">\n                            <sub>da<\/sub> <sup>\u20ac<\/sup>3,850<sub>\/half day<\/sub>\n                        <\/span>\n                    <\/div>\n                                <\/a>\n                            <\/div>\n        <\/div>\n        <div class=\"media-body item-body clearfix\">\n\n            <div class=\"item-title-head table-block\">\n                <div class=\"title-head-left\">\n                    <div class=\"title\"><a href=\"https:\/\/boatrentalmallorca.net\/it\/mallorca\/van-de-voorde-98-falcao-uno-yacht\/\">\n                            Van de Voorde 98 | Falcao Uno | Yacht<\/a><\/div>\n\n                    <address class=\"item-address\">Maiorca - Palma<\/address>        \n                <\/div>\n            <\/div>\n\n                        <ul class=\"item-amenities\">\n\n                                <li>\n                    <i class=\"fa fa-arrows-h\"><\/i> \n                    <span class=\"total-beds\">24<\/span> <span class=\"item-label\">M<\/span>\n                <\/li>\n                \n                                <li>\n                    <i class=\"fa fa-clock-o\"><\/i> \n                    <span class=\"total-baths\">mezza giornata<\/span> <span class=\"item-label\">minimo<\/span>\n                <\/li>\n                \n                                <li>\n                    <i class=\"fa fa-user\"><\/i> \n                    <span class=\"total-guests\">60<\/span> <span class=\"item-label\">ospiti<\/span>\n                <\/li>\n                \n                                <li class=\"item-type\">Noleggio motoscafi, noleggio yacht<\/li>\n                            <\/ul>\n            \n            \n            <div class=\"item-footer\">\n\n                \n                            <\/div>\n        <\/div>\n    <\/div>\n<\/div><!-- .item-wrap --><\/div><div class=\"col-sm-4\">\n<div class=\"item-wrap infobox_trigger homey-matchHeight item-grid-view infobox_trigger homey-matchHeight\" data-dir=\"listing-item\" data-id=\"7090\">\n    <div class=\"media property-item\">\n        <div class=\"media-left\">\n            <div class=\"item-media item-media-thumb\">\n                <span class=\"label-wrap top-left\">\n                    <span class=\"label label-featured\">With captain (included)<\/span>\n                <\/span>                <a class=\"hover-effect\" href=\"https:\/\/boatrentalmallorca.net\/it\/mallorca\/freebird-50-catamaran\/\">\n                    <img loading=\"lazy\" decoding=\"async\" width=\"403\" height=\"269\" src=\"https:\/\/boatrentalmallorca.net\/wp-content\/uploads\/2026\/03\/rent-catamaran-Freebird-50-Palma-de-Mallorca.jpg\" class=\"img-responsive wp-post-image\" alt=\"noleggiare catamarano Freebird 50 Palma di Maiorca\" srcset=\"https:\/\/boatrentalmallorca.net\/wp-content\/uploads\/2026\/03\/rent-catamaran-Freebird-50-Palma-de-Mallorca.jpg 403w, https:\/\/boatrentalmallorca.net\/wp-content\/uploads\/2026\/03\/rent-catamaran-Freebird-50-Palma-de-Mallorca-300x200.jpg 300w, https:\/\/boatrentalmallorca.net\/wp-content\/uploads\/2026\/03\/rent-catamaran-Freebird-50-Palma-de-Mallorca-18x12.jpg 18w, https:\/\/boatrentalmallorca.net\/wp-content\/uploads\/2026\/03\/rent-catamaran-Freebird-50-Palma-de-Mallorca-120x80.jpg 120w\" sizes=\"(max-width: 403px) 100vw, 403px\" \/>                \n\n                                    <div class=\"item-media-price\">\n                        <span class=\"item-price\">\n                            <sub>da<\/sub> <sup>\u20ac<\/sup>1,300<sub>\/5 hours<\/sub>\n                        <\/span>\n                    <\/div>\n                                <\/a>\n                            <\/div>\n        <\/div>\n        <div class=\"media-body item-body clearfix\">\n\n            <div class=\"item-title-head table-block\">\n                <div class=\"title-head-left\">\n                    <div class=\"title\"><a href=\"https:\/\/boatrentalmallorca.net\/it\/mallorca\/freebird-50-catamaran\/\">\n                            Freebird 50 | Catamarano<\/a><\/div>\n\n                    <address class=\"item-address\">Maiorca - Palma<\/address>        \n                <\/div>\n            <\/div>\n\n                        <ul class=\"item-amenities\">\n\n                                <li>\n                    <i class=\"fa fa-arrows-h\"><\/i> \n                    <span class=\"total-beds\">15.2<\/span> <span class=\"item-label\">M<\/span>\n                <\/li>\n                \n                                <li>\n                    <i class=\"fa fa-clock-o\"><\/i> \n                    <span class=\"total-baths\">5 ore<\/span> <span class=\"item-label\">minimo<\/span>\n                <\/li>\n                \n                                <li>\n                    <i class=\"fa fa-user\"><\/i> \n                    <span class=\"total-guests\">40<\/span> <span class=\"item-label\">ospiti<\/span>\n                <\/li>\n                \n                                <li class=\"item-type\">Noleggio catamarani<\/li>\n                            <\/ul>\n            \n            \n            <div class=\"item-footer\">\n\n                \n                            <\/div>\n        <\/div>\n    <\/div>\n<\/div><!-- .item-wrap --><\/div><div class=\"col-sm-4\">\n<div class=\"item-wrap infobox_trigger homey-matchHeight item-grid-view infobox_trigger homey-matchHeight\" data-dir=\"listing-item\" data-id=\"7036\">\n    <div class=\"media property-item\">\n        <div class=\"media-left\">\n            <div class=\"item-media item-media-thumb\">\n                <span class=\"label-wrap top-left\">\n                    <span class=\"label label-featured\">With captain (included)<\/span>\n                <\/span>                <a class=\"hover-effect\" href=\"https:\/\/boatrentalmallorca.net\/it\/mallorca\/fountaine-pajot-taiti-75-catamaran-palma\/\">\n                    <img loading=\"lazy\" decoding=\"async\" width=\"403\" height=\"269\" src=\"https:\/\/boatrentalmallorca.net\/wp-content\/uploads\/2026\/02\/rent-catamaran-Fountaine-Pajot-Taiti-75-Palma-de-Mallorca.jpg\" class=\"img-responsive wp-post-image\" alt=\"noleggiare catamarano Fountaine Pajot Taiti 75 Palma di Maiorca\" srcset=\"https:\/\/boatrentalmallorca.net\/wp-content\/uploads\/2026\/02\/rent-catamaran-Fountaine-Pajot-Taiti-75-Palma-de-Mallorca.jpg 403w, https:\/\/boatrentalmallorca.net\/wp-content\/uploads\/2026\/02\/rent-catamaran-Fountaine-Pajot-Taiti-75-Palma-de-Mallorca-300x200.jpg 300w, https:\/\/boatrentalmallorca.net\/wp-content\/uploads\/2026\/02\/rent-catamaran-Fountaine-Pajot-Taiti-75-Palma-de-Mallorca-18x12.jpg 18w, https:\/\/boatrentalmallorca.net\/wp-content\/uploads\/2026\/02\/rent-catamaran-Fountaine-Pajot-Taiti-75-Palma-de-Mallorca-120x80.jpg 120w\" sizes=\"(max-width: 403px) 100vw, 403px\" \/>                \n\n                                    <div class=\"item-media-price\">\n                        <span class=\"item-price\">\n                            <sub>da<\/sub> <sup>\u20ac<\/sup>2,100<sub>\/5 hours<\/sub>\n                        <\/span>\n                    <\/div>\n                                <\/a>\n                            <\/div>\n        <\/div>\n        <div class=\"media-body item-body clearfix\">\n\n            <div class=\"item-title-head table-block\">\n                <div class=\"title-head-left\">\n                    <div class=\"title\"><a href=\"https:\/\/boatrentalmallorca.net\/it\/mallorca\/fountaine-pajot-taiti-75-catamaran-palma\/\">\n                            Taiti 75 | Catamarano<\/a><\/div>\n\n                    <address class=\"item-address\">Maiorca - Palma<\/address>        \n                <\/div>\n            <\/div>\n\n                        <ul class=\"item-amenities\">\n\n                                <li>\n                    <i class=\"fa fa-arrows-h\"><\/i> \n                    <span class=\"total-beds\">22<\/span> <span class=\"item-label\">M<\/span>\n                <\/li>\n                \n                                <li>\n                    <i class=\"fa fa-clock-o\"><\/i> \n                    <span class=\"total-baths\">5 ore<\/span> <span class=\"item-label\">minimo<\/span>\n                <\/li>\n                \n                                <li>\n                    <i class=\"fa fa-user\"><\/i> \n                    <span class=\"total-guests\">92<\/span> <span class=\"item-label\">ospiti<\/span>\n                <\/li>\n                \n                                <li class=\"item-type\">Noleggio catamarani<\/li>\n                            <\/ul>\n            \n            \n            <div class=\"item-footer\">\n\n                \n                            <\/div>\n        <\/div>\n    <\/div>\n<\/div><!-- .item-wrap --><\/div><div class=\"col-sm-4\">\n<div class=\"item-wrap infobox_trigger homey-matchHeight item-grid-view infobox_trigger homey-matchHeight\" data-dir=\"listing-item\" data-id=\"7006\">\n    <div class=\"media property-item\">\n        <div class=\"media-left\">\n            <div class=\"item-media item-media-thumb\">\n                <span class=\"label-wrap top-left\">\n                    <span class=\"label label-featured\">With captain (included)<\/span>\n                <\/span>                <a class=\"hover-effect\" href=\"https:\/\/boatrentalmallorca.net\/it\/mallorca\/kattum-40-marina-starfish-motorboat\/\">\n                    <img loading=\"lazy\" decoding=\"async\" width=\"403\" height=\"269\" src=\"https:\/\/boatrentalmallorca.net\/wp-content\/uploads\/2026\/02\/rent-motorboat-Kattum-40-Marina-Starfish-Port-d-Andratx.jpg\" class=\"img-responsive wp-post-image\" alt=\"noleggiare barca a motore Kattum 40 Marina Starfish Port d-Andratx\" srcset=\"https:\/\/boatrentalmallorca.net\/wp-content\/uploads\/2026\/02\/rent-motorboat-Kattum-40-Marina-Starfish-Port-d-Andratx.jpg 403w, https:\/\/boatrentalmallorca.net\/wp-content\/uploads\/2026\/02\/rent-motorboat-Kattum-40-Marina-Starfish-Port-d-Andratx-300x200.jpg 300w, https:\/\/boatrentalmallorca.net\/wp-content\/uploads\/2026\/02\/rent-motorboat-Kattum-40-Marina-Starfish-Port-d-Andratx-18x12.jpg 18w, https:\/\/boatrentalmallorca.net\/wp-content\/uploads\/2026\/02\/rent-motorboat-Kattum-40-Marina-Starfish-Port-d-Andratx-120x80.jpg 120w\" sizes=\"(max-width: 403px) 100vw, 403px\" \/>                \n\n                                    <div class=\"item-media-price\">\n                        <span class=\"item-price\">\n                            <sub>da<\/sub> <sup>\u20ac<\/sup>970<sub>\/2 hours<\/sub>\n                        <\/span>\n                    <\/div>\n                                <\/a>\n                            <\/div>\n        <\/div>\n        <div class=\"media-body item-body clearfix\">\n\n            <div class=\"item-title-head table-block\">\n                <div class=\"title-head-left\">\n                    <div class=\"title\"><a href=\"https:\/\/boatrentalmallorca.net\/it\/mallorca\/kattum-40-marina-starfish-motorboat\/\">\n                            Kattum 40 | Marina Starfish | Motoscafo<\/a><\/div>\n\n                    <address class=\"item-address\">Maiorca - Andratx - Porto d&#039;Andratx<\/address>        \n                <\/div>\n            <\/div>\n\n                        <ul class=\"item-amenities\">\n\n                                <li>\n                    <i class=\"fa fa-arrows-h\"><\/i> \n                    <span class=\"total-beds\">11.3<\/span> <span class=\"item-label\">M<\/span>\n                <\/li>\n                \n                                <li>\n                    <i class=\"fa fa-clock-o\"><\/i> \n                    <span class=\"total-baths\">1 ora<\/span> <span class=\"item-label\">minimo<\/span>\n                <\/li>\n                \n                                <li>\n                    <i class=\"fa fa-user\"><\/i> \n                    <span class=\"total-guests\">60<\/span> <span class=\"item-label\">ospiti<\/span>\n                <\/li>\n                \n                                <li class=\"item-type\">Noleggio barche a motore<\/li>\n                            <\/ul>\n            \n            \n            <div class=\"item-footer\">\n\n                \n                            <\/div>\n        <\/div>\n    <\/div>\n<\/div><!-- .item-wrap --><\/div><div class=\"col-sm-4\">\n<div class=\"item-wrap infobox_trigger homey-matchHeight item-grid-view infobox_trigger homey-matchHeight\" data-dir=\"listing-item\" data-id=\"6921\">\n    <div class=\"media property-item\">\n        <div class=\"media-left\">\n            <div class=\"item-media item-media-thumb\">\n                <span class=\"label-wrap top-left\">\n                    <span class=\"label label-featured\">With captain (included)<\/span>\n                <\/span>                <a class=\"hover-effect\" href=\"https:\/\/boatrentalmallorca.net\/it\/mallorca\/cat-80-catamaran\/\">\n                    <img loading=\"lazy\" decoding=\"async\" width=\"403\" height=\"269\" src=\"https:\/\/boatrentalmallorca.net\/wp-content\/uploads\/2026\/02\/rent-catamaran-CAT-80-Palma.jpg\" class=\"img-responsive wp-post-image\" alt=\"noleggio catamarano CAT 80 Palma\" srcset=\"https:\/\/boatrentalmallorca.net\/wp-content\/uploads\/2026\/02\/rent-catamaran-CAT-80-Palma.jpg 403w, https:\/\/boatrentalmallorca.net\/wp-content\/uploads\/2026\/02\/rent-catamaran-CAT-80-Palma-300x200.jpg 300w, https:\/\/boatrentalmallorca.net\/wp-content\/uploads\/2026\/02\/rent-catamaran-CAT-80-Palma-18x12.jpg 18w, https:\/\/boatrentalmallorca.net\/wp-content\/uploads\/2026\/02\/rent-catamaran-CAT-80-Palma-120x80.jpg 120w\" sizes=\"(max-width: 403px) 100vw, 403px\" \/>                \n\n                                    <div class=\"item-media-price\">\n                        <span class=\"item-price\">\n                            <sub>da<\/sub> <sup>\u20ac<\/sup>6,900<sub>\/half day<\/sub>\n                        <\/span>\n                    <\/div>\n                                <\/a>\n                            <\/div>\n        <\/div>\n        <div class=\"media-body item-body clearfix\">\n\n            <div class=\"item-title-head table-block\">\n                <div class=\"title-head-left\">\n                    <div class=\"title\"><a href=\"https:\/\/boatrentalmallorca.net\/it\/mallorca\/cat-80-catamaran\/\">\n                            CAT 80 | Catamarano<\/a><\/div>\n\n                    <address class=\"item-address\">Maiorca - Palma<\/address>        \n                <\/div>\n            <\/div>\n\n                        <ul class=\"item-amenities\">\n\n                                <li>\n                    <i class=\"fa fa-arrows-h\"><\/i> \n                    <span class=\"total-beds\">24<\/span> <span class=\"item-label\">M<\/span>\n                <\/li>\n                \n                                <li>\n                    <i class=\"fa fa-clock-o\"><\/i> \n                    <span class=\"total-baths\">mezza giornata<\/span> <span class=\"item-label\">minimo<\/span>\n                <\/li>\n                \n                                <li>\n                    <i class=\"fa fa-user\"><\/i> \n                    <span class=\"total-guests\">250<\/span> <span class=\"item-label\">ospiti<\/span>\n                <\/li>\n                \n                                <li class=\"item-type\">Noleggio catamarani<\/li>\n                            <\/ul>\n            \n            \n            <div class=\"item-footer\">\n\n                \n                            <\/div>\n        <\/div>\n    <\/div>\n<\/div><!-- .item-wrap --><\/div><div class=\"col-sm-4\">\n<div class=\"item-wrap infobox_trigger homey-matchHeight item-grid-view infobox_trigger homey-matchHeight\" data-dir=\"listing-item\" data-id=\"4972\">\n    <div class=\"media property-item\">\n        <div class=\"media-left\">\n            <div class=\"item-media item-media-thumb\">\n                <span class=\"label-wrap top-left\">\n                    <span class=\"label label-featured\">With captain (included)<\/span>\n                <\/span>                <a class=\"hover-effect\" href=\"https:\/\/boatrentalmallorca.net\/it\/mallorca\/cat-60-oasis-premium-catamaran\/\">\n                    <img loading=\"lazy\" decoding=\"async\" width=\"403\" height=\"269\" src=\"https:\/\/boatrentalmallorca.net\/wp-content\/uploads\/2025\/12\/rent-catamaran-CAT-60-Oasis-Premium-Mallorca.jpg\" class=\"img-responsive wp-post-image\" alt=\"noleggio catamarano CAT 60 Oasis Premium Mallorca\" srcset=\"https:\/\/boatrentalmallorca.net\/wp-content\/uploads\/2025\/12\/rent-catamaran-CAT-60-Oasis-Premium-Mallorca.jpg 403w, https:\/\/boatrentalmallorca.net\/wp-content\/uploads\/2025\/12\/rent-catamaran-CAT-60-Oasis-Premium-Mallorca-300x200.jpg 300w, https:\/\/boatrentalmallorca.net\/wp-content\/uploads\/2025\/12\/rent-catamaran-CAT-60-Oasis-Premium-Mallorca-120x80.jpg 120w\" sizes=\"(max-width: 403px) 100vw, 403px\" \/>                \n\n                                    <div class=\"item-media-price\">\n                        <span class=\"item-price\">\n                            <sub>da<\/sub> <sup>\u20ac<\/sup>1,890<sub>\/half day<\/sub>\n                        <\/span>\n                    <\/div>\n                                <\/a>\n                            <\/div>\n        <\/div>\n        <div class=\"media-body item-body clearfix\">\n\n            <div class=\"item-title-head table-block\">\n                <div class=\"title-head-left\">\n                    <div class=\"title\"><a href=\"https:\/\/boatrentalmallorca.net\/it\/mallorca\/cat-60-oasis-premium-catamaran\/\">\n                            CAT 60 | Oasis Premium | Catamarano<\/a><\/div>\n\n                    <address class=\"item-address\">Maiorca - Palma di Maiorca<\/address>        \n                <\/div>\n            <\/div>\n\n                        <ul class=\"item-amenities\">\n\n                                <li>\n                    <i class=\"fa fa-arrows-h\"><\/i> \n                    <span class=\"total-beds\">18<\/span> <span class=\"item-label\">M<\/span>\n                <\/li>\n                \n                                <li>\n                    <i class=\"fa fa-clock-o\"><\/i> \n                    <span class=\"total-baths\">mezza giornata<\/span> <span class=\"item-label\">minimo<\/span>\n                <\/li>\n                \n                                <li>\n                    <i class=\"fa fa-user\"><\/i> \n                    <span class=\"total-guests\">70<\/span> <span class=\"item-label\">ospiti<\/span>\n                <\/li>\n                \n                                <li class=\"item-type\">Noleggio catamarani<\/li>\n                            <\/ul>\n            \n            \n            <div class=\"item-footer\">\n\n                \n                            <\/div>\n        <\/div>\n    <\/div>\n<\/div><!-- .item-wrap --><\/div><div class=\"col-sm-4\">\n<div class=\"item-wrap infobox_trigger homey-matchHeight item-grid-view infobox_trigger homey-matchHeight\" data-dir=\"listing-item\" data-id=\"5442\">\n    <div class=\"media property-item\">\n        <div class=\"media-left\">\n            <div class=\"item-media item-media-thumb\">\n                <span class=\"label-wrap top-left\">\n                    <span class=\"label label-featured\">With captain (included)<\/span>\n                <\/span>                <a class=\"hover-effect\" href=\"https:\/\/boatrentalmallorca.net\/it\/mallorca\/es-trenc-motorboat\/\">\n                    <img loading=\"lazy\" decoding=\"async\" width=\"403\" height=\"269\" src=\"https:\/\/boatrentalmallorca.net\/wp-content\/uploads\/2026\/01\/rent-motorboat-Es-Trenc-Mallorca.jpg\" class=\"img-responsive wp-post-image\" alt=\"noleggiare barca a motore Es Trenc Maiorca\" srcset=\"https:\/\/boatrentalmallorca.net\/wp-content\/uploads\/2026\/01\/rent-motorboat-Es-Trenc-Mallorca.jpg 403w, https:\/\/boatrentalmallorca.net\/wp-content\/uploads\/2026\/01\/rent-motorboat-Es-Trenc-Mallorca-300x200.jpg 300w, https:\/\/boatrentalmallorca.net\/wp-content\/uploads\/2026\/01\/rent-motorboat-Es-Trenc-Mallorca-120x80.jpg 120w\" sizes=\"(max-width: 403px) 100vw, 403px\" \/>                \n\n                                    <div class=\"item-media-price\">\n                        <span class=\"item-price\">\n                            <sub>da<\/sub> <sup>\u20ac<\/sup>1,000<sub>\/half day<\/sub>\n                        <\/span>\n                    <\/div>\n                                <\/a>\n                            <\/div>\n        <\/div>\n        <div class=\"media-body item-body clearfix\">\n\n            <div class=\"item-title-head table-block\">\n                <div class=\"title-head-left\">\n                    <div class=\"title\"><a href=\"https:\/\/boatrentalmallorca.net\/it\/mallorca\/es-trenc-motorboat\/\">\n                            Es Trenc | Barca a motore<\/a><\/div>\n\n                    <address class=\"item-address\">Maiorca - Colonia de Sant Jordi<\/address>        \n                <\/div>\n            <\/div>\n\n                        <ul class=\"item-amenities\">\n\n                                <li>\n                    <i class=\"fa fa-arrows-h\"><\/i> \n                    <span class=\"total-beds\">14<\/span> <span class=\"item-label\">M<\/span>\n                <\/li>\n                \n                                <li>\n                    <i class=\"fa fa-clock-o\"><\/i> \n                    <span class=\"total-baths\">mezza giornata<\/span> <span class=\"item-label\">minimo<\/span>\n                <\/li>\n                \n                                <li>\n                    <i class=\"fa fa-user\"><\/i> \n                    <span class=\"total-guests\">45<\/span> <span class=\"item-label\">ospiti<\/span>\n                <\/li>\n                \n                                <li class=\"item-type\">Noleggio barche a motore<\/li>\n                            <\/ul>\n            \n            \n            <div class=\"item-footer\">\n\n                \n                            <\/div>\n        <\/div>\n    <\/div>\n<\/div><!-- .item-wrap --><\/div><div class=\"col-sm-4\">\n<div class=\"item-wrap infobox_trigger homey-matchHeight item-grid-view infobox_trigger homey-matchHeight\" data-dir=\"listing-item\" data-id=\"5418\">\n    <div class=\"media property-item\">\n        <div class=\"media-left\">\n            <div class=\"item-media item-media-thumb\">\n                <span class=\"label-wrap top-left\">\n                    <span class=\"label label-featured\">With captain (included)<\/span>\n                <\/span>                <a class=\"hover-effect\" href=\"https:\/\/boatrentalmallorca.net\/it\/mallorca\/superman-motorboat\/\">\n                    <img loading=\"lazy\" decoding=\"async\" width=\"403\" height=\"269\" src=\"https:\/\/boatrentalmallorca.net\/wp-content\/uploads\/2026\/01\/rent-motorboat-Superman-Mallorca.jpg\" class=\"img-responsive wp-post-image\" alt=\"noleggio motoscafo Superman Maiorca\" srcset=\"https:\/\/boatrentalmallorca.net\/wp-content\/uploads\/2026\/01\/rent-motorboat-Superman-Mallorca.jpg 403w, https:\/\/boatrentalmallorca.net\/wp-content\/uploads\/2026\/01\/rent-motorboat-Superman-Mallorca-300x200.jpg 300w, https:\/\/boatrentalmallorca.net\/wp-content\/uploads\/2026\/01\/rent-motorboat-Superman-Mallorca-120x80.jpg 120w\" sizes=\"(max-width: 403px) 100vw, 403px\" \/>                \n\n                                    <div class=\"item-media-price\">\n                        <span class=\"item-price\">\n                            <sub>da<\/sub> <sup>\u20ac<\/sup>1,500<sub>\/2 hours<\/sub>\n                        <\/span>\n                    <\/div>\n                                <\/a>\n                            <\/div>\n        <\/div>\n        <div class=\"media-body item-body clearfix\">\n\n            <div class=\"item-title-head table-block\">\n                <div class=\"title-head-left\">\n                    <div class=\"title\"><a href=\"https:\/\/boatrentalmallorca.net\/it\/mallorca\/superman-motorboat\/\">\n                            Superman | Barca a motore<\/a><\/div>\n\n                    <address class=\"item-address\">Maiorca - El Arenal - Club N\u00e0utic Arenal<\/address>        \n                <\/div>\n            <\/div>\n\n                        <ul class=\"item-amenities\">\n\n                                <li>\n                    <i class=\"fa fa-arrows-h\"><\/i> \n                    <span class=\"total-beds\">12.7<\/span> <span class=\"item-label\">M<\/span>\n                <\/li>\n                \n                                <li>\n                    <i class=\"fa fa-clock-o\"><\/i> \n                    <span class=\"total-baths\">2 ore<\/span> <span class=\"item-label\">minimo<\/span>\n                <\/li>\n                \n                                <li>\n                    <i class=\"fa fa-user\"><\/i> \n                    <span class=\"total-guests\">56<\/span> <span class=\"item-label\">ospiti<\/span>\n                <\/li>\n                \n                                <li class=\"item-type\">Noleggio barche a motore<\/li>\n                            <\/ul>\n            \n            \n            <div class=\"item-footer\">\n\n                \n                            <\/div>\n        <\/div>\n    <\/div>\n<\/div><!-- .item-wrap --><\/div><div class=\"col-sm-4\">\n<div class=\"item-wrap infobox_trigger homey-matchHeight item-grid-view infobox_trigger homey-matchHeight\" data-dir=\"listing-item\" data-id=\"5387\">\n    <div class=\"media property-item\">\n        <div class=\"media-left\">\n            <div class=\"item-media item-media-thumb\">\n                <span class=\"label-wrap top-left\">\n                    <span class=\"label label-featured\">With captain (included)<\/span>\n                <\/span>                <a class=\"hover-effect\" href=\"https:\/\/boatrentalmallorca.net\/it\/mallorca\/drassanes-dalmau-72-catamaran\/\">\n                    <img loading=\"lazy\" decoding=\"async\" width=\"403\" height=\"269\" src=\"https:\/\/boatrentalmallorca.net\/wp-content\/uploads\/2026\/01\/rent-catamaran-Drassanes-Dalmau-72-Mallorca.jpg\" class=\"img-responsive wp-post-image\" alt=\"noleggiare catamarano Drassanes Dalmau 72 Maiorca\" srcset=\"https:\/\/boatrentalmallorca.net\/wp-content\/uploads\/2026\/01\/rent-catamaran-Drassanes-Dalmau-72-Mallorca.jpg 403w, https:\/\/boatrentalmallorca.net\/wp-content\/uploads\/2026\/01\/rent-catamaran-Drassanes-Dalmau-72-Mallorca-300x200.jpg 300w, https:\/\/boatrentalmallorca.net\/wp-content\/uploads\/2026\/01\/rent-catamaran-Drassanes-Dalmau-72-Mallorca-120x80.jpg 120w\" sizes=\"(max-width: 403px) 100vw, 403px\" \/>                \n\n                                    <div class=\"item-media-price\">\n                        <span class=\"item-price\">\n                            <sub>da<\/sub> <sup>\u20ac<\/sup>2,200<sub>\/2 hours<\/sub>\n                        <\/span>\n                    <\/div>\n                                <\/a>\n                            <\/div>\n        <\/div>\n        <div class=\"media-body item-body clearfix\">\n\n            <div class=\"item-title-head table-block\">\n                <div class=\"title-head-left\">\n                    <div class=\"title\"><a href=\"https:\/\/boatrentalmallorca.net\/it\/mallorca\/drassanes-dalmau-72-catamaran\/\">\n                            Drassanes Dalmau 72 | Catamarano<\/a><\/div>\n\n                    <address class=\"item-address\">Maiorca - El Arenal - Club N\u00e0utic Arenal<\/address>        \n                <\/div>\n            <\/div>\n\n                        <ul class=\"item-amenities\">\n\n                                <li>\n                    <i class=\"fa fa-arrows-h\"><\/i> \n                    <span class=\"total-beds\">22<\/span> <span class=\"item-label\">M<\/span>\n                <\/li>\n                \n                                <li>\n                    <i class=\"fa fa-clock-o\"><\/i> \n                    <span class=\"total-baths\">2 ore<\/span> <span class=\"item-label\">minimo<\/span>\n                <\/li>\n                \n                                <li>\n                    <i class=\"fa fa-user\"><\/i> \n                    <span class=\"total-guests\">146<\/span> <span class=\"item-label\">ospiti<\/span>\n                <\/li>\n                \n                                <li class=\"item-type\">Noleggio catamarani<\/li>\n                            <\/ul>\n            \n            \n            <div class=\"item-footer\">\n\n                \n                            <\/div>\n        <\/div>\n    <\/div>\n<\/div><!-- .item-wrap --><\/div><div class=\"col-sm-4\">\n<div class=\"item-wrap infobox_trigger homey-matchHeight item-grid-view infobox_trigger homey-matchHeight\" data-dir=\"listing-item\" data-id=\"4997\">\n    <div class=\"media property-item\">\n        <div class=\"media-left\">\n            <div class=\"item-media item-media-thumb\">\n                <span class=\"label-wrap top-left\">\n                    <span class=\"label label-featured\">With captain (included)<\/span>\n                <\/span>                <a class=\"hover-effect\" href=\"https:\/\/boatrentalmallorca.net\/it\/mallorca\/lagoon-440-catamaran\/\">\n                    <img loading=\"lazy\" decoding=\"async\" width=\"403\" height=\"269\" src=\"https:\/\/boatrentalmallorca.net\/wp-content\/uploads\/2025\/12\/rent-catamaran-Lagoon-440-Mallorca.jpg\" class=\"img-responsive wp-post-image\" alt=\"noleggio catamarano Lagoon 440 Mallorca\" srcset=\"https:\/\/boatrentalmallorca.net\/wp-content\/uploads\/2025\/12\/rent-catamaran-Lagoon-440-Mallorca.jpg 403w, https:\/\/boatrentalmallorca.net\/wp-content\/uploads\/2025\/12\/rent-catamaran-Lagoon-440-Mallorca-300x200.jpg 300w, https:\/\/boatrentalmallorca.net\/wp-content\/uploads\/2025\/12\/rent-catamaran-Lagoon-440-Mallorca-120x80.jpg 120w\" sizes=\"(max-width: 403px) 100vw, 403px\" \/>                \n\n                                    <div class=\"item-media-price\">\n                        <span class=\"item-price\">\n                            <sub>da<\/sub> <sup>\u20ac<\/sup>990<sub>\/half day<\/sub>\n                        <\/span>\n                    <\/div>\n                                <\/a>\n                            <\/div>\n        <\/div>\n        <div class=\"media-body item-body clearfix\">\n\n            <div class=\"item-title-head table-block\">\n                <div class=\"title-head-left\">\n                    <div class=\"title\"><a href=\"https:\/\/boatrentalmallorca.net\/it\/mallorca\/lagoon-440-catamaran\/\">\n                            Lagoon 440 | Catamarano<\/a><\/div>\n\n                    <address class=\"item-address\">Maiorca - Palma di Maiorca<\/address>        \n                <\/div>\n            <\/div>\n\n                        <ul class=\"item-amenities\">\n\n                                <li>\n                    <i class=\"fa fa-arrows-h\"><\/i> \n                    <span class=\"total-beds\">13.6<\/span> <span class=\"item-label\">M<\/span>\n                <\/li>\n                \n                                <li>\n                    <i class=\"fa fa-clock-o\"><\/i> \n                    <span class=\"total-baths\">mezza giornata<\/span> <span class=\"item-label\">minimo<\/span>\n                <\/li>\n                \n                                <li>\n                    <i class=\"fa fa-user\"><\/i> \n                    <span class=\"total-guests\">27<\/span> <span class=\"item-label\">ospiti<\/span>\n                <\/li>\n                \n                                <li class=\"item-type\">Noleggio catamarani<\/li>\n                            <\/ul>\n            \n            \n            <div class=\"item-footer\">\n\n                \n                            <\/div>\n        <\/div>\n    <\/div>\n<\/div><!-- .item-wrap --><\/div><div class=\"col-sm-4\">\n<div class=\"item-wrap infobox_trigger homey-matchHeight item-grid-view infobox_trigger homey-matchHeight\" data-dir=\"listing-item\" data-id=\"4943\">\n    <div class=\"media property-item\">\n        <div class=\"media-left\">\n            <div class=\"item-media item-media-thumb\">\n                <span class=\"label-wrap top-left\">\n                    <span class=\"label label-featured\">With captain (included)<\/span>\n                <\/span>                <a class=\"hover-effect\" href=\"https:\/\/boatrentalmallorca.net\/it\/mallorca\/cat-50-oasis-lux-catamaran\/\">\n                    <img loading=\"lazy\" decoding=\"async\" width=\"403\" height=\"269\" src=\"https:\/\/boatrentalmallorca.net\/wp-content\/uploads\/2025\/12\/rent-catamaran-Oasis-Lux-CAT-50-Mallorca.jpg\" class=\"img-responsive wp-post-image\" alt=\"noleggio catamarano Oasis Lux CAT 50 Mallorca\" srcset=\"https:\/\/boatrentalmallorca.net\/wp-content\/uploads\/2025\/12\/rent-catamaran-Oasis-Lux-CAT-50-Mallorca.jpg 403w, https:\/\/boatrentalmallorca.net\/wp-content\/uploads\/2025\/12\/rent-catamaran-Oasis-Lux-CAT-50-Mallorca-300x200.jpg 300w, https:\/\/boatrentalmallorca.net\/wp-content\/uploads\/2025\/12\/rent-catamaran-Oasis-Lux-CAT-50-Mallorca-120x80.jpg 120w\" sizes=\"(max-width: 403px) 100vw, 403px\" \/>                \n\n                                    <div class=\"item-media-price\">\n                        <span class=\"item-price\">\n                            <sub>da<\/sub> <sup>\u20ac<\/sup>1,290<sub>\/half day<\/sub>\n                        <\/span>\n                    <\/div>\n                                <\/a>\n                            <\/div>\n        <\/div>\n        <div class=\"media-body item-body clearfix\">\n\n            <div class=\"item-title-head table-block\">\n                <div class=\"title-head-left\">\n                    <div class=\"title\"><a href=\"https:\/\/boatrentalmallorca.net\/it\/mallorca\/cat-50-oasis-lux-catamaran\/\">\n                            CAT 50 | Oasis Lux | Catamarano<\/a><\/div>\n\n                    <address class=\"item-address\">Maiorca - Palma di Maiorca<\/address>        \n                <\/div>\n            <\/div>\n\n                        <ul class=\"item-amenities\">\n\n                                <li>\n                    <i class=\"fa fa-arrows-h\"><\/i> \n                    <span class=\"total-beds\">15.2<\/span> <span class=\"item-label\">M<\/span>\n                <\/li>\n                \n                                <li>\n                    <i class=\"fa fa-clock-o\"><\/i> \n                    <span class=\"total-baths\">mezza giornata<\/span> <span class=\"item-label\">minimo<\/span>\n                <\/li>\n                \n                                <li>\n                    <i class=\"fa fa-user\"><\/i> \n                    <span class=\"total-guests\">45<\/span> <span class=\"item-label\">ospiti<\/span>\n                <\/li>\n                \n                                <li class=\"item-type\">Noleggio catamarani<\/li>\n                            <\/ul>\n            \n            \n            <div class=\"item-footer\">\n\n                \n                            <\/div>\n        <\/div>\n    <\/div>\n<\/div><!-- .item-wrap --><\/div><div class=\"col-sm-4\">\n<div class=\"item-wrap infobox_trigger homey-matchHeight item-grid-view infobox_trigger homey-matchHeight\" data-dir=\"listing-item\" data-id=\"4872\">\n    <div class=\"media property-item\">\n        <div class=\"media-left\">\n            <div class=\"item-media item-media-thumb\">\n                <span class=\"label-wrap top-left\">\n                    <span class=\"label label-featured\">With captain (included)<\/span>\n                <\/span>                <a class=\"hover-effect\" href=\"https:\/\/boatrentalmallorca.net\/it\/mallorca\/rodman-38-cruiser-aina-yacht\/\">\n                    <img loading=\"lazy\" decoding=\"async\" width=\"403\" height=\"269\" src=\"https:\/\/boatrentalmallorca.net\/wp-content\/uploads\/2025\/12\/rent-yacht-Rodman-38-Cruiser-Mallorca.jpg\" class=\"img-responsive wp-post-image\" alt=\"noleggio yacht Rodman 38 Cruiser Mallorca\" srcset=\"https:\/\/boatrentalmallorca.net\/wp-content\/uploads\/2025\/12\/rent-yacht-Rodman-38-Cruiser-Mallorca.jpg 403w, https:\/\/boatrentalmallorca.net\/wp-content\/uploads\/2025\/12\/rent-yacht-Rodman-38-Cruiser-Mallorca-300x200.jpg 300w, https:\/\/boatrentalmallorca.net\/wp-content\/uploads\/2025\/12\/rent-yacht-Rodman-38-Cruiser-Mallorca-120x80.jpg 120w\" sizes=\"(max-width: 403px) 100vw, 403px\" \/>                \n\n                                    <div class=\"item-media-price\">\n                        <span class=\"item-price\">\n                            <sub>da<\/sub> <sup>\u20ac<\/sup>490<sub>\/2 hours<\/sub>\n                        <\/span>\n                    <\/div>\n                                <\/a>\n                            <\/div>\n        <\/div>\n        <div class=\"media-body item-body clearfix\">\n\n            <div class=\"item-title-head table-block\">\n                <div class=\"title-head-left\">\n                    <div class=\"title\"><a href=\"https:\/\/boatrentalmallorca.net\/it\/mallorca\/rodman-38-cruiser-aina-yacht\/\">\n                            Rodman 38 Cruiser | Aina | Yacht<\/a><\/div>\n\n                    <address class=\"item-address\">Maiorca - Cala d&#039;Or - Marina di Cala d&#039;Or<\/address>        \n                <\/div>\n            <\/div>\n\n                        <ul class=\"item-amenities\">\n\n                                <li>\n                    <i class=\"fa fa-arrows-h\"><\/i> \n                    <span class=\"total-beds\">12<\/span> <span class=\"item-label\">M<\/span>\n                <\/li>\n                \n                                <li>\n                    <i class=\"fa fa-clock-o\"><\/i> \n                    <span class=\"total-baths\">2 ore<\/span> <span class=\"item-label\">minimo<\/span>\n                <\/li>\n                \n                                <li>\n                    <i class=\"fa fa-user\"><\/i> \n                    <span class=\"total-guests\">11<\/span> <span class=\"item-label\">ospiti<\/span>\n                <\/li>\n                \n                                <li class=\"item-type\">Noleggio yacht<\/li>\n                            <\/ul>\n            \n            \n            <div class=\"item-footer\">\n\n                \n                            <\/div>\n        <\/div>\n    <\/div>\n<\/div><!-- .item-wrap --><\/div><div class=\"col-sm-4\">\n<div class=\"item-wrap infobox_trigger homey-matchHeight item-grid-view infobox_trigger homey-matchHeight\" data-dir=\"listing-item\" data-id=\"4749\">\n    <div class=\"media property-item\">\n        <div class=\"media-left\">\n            <div class=\"item-media item-media-thumb\">\n                                <a class=\"hover-effect\" href=\"https:\/\/boatrentalmallorca.net\/it\/mallorca\/ranieri-17-motorboat\/\">\n                    <img loading=\"lazy\" decoding=\"async\" width=\"403\" height=\"269\" src=\"https:\/\/boatrentalmallorca.net\/wp-content\/uploads\/2025\/12\/rent-boat-Ranieri-17-Mallorca.jpg\" class=\"img-responsive wp-post-image\" alt=\"noleggio barca Ranieri 17 Maiorca\" srcset=\"https:\/\/boatrentalmallorca.net\/wp-content\/uploads\/2025\/12\/rent-boat-Ranieri-17-Mallorca.jpg 403w, https:\/\/boatrentalmallorca.net\/wp-content\/uploads\/2025\/12\/rent-boat-Ranieri-17-Mallorca-300x200.jpg 300w, https:\/\/boatrentalmallorca.net\/wp-content\/uploads\/2025\/12\/rent-boat-Ranieri-17-Mallorca-120x80.jpg 120w\" sizes=\"(max-width: 403px) 100vw, 403px\" \/>                \n\n                                    <div class=\"item-media-price\">\n                        <span class=\"item-price\">\n                            <sub>da<\/sub> <sup>\u20ac<\/sup>165<sub>\/3 hours<\/sub>\n                        <\/span>\n                    <\/div>\n                                <\/a>\n                            <\/div>\n        <\/div>\n        <div class=\"media-body item-body clearfix\">\n\n            <div class=\"item-title-head table-block\">\n                <div class=\"title-head-left\">\n                    <div class=\"title\"><a href=\"https:\/\/boatrentalmallorca.net\/it\/mallorca\/ranieri-17-motorboat\/\">\n                            Ranieri 17 | Senza patente<\/a><\/div>\n\n                    <address class=\"item-address\">Maiorca - Porto Petro<\/address>        \n                <\/div>\n            <\/div>\n\n                        <ul class=\"item-amenities\">\n\n                                <li>\n                    <i class=\"fa fa-arrows-h\"><\/i> \n                    <span class=\"total-beds\">5<\/span> <span class=\"item-label\">M<\/span>\n                <\/li>\n                \n                                <li>\n                    <i class=\"fa fa-clock-o\"><\/i> \n                    <span class=\"total-baths\">3 ore<\/span> <span class=\"item-label\">minimo<\/span>\n                <\/li>\n                \n                                <li>\n                    <i class=\"fa fa-user\"><\/i> \n                    <span class=\"total-guests\">6<\/span> <span class=\"item-label\">ospiti<\/span>\n                <\/li>\n                \n                                <li class=\"item-type\">Noleggio barche senza patente<\/li>\n                            <\/ul>\n            \n            \n            <div class=\"item-footer\">\n\n                \n                            <\/div>\n        <\/div>\n    <\/div>\n<\/div><!-- .item-wrap --><\/div><div class=\"col-sm-4\">\n<div class=\"item-wrap infobox_trigger homey-matchHeight item-grid-view infobox_trigger homey-matchHeight\" data-dir=\"listing-item\" data-id=\"4693\">\n    <div class=\"media property-item\">\n        <div class=\"media-left\">\n            <div class=\"item-media item-media-thumb\">\n                <span class=\"label-wrap top-left\">\n                    <span class=\"label label-featured\">With captain (included)<\/span>\n                <\/span>                <a class=\"hover-effect\" href=\"https:\/\/boatrentalmallorca.net\/it\/mallorca\/pershing-37-yacht\/\">\n                    <img loading=\"lazy\" decoding=\"async\" width=\"403\" height=\"269\" src=\"https:\/\/boatrentalmallorca.net\/wp-content\/uploads\/2025\/11\/rent-yacht-Pershing-37-Mallorca.jpg\" class=\"img-responsive wp-post-image\" alt=\"noleggio yacht Pershing 37 Mallorca\" srcset=\"https:\/\/boatrentalmallorca.net\/wp-content\/uploads\/2025\/11\/rent-yacht-Pershing-37-Mallorca.jpg 403w, https:\/\/boatrentalmallorca.net\/wp-content\/uploads\/2025\/11\/rent-yacht-Pershing-37-Mallorca-300x200.jpg 300w, https:\/\/boatrentalmallorca.net\/wp-content\/uploads\/2025\/11\/rent-yacht-Pershing-37-Mallorca-120x80.jpg 120w\" sizes=\"(max-width: 403px) 100vw, 403px\" \/>                \n\n                                    <div class=\"item-media-price\">\n                        <span class=\"item-price\">\n                            <sub>da<\/sub> <sup>\u20ac<\/sup>530<sub>\/2 hours<\/sub>\n                        <\/span>\n                    <\/div>\n                                <\/a>\n                            <\/div>\n        <\/div>\n        <div class=\"media-body item-body clearfix\">\n\n            <div class=\"item-title-head table-block\">\n                <div class=\"title-head-left\">\n                    <div class=\"title\"><a href=\"https:\/\/boatrentalmallorca.net\/it\/mallorca\/pershing-37-yacht\/\">\n                            Pershing 37 | Yacht<\/a><\/div>\n\n                    <address class=\"item-address\">Maiorca - Cala d&#039;Or - Marina di Cala d&#039;Or<\/address>        \n                <\/div>\n            <\/div>\n\n                        <ul class=\"item-amenities\">\n\n                                <li>\n                    <i class=\"fa fa-arrows-h\"><\/i> \n                    <span class=\"total-beds\">11.5<\/span> <span class=\"item-label\">M<\/span>\n                <\/li>\n                \n                                <li>\n                    <i class=\"fa fa-clock-o\"><\/i> \n                    <span class=\"total-baths\">2 ore<\/span> <span class=\"item-label\">minimo<\/span>\n                <\/li>\n                \n                                <li>\n                    <i class=\"fa fa-user\"><\/i> \n                    <span class=\"total-guests\">9<\/span> <span class=\"item-label\">ospiti<\/span>\n                <\/li>\n                \n                                <li class=\"item-type\">Noleggio yacht<\/li>\n                            <\/ul>\n            \n            \n            <div class=\"item-footer\">\n\n                \n                            <\/div>\n        <\/div>\n    <\/div>\n<\/div><!-- .item-wrap --><\/div><div class=\"col-sm-4\">\n<div class=\"item-wrap infobox_trigger homey-matchHeight item-grid-view infobox_trigger homey-matchHeight\" data-dir=\"listing-item\" data-id=\"3940\">\n    <div class=\"media property-item\">\n        <div class=\"media-left\">\n            <div class=\"item-media item-media-thumb\">\n                <span class=\"label-wrap top-left\">\n                    <span class=\"label label-featured\">With captain (included)<\/span>\n                <\/span>                <a class=\"hover-effect\" href=\"https:\/\/boatrentalmallorca.net\/it\/mallorca\/cranchi-41-endurance-yacht\/\">\n                    <img loading=\"lazy\" decoding=\"async\" width=\"403\" height=\"269\" src=\"https:\/\/boatrentalmallorca.net\/wp-content\/uploads\/2025\/05\/rent-Cranchi-41-Endurance-Mallorca.jpg\" class=\"img-responsive wp-post-image\" alt=\"noleggiare Cranchi 41 Endurance Maiorca\" srcset=\"https:\/\/boatrentalmallorca.net\/wp-content\/uploads\/2025\/05\/rent-Cranchi-41-Endurance-Mallorca.jpg 403w, https:\/\/boatrentalmallorca.net\/wp-content\/uploads\/2025\/05\/rent-Cranchi-41-Endurance-Mallorca-300x200.jpg 300w, https:\/\/boatrentalmallorca.net\/wp-content\/uploads\/2025\/05\/rent-Cranchi-41-Endurance-Mallorca-120x80.jpg 120w\" sizes=\"(max-width: 403px) 100vw, 403px\" \/>                \n\n                                    <div class=\"item-media-price\">\n                        <span class=\"item-price\">\n                            <sub>da<\/sub> <sup>\u20ac<\/sup>850<sub>\/half day<\/sub>\n                        <\/span>\n                    <\/div>\n                                <\/a>\n                            <\/div>\n        <\/div>\n        <div class=\"media-body item-body clearfix\">\n\n            <div class=\"item-title-head table-block\">\n                <div class=\"title-head-left\">\n                    <div class=\"title\"><a href=\"https:\/\/boatrentalmallorca.net\/it\/mallorca\/cranchi-41-endurance-yacht\/\">\n                            Cranchi 41 Endurance | Yacht<\/a><\/div>\n\n                    <address class=\"item-address\">Maiorca - Portals Nous - Puerto Portals<\/address>        \n                <\/div>\n            <\/div>\n\n                        <ul class=\"item-amenities\">\n\n                                <li>\n                    <i class=\"fa fa-arrows-h\"><\/i> \n                    <span class=\"total-beds\">13<\/span> <span class=\"item-label\">M<\/span>\n                <\/li>\n                \n                                <li>\n                    <i class=\"fa fa-clock-o\"><\/i> \n                    <span class=\"total-baths\">4 ore<\/span> <span class=\"item-label\">minimo<\/span>\n                <\/li>\n                \n                                <li>\n                    <i class=\"fa fa-user\"><\/i> \n                    <span class=\"total-guests\">9<\/span> <span class=\"item-label\">ospiti<\/span>\n                <\/li>\n                \n                                <li class=\"item-type\">Noleggio yacht<\/li>\n                            <\/ul>\n            \n            \n            <div class=\"item-footer\">\n\n                \n                            <\/div>\n        <\/div>\n    <\/div>\n<\/div><!-- .item-wrap --><\/div><div class=\"col-sm-4\">\n<div class=\"item-wrap infobox_trigger homey-matchHeight item-grid-view infobox_trigger homey-matchHeight\" data-dir=\"listing-item\" data-id=\"2877\">\n    <div class=\"media property-item\">\n        <div class=\"media-left\">\n            <div class=\"item-media item-media-thumb\">\n                <span class=\"label-wrap top-left\">\n                    <span class=\"label label-featured\">With captain (included)<\/span>\n                <\/span>                <a class=\"hover-effect\" href=\"https:\/\/boatrentalmallorca.net\/it\/mallorca\/menorquin-55-sa-nina-llaut\/\">\n                    <img loading=\"lazy\" decoding=\"async\" width=\"403\" height=\"269\" src=\"https:\/\/boatrentalmallorca.net\/wp-content\/uploads\/2025\/01\/Llaut-Menorquin-55-Sa-Nina-Mallorca.jpg\" class=\"img-responsive wp-post-image\" alt=\"Llaut Menorquin 55 Sa Nina Maiorca\" srcset=\"https:\/\/boatrentalmallorca.net\/wp-content\/uploads\/2025\/01\/Llaut-Menorquin-55-Sa-Nina-Mallorca.jpg 403w, https:\/\/boatrentalmallorca.net\/wp-content\/uploads\/2025\/01\/Llaut-Menorquin-55-Sa-Nina-Mallorca-300x200.jpg 300w, https:\/\/boatrentalmallorca.net\/wp-content\/uploads\/2025\/01\/Llaut-Menorquin-55-Sa-Nina-Mallorca-120x80.jpg 120w\" sizes=\"(max-width: 403px) 100vw, 403px\" \/>                \n\n                                    <div class=\"item-media-price\">\n                        <span class=\"item-price\">\n                            <sub>da<\/sub> <sup>\u20ac<\/sup>569<sub>\/3 hours<\/sub>\n                        <\/span>\n                    <\/div>\n                                <\/a>\n                            <\/div>\n        <\/div>\n        <div class=\"media-body item-body clearfix\">\n\n            <div class=\"item-title-head table-block\">\n                <div class=\"title-head-left\">\n                    <div class=\"title\"><a href=\"https:\/\/boatrentalmallorca.net\/it\/mallorca\/menorquin-55-sa-nina-llaut\/\">\n                            Minorquin 55 | Sa Nina | Llaut<\/a><\/div>\n\n                    <address class=\"item-address\">Maiorca - Pollen\u00e7a - Porto di Pollen\u00e7a<\/address>        \n                <\/div>\n            <\/div>\n\n                        <ul class=\"item-amenities\">\n\n                                <li>\n                    <i class=\"fa fa-arrows-h\"><\/i> \n                    <span class=\"total-beds\">9<\/span> <span class=\"item-label\">M<\/span>\n                <\/li>\n                \n                                <li>\n                    <i class=\"fa fa-clock-o\"><\/i> \n                    <span class=\"total-baths\">3 ore<\/span> <span class=\"item-label\">minimo<\/span>\n                <\/li>\n                \n                                <li>\n                    <i class=\"fa fa-user\"><\/i> \n                    <span class=\"total-guests\">8<\/span> <span class=\"item-label\">ospiti<\/span>\n                <\/li>\n                \n                                <li class=\"item-type\">Noleggio Llaut<\/li>\n                            <\/ul>\n            \n            \n            <div class=\"item-footer\">\n\n                \n                            <\/div>\n        <\/div>\n    <\/div>\n<\/div><!-- .item-wrap --><\/div><div class=\"col-sm-4\">\n<div class=\"item-wrap infobox_trigger homey-matchHeight item-grid-view infobox_trigger homey-matchHeight\" data-dir=\"listing-item\" data-id=\"2829\">\n    <div class=\"media property-item\">\n        <div class=\"media-left\">\n            <div class=\"item-media item-media-thumb\">\n                <span class=\"label-wrap top-left\">\n                    <span class=\"label label-featured\">With captain (included)<\/span>\n                <\/span>                <a class=\"hover-effect\" href=\"https:\/\/boatrentalmallorca.net\/it\/mallorca\/capeador-saura-40-boas-llaut\/\">\n                    <img loading=\"lazy\" decoding=\"async\" width=\"403\" height=\"269\" src=\"https:\/\/boatrentalmallorca.net\/wp-content\/uploads\/2025\/01\/Llaut-Capeador-Saura-40-Boas-Mallorca.jpg\" class=\"img-responsive wp-post-image\" alt=\"Llaut Capeador Saura 40 Boas Maiorca\" srcset=\"https:\/\/boatrentalmallorca.net\/wp-content\/uploads\/2025\/01\/Llaut-Capeador-Saura-40-Boas-Mallorca.jpg 403w, https:\/\/boatrentalmallorca.net\/wp-content\/uploads\/2025\/01\/Llaut-Capeador-Saura-40-Boas-Mallorca-300x200.jpg 300w, https:\/\/boatrentalmallorca.net\/wp-content\/uploads\/2025\/01\/Llaut-Capeador-Saura-40-Boas-Mallorca-120x80.jpg 120w\" sizes=\"(max-width: 403px) 100vw, 403px\" \/>                \n\n                                    <div class=\"item-media-price\">\n                        <span class=\"item-price\">\n                            <sub>da<\/sub> <sup>\u20ac<\/sup>686<sub>\/4 hours<\/sub>\n                        <\/span>\n                    <\/div>\n                                <\/a>\n                            <\/div>\n        <\/div>\n        <div class=\"media-body item-body clearfix\">\n\n            <div class=\"item-title-head table-block\">\n                <div class=\"title-head-left\">\n                    <div class=\"title\"><a href=\"https:\/\/boatrentalmallorca.net\/it\/mallorca\/capeador-saura-40-boas-llaut\/\">\n                            Capeador Saura 40 | Boas | Llaut<\/a><\/div>\n\n                    <address class=\"item-address\">Maiorca - Pollen\u00e7a - Porto di Pollen\u00e7a<\/address>        \n                <\/div>\n            <\/div>\n\n                        <ul class=\"item-amenities\">\n\n                                <li>\n                    <i class=\"fa fa-arrows-h\"><\/i> \n                    <span class=\"total-beds\">8<\/span> <span class=\"item-label\">M<\/span>\n                <\/li>\n                \n                                <li>\n                    <i class=\"fa fa-clock-o\"><\/i> \n                    <span class=\"total-baths\">4 ore<\/span> <span class=\"item-label\">minimo<\/span>\n                <\/li>\n                \n                                <li>\n                    <i class=\"fa fa-user\"><\/i> \n                    <span class=\"total-guests\">10<\/span> <span class=\"item-label\">ospiti<\/span>\n                <\/li>\n                \n                                <li class=\"item-type\">Noleggio Llaut<\/li>\n                            <\/ul>\n            \n            \n            <div class=\"item-footer\">\n\n                \n                            <\/div>\n        <\/div>\n    <\/div>\n<\/div><!-- .item-wrap --><\/div><div class=\"col-sm-4\">\n<div class=\"item-wrap infobox_trigger homey-matchHeight item-grid-view infobox_trigger homey-matchHeight\" data-dir=\"listing-item\" data-id=\"2809\">\n    <div class=\"media property-item\">\n        <div class=\"media-left\">\n            <div class=\"item-media item-media-thumb\">\n                <span class=\"label-wrap top-left\">\n                    <span class=\"label label-featured\">With captain (included)<\/span>\n                <\/span>                <a class=\"hover-effect\" href=\"https:\/\/boatrentalmallorca.net\/it\/mallorca\/capeador-saura-40-picard-llaut\/\">\n                    <img loading=\"lazy\" decoding=\"async\" width=\"403\" height=\"269\" src=\"https:\/\/boatrentalmallorca.net\/wp-content\/uploads\/2025\/01\/Llaut-Capeador-Saura-40-Picard-Mallorca.jpg\" class=\"img-responsive wp-post-image\" alt=\"Llaut Capeador Saura 40 Picard Maiorca\" srcset=\"https:\/\/boatrentalmallorca.net\/wp-content\/uploads\/2025\/01\/Llaut-Capeador-Saura-40-Picard-Mallorca.jpg 403w, https:\/\/boatrentalmallorca.net\/wp-content\/uploads\/2025\/01\/Llaut-Capeador-Saura-40-Picard-Mallorca-300x200.jpg 300w, https:\/\/boatrentalmallorca.net\/wp-content\/uploads\/2025\/01\/Llaut-Capeador-Saura-40-Picard-Mallorca-120x80.jpg 120w\" sizes=\"(max-width: 403px) 100vw, 403px\" \/>                \n\n                                    <div class=\"item-media-price\">\n                        <span class=\"item-price\">\n                            <sub>da<\/sub> <sup>\u20ac<\/sup>686<sub>\/4 hours<\/sub>\n                        <\/span>\n                    <\/div>\n                                <\/a>\n                            <\/div>\n        <\/div>\n        <div class=\"media-body item-body clearfix\">\n\n            <div class=\"item-title-head table-block\">\n                <div class=\"title-head-left\">\n                    <div class=\"title\"><a href=\"https:\/\/boatrentalmallorca.net\/it\/mallorca\/capeador-saura-40-picard-llaut\/\">\n                            Capeador Saura 40 | Picard | Llaut<\/a><\/div>\n\n                    <address class=\"item-address\">Maiorca - Pollen\u00e7a - Porto di Pollen\u00e7a<\/address>        \n                <\/div>\n            <\/div>\n\n                        <ul class=\"item-amenities\">\n\n                                <li>\n                    <i class=\"fa fa-arrows-h\"><\/i> \n                    <span class=\"total-beds\">7.5<\/span> <span class=\"item-label\">M<\/span>\n                <\/li>\n                \n                                <li>\n                    <i class=\"fa fa-clock-o\"><\/i> \n                    <span class=\"total-baths\">4 ore<\/span> <span class=\"item-label\">minimo<\/span>\n                <\/li>\n                \n                                <li>\n                    <i class=\"fa fa-user\"><\/i> \n                    <span class=\"total-guests\">6<\/span> <span class=\"item-label\">ospiti<\/span>\n                <\/li>\n                \n                                <li class=\"item-type\">Noleggio Llaut<\/li>\n                            <\/ul>\n            \n            \n            <div class=\"item-footer\">\n\n                \n                            <\/div>\n        <\/div>\n    <\/div>\n<\/div><!-- .item-wrap --><\/div><div class=\"col-sm-4\">\n<div class=\"item-wrap infobox_trigger homey-matchHeight item-grid-view infobox_trigger homey-matchHeight\" data-dir=\"listing-item\" data-id=\"2790\">\n    <div class=\"media property-item\">\n        <div class=\"media-left\">\n            <div class=\"item-media item-media-thumb\">\n                <span class=\"label-wrap top-left\">\n                    <span class=\"label label-featured\">With captain (included)<\/span>\n                <\/span>                <a class=\"hover-effect\" href=\"https:\/\/boatrentalmallorca.net\/it\/mallorca\/sea-ray-460-perseo-motorboat\/\">\n                    <img loading=\"lazy\" decoding=\"async\" width=\"403\" height=\"269\" src=\"https:\/\/boatrentalmallorca.net\/wp-content\/uploads\/2025\/01\/Motorboat-Sea-Ray-460-Perseo-Mallorca.jpg\" class=\"img-responsive wp-post-image\" alt=\"Barca a motore Sea Ray 460 Perseo Maiorca\" srcset=\"https:\/\/boatrentalmallorca.net\/wp-content\/uploads\/2025\/01\/Motorboat-Sea-Ray-460-Perseo-Mallorca.jpg 403w, https:\/\/boatrentalmallorca.net\/wp-content\/uploads\/2025\/01\/Motorboat-Sea-Ray-460-Perseo-Mallorca-300x200.jpg 300w, https:\/\/boatrentalmallorca.net\/wp-content\/uploads\/2025\/01\/Motorboat-Sea-Ray-460-Perseo-Mallorca-120x80.jpg 120w\" sizes=\"(max-width: 403px) 100vw, 403px\" \/>                \n\n                                    <div class=\"item-media-price\">\n                        <span class=\"item-price\">\n                            <sub>da<\/sub> <sup>\u20ac<\/sup>395<sub>\/2 hours<\/sub>\n                        <\/span>\n                    <\/div>\n                                <\/a>\n                            <\/div>\n        <\/div>\n        <div class=\"media-body item-body clearfix\">\n\n            <div class=\"item-title-head table-block\">\n                <div class=\"title-head-left\">\n                    <div class=\"title\"><a href=\"https:\/\/boatrentalmallorca.net\/it\/mallorca\/sea-ray-460-perseo-motorboat\/\">\n                            Sea Ray 460 | Perseo | Barca a motore<\/a><\/div>\n\n                    <address class=\"item-address\">Maiorca - Pollen\u00e7a - Reial Club N\u00e0utic del Port de Pollen\u00e7a<\/address>        \n                <\/div>\n            <\/div>\n\n                        <ul class=\"item-amenities\">\n\n                                <li>\n                    <i class=\"fa fa-arrows-h\"><\/i> \n                    <span class=\"total-beds\">15<\/span> <span class=\"item-label\">M<\/span>\n                <\/li>\n                \n                                <li>\n                    <i class=\"fa fa-clock-o\"><\/i> \n                    <span class=\"total-baths\">2 ore<\/span> <span class=\"item-label\">minimo<\/span>\n                <\/li>\n                \n                                <li>\n                    <i class=\"fa fa-user\"><\/i> \n                    <span class=\"total-guests\">9<\/span> <span class=\"item-label\">ospiti<\/span>\n                <\/li>\n                \n                                <li class=\"item-type\">Noleggio barche a motore<\/li>\n                            <\/ul>\n            \n            \n            <div class=\"item-footer\">\n\n                \n                            <\/div>\n        <\/div>\n    <\/div>\n<\/div><!-- .item-wrap --><\/div><div class=\"col-sm-4\">\n<div class=\"item-wrap infobox_trigger homey-matchHeight item-grid-view infobox_trigger homey-matchHeight\" data-dir=\"listing-item\" data-id=\"2768\">\n    <div class=\"media property-item\">\n        <div class=\"media-left\">\n            <div class=\"item-media item-media-thumb\">\n                <span class=\"label-wrap top-left\">\n                    <span class=\"label label-featured\">With captain (included)<\/span>\n                <\/span>                <a class=\"hover-effect\" href=\"https:\/\/boatrentalmallorca.net\/it\/mallorca\/sea-ray-510-nashira-yacht\/\">\n                    <img loading=\"lazy\" decoding=\"async\" width=\"403\" height=\"269\" src=\"https:\/\/boatrentalmallorca.net\/wp-content\/uploads\/2025\/01\/yacht-Sea-Ray-510-Nashira-Mallorca.jpg\" class=\"img-responsive wp-post-image\" alt=\"yacht Sea Ray 510 Nashira Maiorca\" srcset=\"https:\/\/boatrentalmallorca.net\/wp-content\/uploads\/2025\/01\/yacht-Sea-Ray-510-Nashira-Mallorca.jpg 403w, https:\/\/boatrentalmallorca.net\/wp-content\/uploads\/2025\/01\/yacht-Sea-Ray-510-Nashira-Mallorca-300x200.jpg 300w, https:\/\/boatrentalmallorca.net\/wp-content\/uploads\/2025\/01\/yacht-Sea-Ray-510-Nashira-Mallorca-120x80.jpg 120w\" sizes=\"(max-width: 403px) 100vw, 403px\" \/>                \n\n                                    <div class=\"item-media-price\">\n                        <span class=\"item-price\">\n                            <sub>da<\/sub> <sup>\u20ac<\/sup>800<sub>\/2 hours<\/sub>\n                        <\/span>\n                    <\/div>\n                                <\/a>\n                            <\/div>\n        <\/div>\n        <div class=\"media-body item-body clearfix\">\n\n            <div class=\"item-title-head table-block\">\n                <div class=\"title-head-left\">\n                    <div class=\"title\"><a href=\"https:\/\/boatrentalmallorca.net\/it\/mallorca\/sea-ray-510-nashira-yacht\/\">\n                            Sea Ray 510 | Nashira | Yacht<\/a><\/div>\n\n                    <address class=\"item-address\">Maiorca - Pollen\u00e7a - Porto di Pollen\u00e7a<\/address>        \n                <\/div>\n            <\/div>\n\n                        <ul class=\"item-amenities\">\n\n                                <li>\n                    <i class=\"fa fa-arrows-h\"><\/i> \n                    <span class=\"total-beds\">16<\/span> <span class=\"item-label\">M<\/span>\n                <\/li>\n                \n                                <li>\n                    <i class=\"fa fa-clock-o\"><\/i> \n                    <span class=\"total-baths\">2 ore<\/span> <span class=\"item-label\">minimo<\/span>\n                <\/li>\n                \n                                <li>\n                    <i class=\"fa fa-user\"><\/i> \n                    <span class=\"total-guests\">10<\/span> <span class=\"item-label\">ospiti<\/span>\n                <\/li>\n                \n                                <li class=\"item-type\">Noleggio yacht<\/li>\n                            <\/ul>\n            \n            \n            <div class=\"item-footer\">\n\n                \n                            <\/div>\n        <\/div>\n    <\/div>\n<\/div><!-- .item-wrap --><\/div><div class=\"col-sm-4\">\n<div class=\"item-wrap infobox_trigger homey-matchHeight item-grid-view infobox_trigger homey-matchHeight\" data-dir=\"listing-item\" data-id=\"2747\">\n    <div class=\"media property-item\">\n        <div class=\"media-left\">\n            <div class=\"item-media item-media-thumb\">\n                <span class=\"label-wrap top-left\">\n                    <span class=\"label label-featured\">With captain (included)<\/span>\n                <\/span>                <a class=\"hover-effect\" href=\"https:\/\/boatrentalmallorca.net\/it\/mallorca\/bavaria-sport-35-barlovento-segundo-yacht\/\">\n                    <img loading=\"lazy\" decoding=\"async\" width=\"403\" height=\"269\" src=\"https:\/\/boatrentalmallorca.net\/wp-content\/uploads\/2025\/01\/yacht-Bavaria-Sport-35-Barlovento-Segundo-Mallorca.jpg\" class=\"img-responsive wp-post-image\" alt=\"yacht Bavaria Sport 35 Barlovento Segundo Maiorca\" srcset=\"https:\/\/boatrentalmallorca.net\/wp-content\/uploads\/2025\/01\/yacht-Bavaria-Sport-35-Barlovento-Segundo-Mallorca.jpg 403w, https:\/\/boatrentalmallorca.net\/wp-content\/uploads\/2025\/01\/yacht-Bavaria-Sport-35-Barlovento-Segundo-Mallorca-300x200.jpg 300w, https:\/\/boatrentalmallorca.net\/wp-content\/uploads\/2025\/01\/yacht-Bavaria-Sport-35-Barlovento-Segundo-Mallorca-120x80.jpg 120w\" sizes=\"(max-width: 403px) 100vw, 403px\" \/>                \n\n                                    <div class=\"item-media-price\">\n                        <span class=\"item-price\">\n                            <sub>da<\/sub> <sup>\u20ac<\/sup>925<sub>\/half day<\/sub>\n                        <\/span>\n                    <\/div>\n                                <\/a>\n                            <\/div>\n        <\/div>\n        <div class=\"media-body item-body clearfix\">\n\n            <div class=\"item-title-head table-block\">\n                <div class=\"title-head-left\">\n                    <div class=\"title\"><a href=\"https:\/\/boatrentalmallorca.net\/it\/mallorca\/bavaria-sport-35-barlovento-segundo-yacht\/\">\n                            Bavaria Sport 35 | Barlovento Second | Yacht<\/a><\/div>\n\n                    <address class=\"item-address\">Maiorca - Palma - Porto di Palma<\/address>        \n                <\/div>\n            <\/div>\n\n                        <ul class=\"item-amenities\">\n\n                                <li>\n                    <i class=\"fa fa-arrows-h\"><\/i> \n                    <span class=\"total-beds\">11.4<\/span> <span class=\"item-label\">M<\/span>\n                <\/li>\n                \n                                <li>\n                    <i class=\"fa fa-clock-o\"><\/i> \n                    <span class=\"total-baths\">mezza giornata<\/span> <span class=\"item-label\">minimo<\/span>\n                <\/li>\n                \n                                <li>\n                    <i class=\"fa fa-user\"><\/i> \n                    <span class=\"total-guests\">9<\/span> <span class=\"item-label\">ospiti<\/span>\n                <\/li>\n                \n                                <li class=\"item-type\">Noleggio yacht<\/li>\n                            <\/ul>\n            \n            \n            <div class=\"item-footer\">\n\n                \n                            <\/div>\n        <\/div>\n    <\/div>\n<\/div><!-- .item-wrap --><\/div><div class=\"col-sm-4\">\n<div class=\"item-wrap infobox_trigger homey-matchHeight item-grid-view infobox_trigger homey-matchHeight\" data-dir=\"listing-item\" data-id=\"2731\">\n    <div class=\"media property-item\">\n        <div class=\"media-left\">\n            <div class=\"item-media item-media-thumb\">\n                <span class=\"label-wrap top-left\">\n                    <span class=\"label label-featured\">With captain (included)<\/span>\n                <\/span>                <a class=\"hover-effect\" href=\"https:\/\/boatrentalmallorca.net\/it\/mallorca\/sea-ray-400-endurance-motorboat\/\">\n                    <img loading=\"lazy\" decoding=\"async\" width=\"403\" height=\"269\" src=\"https:\/\/boatrentalmallorca.net\/wp-content\/uploads\/2025\/01\/rent-motorboat-Sea-Ray-400-Endurance-Mallorca.jpg\" class=\"img-responsive wp-post-image\" alt=\"noleggio motoscafo Sea Ray 400 Endurance Mallorca\" srcset=\"https:\/\/boatrentalmallorca.net\/wp-content\/uploads\/2025\/01\/rent-motorboat-Sea-Ray-400-Endurance-Mallorca.jpg 403w, https:\/\/boatrentalmallorca.net\/wp-content\/uploads\/2025\/01\/rent-motorboat-Sea-Ray-400-Endurance-Mallorca-300x200.jpg 300w, https:\/\/boatrentalmallorca.net\/wp-content\/uploads\/2025\/01\/rent-motorboat-Sea-Ray-400-Endurance-Mallorca-120x80.jpg 120w\" sizes=\"(max-width: 403px) 100vw, 403px\" \/>                \n\n                                    <div class=\"item-media-price\">\n                        <span class=\"item-price\">\n                            <sub>da<\/sub> <sup>\u20ac<\/sup>395<sub>\/2 hours<\/sub>\n                        <\/span>\n                    <\/div>\n                                <\/a>\n                            <\/div>\n        <\/div>\n        <div class=\"media-body item-body clearfix\">\n\n            <div class=\"item-title-head table-block\">\n                <div class=\"title-head-left\">\n                    <div class=\"title\"><a href=\"https:\/\/boatrentalmallorca.net\/it\/mallorca\/sea-ray-400-endurance-motorboat\/\">\n                            Sea Ray 400 | Endurance | Barca a motore<\/a><\/div>\n\n                    <address class=\"item-address\">Maiorca - Pollen\u00e7a - Porto di Pollen\u00e7a<\/address>        \n                <\/div>\n            <\/div>\n\n                        <ul class=\"item-amenities\">\n\n                                <li>\n                    <i class=\"fa fa-arrows-h\"><\/i> \n                    <span class=\"total-beds\">12<\/span> <span class=\"item-label\">M<\/span>\n                <\/li>\n                \n                                <li>\n                    <i class=\"fa fa-clock-o\"><\/i> \n                    <span class=\"total-baths\">2 ore<\/span> <span class=\"item-label\">minimo<\/span>\n                <\/li>\n                \n                                <li>\n                    <i class=\"fa fa-user\"><\/i> \n                    <span class=\"total-guests\">8<\/span> <span class=\"item-label\">ospiti<\/span>\n                <\/li>\n                \n                                <li class=\"item-type\">Noleggio barche a motore<\/li>\n                            <\/ul>\n            \n            \n            <div class=\"item-footer\">\n\n                \n                            <\/div>\n        <\/div>\n    <\/div>\n<\/div><!-- .item-wrap --><\/div><div class=\"col-sm-4\">\n<div class=\"item-wrap infobox_trigger homey-matchHeight item-grid-view infobox_trigger homey-matchHeight\" data-dir=\"listing-item\" data-id=\"2711\">\n    <div class=\"media property-item\">\n        <div class=\"media-left\">\n            <div class=\"item-media item-media-thumb\">\n                                <a class=\"hover-effect\" href=\"https:\/\/boatrentalmallorca.net\/it\/mallorca\/bwa-sport-17-sleeper-rib\/\">\n                    <img loading=\"lazy\" decoding=\"async\" width=\"403\" height=\"269\" src=\"https:\/\/boatrentalmallorca.net\/wp-content\/uploads\/2025\/01\/rent-RIB-BWA-Sport-17-Sleeper-Mallorca.jpg\" class=\"img-responsive wp-post-image\" alt=\"noleggio RIB BWA Sport 17 Sleeper Mallorca\" srcset=\"https:\/\/boatrentalmallorca.net\/wp-content\/uploads\/2025\/01\/rent-RIB-BWA-Sport-17-Sleeper-Mallorca.jpg 403w, https:\/\/boatrentalmallorca.net\/wp-content\/uploads\/2025\/01\/rent-RIB-BWA-Sport-17-Sleeper-Mallorca-300x200.jpg 300w, https:\/\/boatrentalmallorca.net\/wp-content\/uploads\/2025\/01\/rent-RIB-BWA-Sport-17-Sleeper-Mallorca-120x80.jpg 120w\" sizes=\"(max-width: 403px) 100vw, 403px\" \/>                \n\n                                    <div class=\"item-media-price\">\n                        <span class=\"item-price\">\n                            <sub>da<\/sub> <sup>\u20ac<\/sup>295<sub>\/half day<\/sub>\n                        <\/span>\n                    <\/div>\n                                <\/a>\n                            <\/div>\n        <\/div>\n        <div class=\"media-body item-body clearfix\">\n\n            <div class=\"item-title-head table-block\">\n                <div class=\"title-head-left\">\n                    <div class=\"title\"><a href=\"https:\/\/boatrentalmallorca.net\/it\/mallorca\/bwa-sport-17-sleeper-rib\/\">\n                            BWA Sport 17 | Con patente | Gommone<\/a><\/div>\n\n                    <address class=\"item-address\">Maiorca - Cala Figuera - Porto di Cala Figuera<\/address>        \n                <\/div>\n            <\/div>\n\n                        <ul class=\"item-amenities\">\n\n                                <li>\n                    <i class=\"fa fa-arrows-h\"><\/i> \n                    <span class=\"total-beds\">5.2<\/span> <span class=\"item-label\">M<\/span>\n                <\/li>\n                \n                                <li>\n                    <i class=\"fa fa-clock-o\"><\/i> \n                    <span class=\"total-baths\">mezza giornata<\/span> <span class=\"item-label\">minimo<\/span>\n                <\/li>\n                \n                                <li>\n                    <i class=\"fa fa-user\"><\/i> \n                    <span class=\"total-guests\">8<\/span> <span class=\"item-label\">ospiti<\/span>\n                <\/li>\n                \n                                <li class=\"item-type\">Noleggio barche con patente, Noleggio gommoni<\/li>\n                            <\/ul>\n            \n            \n            <div class=\"item-footer\">\n\n                \n                            <\/div>\n        <\/div>\n    <\/div>\n<\/div><!-- .item-wrap --><\/div><div class=\"col-sm-4\">\n<div class=\"item-wrap infobox_trigger homey-matchHeight item-grid-view infobox_trigger homey-matchHeight\" data-dir=\"listing-item\" data-id=\"2693\">\n    <div class=\"media property-item\">\n        <div class=\"media-left\">\n            <div class=\"item-media item-media-thumb\">\n                <span class=\"label-wrap top-left\">\n                    <span class=\"label label-featured\">With captain (included)<\/span>\n                <\/span>                <a class=\"hover-effect\" href=\"https:\/\/boatrentalmallorca.net\/it\/mallorca\/chaparral-signature-300-motorboat\/\">\n                    <img loading=\"lazy\" decoding=\"async\" width=\"403\" height=\"269\" src=\"https:\/\/boatrentalmallorca.net\/wp-content\/uploads\/2025\/01\/rent-motorboat-Chaparral-Signature-Mallorca.jpg\" class=\"img-responsive wp-post-image\" alt=\"noleggio motoscafo Chaparral Signature Mallorca\" srcset=\"https:\/\/boatrentalmallorca.net\/wp-content\/uploads\/2025\/01\/rent-motorboat-Chaparral-Signature-Mallorca.jpg 403w, https:\/\/boatrentalmallorca.net\/wp-content\/uploads\/2025\/01\/rent-motorboat-Chaparral-Signature-Mallorca-300x200.jpg 300w, https:\/\/boatrentalmallorca.net\/wp-content\/uploads\/2025\/01\/rent-motorboat-Chaparral-Signature-Mallorca-120x80.jpg 120w\" sizes=\"(max-width: 403px) 100vw, 403px\" \/>                \n\n                                    <div class=\"item-media-price\">\n                        <span class=\"item-price\">\n                            <sub>da<\/sub> <sup>\u20ac<\/sup>830<sub>\/half day<\/sub>\n                        <\/span>\n                    <\/div>\n                                <\/a>\n                            <\/div>\n        <\/div>\n        <div class=\"media-body item-body clearfix\">\n\n            <div class=\"item-title-head table-block\">\n                <div class=\"title-head-left\">\n                    <div class=\"title\"><a href=\"https:\/\/boatrentalmallorca.net\/it\/mallorca\/chaparral-signature-300-motorboat\/\">\n                            Chaparral Signature 300 | Barca a motore<\/a><\/div>\n\n                    <address class=\"item-address\">Maiorca - Cala Figuera - Porto di Cala Figuera<\/address>        \n                <\/div>\n            <\/div>\n\n                        <ul class=\"item-amenities\">\n\n                                <li>\n                    <i class=\"fa fa-arrows-h\"><\/i> \n                    <span class=\"total-beds\">10.5<\/span> <span class=\"item-label\">M<\/span>\n                <\/li>\n                \n                                <li>\n                    <i class=\"fa fa-clock-o\"><\/i> \n                    <span class=\"total-baths\">mezza giornata<\/span> <span class=\"item-label\">minimo<\/span>\n                <\/li>\n                \n                                <li>\n                    <i class=\"fa fa-user\"><\/i> \n                    <span class=\"total-guests\">7<\/span> <span class=\"item-label\">ospiti<\/span>\n                <\/li>\n                \n                                <li class=\"item-type\">Noleggio barche a motore<\/li>\n                            <\/ul>\n            \n            \n            <div class=\"item-footer\">\n\n                \n                            <\/div>\n        <\/div>\n    <\/div>\n<\/div><!-- .item-wrap --><\/div><div class=\"col-sm-4\">\n<div class=\"item-wrap infobox_trigger homey-matchHeight item-grid-view infobox_trigger homey-matchHeight\" data-dir=\"listing-item\" data-id=\"2670\">\n    <div class=\"media property-item\">\n        <div class=\"media-left\">\n            <div class=\"item-media item-media-thumb\">\n                <span class=\"label-wrap top-left\">\n                    <span class=\"label label-featured\">With captain (included)<\/span>\n                <\/span>                <a class=\"hover-effect\" href=\"https:\/\/boatrentalmallorca.net\/it\/mallorca\/majoni-espalmador-45-llaut\/\">\n                    <img loading=\"lazy\" decoding=\"async\" width=\"403\" height=\"269\" src=\"https:\/\/boatrentalmallorca.net\/wp-content\/uploads\/2025\/01\/rent-Llaut-Majoni-Espalmador-45-Mallorca.jpg\" class=\"img-responsive wp-post-image\" alt=\"affittare Llaut Majoni Espalmador 45 Maiorca\" srcset=\"https:\/\/boatrentalmallorca.net\/wp-content\/uploads\/2025\/01\/rent-Llaut-Majoni-Espalmador-45-Mallorca.jpg 403w, https:\/\/boatrentalmallorca.net\/wp-content\/uploads\/2025\/01\/rent-Llaut-Majoni-Espalmador-45-Mallorca-300x200.jpg 300w, https:\/\/boatrentalmallorca.net\/wp-content\/uploads\/2025\/01\/rent-Llaut-Majoni-Espalmador-45-Mallorca-120x80.jpg 120w\" sizes=\"(max-width: 403px) 100vw, 403px\" \/>                \n\n                                    <div class=\"item-media-price\">\n                        <span class=\"item-price\">\n                            <sub>da<\/sub> <sup>\u20ac<\/sup>830<sub>\/half day<\/sub>\n                        <\/span>\n                    <\/div>\n                                <\/a>\n                            <\/div>\n        <\/div>\n        <div class=\"media-body item-body clearfix\">\n\n            <div class=\"item-title-head table-block\">\n                <div class=\"title-head-left\">\n                    <div class=\"title\"><a href=\"https:\/\/boatrentalmallorca.net\/it\/mallorca\/majoni-espalmador-45-llaut\/\">\n                            Majoni Espalmador 45 | Llaut<\/a><\/div>\n\n                    <address class=\"item-address\">Maiorca - Cala Figuera - Porto di Cala Figuera<\/address>        \n                <\/div>\n            <\/div>\n\n                        <ul class=\"item-amenities\">\n\n                                <li>\n                    <i class=\"fa fa-arrows-h\"><\/i> \n                    <span class=\"total-beds\">10.5<\/span> <span class=\"item-label\">M<\/span>\n                <\/li>\n                \n                                <li>\n                    <i class=\"fa fa-clock-o\"><\/i> \n                    <span class=\"total-baths\">mezza giornata<\/span> <span class=\"item-label\">minimo<\/span>\n                <\/li>\n                \n                                <li>\n                    <i class=\"fa fa-user\"><\/i> \n                    <span class=\"total-guests\">7<\/span> <span class=\"item-label\">ospiti<\/span>\n                <\/li>\n                \n                                <li class=\"item-type\">Noleggio Llaut, Noleggio barca a motore<\/li>\n                            <\/ul>\n            \n            \n            <div class=\"item-footer\">\n\n                \n                            <\/div>\n        <\/div>\n    <\/div>\n<\/div><!-- .item-wrap --><\/div><div class=\"col-sm-4\">\n<div class=\"item-wrap infobox_trigger homey-matchHeight item-grid-view infobox_trigger homey-matchHeight\" data-dir=\"listing-item\" data-id=\"2648\">\n    <div class=\"media property-item\">\n        <div class=\"media-left\">\n            <div class=\"item-media item-media-thumb\">\n                <span class=\"label-wrap top-left\">\n                    <span class=\"label label-featured\">With captain (included)<\/span>\n                <\/span>                <a class=\"hover-effect\" href=\"https:\/\/boatrentalmallorca.net\/it\/mallorca\/gobbi-open-23-valkyrya-motorboat\/\">\n                    <img loading=\"lazy\" decoding=\"async\" width=\"403\" height=\"269\" src=\"https:\/\/boatrentalmallorca.net\/wp-content\/uploads\/2025\/01\/Gobbi-Open-23-Valkyrya-rental-mallorca.jpg\" class=\"img-responsive wp-post-image\" alt=\"Gobbi Open 23 Valkyrya noleggio maiorca\" srcset=\"https:\/\/boatrentalmallorca.net\/wp-content\/uploads\/2025\/01\/Gobbi-Open-23-Valkyrya-rental-mallorca.jpg 403w, https:\/\/boatrentalmallorca.net\/wp-content\/uploads\/2025\/01\/Gobbi-Open-23-Valkyrya-rental-mallorca-300x200.jpg 300w, https:\/\/boatrentalmallorca.net\/wp-content\/uploads\/2025\/01\/Gobbi-Open-23-Valkyrya-rental-mallorca-120x80.jpg 120w\" sizes=\"(max-width: 403px) 100vw, 403px\" \/>                \n\n                                    <div class=\"item-media-price\">\n                        <span class=\"item-price\">\n                            <sub>da<\/sub> <sup>\u20ac<\/sup>1,090<sub>\/4 hours<\/sub>\n                        <\/span>\n                    <\/div>\n                                <\/a>\n                            <\/div>\n        <\/div>\n        <div class=\"media-body item-body clearfix\">\n\n            <div class=\"item-title-head table-block\">\n                <div class=\"title-head-left\">\n                    <div class=\"title\"><a href=\"https:\/\/boatrentalmallorca.net\/it\/mallorca\/gobbi-open-23-valkyrya-motorboat\/\">\n                            Gobbi Open 23 | Valkyrya | Barca a motore<\/a><\/div>\n\n                    <address class=\"item-address\">Maiorca - Palma - Club N\u00e0utic de Cala Gamba<\/address>        \n                <\/div>\n            <\/div>\n\n                        <ul class=\"item-amenities\">\n\n                                <li>\n                    <i class=\"fa fa-arrows-h\"><\/i> \n                    <span class=\"total-beds\">7.5<\/span> <span class=\"item-label\">M<\/span>\n                <\/li>\n                \n                                <li>\n                    <i class=\"fa fa-clock-o\"><\/i> \n                    <span class=\"total-baths\">mezza giornata<\/span> <span class=\"item-label\">minimo<\/span>\n                <\/li>\n                \n                                <li>\n                    <i class=\"fa fa-user\"><\/i> \n                    <span class=\"total-guests\">8<\/span> <span class=\"item-label\">ospiti<\/span>\n                <\/li>\n                \n                                <li class=\"item-type\">Noleggio barche a motore<\/li>\n                            <\/ul>\n            \n            \n            <div class=\"item-footer\">\n\n                \n                            <\/div>\n        <\/div>\n    <\/div>\n<\/div><!-- .item-wrap --><\/div>            <\/div><!-- grid-listing-page -->\n        <\/div>\n\n        \t\t\t\t<\/div>\n\t\t\t\t<\/div>\n\t\t\t\t<div class=\"elementor-element elementor-element-e503f56 elementor-widget elementor-widget-spacer\" data-id=\"e503f56\" data-element_type=\"widget\" data-e-type=\"widget\" data-widget_type=\"spacer.default\">\n\t\t\t\t<div class=\"elementor-widget-container\">\n\t\t\t\t\t\t\t<div class=\"elementor-spacer\">\n\t\t\t<div class=\"elementor-spacer-inner\"><\/div>\n\t\t<\/div>\n\t\t\t\t\t\t<\/div>\n\t\t\t\t<\/div>\n\t\t\t\t<div class=\"elementor-element elementor-element-fd202ec elementor-button-warning elementor-align-center elementor-widget elementor-widget-button\" data-id=\"fd202ec\" data-element_type=\"widget\" data-e-type=\"widget\" data-widget_type=\"button.default\">\n\t\t\t\t<div class=\"elementor-widget-container\">\n\t\t\t\t\t\t\t\t\t<div class=\"elementor-button-wrapper\">\n\t\t\t\t\t<a class=\"elementor-button elementor-button-link elementor-size-md\" href=\"https:\/\/boatrentalmallorca.net\/it\/barche-yacht-maiorca\/\">\n\t\t\t\t\t\t<span class=\"elementor-button-content-wrapper\">\n\t\t\t\t\t\t\t\t\t<span class=\"elementor-button-text\">Visualizza tutte le barche<\/span>\n\t\t\t\t\t<\/span>\n\t\t\t\t\t<\/a>\n\t\t\t\t<\/div>\n\t\t\t\t\t\t\t\t<\/div>\n\t\t\t\t<\/div>\n\t\t\t\t<div class=\"elementor-element elementor-element-9163bd9 elementor-widget elementor-widget-spacer\" data-id=\"9163bd9\" data-element_type=\"widget\" data-e-type=\"widget\" data-widget_type=\"spacer.default\">\n\t\t\t\t<div class=\"elementor-widget-container\">\n\t\t\t\t\t\t\t<div class=\"elementor-spacer\">\n\t\t\t<div class=\"elementor-spacer-inner\"><\/div>\n\t\t<\/div>\n\t\t\t\t\t\t<\/div>\n\t\t\t\t<\/div>\n\t\t\t\t\t<\/div>\n\t\t<\/div>\n\t\t\t\t\t<\/div>\n\t\t<\/section>\n\t\t\t\t<section class=\"elementor-section elementor-top-section elementor-element elementor-element-487151d elementor-section-boxed elementor-section-height-default elementor-section-height-default\" data-id=\"487151d\" data-element_type=\"section\" data-e-type=\"section\" data-settings=\"{&quot;background_background&quot;:&quot;classic&quot;}\">\n\t\t\t\t\t\t\t<div class=\"elementor-background-overlay\"><\/div>\n\t\t\t\t\t\t\t<div class=\"elementor-container elementor-column-gap-default\">\n\t\t\t\t\t<div class=\"elementor-column elementor-col-100 elementor-top-column elementor-element elementor-element-1f9c491\" data-id=\"1f9c491\" data-element_type=\"column\" data-e-type=\"column\">\n\t\t\t<div class=\"elementor-widget-wrap elementor-element-populated\">\n\t\t\t\t\t\t<div class=\"elementor-element elementor-element-0d8d5a6 elementor-widget elementor-widget-spacer\" data-id=\"0d8d5a6\" data-element_type=\"widget\" data-e-type=\"widget\" data-widget_type=\"spacer.default\">\n\t\t\t\t<div class=\"elementor-widget-container\">\n\t\t\t\t\t\t\t<div class=\"elementor-spacer\">\n\t\t\t<div class=\"elementor-spacer-inner\"><\/div>\n\t\t<\/div>\n\t\t\t\t\t\t<\/div>\n\t\t\t\t<\/div>\n\t\t\t\t<div class=\"elementor-element elementor-element-452c132 elementor-widget elementor-widget-homey_elementor_section_title\" data-id=\"452c132\" data-element_type=\"widget\" data-e-type=\"widget\" data-widget_type=\"homey_elementor_section_title.default\">\n\t\t\t\t<div class=\"elementor-widget-container\">\n\t\t\t\t\t            <div class=\"homey_section_title_wrap_elementor homey-module module-title section-title-module\">\n                                    <h2 class=\"homey_section_title\">Come noleggiare facilmente una barca a Maiorca con noi<\/h2>\n                \n                            <\/div>\n            \t\t\t\t<\/div>\n\t\t\t\t<\/div>\n\t\t\t\t<div class=\"elementor-element elementor-element-cce04ee elementor-widget-divider--view-line elementor-widget elementor-widget-divider\" data-id=\"cce04ee\" data-element_type=\"widget\" data-e-type=\"widget\" data-widget_type=\"divider.default\">\n\t\t\t\t<div class=\"elementor-widget-container\">\n\t\t\t\t\t\t\t<div class=\"elementor-divider\">\n\t\t\t<span class=\"elementor-divider-separator\">\n\t\t\t\t\t\t<\/span>\n\t\t<\/div>\n\t\t\t\t\t\t<\/div>\n\t\t\t\t<\/div>\n\t\t\t\t<section class=\"elementor-section elementor-inner-section elementor-element elementor-element-e800157 elementor-section-boxed elementor-section-height-default elementor-section-height-default\" data-id=\"e800157\" data-element_type=\"section\" data-e-type=\"section\">\n\t\t\t\t\t\t<div class=\"elementor-container elementor-column-gap-default\">\n\t\t\t\t\t<div class=\"elementor-column elementor-col-20 elementor-inner-column elementor-element elementor-element-d632764\" data-id=\"d632764\" data-element_type=\"column\" data-e-type=\"column\">\n\t\t\t<div class=\"elementor-widget-wrap elementor-element-populated\">\n\t\t\t\t\t\t<div class=\"elementor-element elementor-element-4eda56e elementor-position-top elementor-widget elementor-widget-image-box\" data-id=\"4eda56e\" data-element_type=\"widget\" data-e-type=\"widget\" data-widget_type=\"image-box.default\">\n\t\t\t\t<div class=\"elementor-widget-container\">\n\t\t\t\t\t<div class=\"elementor-image-box-wrapper\"><figure class=\"elementor-image-box-img\"><img loading=\"lazy\" decoding=\"async\" width=\"65\" height=\"60\" src=\"https:\/\/boatrentalmallorca.net\/wp-content\/uploads\/2025\/01\/Request-online.png\" class=\"attachment-full size-full wp-image-2481\" alt=\"Richiedi online\" \/><\/figure><div class=\"elementor-image-box-content\"><h3 class=\"elementor-image-box-title\">Richiedi online o per telefono<\/h3><p class=\"elementor-image-box-description\">Invia una richiesta di noleggio barca sul nostro sito web o contattaci telefonicamente. Ti risponderemo rapidamente e ti offriremo le migliori opzioni.<\/p><\/div><\/div>\t\t\t\t<\/div>\n\t\t\t\t<\/div>\n\t\t\t\t\t<\/div>\n\t\t<\/div>\n\t\t\t\t<div class=\"elementor-column elementor-col-20 elementor-inner-column elementor-element elementor-element-7c1dbc6\" data-id=\"7c1dbc6\" data-element_type=\"column\" data-e-type=\"column\">\n\t\t\t<div class=\"elementor-widget-wrap elementor-element-populated\">\n\t\t\t\t\t\t<div class=\"elementor-element elementor-element-40baf34 elementor-position-top elementor-widget elementor-widget-image-box\" data-id=\"40baf34\" data-element_type=\"widget\" data-e-type=\"widget\" data-widget_type=\"image-box.default\">\n\t\t\t\t<div class=\"elementor-widget-container\">\n\t\t\t\t\t<div class=\"elementor-image-box-wrapper\"><figure class=\"elementor-image-box-img\"><img loading=\"lazy\" decoding=\"async\" width=\"60\" height=\"60\" src=\"https:\/\/boatrentalmallorca.net\/wp-content\/uploads\/2025\/01\/manager.png\" class=\"attachment-full size-full wp-image-2485\" alt=\"\" \/><\/figure><div class=\"elementor-image-box-content\"><h3 class=\"elementor-image-box-title\">Consulenza con il nostro responsabile<\/h3><p class=\"elementor-image-box-description\">Il nostro responsabile ti contatter\u00e0 per chiarire tutti i dettagli, rispondere alle tue domande e aiutarti a scegliere l&#039;opzione perfetta per il tuo viaggio.<\/p><\/div><\/div>\t\t\t\t<\/div>\n\t\t\t\t<\/div>\n\t\t\t\t\t<\/div>\n\t\t<\/div>\n\t\t\t\t<div class=\"elementor-column elementor-col-20 elementor-inner-column elementor-element elementor-element-9ee4814\" data-id=\"9ee4814\" data-element_type=\"column\" data-e-type=\"column\">\n\t\t\t<div class=\"elementor-widget-wrap elementor-element-populated\">\n\t\t\t\t\t\t<div class=\"elementor-element elementor-element-019f53f elementor-position-top elementor-widget elementor-widget-image-box\" data-id=\"019f53f\" data-element_type=\"widget\" data-e-type=\"widget\" data-widget_type=\"image-box.default\">\n\t\t\t\t<div class=\"elementor-widget-container\">\n\t\t\t\t\t<div class=\"elementor-image-box-wrapper\"><figure class=\"elementor-image-box-img\"><img loading=\"lazy\" decoding=\"async\" width=\"60\" height=\"60\" src=\"https:\/\/boatrentalmallorca.net\/wp-content\/uploads\/2018\/11\/boat-icon.png\" class=\"attachment-full size-full wp-image-1951\" alt=\"\" \/><\/figure><div class=\"elementor-image-box-content\"><h3 class=\"elementor-image-box-title\">Selezione di imbarcazioni e servizi<\/h3><p class=\"elementor-image-box-description\">Vi proporremo le imbarcazioni migliori in base alle vostre preferenze e vi aiuteremo a scegliere servizi aggiuntivi come catering o intrattenimento.<\/p><\/div><\/div>\t\t\t\t<\/div>\n\t\t\t\t<\/div>\n\t\t\t\t\t<\/div>\n\t\t<\/div>\n\t\t\t\t<div class=\"elementor-column elementor-col-20 elementor-inner-column elementor-element elementor-element-8c5481f\" data-id=\"8c5481f\" data-element_type=\"column\" data-e-type=\"column\">\n\t\t\t<div class=\"elementor-widget-wrap elementor-element-populated\">\n\t\t\t\t\t\t<div class=\"elementor-element elementor-element-7c9bab8 elementor-position-top elementor-widget elementor-widget-image-box\" data-id=\"7c9bab8\" data-element_type=\"widget\" data-e-type=\"widget\" data-widget_type=\"image-box.default\">\n\t\t\t\t<div class=\"elementor-widget-container\">\n\t\t\t\t\t<div class=\"elementor-image-box-wrapper\"><figure class=\"elementor-image-box-img\"><img loading=\"lazy\" decoding=\"async\" width=\"56\" height=\"60\" src=\"https:\/\/boatrentalmallorca.net\/wp-content\/uploads\/2025\/01\/deposit-icon.png\" class=\"attachment-full size-full wp-image-2602\" alt=\"icona di deposito\" \/><\/figure><div class=\"elementor-image-box-content\"><h3 class=\"elementor-image-box-title\">Versare un deposito per il noleggio della barca<\/h3><p class=\"elementor-image-box-description\">Dopo aver selezionato un&#039;imbarcazione, \u00e8 necessario versare un acconto pari a 20-50% del prezzo del noleggio, a seconda dell&#039;imbarcazione scelta. Vi invieremo tutti i dettagli necessari per la prenotazione.<\/p><\/div><\/div>\t\t\t\t<\/div>\n\t\t\t\t<\/div>\n\t\t\t\t\t<\/div>\n\t\t<\/div>\n\t\t\t\t<div class=\"elementor-column elementor-col-20 elementor-inner-column elementor-element elementor-element-e1472ec\" data-id=\"e1472ec\" data-element_type=\"column\" data-e-type=\"column\">\n\t\t\t<div class=\"elementor-widget-wrap elementor-element-populated\">\n\t\t\t\t\t\t<div class=\"elementor-element elementor-element-02b36f0 elementor-position-top elementor-widget elementor-widget-image-box\" data-id=\"02b36f0\" data-element_type=\"widget\" data-e-type=\"widget\" data-widget_type=\"image-box.default\">\n\t\t\t\t<div class=\"elementor-widget-container\">\n\t\t\t\t\t<div class=\"elementor-image-box-wrapper\"><figure class=\"elementor-image-box-img\"><img loading=\"lazy\" decoding=\"async\" width=\"70\" height=\"60\" src=\"https:\/\/boatrentalmallorca.net\/wp-content\/uploads\/2025\/01\/icon-relax.png\" class=\"attachment-full size-full wp-image-2606\" alt=\"icona relax\" \/><\/figure><div class=\"elementor-image-box-content\"><h3 class=\"elementor-image-box-title\">Goditi il tuo tempo sulla barca<\/h3><p class=\"elementor-image-box-description\">Il giorno del noleggio, ti baster\u00e0 arrivare al porto e goderti un momento indimenticabile in acqua. Al resto pensiamo noi!<\/p><\/div><\/div>\t\t\t\t<\/div>\n\t\t\t\t<\/div>\n\t\t\t\t\t<\/div>\n\t\t<\/div>\n\t\t\t\t\t<\/div>\n\t\t<\/section>\n\t\t\t\t<div class=\"elementor-element elementor-element-c555c9c elementor-widget elementor-widget-spacer\" data-id=\"c555c9c\" data-element_type=\"widget\" data-e-type=\"widget\" data-widget_type=\"spacer.default\">\n\t\t\t\t<div class=\"elementor-widget-container\">\n\t\t\t\t\t\t\t<div class=\"elementor-spacer\">\n\t\t\t<div class=\"elementor-spacer-inner\"><\/div>\n\t\t<\/div>\n\t\t\t\t\t\t<\/div>\n\t\t\t\t<\/div>\n\t\t\t\t<div class=\"elementor-element elementor-element-31a7b7f elementor-button-warning elementor-align-center elementor-widget elementor-widget-button\" data-id=\"31a7b7f\" data-element_type=\"widget\" data-e-type=\"widget\" data-widget_type=\"button.default\">\n\t\t\t\t<div class=\"elementor-widget-container\">\n\t\t\t\t\t\t\t\t\t<div class=\"elementor-button-wrapper\">\n\t\t\t\t\t<a class=\"elementor-button elementor-button-link elementor-size-md\" href=\"https:\/\/boatrentalmallorca.net\/it\/contatti\/\">\n\t\t\t\t\t\t<span class=\"elementor-button-content-wrapper\">\n\t\t\t\t\t\t\t\t\t<span class=\"elementor-button-text\">Contattaci ora<\/span>\n\t\t\t\t\t<\/span>\n\t\t\t\t\t<\/a>\n\t\t\t\t<\/div>\n\t\t\t\t\t\t\t\t<\/div>\n\t\t\t\t<\/div>\n\t\t\t\t<div class=\"elementor-element elementor-element-4970cea elementor-widget elementor-widget-spacer\" data-id=\"4970cea\" data-element_type=\"widget\" data-e-type=\"widget\" data-widget_type=\"spacer.default\">\n\t\t\t\t<div class=\"elementor-widget-container\">\n\t\t\t\t\t\t\t<div class=\"elementor-spacer\">\n\t\t\t<div class=\"elementor-spacer-inner\"><\/div>\n\t\t<\/div>\n\t\t\t\t\t\t<\/div>\n\t\t\t\t<\/div>\n\t\t\t\t\t<\/div>\n\t\t<\/div>\n\t\t\t\t\t<\/div>\n\t\t<\/section>\n\t\t\t\t<section class=\"elementor-section elementor-top-section elementor-element elementor-element-63cedbff elementor-section-stretched elementor-section-boxed elementor-section-height-default elementor-section-height-default\" data-id=\"63cedbff\" data-element_type=\"section\" data-e-type=\"section\" data-settings=\"{&quot;stretch_section&quot;:&quot;section-stretched&quot;,&quot;background_background&quot;:&quot;classic&quot;}\">\n\t\t\t\t\t\t<div class=\"elementor-container elementor-column-gap-default\">\n\t\t\t\t\t<div class=\"elementor-column elementor-col-100 elementor-top-column elementor-element elementor-element-379c373b\" data-id=\"379c373b\" data-element_type=\"column\" data-e-type=\"column\">\n\t\t\t<div class=\"elementor-widget-wrap elementor-element-populated\">\n\t\t\t\t\t\t<div class=\"elementor-element elementor-element-7b0ff54a elementor-widget elementor-widget-spacer\" data-id=\"7b0ff54a\" data-element_type=\"widget\" data-e-type=\"widget\" data-widget_type=\"spacer.default\">\n\t\t\t\t<div class=\"elementor-widget-container\">\n\t\t\t\t\t\t\t<div class=\"elementor-spacer\">\n\t\t\t<div class=\"elementor-spacer-inner\"><\/div>\n\t\t<\/div>\n\t\t\t\t\t\t<\/div>\n\t\t\t\t<\/div>\n\t\t\t\t<div class=\"elementor-element elementor-element-1c098946 elementor-widget elementor-widget-homey_elementor_section_title\" data-id=\"1c098946\" data-element_type=\"widget\" data-e-type=\"widget\" data-widget_type=\"homey_elementor_section_title.default\">\n\t\t\t\t<div class=\"elementor-widget-container\">\n\t\t\t\t\t            <div class=\"homey_section_title_wrap_elementor homey-module module-title section-title-module\">\n                                    <h2 class=\"homey_section_title\">Tutti i tipi di barche a noleggio a Maiorca<\/h2>\n                \n                                    <p class=\"homey_section_subtitle sub-heading\">Scegli tra un&#039;ampia gamma di imbarcazioni a noleggio a Maiorca, tra cui motoscafi, barche a vela, catamarani e yacht di lusso. Perfette per qualsiasi avventura in acqua!<\/p>\n                            <\/div>\n            \t\t\t\t<\/div>\n\t\t\t\t<\/div>\n\t\t\t\t<div class=\"elementor-element elementor-element-b702d86 elementor-widget-divider--view-line elementor-widget elementor-widget-divider\" data-id=\"b702d86\" data-element_type=\"widget\" data-e-type=\"widget\" data-widget_type=\"divider.default\">\n\t\t\t\t<div class=\"elementor-widget-container\">\n\t\t\t\t\t\t\t<div class=\"elementor-divider\">\n\t\t\t<span class=\"elementor-divider-separator\">\n\t\t\t\t\t\t<\/span>\n\t\t<\/div>\n\t\t\t\t\t\t<\/div>\n\t\t\t\t<\/div>\n\t\t\t\t<div class=\"elementor-element elementor-element-5a23e4ec elementor-widget elementor-widget-homey_elementor_grids\" data-id=\"5a23e4ec\" data-element_type=\"widget\" data-e-type=\"widget\" data-widget_type=\"homey_elementor_grids.default\">\n\t\t\t\t<div class=\"elementor-widget-container\">\n\t\t\t\t\t\r\n\t\t<div class=\"module-wrap taxonomy-grid taxonomy-grid-3\">\r\n\t\t\t<div class=\"row\">\r\n\t\t\t\t\r\n\t\t\t\t\t<div class=\"col-sm-4 col-xs-6\">\r\n\t\t\t\t\t\t<div class=\"taxonomy-item taxonomy-card\">\r\n\t\t\t\t\t\t\t<a class=\"taxonomy-link hover-effect\" href=\"https:\/\/boatrentalmallorca.net\/it\/spain\/yacht-rental-mallorca\/\">\r\n\t\t\t\t\t\t\t\t<div class=\"taxonomy-title\">Noleggio yacht<\/div>\r\n\t\t\t\t\t\t\t\t<img loading=\"lazy\" decoding=\"async\" class=\"img-responsive\" src=\"https:\/\/boatrentalmallorca.net\/wp-content\/uploads\/2025\/01\/Yacht-rental-Mallorca.jpg\" width=\"354\" height=\"354\" alt=\"listing_type\">\r\n\t\t\t\t\t\t\t<\/a>\r\n\t\t\t\t\t\t<\/div>\r\n\t\t\t\t\t<\/div>\r\n\r\n\t\t\t\t\t\r\n\t\t\t\t\t<div class=\"col-sm-4 col-xs-6\">\r\n\t\t\t\t\t\t<div class=\"taxonomy-item taxonomy-card\">\r\n\t\t\t\t\t\t\t<a class=\"taxonomy-link hover-effect\" href=\"https:\/\/boatrentalmallorca.net\/it\/spain\/motorboat-rental-mallorca\/\">\r\n\t\t\t\t\t\t\t\t<div class=\"taxonomy-title\">Noleggio barche a motore<\/div>\r\n\t\t\t\t\t\t\t\t<img loading=\"lazy\" decoding=\"async\" class=\"img-responsive\" src=\"https:\/\/boatrentalmallorca.net\/wp-content\/uploads\/2025\/01\/Motorboat-rental-Mallorca-360x360.jpg\" width=\"360\" height=\"360\" alt=\"listing_type\">\r\n\t\t\t\t\t\t\t<\/a>\r\n\t\t\t\t\t\t<\/div>\r\n\t\t\t\t\t<\/div>\r\n\r\n\t\t\t\t\t\r\n\t\t\t\t\t<div class=\"col-sm-4 col-xs-6\">\r\n\t\t\t\t\t\t<div class=\"taxonomy-item taxonomy-card\">\r\n\t\t\t\t\t\t\t<a class=\"taxonomy-link hover-effect\" href=\"https:\/\/boatrentalmallorca.net\/it\/spain\/sailboat-rental-mallorca\/\">\r\n\t\t\t\t\t\t\t\t<div class=\"taxonomy-title\">Noleggio barche a vela<\/div>\r\n\t\t\t\t\t\t\t\t<img loading=\"lazy\" decoding=\"async\" class=\"img-responsive\" src=\"https:\/\/boatrentalmallorca.net\/wp-content\/uploads\/2025\/01\/Sailboat-rental-Mallorca.jpg\" width=\"354\" height=\"354\" alt=\"listing_type\">\r\n\t\t\t\t\t\t\t<\/a>\r\n\t\t\t\t\t\t<\/div>\r\n\t\t\t\t\t<\/div>\r\n\r\n\t\t\t\t\t\r\n\t\t\t\t\t<div class=\"col-sm-4 col-xs-6\">\r\n\t\t\t\t\t\t<div class=\"taxonomy-item taxonomy-card\">\r\n\t\t\t\t\t\t\t<a class=\"taxonomy-link hover-effect\" href=\"https:\/\/boatrentalmallorca.net\/it\/spain\/catamaran-rental-mallorca\/\">\r\n\t\t\t\t\t\t\t\t<div class=\"taxonomy-title\">Noleggio catamarani<\/div>\r\n\t\t\t\t\t\t\t\t<img loading=\"lazy\" decoding=\"async\" class=\"img-responsive\" src=\"https:\/\/boatrentalmallorca.net\/wp-content\/uploads\/2025\/01\/Catamaran-rental-Mallorca.jpg\" width=\"354\" height=\"354\" alt=\"listing_type\">\r\n\t\t\t\t\t\t\t<\/a>\r\n\t\t\t\t\t\t<\/div>\r\n\t\t\t\t\t<\/div>\r\n\r\n\t\t\t\t\t\r\n\t\t\t\t\t<div class=\"col-sm-4 col-xs-6\">\r\n\t\t\t\t\t\t<div class=\"taxonomy-item taxonomy-card\">\r\n\t\t\t\t\t\t\t<a class=\"taxonomy-link hover-effect\" href=\"https:\/\/boatrentalmallorca.net\/it\/spain\/luxury-yacht-charter-mallorca\/\">\r\n\t\t\t\t\t\t\t\t<div class=\"taxonomy-title\">Noleggio yacht di lusso<\/div>\r\n\t\t\t\t\t\t\t\t<img loading=\"lazy\" decoding=\"async\" class=\"img-responsive\" src=\"https:\/\/boatrentalmallorca.net\/wp-content\/uploads\/2025\/01\/Luxury-yacht-rental-Mallorca.jpg\" width=\"354\" height=\"354\" alt=\"listing_type\">\r\n\t\t\t\t\t\t\t<\/a>\r\n\t\t\t\t\t\t<\/div>\r\n\t\t\t\t\t<\/div>\r\n\r\n\t\t\t\t\t\r\n\t\t\t\t\t<div class=\"col-sm-4 col-xs-6\">\r\n\t\t\t\t\t\t<div class=\"taxonomy-item taxonomy-card\">\r\n\t\t\t\t\t\t\t<a class=\"taxonomy-link hover-effect\" href=\"https:\/\/boatrentalmallorca.net\/it\/spain\/rib-zodiac-rental-mallorca\/\">\r\n\t\t\t\t\t\t\t\t<div class=\"taxonomy-title\">Noleggio gommoni<\/div>\r\n\t\t\t\t\t\t\t\t<img loading=\"lazy\" decoding=\"async\" class=\"img-responsive\" src=\"https:\/\/boatrentalmallorca.net\/wp-content\/uploads\/2025\/01\/Zodiac-rental-Mallorca-360x360.jpg\" width=\"360\" height=\"360\" alt=\"listing_type\">\r\n\t\t\t\t\t\t\t<\/a>\r\n\t\t\t\t\t\t<\/div>\r\n\t\t\t\t\t<\/div>\r\n\r\n\t\t\t\t\t\r\n\t\t\t\t\t<div class=\"col-sm-4 col-xs-6\">\r\n\t\t\t\t\t\t<div class=\"taxonomy-item taxonomy-card\">\r\n\t\t\t\t\t\t\t<a class=\"taxonomy-link hover-effect\" href=\"https:\/\/boatrentalmallorca.net\/it\/spain\/llaut-rental-mallorca\/\">\r\n\t\t\t\t\t\t\t\t<div class=\"taxonomy-title\">Noleggio Llaut<\/div>\r\n\t\t\t\t\t\t\t\t<img loading=\"lazy\" decoding=\"async\" class=\"img-responsive\" src=\"https:\/\/boatrentalmallorca.net\/wp-content\/uploads\/2025\/01\/Llaut-rental-Mallorca.jpg\" width=\"354\" height=\"354\" alt=\"listing_type\">\r\n\t\t\t\t\t\t\t<\/a>\r\n\t\t\t\t\t\t<\/div>\r\n\t\t\t\t\t<\/div>\r\n\r\n\t\t\t\t\t\r\n\t\t\t\t\t<div class=\"col-sm-4 col-xs-6\">\r\n\t\t\t\t\t\t<div class=\"taxonomy-item taxonomy-card\">\r\n\t\t\t\t\t\t\t<a class=\"taxonomy-link hover-effect\" href=\"https:\/\/boatrentalmallorca.net\/it\/spain\/boat-rental-without-license-mallorca\/\">\r\n\t\t\t\t\t\t\t\t<div class=\"taxonomy-title\">Noleggio barche senza patente<\/div>\r\n\t\t\t\t\t\t\t\t<img loading=\"lazy\" decoding=\"async\" class=\"img-responsive\" src=\"https:\/\/boatrentalmallorca.net\/wp-content\/uploads\/2025\/01\/Boat-rental-without-license-Mallorca.jpg\" width=\"354\" height=\"354\" alt=\"listing_type\">\r\n\t\t\t\t\t\t\t<\/a>\r\n\t\t\t\t\t\t<\/div>\r\n\t\t\t\t\t<\/div>\r\n\r\n\t\t\t\t\t\r\n\t\t\t\t\t<div class=\"col-sm-4 col-xs-6\">\r\n\t\t\t\t\t\t<div class=\"taxonomy-item taxonomy-card\">\r\n\t\t\t\t\t\t\t<a class=\"taxonomy-link hover-effect\" href=\"https:\/\/boatrentalmallorca.net\/it\/spain\/boat-rental-with-license-mallorca\/\">\r\n\t\t\t\t\t\t\t\t<div class=\"taxonomy-title\">Noleggio barche con patente<\/div>\r\n\t\t\t\t\t\t\t\t<img loading=\"lazy\" decoding=\"async\" class=\"img-responsive\" src=\"https:\/\/boatrentalmallorca.net\/wp-content\/uploads\/2025\/01\/Boat-rental-with-license-Mallorca.jpg\" width=\"354\" height=\"354\" alt=\"listing_type\">\r\n\t\t\t\t\t\t\t<\/a>\r\n\t\t\t\t\t\t<\/div>\r\n\t\t\t\t\t<\/div>\r\n\r\n\t\t\t\t\t\t\t\t\t\r\n\t\t\t<\/div>\r\n\t\t<\/div>\r\n\t\t\r\n\t\t\t\t\t\t<\/div>\n\t\t\t\t<\/div>\n\t\t\t\t\t<\/div>\n\t\t<\/div>\n\t\t\t\t\t<\/div>\n\t\t<\/section>\n\t\t\t\t<section class=\"elementor-section elementor-top-section elementor-element elementor-element-db618c1 elementor-section-stretched elementor-section-boxed elementor-section-height-default elementor-section-height-default\" data-id=\"db618c1\" data-element_type=\"section\" data-e-type=\"section\" data-settings=\"{&quot;stretch_section&quot;:&quot;section-stretched&quot;,&quot;background_background&quot;:&quot;classic&quot;}\">\n\t\t\t\t\t\t<div class=\"elementor-container elementor-column-gap-default\">\n\t\t\t\t\t<div class=\"elementor-column elementor-col-100 elementor-top-column elementor-element elementor-element-429b934\" data-id=\"429b934\" data-element_type=\"column\" data-e-type=\"column\">\n\t\t\t<div class=\"elementor-widget-wrap elementor-element-populated\">\n\t\t\t\t\t\t<div class=\"elementor-element elementor-element-48619dc elementor-widget elementor-widget-spacer\" data-id=\"48619dc\" data-element_type=\"widget\" data-e-type=\"widget\" data-widget_type=\"spacer.default\">\n\t\t\t\t<div class=\"elementor-widget-container\">\n\t\t\t\t\t\t\t<div class=\"elementor-spacer\">\n\t\t\t<div class=\"elementor-spacer-inner\"><\/div>\n\t\t<\/div>\n\t\t\t\t\t\t<\/div>\n\t\t\t\t<\/div>\n\t\t\t\t<div class=\"elementor-element elementor-element-39b06892 elementor-widget elementor-widget-homey_elementor_section_title\" data-id=\"39b06892\" data-element_type=\"widget\" data-e-type=\"widget\" data-widget_type=\"homey_elementor_section_title.default\">\n\t\t\t\t<div class=\"elementor-widget-container\">\n\t\t\t\t\t            <div class=\"homey_section_title_wrap_elementor homey-module module-title section-title-module\">\n                                    <h2 class=\"homey_section_title\">Perch\u00e9 dovresti noleggiare uno yacht a Maiorca da noi<\/h2>\n                \n                            <\/div>\n            \t\t\t\t<\/div>\n\t\t\t\t<\/div>\n\t\t\t\t<div class=\"elementor-element elementor-element-ab39ca6 elementor-widget-divider--view-line elementor-widget elementor-widget-divider\" data-id=\"ab39ca6\" data-element_type=\"widget\" data-e-type=\"widget\" data-widget_type=\"divider.default\">\n\t\t\t\t<div class=\"elementor-widget-container\">\n\t\t\t\t\t\t\t<div class=\"elementor-divider\">\n\t\t\t<span class=\"elementor-divider-separator\">\n\t\t\t\t\t\t<\/span>\n\t\t<\/div>\n\t\t\t\t\t\t<\/div>\n\t\t\t\t<\/div>\n\t\t\t\t<div class=\"elementor-element elementor-element-96382cf elementor-widget elementor-widget-spacer\" data-id=\"96382cf\" data-element_type=\"widget\" data-e-type=\"widget\" data-widget_type=\"spacer.default\">\n\t\t\t\t<div class=\"elementor-widget-container\">\n\t\t\t\t\t\t\t<div class=\"elementor-spacer\">\n\t\t\t<div class=\"elementor-spacer-inner\"><\/div>\n\t\t<\/div>\n\t\t\t\t\t\t<\/div>\n\t\t\t\t<\/div>\n\t\t\t\t<div class=\"elementor-element elementor-element-e669f15 elementor-widget elementor-widget-homey_elementor_icon_box\" data-id=\"e669f15\" data-element_type=\"widget\" data-e-type=\"widget\" data-widget_type=\"homey_elementor_icon_box.default\">\n\t\t\t\t<div class=\"elementor-widget-container\">\n\t\t\t\t\t        <div class=\"homey-module service-blocks-main services-module three_columns style3\">\n            <div class=\"row\">\n            \n                <div class=\"module-item\">\n                    <div class=\"service-block\">\n                        <div class=\"block-icon\">\n                            \n\n                            <img loading=\"lazy\" decoding=\"async\" width=\"120\" height=\"101\" src=\"https:\/\/boatrentalmallorca.net\/wp-content\/uploads\/2025\/01\/Easy-choose.png\" class=\"attachment-thumbnail size-thumbnail\" alt=\"Scelta facile\" \/>                        <\/div>\n                        <div class=\"block-content\">\n                        <h3> Facile scegliere e noleggiare uno yacht a Maiorca<\/h3>\n                            <p>Scegliere la barca giusta per le tue esigenze specifiche e il tuo budget pu\u00f2 essere difficile quando hai solo foto a cui fare riferimento. Contatta i nostri esperti che conoscono la nostra flotta in prima persona e possono aiutarti a trovare rapidamente la barca perfetta.<\/p>\n                                                \n                        <\/div>\n                    <\/div>\n                <\/div>\n\n            \n                <div class=\"module-item\">\n                    <div class=\"service-block\">\n                        <div class=\"block-icon\">\n                            \n\n                            <img loading=\"lazy\" decoding=\"async\" width=\"120\" height=\"120\" src=\"https:\/\/boatrentalmallorca.net\/wp-content\/uploads\/2025\/01\/Mallorca-locations.png\" class=\"attachment-thumbnail size-thumbnail\" alt=\"Localit\u00e0 di Maiorca\" \/>                        <\/div>\n                        <div class=\"block-content\">\n                        <h3> Barche disponibili in tutta Maiorca<\/h3>\n                            <p>Offriamo oltre 250 imbarcazioni a noleggio in tutte le principali localit\u00e0 di Maiorca: Palma di Maiorca, Alcudia, Cala d&#039;Or, Palma Nova, Pollensa, Soller. Disponiamo della pi\u00f9 ampia selezione di imbarcazioni con o senza capitano, quindi siamo certi di trovare sempre l&#039;imbarcazione giusta e conveniente per te nella localit\u00e0 desiderata di Maiorca.<\/p>\n                                                \n                        <\/div>\n                    <\/div>\n                <\/div>\n\n            \n                <div class=\"module-item\">\n                    <div class=\"service-block\">\n                        <div class=\"block-icon\">\n                            \n\n                            <img loading=\"lazy\" decoding=\"async\" width=\"120\" height=\"135\" src=\"https:\/\/boatrentalmallorca.net\/wp-content\/uploads\/2025\/01\/boat-service.png\" class=\"attachment-thumbnail size-thumbnail\" alt=\"servizio di barca\" \/>                        <\/div>\n                        <div class=\"block-content\">\n                        <h3> Sceglierci significa scegliere il miglior servizio<\/h3>\n                            <p>L&#039;obiettivo del nostro team \u00e8 offrirti il miglior servizio possibile, dalla consulenza iniziale alla prenotazione, fino al relax a bordo della barca a noleggio. Faremo tutto il possibile per garantire la tua soddisfazione durante l&#039;intero processo di collaborazione con noi e per consigliarci ai tuoi amici.<\/p>\n                                                \n                        <\/div>\n                    <\/div>\n                <\/div>\n\n            \n                <div class=\"module-item\">\n                    <div class=\"service-block\">\n                        <div class=\"block-icon\">\n                            \n\n                            <img loading=\"lazy\" decoding=\"async\" width=\"120\" height=\"112\" src=\"https:\/\/boatrentalmallorca.net\/wp-content\/uploads\/2025\/01\/Route-Boat.png\" class=\"attachment-thumbnail size-thumbnail\" alt=\"Barca di rotta\" \/>                        <\/div>\n                        <div class=\"block-content\">\n                        <h3> Pianifica il tuo itinerario con i nostri esperti locali di yachting<\/h3>\n                            <p>Siamo sempre qui per aiutarti a creare un itinerario personalizzato, inclusi consigli sui migliori luoghi da visitare a Maiorca in barca. \u00c8 facile per noi, perch\u00e9 tutto il nostro team vive e lavora a Maiorca e conosce bene l&#039;isola.<\/p>\n                                                \n                        <\/div>\n                    <\/div>\n                <\/div>\n\n            \n                <div class=\"module-item\">\n                    <div class=\"service-block\">\n                        <div class=\"block-icon\">\n                            \n\n                            <img loading=\"lazy\" decoding=\"async\" width=\"120\" height=\"124\" src=\"https:\/\/boatrentalmallorca.net\/wp-content\/uploads\/2025\/01\/Honest-Prices.png\" class=\"attachment-thumbnail size-thumbnail\" alt=\"Prezzi onesti\" \/>                        <\/div>\n                        <div class=\"block-content\">\n                        <h3> Prezzi onesti per il noleggio di barche a Maiorca<\/h3>\n                            <p>Offriamo i prezzi pi\u00f9 bassi per il noleggio di yacht a Maiorca, senza costi nascosti. Riceverai un preventivo completo dai nostri manager con costi dettagliati, con la certezza della sua accuratezza.<\/p>\n                                                \n                        <\/div>\n                    <\/div>\n                <\/div>\n\n            \n                <div class=\"module-item\">\n                    <div class=\"service-block\">\n                        <div class=\"block-icon\">\n                            \n\n                            <img loading=\"lazy\" decoding=\"async\" width=\"120\" height=\"120\" src=\"https:\/\/boatrentalmallorca.net\/wp-content\/uploads\/2025\/01\/Weather.png\" class=\"attachment-thumbnail size-thumbnail\" alt=\"\" \/>                        <\/div>\n                        <div class=\"block-content\">\n                        <h3> Non preoccuparti del maltempo<\/h3>\n                            <p>Comprendiamo la vostra preoccupazione che il maltempo possa rovinare l&#039;evento in barca pianificato. Pertanto, offriamo condizioni flessibili per riprogrammare la prenotazione a un&#039;altra data in caso di condizioni meteorologiche avverse (pioggia, vento forte o tempesta).<\/p>\n                                                \n                        <\/div>\n                    <\/div>\n                <\/div>\n\n            \n                <div class=\"module-item\">\n                    <div class=\"service-block\">\n                        <div class=\"block-icon\">\n                            \n\n                            <img loading=\"lazy\" decoding=\"async\" width=\"120\" height=\"120\" src=\"https:\/\/boatrentalmallorca.net\/wp-content\/uploads\/2025\/01\/Safe-at-Sea.png\" class=\"attachment-thumbnail size-thumbnail\" alt=\"Al sicuro in mare\" \/>                        <\/div>\n                        <div class=\"block-content\">\n                        <h3> I nostri clienti si sentono al sicuro in mare<\/h3>\n                            <p>Tutte le nostre imbarcazioni sono tecnicamente valide e dotate di capitani ed equipaggi certificati, nonch\u00e9 di attrezzature di salvataggio a bordo. Per le imbarcazioni gestite in modo indipendente, forniremo informazioni complete sulla sicurezza e condurremo un briefing completo in loco, per farvi sentire a vostro agio in mare.<\/p>\n                                                \n                        <\/div>\n                    <\/div>\n                <\/div>\n\n            \n                <div class=\"module-item\">\n                    <div class=\"service-block\">\n                        <div class=\"block-icon\">\n                            \n\n                            <img loading=\"lazy\" decoding=\"async\" width=\"120\" height=\"120\" src=\"https:\/\/boatrentalmallorca.net\/wp-content\/uploads\/2025\/01\/Flexible-Boat-Booking.png\" class=\"attachment-thumbnail size-thumbnail\" alt=\"Prenotazione flessibile della barca\" \/>                        <\/div>\n                        <div class=\"block-content\">\n                        <h3> Prenotazione flessibile della barca e possibili modifiche<\/h3>\n                            <p>Sappiamo che nella vita a volte possono verificarsi circostanze impreviste, quindi siamo pronti ad ascoltarti e a fare tutto il possibile per riprogrammare o annullare il tuo viaggio in mare con il minimo danno per te.<\/p>\n                                                \n                        <\/div>\n                    <\/div>\n                <\/div>\n\n            \n                <div class=\"module-item\">\n                    <div class=\"service-block\">\n                        <div class=\"block-icon\">\n                            \n\n                            <img loading=\"lazy\" decoding=\"async\" width=\"120\" height=\"123\" src=\"https:\/\/boatrentalmallorca.net\/wp-content\/uploads\/2025\/01\/Multilingual-Staff.png\" class=\"attachment-thumbnail size-thumbnail\" alt=\"Personale multilingue\" \/>                        <\/div>\n                        <div class=\"block-content\">\n                        <h3> Personale multilingue: dimentica le barriere linguistiche<\/h3>\n                            <p>Il nostro team comunicher\u00e0 con te nella tua lingua madre: inglese, tedesco, spagnolo, francese, italiano, ucraino, russo e molte altre. <\/p>\n                                                \n                        <\/div>\n                    <\/div>\n                <\/div>\n\n                        <\/div>\n        <\/div>\n    \t\t\t\t<\/div>\n\t\t\t\t<\/div>\n\t\t\t\t<div class=\"elementor-element elementor-element-baf5857 elementor-widget elementor-widget-spacer\" data-id=\"baf5857\" data-element_type=\"widget\" data-e-type=\"widget\" data-widget_type=\"spacer.default\">\n\t\t\t\t<div class=\"elementor-widget-container\">\n\t\t\t\t\t\t\t<div class=\"elementor-spacer\">\n\t\t\t<div class=\"elementor-spacer-inner\"><\/div>\n\t\t<\/div>\n\t\t\t\t\t\t<\/div>\n\t\t\t\t<\/div>\n\t\t\t\t\t<\/div>\n\t\t<\/div>\n\t\t\t\t\t<\/div>\n\t\t<\/section>\n\t\t\t\t<section class=\"elementor-section elementor-top-section elementor-element elementor-element-2ed6bef elementor-section-stretched elementor-section-boxed elementor-section-height-default elementor-section-height-default\" data-id=\"2ed6bef\" data-element_type=\"section\" data-e-type=\"section\" data-settings=\"{&quot;stretch_section&quot;:&quot;section-stretched&quot;,&quot;background_background&quot;:&quot;classic&quot;}\">\n\t\t\t\t\t\t<div class=\"elementor-container elementor-column-gap-default\">\n\t\t\t\t\t<div class=\"elementor-column elementor-col-100 elementor-top-column elementor-element elementor-element-c318817\" data-id=\"c318817\" data-element_type=\"column\" data-e-type=\"column\">\n\t\t\t<div class=\"elementor-widget-wrap elementor-element-populated\">\n\t\t\t\t\t\t<div class=\"elementor-element elementor-element-e3ac381 elementor-widget elementor-widget-spacer\" data-id=\"e3ac381\" data-element_type=\"widget\" data-e-type=\"widget\" data-widget_type=\"spacer.default\">\n\t\t\t\t<div class=\"elementor-widget-container\">\n\t\t\t\t\t\t\t<div class=\"elementor-spacer\">\n\t\t\t<div class=\"elementor-spacer-inner\"><\/div>\n\t\t<\/div>\n\t\t\t\t\t\t<\/div>\n\t\t\t\t<\/div>\n\t\t\t\t<div class=\"elementor-element elementor-element-cfff87d elementor-widget elementor-widget-homey_elementor_section_title\" data-id=\"cfff87d\" data-element_type=\"widget\" data-e-type=\"widget\" data-widget_type=\"homey_elementor_section_title.default\">\n\t\t\t\t<div class=\"elementor-widget-container\">\n\t\t\t\t\t            <div class=\"homey_section_title_wrap_elementor homey-module module-title section-title-module\">\n                                    <h2 class=\"homey_section_title\">Luoghi di noleggio barche a Maiorca<\/h2>\n                \n                                    <p class=\"homey_section_subtitle sub-heading\">Scopri le migliori localit\u00e0 di noleggio barche a Maiorca e salpa da splendide localit\u00e0 costiere come Palma, Alcudia e Pollensa. Che tu stia cercando una crociera rilassante o un&#039;avventura in acqua, abbiamo il punto di partenza perfetto per te!<\/p>\n                            <\/div>\n            \t\t\t\t<\/div>\n\t\t\t\t<\/div>\n\t\t\t\t<div class=\"elementor-element elementor-element-7d1f70a elementor-widget-divider--view-line elementor-widget elementor-widget-divider\" data-id=\"7d1f70a\" data-element_type=\"widget\" data-e-type=\"widget\" data-widget_type=\"divider.default\">\n\t\t\t\t<div class=\"elementor-widget-container\">\n\t\t\t\t\t\t\t<div class=\"elementor-divider\">\n\t\t\t<span class=\"elementor-divider-separator\">\n\t\t\t\t\t\t<\/span>\n\t\t<\/div>\n\t\t\t\t\t\t<\/div>\n\t\t\t\t<\/div>\n\t\t\t\t<div class=\"elementor-element elementor-element-05f3b36 elementor-widget elementor-widget-homey_elementor_grids\" data-id=\"05f3b36\" data-element_type=\"widget\" data-e-type=\"widget\" data-widget_type=\"homey_elementor_grids.default\">\n\t\t\t\t<div class=\"elementor-widget-container\">\n\t\t\t\t\t\r\n\t\t<div class=\"module-wrap taxonomy-grid taxonomy-grid-1\">\r\n\t\t\t<div class=\"row\">\r\n\t\t\t\t\r\n\t\t\t\t\t<div class=\"col-lg-6 col-md-6 col-sm-6 col-xs-12\">\r\n\t\t\t\t\t\t<div class=\"taxonomy-item taxonomy-card\">\r\n\t\t\t\t\t\t\t<a class=\"taxonomy-link hover-effect\" href=\"https:\/\/boatrentalmallorca.net\/it\/city\/boat-rental-alcudia\/\">\r\n\t\t\t\t\t\t\t\t<div class=\"taxonomy-title\">Noleggio barche Alcudia<\/div>\r\n\t\t\t\t\t\t\t\t<img loading=\"lazy\" decoding=\"async\" class=\"img-responsive\" src=\"https:\/\/boatrentalmallorca.net\/wp-content\/uploads\/2025\/02\/boat-rental-alcudia.jpg\" width=\"545\" height=\"353\" alt=\"listing_city\">\r\n\t\t\t\t\t\t\t<\/a>\r\n\t\t\t\t\t\t<\/div>\r\n\t\t\t\t\t<\/div>\r\n\r\n\t\t\t\t\t\r\n\t\t\t\t\t<div class=\"col-lg-6 col-md-6 col-sm-6 col-xs-12\">\r\n\t\t\t\t\t\t<div class=\"taxonomy-item taxonomy-card\">\r\n\t\t\t\t\t\t\t<a class=\"taxonomy-link hover-effect\" href=\"https:\/\/boatrentalmallorca.net\/it\/city\/boat-rental-andratx\/\">\r\n\t\t\t\t\t\t\t\t<div class=\"taxonomy-title\">Noleggio barche Andratx<\/div>\r\n\t\t\t\t\t\t\t\t<img loading=\"lazy\" decoding=\"async\" class=\"img-responsive\" src=\"https:\/\/boatrentalmallorca.net\/wp-content\/uploads\/2025\/02\/Boat-rental-Andratx.jpg\" width=\"545\" height=\"353\" alt=\"listing_city\">\r\n\t\t\t\t\t\t\t<\/a>\r\n\t\t\t\t\t\t<\/div>\r\n\t\t\t\t\t<\/div>\r\n\r\n\t\t\t\t\t\r\n\t\t\t\t\t<div class=\"col-lg-6 col-md-6 col-sm-6 col-xs-12\">\r\n\t\t\t\t\t\t<div class=\"taxonomy-item taxonomy-card\">\r\n\t\t\t\t\t\t\t<a class=\"taxonomy-link hover-effect\" href=\"https:\/\/boatrentalmallorca.net\/it\/city\/boat-rental-cala-dor\/\">\r\n\t\t\t\t\t\t\t\t<div class=\"taxonomy-title\">Noleggio barche Cala d&#039;Or<\/div>\r\n\t\t\t\t\t\t\t\t<img loading=\"lazy\" decoding=\"async\" class=\"img-responsive\" src=\"https:\/\/boatrentalmallorca.net\/wp-content\/uploads\/2025\/02\/boat-rental-Cala-d-Or.jpg\" width=\"545\" height=\"353\" alt=\"listing_city\">\r\n\t\t\t\t\t\t\t<\/a>\r\n\t\t\t\t\t\t<\/div>\r\n\t\t\t\t\t<\/div>\r\n\r\n\t\t\t\t\t\r\n\t\t\t\t\t<div class=\"col-lg-6 col-md-6 col-sm-6 col-xs-12\">\r\n\t\t\t\t\t\t<div class=\"taxonomy-item taxonomy-card\">\r\n\t\t\t\t\t\t\t<a class=\"taxonomy-link hover-effect\" href=\"https:\/\/boatrentalmallorca.net\/it\/city\/boat-rental-cala-figuera\/\">\r\n\t\t\t\t\t\t\t\t<div class=\"taxonomy-title\">Noleggio barche Cala Figuera<\/div>\r\n\t\t\t\t\t\t\t\t<img loading=\"lazy\" decoding=\"async\" class=\"img-responsive\" src=\"https:\/\/boatrentalmallorca.net\/wp-content\/uploads\/2025\/02\/Boat-rental-Cala-Figuera.jpg\" width=\"545\" height=\"353\" alt=\"listing_city\">\r\n\t\t\t\t\t\t\t<\/a>\r\n\t\t\t\t\t\t<\/div>\r\n\t\t\t\t\t<\/div>\r\n\r\n\t\t\t\t\t\r\n\t\t\t\t\t<div class=\"col-lg-6 col-md-6 col-sm-6 col-xs-12\">\r\n\t\t\t\t\t\t<div class=\"taxonomy-item taxonomy-card\">\r\n\t\t\t\t\t\t\t<a class=\"taxonomy-link hover-effect\" href=\"https:\/\/boatrentalmallorca.net\/it\/city\/boat-rental-cala-ratjada\/\">\r\n\t\t\t\t\t\t\t\t<div class=\"taxonomy-title\">Noleggio barche Cala Ratjada<\/div>\r\n\t\t\t\t\t\t\t\t<img loading=\"lazy\" decoding=\"async\" class=\"img-responsive\" src=\"https:\/\/boatrentalmallorca.net\/wp-content\/uploads\/2026\/02\/boat-rental-Cala-Ratjada.jpg\" width=\"545\" height=\"353\" alt=\"listing_city\">\r\n\t\t\t\t\t\t\t<\/a>\r\n\t\t\t\t\t\t<\/div>\r\n\t\t\t\t\t<\/div>\r\n\r\n\t\t\t\t\t\r\n\t\t\t\t\t<div class=\"col-lg-6 col-md-6 col-sm-6 col-xs-12\">\r\n\t\t\t\t\t\t<div class=\"taxonomy-item taxonomy-card\">\r\n\t\t\t\t\t\t\t<a class=\"taxonomy-link hover-effect\" href=\"https:\/\/boatrentalmallorca.net\/it\/city\/boat-rental-can-pastilla\/\">\r\n\t\t\t\t\t\t\t\t<div class=\"taxonomy-title\">Noleggio barche Can Pastilla<\/div>\r\n\t\t\t\t\t\t\t\t<img loading=\"lazy\" decoding=\"async\" class=\"img-responsive\" src=\"https:\/\/boatrentalmallorca.net\/wp-content\/uploads\/2026\/02\/boat-rental-Can-Pastilla.jpg\" width=\"545\" height=\"353\" alt=\"listing_city\">\r\n\t\t\t\t\t\t\t<\/a>\r\n\t\t\t\t\t\t<\/div>\r\n\t\t\t\t\t<\/div>\r\n\r\n\t\t\t\t\t\r\n\t\t\t\t\t<div class=\"col-lg-6 col-md-6 col-sm-6 col-xs-12\">\r\n\t\t\t\t\t\t<div class=\"taxonomy-item taxonomy-card\">\r\n\t\t\t\t\t\t\t<a class=\"taxonomy-link hover-effect\" href=\"https:\/\/boatrentalmallorca.net\/it\/city\/boat-rental-can-picafort\/\">\r\n\t\t\t\t\t\t\t\t<div class=\"taxonomy-title\">Noleggio barche Can Picafort<\/div>\r\n\t\t\t\t\t\t\t\t<img loading=\"lazy\" decoding=\"async\" class=\"img-responsive\" src=\"https:\/\/boatrentalmallorca.net\/wp-content\/uploads\/2025\/02\/Boat-rental-Can-Picafort.jpg\" width=\"545\" height=\"353\" alt=\"listing_city\">\r\n\t\t\t\t\t\t\t<\/a>\r\n\t\t\t\t\t\t<\/div>\r\n\t\t\t\t\t<\/div>\r\n\r\n\t\t\t\t\t\r\n\t\t\t\t\t<div class=\"col-lg-6 col-md-6 col-sm-6 col-xs-12\">\r\n\t\t\t\t\t\t<div class=\"taxonomy-item taxonomy-card\">\r\n\t\t\t\t\t\t\t<a class=\"taxonomy-link hover-effect\" href=\"https:\/\/boatrentalmallorca.net\/it\/city\/boat-rental-colonia-de-sant-jordi\/\">\r\n\t\t\t\t\t\t\t\t<div class=\"taxonomy-title\">Noleggio barche Colonia de Sant Jordi<\/div>\r\n\t\t\t\t\t\t\t\t<img loading=\"lazy\" decoding=\"async\" class=\"img-responsive\" src=\"https:\/\/boatrentalmallorca.net\/wp-content\/uploads\/2026\/01\/boat-rental-colonia-de-sant-jordi.jpg\" width=\"545\" height=\"353\" alt=\"listing_city\">\r\n\t\t\t\t\t\t\t<\/a>\r\n\t\t\t\t\t\t<\/div>\r\n\t\t\t\t\t<\/div>\r\n\r\n\t\t\t\t\t\r\n\t\t\t\t\t<div class=\"col-lg-6 col-md-6 col-sm-6 col-xs-12\">\r\n\t\t\t\t\t\t<div class=\"taxonomy-item taxonomy-card\">\r\n\t\t\t\t\t\t\t<a class=\"taxonomy-link hover-effect\" href=\"https:\/\/boatrentalmallorca.net\/it\/city\/boat-rental-el-arenal\/\">\r\n\t\t\t\t\t\t\t\t<div class=\"taxonomy-title\">Noleggio barche El Arenal<\/div>\r\n\t\t\t\t\t\t\t\t<img loading=\"lazy\" decoding=\"async\" class=\"img-responsive\" src=\"https:\/\/boatrentalmallorca.net\/wp-content\/uploads\/2025\/12\/Boat-rental-El-Arenal.jpg\" width=\"545\" height=\"353\" alt=\"listing_city\">\r\n\t\t\t\t\t\t\t<\/a>\r\n\t\t\t\t\t\t<\/div>\r\n\t\t\t\t\t<\/div>\r\n\r\n\t\t\t\t\t\r\n\t\t\t\t\t<div class=\"col-lg-6 col-md-6 col-sm-6 col-xs-12\">\r\n\t\t\t\t\t\t<div class=\"taxonomy-item taxonomy-card\">\r\n\t\t\t\t\t\t\t<a class=\"taxonomy-link hover-effect\" href=\"https:\/\/boatrentalmallorca.net\/it\/city\/boat-rental-palma-de-mallorca\/\">\r\n\t\t\t\t\t\t\t\t<div class=\"taxonomy-title\">Noleggio barche Palma di Maiorca<\/div>\r\n\t\t\t\t\t\t\t\t<img loading=\"lazy\" decoding=\"async\" class=\"img-responsive\" src=\"https:\/\/boatrentalmallorca.net\/wp-content\/uploads\/2025\/02\/Boat-rental-Palma-de-Mallorca.jpg\" width=\"545\" height=\"353\" alt=\"listing_city\">\r\n\t\t\t\t\t\t\t<\/a>\r\n\t\t\t\t\t\t<\/div>\r\n\t\t\t\t\t<\/div>\r\n\r\n\t\t\t\t\t\r\n\t\t\t\t\t<div class=\"col-lg-6 col-md-6 col-sm-6 col-xs-12\">\r\n\t\t\t\t\t\t<div class=\"taxonomy-item taxonomy-card\">\r\n\t\t\t\t\t\t\t<a class=\"taxonomy-link hover-effect\" href=\"https:\/\/boatrentalmallorca.net\/it\/city\/boat-rental-pollensa\/\">\r\n\t\t\t\t\t\t\t\t<div class=\"taxonomy-title\">Noleggio barche Pollensa<\/div>\r\n\t\t\t\t\t\t\t\t<img loading=\"lazy\" decoding=\"async\" class=\"img-responsive\" src=\"https:\/\/boatrentalmallorca.net\/wp-content\/uploads\/2025\/02\/Boat-rental-Pollensa.jpg\" width=\"545\" height=\"353\" alt=\"listing_city\">\r\n\t\t\t\t\t\t\t<\/a>\r\n\t\t\t\t\t\t<\/div>\r\n\t\t\t\t\t<\/div>\r\n\r\n\t\t\t\t\t\r\n\t\t\t\t\t<div class=\"col-lg-6 col-md-6 col-sm-6 col-xs-12\">\r\n\t\t\t\t\t\t<div class=\"taxonomy-item taxonomy-card\">\r\n\t\t\t\t\t\t\t<a class=\"taxonomy-link hover-effect\" href=\"https:\/\/boatrentalmallorca.net\/it\/city\/boat-rental-port-adriano\/\">\r\n\t\t\t\t\t\t\t\t<div class=\"taxonomy-title\">Noleggio barche Port Adriano<\/div>\r\n\t\t\t\t\t\t\t\t<img loading=\"lazy\" decoding=\"async\" class=\"img-responsive\" src=\"https:\/\/boatrentalmallorca.net\/wp-content\/uploads\/2026\/02\/boat-rental-Port-Adriano.jpg\" width=\"545\" height=\"353\" alt=\"listing_city\">\r\n\t\t\t\t\t\t\t<\/a>\r\n\t\t\t\t\t\t<\/div>\r\n\t\t\t\t\t<\/div>\r\n\r\n\t\t\t\t\t\r\n\t\t\t\t\t<div class=\"col-lg-6 col-md-6 col-sm-6 col-xs-12\">\r\n\t\t\t\t\t\t<div class=\"taxonomy-item taxonomy-card\">\r\n\t\t\t\t\t\t\t<a class=\"taxonomy-link hover-effect\" href=\"https:\/\/boatrentalmallorca.net\/it\/city\/boat-rental-port-calanova\/\">\r\n\t\t\t\t\t\t\t\t<div class=\"taxonomy-title\">Noleggio barche a Porto Calanova<\/div>\r\n\t\t\t\t\t\t\t\t<img loading=\"lazy\" decoding=\"async\" class=\"img-responsive\" src=\"https:\/\/boatrentalmallorca.net\/wp-content\/uploads\/2026\/04\/boat-rental-Port-Calanova.jpg\" width=\"545\" height=\"353\" alt=\"listing_city\">\r\n\t\t\t\t\t\t\t<\/a>\r\n\t\t\t\t\t\t<\/div>\r\n\t\t\t\t\t<\/div>\r\n\r\n\t\t\t\t\t\r\n\t\t\t\t\t<div class=\"col-lg-6 col-md-6 col-sm-6 col-xs-12\">\r\n\t\t\t\t\t\t<div class=\"taxonomy-item taxonomy-card\">\r\n\t\t\t\t\t\t\t<a class=\"taxonomy-link hover-effect\" href=\"https:\/\/boatrentalmallorca.net\/it\/city\/boat-rental-portals-nous\/\">\r\n\t\t\t\t\t\t\t\t<div class=\"taxonomy-title\">Noleggio barche Portals Nous<\/div>\r\n\t\t\t\t\t\t\t\t<img loading=\"lazy\" decoding=\"async\" class=\"img-responsive\" src=\"https:\/\/boatrentalmallorca.net\/wp-content\/uploads\/2025\/02\/boat-rental-Portals-Nous.jpg\" width=\"545\" height=\"353\" alt=\"listing_city\">\r\n\t\t\t\t\t\t\t<\/a>\r\n\t\t\t\t\t\t<\/div>\r\n\t\t\t\t\t<\/div>\r\n\r\n\t\t\t\t\t\r\n\t\t\t\t\t<div class=\"col-lg-6 col-md-6 col-sm-6 col-xs-12\">\r\n\t\t\t\t\t\t<div class=\"taxonomy-item taxonomy-card\">\r\n\t\t\t\t\t\t\t<a class=\"taxonomy-link hover-effect\" href=\"https:\/\/boatrentalmallorca.net\/it\/city\/boat-rental-porto-petro\/\">\r\n\t\t\t\t\t\t\t\t<div class=\"taxonomy-title\">Noleggio barche Porto Petro<\/div>\r\n\t\t\t\t\t\t\t\t<img loading=\"lazy\" decoding=\"async\" class=\"img-responsive\" src=\"https:\/\/boatrentalmallorca.net\/wp-content\/uploads\/2025\/12\/Boat-rental-Porto-Petro.jpg\" width=\"545\" height=\"353\" alt=\"listing_city\">\r\n\t\t\t\t\t\t\t<\/a>\r\n\t\t\t\t\t\t<\/div>\r\n\t\t\t\t\t<\/div>\r\n\r\n\t\t\t\t\t\r\n\t\t\t\t\t<div class=\"col-lg-6 col-md-6 col-sm-6 col-xs-12\">\r\n\t\t\t\t\t\t<div class=\"taxonomy-item taxonomy-card\">\r\n\t\t\t\t\t\t\t<a class=\"taxonomy-link hover-effect\" href=\"https:\/\/boatrentalmallorca.net\/it\/city\/boat-rental-portocolom\/\">\r\n\t\t\t\t\t\t\t\t<div class=\"taxonomy-title\">Noleggio barche Portocolom<\/div>\r\n\t\t\t\t\t\t\t\t<img loading=\"lazy\" decoding=\"async\" class=\"img-responsive\" src=\"https:\/\/boatrentalmallorca.net\/wp-content\/uploads\/2026\/02\/Boat-rental-Portocolom.jpg\" width=\"545\" height=\"353\" alt=\"listing_city\">\r\n\t\t\t\t\t\t\t<\/a>\r\n\t\t\t\t\t\t<\/div>\r\n\t\t\t\t\t<\/div>\r\n\r\n\t\t\t\t\t\r\n\t\t\t\t\t<div class=\"col-lg-6 col-md-6 col-sm-6 col-xs-12\">\r\n\t\t\t\t\t\t<div class=\"taxonomy-item taxonomy-card\">\r\n\t\t\t\t\t\t\t<a class=\"taxonomy-link hover-effect\" href=\"https:\/\/boatrentalmallorca.net\/it\/city\/boat-rental-sa-rapita\/\">\r\n\t\t\t\t\t\t\t\t<div class=\"taxonomy-title\">Noleggio barche Sa R\u00e0pita<\/div>\r\n\t\t\t\t\t\t\t\t<img loading=\"lazy\" decoding=\"async\" class=\"img-responsive\" src=\"https:\/\/boatrentalmallorca.net\/wp-content\/uploads\/2025\/11\/boat-rental-Sa-Rapita.jpg\" width=\"545\" height=\"353\" alt=\"listing_city\">\r\n\t\t\t\t\t\t\t<\/a>\r\n\t\t\t\t\t\t<\/div>\r\n\t\t\t\t\t<\/div>\r\n\r\n\t\t\t\t\t\r\n\t\t\t\t\t<div class=\"col-lg-6 col-md-6 col-sm-6 col-xs-12\">\r\n\t\t\t\t\t\t<div class=\"taxonomy-item taxonomy-card\">\r\n\t\t\t\t\t\t\t<a class=\"taxonomy-link hover-effect\" href=\"https:\/\/boatrentalmallorca.net\/it\/city\/boat-rental-soller\/\">\r\n\t\t\t\t\t\t\t\t<div class=\"taxonomy-title\">Noleggio barche Soller<\/div>\r\n\t\t\t\t\t\t\t\t<img loading=\"lazy\" decoding=\"async\" class=\"img-responsive\" src=\"https:\/\/boatrentalmallorca.net\/wp-content\/uploads\/2026\/01\/Boat-rental-Soller.jpg\" width=\"545\" height=\"353\" alt=\"listing_city\">\r\n\t\t\t\t\t\t\t<\/a>\r\n\t\t\t\t\t\t<\/div>\r\n\t\t\t\t\t<\/div>\r\n\r\n\t\t\t\t\t\t\t\t\t\r\n\t\t\t<\/div>\r\n\t\t<\/div>\r\n\t\t\r\n\t\t\t\t\t\t<\/div>\n\t\t\t\t<\/div>\n\t\t\t\t\t<\/div>\n\t\t<\/div>\n\t\t\t\t\t<\/div>\n\t\t<\/section>\n\t\t\t\t<section class=\"elementor-section elementor-top-section elementor-element elementor-element-d24cc61 elementor-section-stretched elementor-section-boxed elementor-section-height-default elementor-section-height-default\" data-id=\"d24cc61\" data-element_type=\"section\" data-e-type=\"section\" data-settings=\"{&quot;stretch_section&quot;:&quot;section-stretched&quot;,&quot;background_background&quot;:&quot;classic&quot;}\">\n\t\t\t\t\t\t<div class=\"elementor-container elementor-column-gap-default\">\n\t\t\t\t\t<div class=\"elementor-column elementor-col-100 elementor-top-column elementor-element elementor-element-4d4f34a\" data-id=\"4d4f34a\" data-element_type=\"column\" data-e-type=\"column\">\n\t\t\t<div class=\"elementor-widget-wrap elementor-element-populated\">\n\t\t\t\t\t\t<div class=\"elementor-element elementor-element-7edcadc elementor-widget elementor-widget-spacer\" data-id=\"7edcadc\" data-element_type=\"widget\" data-e-type=\"widget\" data-widget_type=\"spacer.default\">\n\t\t\t\t<div class=\"elementor-widget-container\">\n\t\t\t\t\t\t\t<div class=\"elementor-spacer\">\n\t\t\t<div class=\"elementor-spacer-inner\"><\/div>\n\t\t<\/div>\n\t\t\t\t\t\t<\/div>\n\t\t\t\t<\/div>\n\t\t\t\t<div class=\"elementor-element elementor-element-0977de7 elementor-widget elementor-widget-homey_elementor_section_title\" data-id=\"0977de7\" data-element_type=\"widget\" data-e-type=\"widget\" data-widget_type=\"homey_elementor_section_title.default\">\n\t\t\t\t<div class=\"elementor-widget-container\">\n\t\t\t\t\t            <div class=\"homey_section_title_wrap_elementor homey-module module-title section-title-module\">\n                                    <h2 class=\"homey_section_title\">Servizi aggiuntivi<\/h2>\n                \n                                    <p class=\"homey_section_subtitle sub-heading\">Arricchisci la tua esperienza in barca con i nostri servizi aggiuntivi. Dal catering gourmet agli sport acquatici, ti offriamo tutto il necessario per rendere il tuo viaggio indimenticabile.<\/p>\n                            <\/div>\n            \t\t\t\t<\/div>\n\t\t\t\t<\/div>\n\t\t\t\t<div class=\"elementor-element elementor-element-8183e5e elementor-widget-divider--view-line elementor-widget elementor-widget-divider\" data-id=\"8183e5e\" data-element_type=\"widget\" data-e-type=\"widget\" data-widget_type=\"divider.default\">\n\t\t\t\t<div class=\"elementor-widget-container\">\n\t\t\t\t\t\t\t<div class=\"elementor-divider\">\n\t\t\t<span class=\"elementor-divider-separator\">\n\t\t\t\t\t\t<\/span>\n\t\t<\/div>\n\t\t\t\t\t\t<\/div>\n\t\t\t\t<\/div>\n\t\t\t\t\t<\/div>\n\t\t<\/div>\n\t\t\t\t\t<\/div>\n\t\t<\/section>\n\t\t<div class=\"elementor-element elementor-element-0acfaba e-flex e-con-boxed e-con e-parent\" data-id=\"0acfaba\" data-element_type=\"container\" data-e-type=\"container\" data-settings=\"{&quot;background_background&quot;:&quot;classic&quot;}\">\n\t\t\t\t\t<div class=\"e-con-inner\">\n\t\t<div class=\"elementor-element elementor-element-c372237 e-con-full e-flex e-con e-child\" data-id=\"c372237\" data-element_type=\"container\" data-e-type=\"container\">\n\t\t\t\t<div class=\"elementor-element elementor-element-1cdda00 elementor-position-top elementor-widget elementor-widget-image-box\" data-id=\"1cdda00\" data-element_type=\"widget\" data-e-type=\"widget\" data-widget_type=\"image-box.default\">\n\t\t\t\t<div class=\"elementor-widget-container\">\n\t\t\t\t\t<div class=\"elementor-image-box-wrapper\"><figure class=\"elementor-image-box-img\"><img loading=\"lazy\" decoding=\"async\" width=\"347\" height=\"231\" src=\"https:\/\/boatrentalmallorca.net\/wp-content\/uploads\/2025\/02\/Watersports.jpg\" class=\"attachment-full size-full wp-image-3546\" alt=\"Sport acquatici\" srcset=\"https:\/\/boatrentalmallorca.net\/wp-content\/uploads\/2025\/02\/Watersports.jpg 347w, https:\/\/boatrentalmallorca.net\/wp-content\/uploads\/2025\/02\/Watersports-300x200.jpg 300w, https:\/\/boatrentalmallorca.net\/wp-content\/uploads\/2025\/02\/Watersports-120x80.jpg 120w\" sizes=\"(max-width: 347px) 100vw, 347px\" \/><\/figure><div class=\"elementor-image-box-content\"><h3 class=\"elementor-image-box-title\">Sport acquatici<\/h3><p class=\"elementor-image-box-description\">Aggiungi un po&#039; di adrenalina alla tua gita in barca con emozionanti attivit\u00e0 acquatiche. Dallo sci d&#039;acqua al wakeboard, dal paddleboard allo snorkeling, abbiamo opzioni per tutti i livelli di avventura.<\/p><\/div><\/div>\t\t\t\t<\/div>\n\t\t\t\t<\/div>\n\t\t\t\t<\/div>\n\t\t<div class=\"elementor-element elementor-element-cf509e0 e-con-full e-flex e-con e-child\" data-id=\"cf509e0\" data-element_type=\"container\" data-e-type=\"container\">\n\t\t\t\t<div class=\"elementor-element elementor-element-bd1ab81 elementor-position-top elementor-widget elementor-widget-image-box\" data-id=\"bd1ab81\" data-element_type=\"widget\" data-e-type=\"widget\" data-widget_type=\"image-box.default\">\n\t\t\t\t<div class=\"elementor-widget-container\">\n\t\t\t\t\t<div class=\"elementor-image-box-wrapper\"><figure class=\"elementor-image-box-img\"><img loading=\"lazy\" decoding=\"async\" width=\"347\" height=\"231\" src=\"https:\/\/boatrentalmallorca.net\/wp-content\/uploads\/2025\/02\/Boat-Catering.jpg\" class=\"attachment-full size-full wp-image-3552\" alt=\"Ristorazione in barca\" srcset=\"https:\/\/boatrentalmallorca.net\/wp-content\/uploads\/2025\/02\/Boat-Catering.jpg 347w, https:\/\/boatrentalmallorca.net\/wp-content\/uploads\/2025\/02\/Boat-Catering-300x200.jpg 300w, https:\/\/boatrentalmallorca.net\/wp-content\/uploads\/2025\/02\/Boat-Catering-120x80.jpg 120w\" sizes=\"(max-width: 347px) 100vw, 347px\" \/><\/figure><div class=\"elementor-image-box-content\"><h3 class=\"elementor-image-box-title\">Ristorazione in barca<\/h3><p class=\"elementor-image-box-description\">Godetevi un&#039;esperienza culinaria gourmet a bordo con il nostro servizio di catering premium. Offriamo una variet\u00e0 di men\u00f9, da spuntini leggeri a pasti completi, personalizzati in base alle vostre preferenze.<\/p><\/div><\/div>\t\t\t\t<\/div>\n\t\t\t\t<\/div>\n\t\t\t\t<\/div>\n\t\t<div class=\"elementor-element elementor-element-9562093 e-con-full e-flex e-con e-child\" data-id=\"9562093\" data-element_type=\"container\" data-e-type=\"container\">\n\t\t\t\t<div class=\"elementor-element elementor-element-23c2074 elementor-position-top elementor-widget elementor-widget-image-box\" data-id=\"23c2074\" data-element_type=\"widget\" data-e-type=\"widget\" data-widget_type=\"image-box.default\">\n\t\t\t\t<div class=\"elementor-widget-container\">\n\t\t\t\t\t<div class=\"elementor-image-box-wrapper\"><figure class=\"elementor-image-box-img\"><img loading=\"lazy\" decoding=\"async\" width=\"347\" height=\"231\" src=\"https:\/\/boatrentalmallorca.net\/wp-content\/uploads\/2025\/02\/Boat-Decoration.jpg\" class=\"attachment-full size-full wp-image-3553\" alt=\"Decorazione della barca\" srcset=\"https:\/\/boatrentalmallorca.net\/wp-content\/uploads\/2025\/02\/Boat-Decoration.jpg 347w, https:\/\/boatrentalmallorca.net\/wp-content\/uploads\/2025\/02\/Boat-Decoration-300x200.jpg 300w, https:\/\/boatrentalmallorca.net\/wp-content\/uploads\/2025\/02\/Boat-Decoration-120x80.jpg 120w\" sizes=\"(max-width: 347px) 100vw, 347px\" \/><\/figure><div class=\"elementor-image-box-content\"><h3 class=\"elementor-image-box-title\">Decorazione della barca<\/h3><p class=\"elementor-image-box-description\">Rendi unica la tua esperienza in barca con decorazioni personalizzate per ogni occasione. Che si tratti di un evento romantico, di una festa di compleanno o di una festa a tema, creiamo l&#039;atmosfera perfetta a bordo.<\/p><\/div><\/div>\t\t\t\t<\/div>\n\t\t\t\t<\/div>\n\t\t\t\t<\/div>\n\t\t\t\t\t<\/div>\n\t\t\t\t<\/div>\n\t\t<div class=\"elementor-element elementor-element-a1508b9 e-flex e-con-boxed e-con e-parent\" data-id=\"a1508b9\" data-element_type=\"container\" data-e-type=\"container\" data-settings=\"{&quot;background_background&quot;:&quot;classic&quot;}\">\n\t\t\t\t\t<div class=\"e-con-inner\">\n\t\t<div class=\"elementor-element elementor-element-38067d4 e-con-full e-flex e-con e-child\" data-id=\"38067d4\" data-element_type=\"container\" data-e-type=\"container\">\n\t\t\t\t<div class=\"elementor-element elementor-element-14a06f1 elementor-position-top elementor-widget elementor-widget-image-box\" data-id=\"14a06f1\" data-element_type=\"widget\" data-e-type=\"widget\" data-widget_type=\"image-box.default\">\n\t\t\t\t<div class=\"elementor-widget-container\">\n\t\t\t\t\t<div class=\"elementor-image-box-wrapper\"><figure class=\"elementor-image-box-img\"><img loading=\"lazy\" decoding=\"async\" width=\"347\" height=\"231\" src=\"https:\/\/boatrentalmallorca.net\/wp-content\/uploads\/2025\/02\/Boat-fishing-trip.jpg\" class=\"attachment-full size-full wp-image-3558\" alt=\"Gita di pesca in barca\" srcset=\"https:\/\/boatrentalmallorca.net\/wp-content\/uploads\/2025\/02\/Boat-fishing-trip.jpg 347w, https:\/\/boatrentalmallorca.net\/wp-content\/uploads\/2025\/02\/Boat-fishing-trip-300x200.jpg 300w, https:\/\/boatrentalmallorca.net\/wp-content\/uploads\/2025\/02\/Boat-fishing-trip-120x80.jpg 120w\" sizes=\"(max-width: 347px) 100vw, 347px\" \/><\/figure><div class=\"elementor-image-box-content\"><h3 class=\"elementor-image-box-title\">Gita di pesca in barca<\/h3><p class=\"elementor-image-box-description\">Salpa per un&#039;entusiasmante avventura di pesca con tutta l&#039;attrezzatura necessaria a disposizione. Che tu sia un principiante o un pescatore esperto, goditi una giornata in mare rilassante e appagante.<\/p><\/div><\/div>\t\t\t\t<\/div>\n\t\t\t\t<\/div>\n\t\t\t\t<\/div>\n\t\t<div class=\"elementor-element elementor-element-31442a3 e-con-full e-flex e-con e-child\" data-id=\"31442a3\" data-element_type=\"container\" data-e-type=\"container\">\n\t\t\t\t<div class=\"elementor-element elementor-element-0a4c1e5 elementor-position-top elementor-widget elementor-widget-image-box\" data-id=\"0a4c1e5\" data-element_type=\"widget\" data-e-type=\"widget\" data-widget_type=\"image-box.default\">\n\t\t\t\t<div class=\"elementor-widget-container\">\n\t\t\t\t\t<div class=\"elementor-image-box-wrapper\"><figure class=\"elementor-image-box-img\"><img loading=\"lazy\" decoding=\"async\" width=\"347\" height=\"231\" src=\"https:\/\/boatrentalmallorca.net\/wp-content\/uploads\/2025\/02\/Event-Planning.jpg\" class=\"attachment-full size-full wp-image-3557\" alt=\"Pianificazione di eventi\" srcset=\"https:\/\/boatrentalmallorca.net\/wp-content\/uploads\/2025\/02\/Event-Planning.jpg 347w, https:\/\/boatrentalmallorca.net\/wp-content\/uploads\/2025\/02\/Event-Planning-300x200.jpg 300w, https:\/\/boatrentalmallorca.net\/wp-content\/uploads\/2025\/02\/Event-Planning-120x80.jpg 120w\" sizes=\"(max-width: 347px) 100vw, 347px\" \/><\/figure><div class=\"elementor-image-box-content\"><h3 class=\"elementor-image-box-title\">Pianificazione di eventi<\/h3><p class=\"elementor-image-box-description\">Rendi indimenticabile la tua occasione speciale con il nostro servizio completo di organizzazione eventi a bordo. Da incontri intimi a sontuose celebrazioni, ci prendiamo cura di ogni dettaglio per creare un&#039;esperienza impeccabile.<\/p><\/div><\/div>\t\t\t\t<\/div>\n\t\t\t\t<\/div>\n\t\t\t\t<\/div>\n\t\t<div class=\"elementor-element elementor-element-b54ab51 e-con-full e-flex e-con e-child\" data-id=\"b54ab51\" data-element_type=\"container\" data-e-type=\"container\">\n\t\t\t\t<div class=\"elementor-element elementor-element-9854cc4 elementor-position-top elementor-widget elementor-widget-image-box\" data-id=\"9854cc4\" data-element_type=\"widget\" data-e-type=\"widget\" data-widget_type=\"image-box.default\">\n\t\t\t\t<div class=\"elementor-widget-container\">\n\t\t\t\t\t<div class=\"elementor-image-box-wrapper\"><figure class=\"elementor-image-box-img\"><img loading=\"lazy\" decoding=\"async\" width=\"347\" height=\"231\" src=\"https:\/\/boatrentalmallorca.net\/wp-content\/uploads\/2025\/02\/Private-DJ.jpg\" class=\"attachment-full size-full wp-image-3559\" alt=\"DJ privato\" srcset=\"https:\/\/boatrentalmallorca.net\/wp-content\/uploads\/2025\/02\/Private-DJ.jpg 347w, https:\/\/boatrentalmallorca.net\/wp-content\/uploads\/2025\/02\/Private-DJ-300x200.jpg 300w, https:\/\/boatrentalmallorca.net\/wp-content\/uploads\/2025\/02\/Private-DJ-120x80.jpg 120w\" sizes=\"(max-width: 347px) 100vw, 347px\" \/><\/figure><div class=\"elementor-image-box-content\"><h3 class=\"elementor-image-box-title\">DJ privato<\/h3><p class=\"elementor-image-box-description\">Trasforma la tua gita in barca in una festa galleggiante con un DJ professionista che suoner\u00e0 i tuoi brani preferiti. Che tu preferisca ritmi rilassati o pi\u00f9 energici, creeremo l&#039;atmosfera perfetta in acqua.<\/p><\/div><\/div>\t\t\t\t<\/div>\n\t\t\t\t<\/div>\n\t\t\t\t<\/div>\n\t\t\t\t\t<\/div>\n\t\t\t\t<\/div>\n\t\t\t\t<section class=\"elementor-section elementor-top-section elementor-element elementor-element-9d2a7cc elementor-section-boxed elementor-section-height-default elementor-section-height-default\" data-id=\"9d2a7cc\" data-element_type=\"section\" data-e-type=\"section\" data-settings=\"{&quot;background_background&quot;:&quot;classic&quot;}\">\n\t\t\t\t\t\t\t<div class=\"elementor-background-overlay\"><\/div>\n\t\t\t\t\t\t\t<div class=\"elementor-container elementor-column-gap-default\">\n\t\t\t\t\t<div class=\"elementor-column elementor-col-100 elementor-top-column elementor-element elementor-element-4654a3d\" data-id=\"4654a3d\" data-element_type=\"column\" data-e-type=\"column\">\n\t\t\t<div class=\"elementor-widget-wrap elementor-element-populated\">\n\t\t\t\t\t\t<div class=\"elementor-element elementor-element-7a6aaf4 elementor-widget elementor-widget-spacer\" data-id=\"7a6aaf4\" data-element_type=\"widget\" data-e-type=\"widget\" data-widget_type=\"spacer.default\">\n\t\t\t\t<div class=\"elementor-widget-container\">\n\t\t\t\t\t\t\t<div class=\"elementor-spacer\">\n\t\t\t<div class=\"elementor-spacer-inner\"><\/div>\n\t\t<\/div>\n\t\t\t\t\t\t<\/div>\n\t\t\t\t<\/div>\n\t\t\t\t<div class=\"elementor-element elementor-element-eb4443a elementor-widget elementor-widget-homey_elementor_section_title\" data-id=\"eb4443a\" data-element_type=\"widget\" data-e-type=\"widget\" data-widget_type=\"homey_elementor_section_title.default\">\n\t\t\t\t<div class=\"elementor-widget-container\">\n\t\t\t\t\t            <div class=\"homey_section_title_wrap_elementor homey-module module-title section-title-module\">\n                                    <h2 class=\"homey_section_title\">Informazioni sull'azienda: Boat Rental Mallorca<\/h2>\n                \n                            <\/div>\n            \t\t\t\t<\/div>\n\t\t\t\t<\/div>\n\t\t\t\t<div class=\"elementor-element elementor-element-c6e570a elementor-widget-divider--view-line elementor-widget elementor-widget-divider\" data-id=\"c6e570a\" data-element_type=\"widget\" data-e-type=\"widget\" data-widget_type=\"divider.default\">\n\t\t\t\t<div class=\"elementor-widget-container\">\n\t\t\t\t\t\t\t<div class=\"elementor-divider\">\n\t\t\t<span class=\"elementor-divider-separator\">\n\t\t\t\t\t\t<\/span>\n\t\t<\/div>\n\t\t\t\t\t\t<\/div>\n\t\t\t\t<\/div>\n\t\t\t\t<section class=\"elementor-section elementor-inner-section elementor-element elementor-element-3520b63 elementor-section-boxed elementor-section-height-default elementor-section-height-default\" data-id=\"3520b63\" data-element_type=\"section\" data-e-type=\"section\">\n\t\t\t\t\t\t<div class=\"elementor-container elementor-column-gap-default\">\n\t\t\t\t\t<div class=\"elementor-column elementor-col-20 elementor-inner-column elementor-element elementor-element-97f6b2c\" data-id=\"97f6b2c\" data-element_type=\"column\" data-e-type=\"column\">\n\t\t\t<div class=\"elementor-widget-wrap elementor-element-populated\">\n\t\t\t\t\t\t<div class=\"elementor-element elementor-element-97d7306 elementor-position-top elementor-widget elementor-widget-image-box\" data-id=\"97d7306\" data-element_type=\"widget\" data-e-type=\"widget\" data-widget_type=\"image-box.default\">\n\t\t\t\t<div class=\"elementor-widget-container\">\n\t\t\t\t\t<div class=\"elementor-image-box-wrapper\"><figure class=\"elementor-image-box-img\"><img loading=\"lazy\" decoding=\"async\" width=\"120\" height=\"136\" src=\"https:\/\/boatrentalmallorca.net\/wp-content\/uploads\/2025\/02\/Years-of-experience.png\" class=\"attachment-full size-full wp-image-3471\" alt=\"Anni di esperienza\" \/><\/figure><div class=\"elementor-image-box-content\"><h3 class=\"elementor-image-box-title\">12 anni di esperienza<\/h3><p class=\"elementor-image-box-description\">Oltre un decennio di esperienza nel noleggio di yacht e barche, per garantire un servizio di prima qualit\u00e0 e affidabilit\u00e0.<\/p><\/div><\/div>\t\t\t\t<\/div>\n\t\t\t\t<\/div>\n\t\t\t\t\t<\/div>\n\t\t<\/div>\n\t\t\t\t<div class=\"elementor-column elementor-col-20 elementor-inner-column elementor-element elementor-element-9549a92\" data-id=\"9549a92\" data-element_type=\"column\" data-e-type=\"column\">\n\t\t\t<div class=\"elementor-widget-wrap elementor-element-populated\">\n\t\t\t\t\t\t<div class=\"elementor-element elementor-element-ecd1e9d elementor-position-top elementor-widget elementor-widget-image-box\" data-id=\"ecd1e9d\" data-element_type=\"widget\" data-e-type=\"widget\" data-widget_type=\"image-box.default\">\n\t\t\t\t<div class=\"elementor-widget-container\">\n\t\t\t\t\t<div class=\"elementor-image-box-wrapper\"><figure class=\"elementor-image-box-img\"><img loading=\"lazy\" decoding=\"async\" width=\"123\" height=\"136\" src=\"https:\/\/boatrentalmallorca.net\/wp-content\/uploads\/2025\/02\/Boats-and-yachts-in-Mallorca.png\" class=\"attachment-full size-full wp-image-3475\" alt=\"Barche e yacht a Maiorca\" \/><\/figure><div class=\"elementor-image-box-content\"><h3 class=\"elementor-image-box-title\">Oltre 200 barche e yacht a Maiorca<\/h3><p class=\"elementor-image-box-description\">Una flotta diversificata di yacht di lusso, motoscafi e barche a vela disponibili per ogni preferenza e occasione.<\/p><\/div><\/div>\t\t\t\t<\/div>\n\t\t\t\t<\/div>\n\t\t\t\t\t<\/div>\n\t\t<\/div>\n\t\t\t\t<div class=\"elementor-column elementor-col-20 elementor-inner-column elementor-element elementor-element-e9831b2\" data-id=\"e9831b2\" data-element_type=\"column\" data-e-type=\"column\">\n\t\t\t<div class=\"elementor-widget-wrap elementor-element-populated\">\n\t\t\t\t\t\t<div class=\"elementor-element elementor-element-1d025e3 elementor-position-top elementor-widget elementor-widget-image-box\" data-id=\"1d025e3\" data-element_type=\"widget\" data-e-type=\"widget\" data-widget_type=\"image-box.default\">\n\t\t\t\t<div class=\"elementor-widget-container\">\n\t\t\t\t\t<div class=\"elementor-image-box-wrapper\"><figure class=\"elementor-image-box-img\"><img loading=\"lazy\" decoding=\"async\" width=\"136\" height=\"136\" src=\"https:\/\/boatrentalmallorca.net\/wp-content\/uploads\/2025\/02\/Satisfied-customers.png\" class=\"attachment-full size-full wp-image-3479\" alt=\"Clienti soddisfatti\" \/><\/figure><div class=\"elementor-image-box-content\"><h3 class=\"elementor-image-box-title\">Oltre 10.000 clienti soddisfatti<\/h3><p class=\"elementor-image-box-description\">Migliaia di clienti soddisfatti si affidano a noi per vivere indimenticabili esperienze in barca nelle meravigliose acque di Maiorca.<\/p><\/div><\/div>\t\t\t\t<\/div>\n\t\t\t\t<\/div>\n\t\t\t\t\t<\/div>\n\t\t<\/div>\n\t\t\t\t<div class=\"elementor-column elementor-col-20 elementor-inner-column elementor-element elementor-element-ea0b683\" data-id=\"ea0b683\" data-element_type=\"column\" data-e-type=\"column\">\n\t\t\t<div class=\"elementor-widget-wrap elementor-element-populated\">\n\t\t\t\t\t\t<div class=\"elementor-element elementor-element-4588356 elementor-position-top elementor-widget elementor-widget-image-box\" data-id=\"4588356\" data-element_type=\"widget\" data-e-type=\"widget\" data-widget_type=\"image-box.default\">\n\t\t\t\t<div class=\"elementor-widget-container\">\n\t\t\t\t\t<div class=\"elementor-image-box-wrapper\"><figure class=\"elementor-image-box-img\"><img loading=\"lazy\" decoding=\"async\" width=\"136\" height=\"136\" src=\"https:\/\/boatrentalmallorca.net\/wp-content\/uploads\/2025\/02\/24-7-Charter-service.png\" class=\"attachment-full size-full wp-image-3483\" alt=\"Servizio charter 24 ore su 24, 7 giorni su 7\" \/><\/figure><div class=\"elementor-image-box-content\"><h3 class=\"elementor-image-box-title\">Servizio charter 24 ore su 24, 7 giorni su 7<\/h3><p class=\"elementor-image-box-description\">Approfitta di prenotazioni flessibili e assistenza 24 ore su 24 per noleggi di yacht senza intoppi e senza stress.<\/p><\/div><\/div>\t\t\t\t<\/div>\n\t\t\t\t<\/div>\n\t\t\t\t\t<\/div>\n\t\t<\/div>\n\t\t\t\t<div class=\"elementor-column elementor-col-20 elementor-inner-column elementor-element elementor-element-7deec1a\" data-id=\"7deec1a\" data-element_type=\"column\" data-e-type=\"column\">\n\t\t\t<div class=\"elementor-widget-wrap elementor-element-populated\">\n\t\t\t\t\t\t<div class=\"elementor-element elementor-element-1348f85 elementor-position-top elementor-widget elementor-widget-image-box\" data-id=\"1348f85\" data-element_type=\"widget\" data-e-type=\"widget\" data-widget_type=\"image-box.default\">\n\t\t\t\t<div class=\"elementor-widget-container\">\n\t\t\t\t\t<div class=\"elementor-image-box-wrapper\"><figure class=\"elementor-image-box-img\"><img loading=\"lazy\" decoding=\"async\" width=\"132\" height=\"136\" src=\"https:\/\/boatrentalmallorca.net\/wp-content\/uploads\/2025\/02\/Star-Rating-Service.png\" class=\"attachment-full size-full wp-image-3489\" alt=\"Servizio di valutazione a stelle\" \/><\/figure><div class=\"elementor-image-box-content\"><h3 class=\"elementor-image-box-title\">Servizio con valutazione a 5 stelle<\/h3><p class=\"elementor-image-box-description\">Eccellenza nel servizio, imbarcazioni di altissima qualit\u00e0 e straordinaria soddisfazione del cliente, il tutto supportato da recensioni a 5 stelle.<\/p><\/div><\/div>\t\t\t\t<\/div>\n\t\t\t\t<\/div>\n\t\t\t\t\t<\/div>\n\t\t<\/div>\n\t\t\t\t\t<\/div>\n\t\t<\/section>\n\t\t\t\t<div class=\"elementor-element elementor-element-d8e1e36 elementor-widget elementor-widget-spacer\" data-id=\"d8e1e36\" data-element_type=\"widget\" data-e-type=\"widget\" data-widget_type=\"spacer.default\">\n\t\t\t\t<div class=\"elementor-widget-container\">\n\t\t\t\t\t\t\t<div class=\"elementor-spacer\">\n\t\t\t<div class=\"elementor-spacer-inner\"><\/div>\n\t\t<\/div>\n\t\t\t\t\t\t<\/div>\n\t\t\t\t<\/div>\n\t\t\t\t<div class=\"elementor-element elementor-element-22fdc9d elementor-button-warning elementor-align-center elementor-widget elementor-widget-button\" data-id=\"22fdc9d\" data-element_type=\"widget\" data-e-type=\"widget\" data-widget_type=\"button.default\">\n\t\t\t\t<div class=\"elementor-widget-container\">\n\t\t\t\t\t\t\t\t\t<div class=\"elementor-button-wrapper\">\n\t\t\t\t\t<a class=\"elementor-button elementor-button-link elementor-size-md\" href=\"https:\/\/boatrentalmallorca.net\/it\/contatti\/\">\n\t\t\t\t\t\t<span class=\"elementor-button-content-wrapper\">\n\t\t\t\t\t\t\t\t\t<span class=\"elementor-button-text\">Contattaci ora<\/span>\n\t\t\t\t\t<\/span>\n\t\t\t\t\t<\/a>\n\t\t\t\t<\/div>\n\t\t\t\t\t\t\t\t<\/div>\n\t\t\t\t<\/div>\n\t\t\t\t<div class=\"elementor-element elementor-element-ccbcda6 elementor-widget elementor-widget-spacer\" data-id=\"ccbcda6\" data-element_type=\"widget\" data-e-type=\"widget\" data-widget_type=\"spacer.default\">\n\t\t\t\t<div class=\"elementor-widget-container\">\n\t\t\t\t\t\t\t<div class=\"elementor-spacer\">\n\t\t\t<div class=\"elementor-spacer-inner\"><\/div>\n\t\t<\/div>\n\t\t\t\t\t\t<\/div>\n\t\t\t\t<\/div>\n\t\t\t\t\t<\/div>\n\t\t<\/div>\n\t\t\t\t\t<\/div>\n\t\t<\/section>\n\t\t\t\t<section class=\"elementor-section elementor-top-section elementor-element elementor-element-2c6eb52 elementor-section-stretched elementor-section-boxed elementor-section-height-default elementor-section-height-default\" data-id=\"2c6eb52\" data-element_type=\"section\" data-e-type=\"section\" data-settings=\"{&quot;stretch_section&quot;:&quot;section-stretched&quot;,&quot;background_background&quot;:&quot;classic&quot;}\">\n\t\t\t\t\t\t<div class=\"elementor-container elementor-column-gap-default\">\n\t\t\t\t\t<div class=\"elementor-column elementor-col-100 elementor-top-column elementor-element elementor-element-21f42d6\" data-id=\"21f42d6\" data-element_type=\"column\" data-e-type=\"column\">\n\t\t\t<div class=\"elementor-widget-wrap elementor-element-populated\">\n\t\t\t\t\t\t<div class=\"elementor-element elementor-element-07a09c1 elementor-widget elementor-widget-spacer\" data-id=\"07a09c1\" data-element_type=\"widget\" data-e-type=\"widget\" data-widget_type=\"spacer.default\">\n\t\t\t\t<div class=\"elementor-widget-container\">\n\t\t\t\t\t\t\t<div class=\"elementor-spacer\">\n\t\t\t<div class=\"elementor-spacer-inner\"><\/div>\n\t\t<\/div>\n\t\t\t\t\t\t<\/div>\n\t\t\t\t<\/div>\n\t\t\t\t<div class=\"elementor-element elementor-element-549028e elementor-widget elementor-widget-homey_elementor_section_title\" data-id=\"549028e\" data-element_type=\"widget\" data-e-type=\"widget\" data-widget_type=\"homey_elementor_section_title.default\">\n\t\t\t\t<div class=\"elementor-widget-container\">\n\t\t\t\t\t            <div class=\"homey_section_title_wrap_elementor homey-module module-title section-title-module\">\n                                    <h2 class=\"homey_section_title\">Noleggio yacht a Maiorca per eventi<\/h2>\n                \n                                    <p class=\"homey_section_subtitle sub-heading\">Rendi indimenticabili i tuoi momenti speciali con il nostro esclusivo noleggio di yacht a Maiorca. Che si tratti di un compleanno, di un evento aziendale o di una festa privata, offriamo la cornice perfetta sull&#039;acqua.<\/p>\n                            <\/div>\n            \t\t\t\t<\/div>\n\t\t\t\t<\/div>\n\t\t\t\t<div class=\"elementor-element elementor-element-e780cf6 elementor-widget-divider--view-line elementor-widget elementor-widget-divider\" data-id=\"e780cf6\" data-element_type=\"widget\" data-e-type=\"widget\" data-widget_type=\"divider.default\">\n\t\t\t\t<div class=\"elementor-widget-container\">\n\t\t\t\t\t\t\t<div class=\"elementor-divider\">\n\t\t\t<span class=\"elementor-divider-separator\">\n\t\t\t\t\t\t<\/span>\n\t\t<\/div>\n\t\t\t\t\t\t<\/div>\n\t\t\t\t<\/div>\n\t\t\t\t<div class=\"elementor-element elementor-element-a6cc302 elementor-widget elementor-widget-homey_elementor_grids\" data-id=\"a6cc302\" data-element_type=\"widget\" data-e-type=\"widget\" data-widget_type=\"homey_elementor_grids.default\">\n\t\t\t\t<div class=\"elementor-widget-container\">\n\t\t\t\t\t\r\n\t\t<div class=\"module-wrap taxonomy-grid taxonomy-grid-3\">\r\n\t\t\t<div class=\"row\">\r\n\t\t\t\t\r\n\t\t\t\t\t<div class=\"col-sm-4 col-xs-6\">\r\n\t\t\t\t\t\t<div class=\"taxonomy-item taxonomy-card\">\r\n\t\t\t\t\t\t\t<a class=\"taxonomy-link hover-effect\" href=\"https:\/\/boatrentalmallorca.net\/it\/event\/bachelorette-party-boat-mallorca\/\">\r\n\t\t\t\t\t\t\t\t<div class=\"taxonomy-title\">Addio al nubilato<\/div>\r\n\t\t\t\t\t\t\t\t<img loading=\"lazy\" decoding=\"async\" class=\"img-responsive\" src=\"https:\/\/boatrentalmallorca.net\/wp-content\/uploads\/2025\/02\/Bachelorette-party-boat-360x353.jpg\" width=\"360\" height=\"353\" alt=\"listing_country\">\r\n\t\t\t\t\t\t\t<\/a>\r\n\t\t\t\t\t\t<\/div>\r\n\t\t\t\t\t<\/div>\r\n\r\n\t\t\t\t\t\r\n\t\t\t\t\t<div class=\"col-sm-4 col-xs-6\">\r\n\t\t\t\t\t\t<div class=\"taxonomy-item taxonomy-card\">\r\n\t\t\t\t\t\t\t<a class=\"taxonomy-link hover-effect\" href=\"https:\/\/boatrentalmallorca.net\/it\/event\/bachelor-party-boat-mallorca\/\">\r\n\t\t\t\t\t\t\t\t<div class=\"taxonomy-title\">Addio al celibato<\/div>\r\n\t\t\t\t\t\t\t\t<img loading=\"lazy\" decoding=\"async\" class=\"img-responsive\" src=\"https:\/\/boatrentalmallorca.net\/wp-content\/uploads\/2025\/02\/Bachelor-party-boat-360x353.jpg\" width=\"360\" height=\"353\" alt=\"listing_country\">\r\n\t\t\t\t\t\t\t<\/a>\r\n\t\t\t\t\t\t<\/div>\r\n\t\t\t\t\t<\/div>\r\n\r\n\t\t\t\t\t\r\n\t\t\t\t\t<div class=\"col-sm-4 col-xs-6\">\r\n\t\t\t\t\t\t<div class=\"taxonomy-item taxonomy-card\">\r\n\t\t\t\t\t\t\t<a class=\"taxonomy-link hover-effect\" href=\"https:\/\/boatrentalmallorca.net\/it\/event\/boat-party-mallorca\/\">\r\n\t\t\t\t\t\t\t\t<div class=\"taxonomy-title\">Festa in barca<\/div>\r\n\t\t\t\t\t\t\t\t<img loading=\"lazy\" decoding=\"async\" class=\"img-responsive\" src=\"https:\/\/boatrentalmallorca.net\/wp-content\/uploads\/2025\/02\/Boat-party-360x353.jpg\" width=\"360\" height=\"353\" alt=\"listing_country\">\r\n\t\t\t\t\t\t\t<\/a>\r\n\t\t\t\t\t\t<\/div>\r\n\t\t\t\t\t<\/div>\r\n\r\n\t\t\t\t\t\r\n\t\t\t\t\t<div class=\"col-sm-4 col-xs-6\">\r\n\t\t\t\t\t\t<div class=\"taxonomy-item taxonomy-card\">\r\n\t\t\t\t\t\t\t<a class=\"taxonomy-link hover-effect\" href=\"https:\/\/boatrentalmallorca.net\/it\/event\/boat-wedding-mallorca\/\">\r\n\t\t\t\t\t\t\t\t<div class=\"taxonomy-title\">Matrimonio<\/div>\r\n\t\t\t\t\t\t\t\t<img loading=\"lazy\" decoding=\"async\" class=\"img-responsive\" src=\"https:\/\/boatrentalmallorca.net\/wp-content\/uploads\/2025\/02\/Boat-wedding-360x353.jpg\" width=\"360\" height=\"353\" alt=\"listing_country\">\r\n\t\t\t\t\t\t\t<\/a>\r\n\t\t\t\t\t\t<\/div>\r\n\t\t\t\t\t<\/div>\r\n\r\n\t\t\t\t\t\r\n\t\t\t\t\t<div class=\"col-sm-4 col-xs-6\">\r\n\t\t\t\t\t\t<div class=\"taxonomy-item taxonomy-card\">\r\n\t\t\t\t\t\t\t<a class=\"taxonomy-link hover-effect\" href=\"https:\/\/boatrentalmallorca.net\/it\/event\/marriage-proposal-boat-mallorca\/\">\r\n\t\t\t\t\t\t\t\t<div class=\"taxonomy-title\">Proposta di matrimonio<\/div>\r\n\t\t\t\t\t\t\t\t<img loading=\"lazy\" decoding=\"async\" class=\"img-responsive\" src=\"https:\/\/boatrentalmallorca.net\/wp-content\/uploads\/2025\/02\/Marriage-proposal-boat-360x353.jpg\" width=\"360\" height=\"353\" alt=\"listing_country\">\r\n\t\t\t\t\t\t\t<\/a>\r\n\t\t\t\t\t\t<\/div>\r\n\t\t\t\t\t<\/div>\r\n\r\n\t\t\t\t\t\r\n\t\t\t\t\t<div class=\"col-sm-4 col-xs-6\">\r\n\t\t\t\t\t\t<div class=\"taxonomy-item taxonomy-card\">\r\n\t\t\t\t\t\t\t<a class=\"taxonomy-link hover-effect\" href=\"https:\/\/boatrentalmallorca.net\/it\/event\/corporate-event-boat-mallorca\/\">\r\n\t\t\t\t\t\t\t\t<div class=\"taxonomy-title\">Evento aziendale<\/div>\r\n\t\t\t\t\t\t\t\t<img loading=\"lazy\" decoding=\"async\" class=\"img-responsive\" src=\"https:\/\/boatrentalmallorca.net\/wp-content\/uploads\/2025\/02\/Corporate-event-boat-360x353.jpg\" width=\"360\" height=\"353\" alt=\"listing_country\">\r\n\t\t\t\t\t\t\t<\/a>\r\n\t\t\t\t\t\t<\/div>\r\n\t\t\t\t\t<\/div>\r\n\r\n\t\t\t\t\t\t\t\t\t\r\n\t\t\t<\/div>\r\n\t\t<\/div>\r\n\t\t\r\n\t\t\t\t\t\t<\/div>\n\t\t\t\t<\/div>\n\t\t\t\t\t<\/div>\n\t\t<\/div>\n\t\t\t\t\t<\/div>\n\t\t<\/section>\n\t\t\t\t<section class=\"elementor-section elementor-top-section elementor-element elementor-element-7b29d08 elementor-section-stretched elementor-section-boxed elementor-section-height-default elementor-section-height-default\" data-id=\"7b29d08\" data-element_type=\"section\" data-e-type=\"section\" data-settings=\"{&quot;stretch_section&quot;:&quot;section-stretched&quot;,&quot;background_background&quot;:&quot;classic&quot;}\">\n\t\t\t\t\t\t<div class=\"elementor-container elementor-column-gap-default\">\n\t\t\t\t\t<div class=\"elementor-column elementor-col-100 elementor-top-column elementor-element elementor-element-58cc2ef\" data-id=\"58cc2ef\" data-element_type=\"column\" data-e-type=\"column\">\n\t\t\t<div class=\"elementor-widget-wrap elementor-element-populated\">\n\t\t\t\t\t\t<div class=\"elementor-element elementor-element-4d8d768 elementor-widget elementor-widget-spacer\" data-id=\"4d8d768\" data-element_type=\"widget\" data-e-type=\"widget\" data-widget_type=\"spacer.default\">\n\t\t\t\t<div class=\"elementor-widget-container\">\n\t\t\t\t\t\t\t<div class=\"elementor-spacer\">\n\t\t\t<div class=\"elementor-spacer-inner\"><\/div>\n\t\t<\/div>\n\t\t\t\t\t\t<\/div>\n\t\t\t\t<\/div>\n\t\t\t\t<div class=\"elementor-element elementor-element-bc44edf elementor-widget__width-initial elementor-widget elementor-widget-homey_elementor_section_title\" data-id=\"bc44edf\" data-element_type=\"widget\" data-e-type=\"widget\" data-widget_type=\"homey_elementor_section_title.default\">\n\t\t\t\t<div class=\"elementor-widget-container\">\n\t\t\t\t\t            <div class=\"homey_section_title_wrap_elementor homey-module module-title section-title-module\">\n                                    <h2 class=\"homey_section_title\">Recensioni dei clienti sul nostro servizio di noleggio barche a Maiorca<\/h2>\n                \n                                    <p class=\"homey_section_subtitle sub-heading\">Leggi cosa dicono i nostri clienti sulla loro esperienza di noleggio barche a Maiorca. Recensioni autentiche di clienti soddisfatti che si sono goduti il tempo trascorso in acqua!<\/p>\n                            <\/div>\n            \t\t\t\t<\/div>\n\t\t\t\t<\/div>\n\t\t\t\t<div class=\"elementor-element elementor-element-2ce18d1 elementor-widget-divider--view-line elementor-widget elementor-widget-divider\" data-id=\"2ce18d1\" data-element_type=\"widget\" data-e-type=\"widget\" data-widget_type=\"divider.default\">\n\t\t\t\t<div class=\"elementor-widget-container\">\n\t\t\t\t\t\t\t<div class=\"elementor-divider\">\n\t\t\t<span class=\"elementor-divider-separator\">\n\t\t\t\t\t\t<\/span>\n\t\t<\/div>\n\t\t\t\t\t\t<\/div>\n\t\t\t\t<\/div>\n\t\t\t\t<div class=\"elementor-element elementor-element-e5eaa4e elementor-widget elementor-widget-homey_elementor_testimonials\" data-id=\"e5eaa4e\" data-element_type=\"widget\" data-e-type=\"widget\" data-widget_type=\"homey_elementor_testimonials.default\">\n\t\t\t\t<div class=\"elementor-widget-container\">\n\t\t\t\t\t\n        <!--start testimonials module-->\n        \n            <div class=\"module-wrap testimonials-module\">\n                <div class=\"row\">\n                    \n                    <div class=\"col-xs-12 col-sm-6 col-md-3\"><div class=\"testimonial-item text-center\"><p class=\"description\">Un enorme grazie per la gita in barca a Maiorca, \u00e8 stato tutto perfetto! Il Capitano Esteban ha spiegato la navigazione in modo molto chiaro e coinvolgente, dando a tutti la possibilit\u00e0 di essere il capitano per un po&#039;. Aveva anche una playlist fantastica! La gita in s\u00e9 \u00e8 stata fantastica: abbiamo nuotato in mare aperto e ci siamo goduti un tramonto mozzafiato. Consigliatissimo! I bambini sono rimasti assolutamente entusiasti.<\/p><div class=\"testimonial-thumb\"><img loading=\"lazy\" decoding=\"async\" width=\"120\" height=\"113\" src=\"https:\/\/boatrentalmallorca.net\/wp-content\/uploads\/2018\/10\/Sophia-Carter.jpg\" class=\"img-circle img-responsive\" alt=\"Sophia Carter\" \/><\/div><p class=\"auther-info\"><strong>Sophia Carter<\/strong><br><\/p><\/div><\/div><div class=\"col-xs-12 col-sm-6 col-md-3\"><div class=\"testimonial-item text-center\"><p class=\"description\">Ho chiesto alla mia futura moglie di sposarmi su uno yacht. Un enorme ringraziamento allo staff per aver organizzato tutto alla perfezione. La barca \u00e8 stata preparata e consegnata in tempo. C&#039;eravamo solo noi e il capitano a bordo. Abbiamo navigato e tutto \u00e8 andato esattamente come avevo programmato. Abbiamo ammirato il tramonto: era incredibilmente romantico e bellissimo. Questi ricordi ne sono valsi assolutamente la pena.<\/p><div class=\"testimonial-thumb\"><img loading=\"lazy\" decoding=\"async\" width=\"120\" height=\"120\" src=\"https:\/\/boatrentalmallorca.net\/wp-content\/uploads\/2018\/10\/James-Richardson-150x150.jpg\" class=\"img-circle img-responsive\" alt=\"Giacomo Richardson\" \/><\/div><p class=\"auther-info\"><strong>Giacomo Richardson<\/strong><br><\/p><\/div><\/div><div class=\"col-xs-12 col-sm-6 col-md-3\"><div class=\"testimonial-item text-center\"><p class=\"description\">Siamo venuti a Maiorca in vacanza con gli amici e abbiamo deciso di noleggiare uno yacht, quindi ci siamo rivolti a Boat Rental Mallorca e non ce ne siamo pentiti! Abbiamo preso il sole, scattato un sacco di foto, nuotato e ci siamo divertiti tantissimo! Ci hanno scelto uno yacht molto comodo e bello. Il personale \u00e8 stato gentile e attento. Siamo rimasti tutti molto soddisfatti. Consigliamo vivamente questa compagnia!<\/p><div class=\"testimonial-thumb\"><img loading=\"lazy\" decoding=\"async\" width=\"120\" height=\"108\" src=\"https:\/\/boatrentalmallorca.net\/wp-content\/uploads\/2018\/10\/Isabella-Collins.jpg\" class=\"img-circle img-responsive\" alt=\"Isabella Collins\" \/><\/div><p class=\"auther-info\"><strong>Isabella Collins<\/strong><br><\/p><\/div><\/div><div class=\"col-xs-12 col-sm-6 col-md-3\"><div class=\"testimonial-item text-center\"><p class=\"description\">Eravamo in vacanza a Maiorca e, su consiglio di un amico, abbiamo deciso di usufruire dei servizi di Boat Rental Mallorca. Il servizio clienti, l&#039;organizzazione professionale della gita in barca e la splendida barca stessa hanno superato le nostre aspettative! Un ringraziamento speciale al capitano dello yacht e al suo assistente: sono stati gentili, positivi e hanno sempre soddisfatto le nostre richieste con un grande senso dell&#039;umorismo!<\/p><div class=\"testimonial-thumb\"><img loading=\"lazy\" decoding=\"async\" width=\"120\" height=\"109\" src=\"https:\/\/boatrentalmallorca.net\/wp-content\/uploads\/2018\/10\/Charlotte-Evans.jpg\" class=\"img-circle img-responsive\" alt=\"Charlotte Evans\" \/><\/div><p class=\"auther-info\"><strong>Charlotte Evans<\/strong><br><\/p><\/div><\/div>                    \n                <\/div>\n            <\/div>\n\n                <!--end post testimonials module-->\n\n\n        \t\t\t\t<\/div>\n\t\t\t\t<\/div>\n\t\t\t\t<div class=\"elementor-element elementor-element-a1d3a4d elementor-widget elementor-widget-spacer\" data-id=\"a1d3a4d\" data-element_type=\"widget\" data-e-type=\"widget\" data-widget_type=\"spacer.default\">\n\t\t\t\t<div class=\"elementor-widget-container\">\n\t\t\t\t\t\t\t<div class=\"elementor-spacer\">\n\t\t\t<div class=\"elementor-spacer-inner\"><\/div>\n\t\t<\/div>\n\t\t\t\t\t\t<\/div>\n\t\t\t\t<\/div>\n\t\t\t\t\t<\/div>\n\t\t<\/div>\n\t\t\t\t\t<\/div>\n\t\t<\/section>\n\t\t\t\t<section class=\"elementor-section elementor-top-section elementor-element elementor-element-1055d2f elementor-section-stretched elementor-section-boxed elementor-section-height-default elementor-section-height-default\" data-id=\"1055d2f\" data-element_type=\"section\" data-e-type=\"section\" data-settings=\"{&quot;stretch_section&quot;:&quot;section-stretched&quot;,&quot;background_background&quot;:&quot;classic&quot;}\">\n\t\t\t\t\t\t<div class=\"elementor-container elementor-column-gap-default\">\n\t\t\t\t\t<div class=\"elementor-column elementor-col-100 elementor-top-column elementor-element elementor-element-26300d2\" data-id=\"26300d2\" data-element_type=\"column\" data-e-type=\"column\">\n\t\t\t<div class=\"elementor-widget-wrap elementor-element-populated\">\n\t\t\t\t\t\t<div class=\"elementor-element elementor-element-ac8c006 elementor-widget elementor-widget-spacer\" data-id=\"ac8c006\" data-element_type=\"widget\" data-e-type=\"widget\" data-widget_type=\"spacer.default\">\n\t\t\t\t<div class=\"elementor-widget-container\">\n\t\t\t\t\t\t\t<div class=\"elementor-spacer\">\n\t\t\t<div class=\"elementor-spacer-inner\"><\/div>\n\t\t<\/div>\n\t\t\t\t\t\t<\/div>\n\t\t\t\t<\/div>\n\t\t\t\t<div class=\"elementor-element elementor-element-3b73ea1 elementor-widget__width-initial elementor-widget elementor-widget-homey_elementor_section_title\" data-id=\"3b73ea1\" data-element_type=\"widget\" data-e-type=\"widget\" data-widget_type=\"homey_elementor_section_title.default\">\n\t\t\t\t<div class=\"elementor-widget-container\">\n\t\t\t\t\t            <div class=\"homey_section_title_wrap_elementor homey-module module-title section-title-module\">\n                                    <h2 class=\"homey_section_title\">FAQ sul noleggio di barche a Maiorca<\/h2>\n                \n                            <\/div>\n            \t\t\t\t<\/div>\n\t\t\t\t<\/div>\n\t\t\t\t<div class=\"elementor-element elementor-element-2e8b2c6 elementor-widget-divider--view-line elementor-widget elementor-widget-divider\" data-id=\"2e8b2c6\" data-element_type=\"widget\" data-e-type=\"widget\" data-widget_type=\"divider.default\">\n\t\t\t\t<div class=\"elementor-widget-container\">\n\t\t\t\t\t\t\t<div class=\"elementor-divider\">\n\t\t\t<span class=\"elementor-divider-separator\">\n\t\t\t\t\t\t<\/span>\n\t\t<\/div>\n\t\t\t\t\t\t<\/div>\n\t\t\t\t<\/div>\n\t\t\t\t<div class=\"elementor-element elementor-element-93f0f3d elementor-widget elementor-widget-n-accordion\" data-id=\"93f0f3d\" data-element_type=\"widget\" data-e-type=\"widget\" data-settings=\"{&quot;default_state&quot;:&quot;expanded&quot;,&quot;max_items_expended&quot;:&quot;one&quot;,&quot;n_accordion_animation_duration&quot;:{&quot;unit&quot;:&quot;ms&quot;,&quot;size&quot;:400,&quot;sizes&quot;:[]}}\" data-widget_type=\"nested-accordion.default\">\n\t\t\t\t<div class=\"elementor-widget-container\">\n\t\t\t\t\t\t\t<div class=\"e-n-accordion\" aria-label=\"Fisarmonica. Apri i link con Invio o Spazio, chiudi con Esc e naviga con i tasti freccia\">\n\t\t\t\t\t\t<details id=\"e-n-accordion-item-1550\" class=\"e-n-accordion-item\" open>\n\t\t\t\t<summary class=\"e-n-accordion-item-title\" data-accordion-index=\"1\" tabindex=\"0\" aria-expanded=\"true\" aria-controls=\"e-n-accordion-item-1550\" >\n\t\t\t\t\t<span class='e-n-accordion-item-title-header'><div class=\"e-n-accordion-item-title-text\"> Cosa succede se il giorno del noleggio il meteo \u00e8 brutto? <\/div><\/span>\n\t\t\t\t\t\t\t<span class='e-n-accordion-item-title-icon'>\n\t\t\t<span class='e-opened' ><svg aria-hidden=\"true\" class=\"e-font-icon-svg e-fas-minus\" viewbox=\"0 0 448 512\" xmlns=\"http:\/\/www.w3.org\/2000\/svg\"><path d=\"M416 208H32c-17.67 0-32 14.33-32 32v32c0 17.67 14.33 32 32 32h384c17.67 0 32-14.33 32-32v-32c0-17.67-14.33-32-32-32z\"><\/path><\/svg><\/span>\n\t\t\t<span class='e-closed'><svg aria-hidden=\"true\" class=\"e-font-icon-svg e-fas-plus\" viewbox=\"0 0 448 512\" xmlns=\"http:\/\/www.w3.org\/2000\/svg\"><path d=\"M416 208H272V64c0-17.67-14.33-32-32-32h-32c-17.67 0-32 14.33-32 32v144H32c-17.67 0-32 14.33-32 32v32c0 17.67 14.33 32 32 32h144v144c0 17.67 14.33 32 32 32h32c17.67 0 32-14.33 32-32V304h144c17.67 0 32-14.33 32-32v-32c0-17.67-14.33-32-32-32z\"><\/path><\/svg><\/span>\n\t\t<\/span>\n\n\t\t\t\t\t\t<\/summary>\n\t\t\t\t<div role=\"region\" aria-labelledby=\"e-n-accordion-item-1550\" class=\"elementor-element elementor-element-920c4ca e-con-full e-flex e-con e-child\" data-id=\"920c4ca\" data-element_type=\"container\" data-e-type=\"container\">\n\t\t\t\t<div class=\"elementor-element elementor-element-964ea52 elementor-widget elementor-widget-text-editor\" data-id=\"964ea52\" data-element_type=\"widget\" data-e-type=\"widget\" data-widget_type=\"text-editor.default\">\n\t\t\t\t<div class=\"elementor-widget-container\">\n\t\t\t\t\t\t\t\t\t<p>La sicurezza dei nostri ospiti \u00e8 la nostra priorit\u00e0 assoluta. Se il capitano o il nostro team dovessero ritenere che le condizioni meteo non siano adatte per uscire in mare (ad esempio, forti venti, tempeste, onde alte), offriremo:<\/p><ul><li>Riprogramma il noleggio per un altro giorno (soggetto a disponibilit\u00e0).<\/li><li>Rimborso completo se non \u00e8 possibile riprogrammare.<\/li><\/ul><p><strong>Importante:<\/strong> Il tempo nuvoloso o l&#039;assenza di sole non sono un motivo per annullare.<\/p><p>Se il noleggio viene annullato per circostanze al di fuori del tuo controllo (ad esempio un problema tecnico con la barca), riceverai comunque un rimborso completo.<\/p><p>Vi informeremo in anticipo in caso di cambiamenti di programma. Pertanto, vi consigliamo di non prenotare una barca durante l&#039;ultimo giorno di vacanza: in questo modo avrete la possibilit\u00e0 di riprogrammare l&#039;escursione, se necessario.<\/p>\t\t\t\t\t\t\t\t<\/div>\n\t\t\t\t<\/div>\n\t\t\t\t<\/div>\n\t\t\t\t\t<\/details>\n\t\t\t\t\t\t<details id=\"e-n-accordion-item-1551\" class=\"e-n-accordion-item\" >\n\t\t\t\t<summary class=\"e-n-accordion-item-title\" data-accordion-index=\"2\" tabindex=\"-1\" aria-expanded=\"false\" aria-controls=\"e-n-accordion-item-1551\" >\n\t\t\t\t\t<span class='e-n-accordion-item-title-header'><div class=\"e-n-accordion-item-title-text\"> Il percorso \u00e8 fisso o posso sceglierne uno io? <\/div><\/span>\n\t\t\t\t\t\t\t<span class='e-n-accordion-item-title-icon'>\n\t\t\t<span class='e-opened' ><svg aria-hidden=\"true\" class=\"e-font-icon-svg e-fas-minus\" viewbox=\"0 0 448 512\" xmlns=\"http:\/\/www.w3.org\/2000\/svg\"><path d=\"M416 208H32c-17.67 0-32 14.33-32 32v32c0 17.67 14.33 32 32 32h384c17.67 0 32-14.33 32-32v-32c0-17.67-14.33-32-32-32z\"><\/path><\/svg><\/span>\n\t\t\t<span class='e-closed'><svg aria-hidden=\"true\" class=\"e-font-icon-svg e-fas-plus\" viewbox=\"0 0 448 512\" xmlns=\"http:\/\/www.w3.org\/2000\/svg\"><path d=\"M416 208H272V64c0-17.67-14.33-32-32-32h-32c-17.67 0-32 14.33-32 32v144H32c-17.67 0-32 14.33-32 32v32c0 17.67 14.33 32 32 32h144v144c0 17.67 14.33 32 32 32h32c17.67 0 32-14.33 32-32V304h144c17.67 0 32-14.33 32-32v-32c0-17.67-14.33-32-32-32z\"><\/path><\/svg><\/span>\n\t\t<\/span>\n\n\t\t\t\t\t\t<\/summary>\n\t\t\t\t<div role=\"region\" aria-labelledby=\"e-n-accordion-item-1551\" class=\"elementor-element elementor-element-ad72795 e-con-full e-flex e-con e-child\" data-id=\"ad72795\" data-element_type=\"container\" data-e-type=\"container\">\n\t\t\t\t<div class=\"elementor-element elementor-element-606574b elementor-widget elementor-widget-text-editor\" data-id=\"606574b\" data-element_type=\"widget\" data-e-type=\"widget\" data-widget_type=\"text-editor.default\">\n\t\t\t\t<div class=\"elementor-widget-container\">\n\t\t\t\t\t\t\t\t\t<p>Puoi scegliere il tuo itinerario! Abbiamo diversi itinerari con bellissime calette e spiagge, ma l&#039;itinerario finale pu\u00f2 essere modificato in base ai tuoi desideri.<\/p><p>Se noleggi uno yacht con un capitano, ti aiuteranno a scegliere il percorso migliore in base a:<\/p><ul><li>Condizioni meteorologiche<\/li><li>Durata del noleggio<\/li><li>Sicurezza del percorso<\/li><\/ul><p>Se sei tu a guidare la barca, ti indicheremo le aree di navigazione sicure e potrai scegliere le tue destinazioni all&#039;interno dell&#039;area consentita.<\/p>\t\t\t\t\t\t\t\t<\/div>\n\t\t\t\t<\/div>\n\t\t\t\t<\/div>\n\t\t\t\t\t<\/details>\n\t\t\t\t\t\t<details id=\"e-n-accordion-item-1552\" class=\"e-n-accordion-item\" >\n\t\t\t\t<summary class=\"e-n-accordion-item-title\" data-accordion-index=\"3\" tabindex=\"-1\" aria-expanded=\"false\" aria-controls=\"e-n-accordion-item-1552\" >\n\t\t\t\t\t<span class='e-n-accordion-item-title-header'><div class=\"e-n-accordion-item-title-text\"> Quanto costa noleggiare una barca per un giorno a Maiorca? <\/div><\/span>\n\t\t\t\t\t\t\t<span class='e-n-accordion-item-title-icon'>\n\t\t\t<span class='e-opened' ><svg aria-hidden=\"true\" class=\"e-font-icon-svg e-fas-minus\" viewbox=\"0 0 448 512\" xmlns=\"http:\/\/www.w3.org\/2000\/svg\"><path d=\"M416 208H32c-17.67 0-32 14.33-32 32v32c0 17.67 14.33 32 32 32h384c17.67 0 32-14.33 32-32v-32c0-17.67-14.33-32-32-32z\"><\/path><\/svg><\/span>\n\t\t\t<span class='e-closed'><svg aria-hidden=\"true\" class=\"e-font-icon-svg e-fas-plus\" viewbox=\"0 0 448 512\" xmlns=\"http:\/\/www.w3.org\/2000\/svg\"><path d=\"M416 208H272V64c0-17.67-14.33-32-32-32h-32c-17.67 0-32 14.33-32 32v144H32c-17.67 0-32 14.33-32 32v32c0 17.67 14.33 32 32 32h144v144c0 17.67 14.33 32 32 32h32c17.67 0 32-14.33 32-32V304h144c17.67 0 32-14.33 32-32v-32c0-17.67-14.33-32-32-32z\"><\/path><\/svg><\/span>\n\t\t<\/span>\n\n\t\t\t\t\t\t<\/summary>\n\t\t\t\t<div role=\"region\" aria-labelledby=\"e-n-accordion-item-1552\" class=\"elementor-element elementor-element-03a9ff9 e-flex e-con-boxed e-con e-child\" data-id=\"03a9ff9\" data-element_type=\"container\" data-e-type=\"container\">\n\t\t\t\t\t<div class=\"e-con-inner\">\n\t\t\t\t<div class=\"elementor-element elementor-element-99c857f elementor-widget elementor-widget-text-editor\" data-id=\"99c857f\" data-element_type=\"widget\" data-e-type=\"widget\" data-widget_type=\"text-editor.default\">\n\t\t\t\t<div class=\"elementor-widget-container\">\n\t\t\t\t\t\t\t\t\t<p>Il costo del noleggio di una barca per un giorno intero (8 ore) a Maiorca dipende da:<\/p><ul><li>Tipo di imbarcazione (motoscafo, barca a vela, catamarano, yacht a motore)<\/li><li>Stagione (i prezzi sono pi\u00f9 alti in alta stagione)<\/li><li>Anno e dotazione della barca<\/li><\/ul><p>Il costo per il noleggio di una barca per l&#039;intera giornata \u00e8 di circa 1.200 \u20ac, ma i prezzi partono da 450 \u20ac e arrivano fino a 15.000 \u20ac per gli yacht di lusso.<\/p>\t\t\t\t\t\t\t\t<\/div>\n\t\t\t\t<\/div>\n\t\t\t\t\t<\/div>\n\t\t\t\t<\/div>\n\t\t\t\t\t<\/details>\n\t\t\t\t\t\t<details id=\"e-n-accordion-item-1553\" class=\"e-n-accordion-item\" >\n\t\t\t\t<summary class=\"e-n-accordion-item-title\" data-accordion-index=\"4\" tabindex=\"-1\" aria-expanded=\"false\" aria-controls=\"e-n-accordion-item-1553\" >\n\t\t\t\t\t<span class='e-n-accordion-item-title-header'><div class=\"e-n-accordion-item-title-text\"> Quali sono i porti pi\u00f9 popolari di Maiorca? <\/div><\/span>\n\t\t\t\t\t\t\t<span class='e-n-accordion-item-title-icon'>\n\t\t\t<span class='e-opened' ><svg aria-hidden=\"true\" class=\"e-font-icon-svg e-fas-minus\" viewbox=\"0 0 448 512\" xmlns=\"http:\/\/www.w3.org\/2000\/svg\"><path d=\"M416 208H32c-17.67 0-32 14.33-32 32v32c0 17.67 14.33 32 32 32h384c17.67 0 32-14.33 32-32v-32c0-17.67-14.33-32-32-32z\"><\/path><\/svg><\/span>\n\t\t\t<span class='e-closed'><svg aria-hidden=\"true\" class=\"e-font-icon-svg e-fas-plus\" viewbox=\"0 0 448 512\" xmlns=\"http:\/\/www.w3.org\/2000\/svg\"><path d=\"M416 208H272V64c0-17.67-14.33-32-32-32h-32c-17.67 0-32 14.33-32 32v144H32c-17.67 0-32 14.33-32 32v32c0 17.67 14.33 32 32 32h144v144c0 17.67 14.33 32 32 32h32c17.67 0 32-14.33 32-32V304h144c17.67 0 32-14.33 32-32v-32c0-17.67-14.33-32-32-32z\"><\/path><\/svg><\/span>\n\t\t<\/span>\n\n\t\t\t\t\t\t<\/summary>\n\t\t\t\t<div role=\"region\" aria-labelledby=\"e-n-accordion-item-1553\" class=\"elementor-element elementor-element-4de9c9a e-flex e-con-boxed e-con e-child\" data-id=\"4de9c9a\" data-element_type=\"container\" data-e-type=\"container\">\n\t\t\t\t\t<div class=\"e-con-inner\">\n\t\t\t\t<div class=\"elementor-element elementor-element-856ddaa elementor-widget elementor-widget-text-editor\" data-id=\"856ddaa\" data-element_type=\"widget\" data-e-type=\"widget\" data-widget_type=\"text-editor.default\">\n\t\t\t\t<div class=\"elementor-widget-container\">\n\t\t\t\t\t\t\t\t\t<p>Maiorca ha molti porti belli e ben attrezzati, ma alcuni dei pi\u00f9 popolari sono:<\/p><ul><li><strong>Porto Portals<\/strong> \u2013 Un porto turistico di lusso con ristoranti e boutique di lusso, uno dei preferiti dai proprietari di yacht.<\/li><li><strong>Porto Adriano<\/strong> \u2013 Un moderno porto turistico progettato da Philippe Starck, per grandi yacht.<\/li><li><strong>Real Club N\u00e1utico de Palma<\/strong> \u2013 Uno degli yacht club pi\u00f9 antichi ed esclusivi di Palma.<\/li><li><strong>Porto di Andratx<\/strong> \u2013 Un bellissimo porto turistico con ristoranti, perfetto per la navigazione costiera.<\/li><\/ul>\t\t\t\t\t\t\t\t<\/div>\n\t\t\t\t<\/div>\n\t\t\t\t\t<\/div>\n\t\t\t\t<\/div>\n\t\t\t\t\t<\/details>\n\t\t\t\t\t\t<details id=\"e-n-accordion-item-1554\" class=\"e-n-accordion-item\" >\n\t\t\t\t<summary class=\"e-n-accordion-item-title\" data-accordion-index=\"5\" tabindex=\"-1\" aria-expanded=\"false\" aria-controls=\"e-n-accordion-item-1554\" >\n\t\t\t\t\t<span class='e-n-accordion-item-title-header'><div class=\"e-n-accordion-item-title-text\"> Qual \u00e8 la politica di cancellazione? <\/div><\/span>\n\t\t\t\t\t\t\t<span class='e-n-accordion-item-title-icon'>\n\t\t\t<span class='e-opened' ><svg aria-hidden=\"true\" class=\"e-font-icon-svg e-fas-minus\" viewbox=\"0 0 448 512\" xmlns=\"http:\/\/www.w3.org\/2000\/svg\"><path d=\"M416 208H32c-17.67 0-32 14.33-32 32v32c0 17.67 14.33 32 32 32h384c17.67 0 32-14.33 32-32v-32c0-17.67-14.33-32-32-32z\"><\/path><\/svg><\/span>\n\t\t\t<span class='e-closed'><svg aria-hidden=\"true\" class=\"e-font-icon-svg e-fas-plus\" viewbox=\"0 0 448 512\" xmlns=\"http:\/\/www.w3.org\/2000\/svg\"><path d=\"M416 208H272V64c0-17.67-14.33-32-32-32h-32c-17.67 0-32 14.33-32 32v144H32c-17.67 0-32 14.33-32 32v32c0 17.67 14.33 32 32 32h144v144c0 17.67 14.33 32 32 32h32c17.67 0 32-14.33 32-32V304h144c17.67 0 32-14.33 32-32v-32c0-17.67-14.33-32-32-32z\"><\/path><\/svg><\/span>\n\t\t<\/span>\n\n\t\t\t\t\t\t<\/summary>\n\t\t\t\t<div role=\"region\" aria-labelledby=\"e-n-accordion-item-1554\" class=\"elementor-element elementor-element-1db3d5a e-con-full e-flex e-con e-child\" data-id=\"1db3d5a\" data-element_type=\"container\" data-e-type=\"container\">\n\t\t\t\t<div class=\"elementor-element elementor-element-7a2d2dc elementor-widget elementor-widget-text-editor\" data-id=\"7a2d2dc\" data-element_type=\"widget\" data-e-type=\"widget\" data-widget_type=\"text-editor.default\">\n\t\t\t\t<div class=\"elementor-widget-container\">\n\t\t\t\t\t\t\t\t\t<p>Le condizioni variano a seconda dell&#039;imbarcazione, pertanto si prega di verificarle al momento della prenotazione. Tuttavia, le condizioni standard sono:<\/p><ul><li>Oltre 30 giorni \u2013 Restituzione dell&#039;intero deposito.<\/li><li>15-30 giorni \u2013 Deposito 50% restituito o riprogrammazione.<\/li><li>Meno di 15 giorni \u2013 Deposito non rimborsabile.<\/li><\/ul><p><strong>Importante:<\/strong> Se il noleggio viene annullato per circostanze al di fuori del tuo controllo (ad esempio maltempo), potrebbe essere possibile un rimborso completo o una riprogrammazione.<\/p>\t\t\t\t\t\t\t\t<\/div>\n\t\t\t\t<\/div>\n\t\t\t\t<\/div>\n\t\t\t\t\t<\/details>\n\t\t\t\t\t\t<details id=\"e-n-accordion-item-1555\" class=\"e-n-accordion-item\" >\n\t\t\t\t<summary class=\"e-n-accordion-item-title\" data-accordion-index=\"6\" tabindex=\"-1\" aria-expanded=\"false\" aria-controls=\"e-n-accordion-item-1555\" >\n\t\t\t\t\t<span class='e-n-accordion-item-title-header'><div class=\"e-n-accordion-item-title-text\"> Perch\u00e9 noleggiare uno yacht a Maiorca? <\/div><\/span>\n\t\t\t\t\t\t\t<span class='e-n-accordion-item-title-icon'>\n\t\t\t<span class='e-opened' ><svg aria-hidden=\"true\" class=\"e-font-icon-svg e-fas-minus\" viewbox=\"0 0 448 512\" xmlns=\"http:\/\/www.w3.org\/2000\/svg\"><path d=\"M416 208H32c-17.67 0-32 14.33-32 32v32c0 17.67 14.33 32 32 32h384c17.67 0 32-14.33 32-32v-32c0-17.67-14.33-32-32-32z\"><\/path><\/svg><\/span>\n\t\t\t<span class='e-closed'><svg aria-hidden=\"true\" class=\"e-font-icon-svg e-fas-plus\" viewbox=\"0 0 448 512\" xmlns=\"http:\/\/www.w3.org\/2000\/svg\"><path d=\"M416 208H272V64c0-17.67-14.33-32-32-32h-32c-17.67 0-32 14.33-32 32v144H32c-17.67 0-32 14.33-32 32v32c0 17.67 14.33 32 32 32h144v144c0 17.67 14.33 32 32 32h32c17.67 0 32-14.33 32-32V304h144c17.67 0 32-14.33 32-32v-32c0-17.67-14.33-32-32-32z\"><\/path><\/svg><\/span>\n\t\t<\/span>\n\n\t\t\t\t\t\t<\/summary>\n\t\t\t\t<div role=\"region\" aria-labelledby=\"e-n-accordion-item-1555\" class=\"elementor-element elementor-element-98ff0df e-flex e-con-boxed e-con e-child\" data-id=\"98ff0df\" data-element_type=\"container\" data-e-type=\"container\">\n\t\t\t\t\t<div class=\"e-con-inner\">\n\t\t\t\t<div class=\"elementor-element elementor-element-739e452 elementor-widget elementor-widget-text-editor\" data-id=\"739e452\" data-element_type=\"widget\" data-e-type=\"widget\" data-widget_type=\"text-editor.default\">\n\t\t\t\t<div class=\"elementor-widget-container\">\n\t\t\t\t\t\t\t\t\t<p>Maiorca \u00e8 uno dei posti migliori al mondo per un&#039;avventura in mare!<\/p><p>Noleggiare uno yacht ti d\u00e0 la libert\u00e0 di vedere l&#039;isola in modo diverso. Puoi:<\/p><ul><li>Esplora calette e spiagge nascoste, irraggiungibili dalla riva.<\/li><li>Allontanatevi dalla folla e godetevi la natura in pace e tranquillit\u00e0.<\/li><li>Fermatevi nei posti migliori per nuotare e fare snorkeling nelle acque turchesi.<\/li><li>Trascorri una giornata con la famiglia, gli amici o la persona amata.<\/li><\/ul>\t\t\t\t\t\t\t\t<\/div>\n\t\t\t\t<\/div>\n\t\t\t\t\t<\/div>\n\t\t\t\t<\/div>\n\t\t\t\t\t<\/details>\n\t\t\t\t\t\t<details id=\"e-n-accordion-item-1556\" class=\"e-n-accordion-item\" >\n\t\t\t\t<summary class=\"e-n-accordion-item-title\" data-accordion-index=\"7\" tabindex=\"-1\" aria-expanded=\"false\" aria-controls=\"e-n-accordion-item-1556\" >\n\t\t\t\t\t<span class='e-n-accordion-item-title-header'><div class=\"e-n-accordion-item-title-text\"> Qual \u00e8 il periodo minimo di noleggio a Maiorca? <\/div><\/span>\n\t\t\t\t\t\t\t<span class='e-n-accordion-item-title-icon'>\n\t\t\t<span class='e-opened' ><svg aria-hidden=\"true\" class=\"e-font-icon-svg e-fas-minus\" viewbox=\"0 0 448 512\" xmlns=\"http:\/\/www.w3.org\/2000\/svg\"><path d=\"M416 208H32c-17.67 0-32 14.33-32 32v32c0 17.67 14.33 32 32 32h384c17.67 0 32-14.33 32-32v-32c0-17.67-14.33-32-32-32z\"><\/path><\/svg><\/span>\n\t\t\t<span class='e-closed'><svg aria-hidden=\"true\" class=\"e-font-icon-svg e-fas-plus\" viewbox=\"0 0 448 512\" xmlns=\"http:\/\/www.w3.org\/2000\/svg\"><path d=\"M416 208H272V64c0-17.67-14.33-32-32-32h-32c-17.67 0-32 14.33-32 32v144H32c-17.67 0-32 14.33-32 32v32c0 17.67 14.33 32 32 32h144v144c0 17.67 14.33 32 32 32h32c17.67 0 32-14.33 32-32V304h144c17.67 0 32-14.33 32-32v-32c0-17.67-14.33-32-32-32z\"><\/path><\/svg><\/span>\n\t\t<\/span>\n\n\t\t\t\t\t\t<\/summary>\n\t\t\t\t<div role=\"region\" aria-labelledby=\"e-n-accordion-item-1556\" class=\"elementor-element elementor-element-0e0f3bc e-flex e-con-boxed e-con e-child\" data-id=\"0e0f3bc\" data-element_type=\"container\" data-e-type=\"container\">\n\t\t\t\t\t<div class=\"e-con-inner\">\n\t\t\t\t<div class=\"elementor-element elementor-element-ca5a7d6 elementor-widget elementor-widget-text-editor\" data-id=\"ca5a7d6\" data-element_type=\"widget\" data-e-type=\"widget\" data-widget_type=\"text-editor.default\">\n\t\t\t\t<div class=\"elementor-widget-container\">\n\t\t\t\t\t\t\t\t\t<p>Il tempo minimo di noleggio varia a seconda dell&#039;imbarcazione.<\/p><ul><li>Alcune imbarcazioni sono disponibili per 2 ore, perfette per una crociera al tramonto.<\/li><li>Per le gite diurne il noleggio minimo \u00e8 di mezza giornata o di una giornata intera, a seconda della barca.<\/li><\/ul>\t\t\t\t\t\t\t\t<\/div>\n\t\t\t\t<\/div>\n\t\t\t\t\t<\/div>\n\t\t\t\t<\/div>\n\t\t\t\t\t<\/details>\n\t\t\t\t\t\t<details id=\"e-n-accordion-item-1557\" class=\"e-n-accordion-item\" >\n\t\t\t\t<summary class=\"e-n-accordion-item-title\" data-accordion-index=\"8\" tabindex=\"-1\" aria-expanded=\"false\" aria-controls=\"e-n-accordion-item-1557\" >\n\t\t\t\t\t<span class='e-n-accordion-item-title-header'><div class=\"e-n-accordion-item-title-text\"> Cosa \u00e8 incluso nel prezzo del noleggio di una barca a Maiorca? <\/div><\/span>\n\t\t\t\t\t\t\t<span class='e-n-accordion-item-title-icon'>\n\t\t\t<span class='e-opened' ><svg aria-hidden=\"true\" class=\"e-font-icon-svg e-fas-minus\" viewbox=\"0 0 448 512\" xmlns=\"http:\/\/www.w3.org\/2000\/svg\"><path d=\"M416 208H32c-17.67 0-32 14.33-32 32v32c0 17.67 14.33 32 32 32h384c17.67 0 32-14.33 32-32v-32c0-17.67-14.33-32-32-32z\"><\/path><\/svg><\/span>\n\t\t\t<span class='e-closed'><svg aria-hidden=\"true\" class=\"e-font-icon-svg e-fas-plus\" viewbox=\"0 0 448 512\" xmlns=\"http:\/\/www.w3.org\/2000\/svg\"><path d=\"M416 208H272V64c0-17.67-14.33-32-32-32h-32c-17.67 0-32 14.33-32 32v144H32c-17.67 0-32 14.33-32 32v32c0 17.67 14.33 32 32 32h144v144c0 17.67 14.33 32 32 32h32c17.67 0 32-14.33 32-32V304h144c17.67 0 32-14.33 32-32v-32c0-17.67-14.33-32-32-32z\"><\/path><\/svg><\/span>\n\t\t<\/span>\n\n\t\t\t\t\t\t<\/summary>\n\t\t\t\t<div role=\"region\" aria-labelledby=\"e-n-accordion-item-1557\" class=\"elementor-element elementor-element-1eda7fb e-flex e-con-boxed e-con e-child\" data-id=\"1eda7fb\" data-element_type=\"container\" data-e-type=\"container\">\n\t\t\t\t\t<div class=\"e-con-inner\">\n\t\t\t\t<div class=\"elementor-element elementor-element-e247e66 elementor-widget elementor-widget-text-editor\" data-id=\"e247e66\" data-element_type=\"widget\" data-e-type=\"widget\" data-widget_type=\"text-editor.default\">\n\t\t\t\t<div class=\"elementor-widget-container\">\n\t\t\t\t\t\t\t\t\t<p>Ci\u00f2 che \u00e8 incluso dipende dalla barca, ma solitamente:<\/p><ul><li>Barca<\/li><li>Capitano (se noleggiato con equipaggio, anche se alcune barche sono a scafo nudo)<\/li><li>Carburante \u2013 Solitamente incluso ma:<br \/>\u00a0 \u00a0 \u00a0\u2013 Per le imbarcazioni che non necessitano di patente, il carburante \u00e8 extra.<br \/>\u00a0 \u00a0 \u00a0\u2013 Per alcuni yacht a motore il carburante non \u00e8 incluso.<\/li><li>Attrezzatura per sport acquatici (se disponibile, attrezzatura per lo snorkeling, tavole SUP, ecc.)<\/li><\/ul><p>A seconda della barca, cibo e bevande potrebbero essere inclusi o extra.<\/p>\t\t\t\t\t\t\t\t<\/div>\n\t\t\t\t<\/div>\n\t\t\t\t\t<\/div>\n\t\t\t\t<\/div>\n\t\t\t\t\t<\/details>\n\t\t\t\t\t\t<details id=\"e-n-accordion-item-1558\" class=\"e-n-accordion-item\" >\n\t\t\t\t<summary class=\"e-n-accordion-item-title\" data-accordion-index=\"9\" tabindex=\"-1\" aria-expanded=\"false\" aria-controls=\"e-n-accordion-item-1558\" >\n\t\t\t\t\t<span class='e-n-accordion-item-title-header'><div class=\"e-n-accordion-item-title-text\"> Come posso pagare il noleggio di uno yacht a Maiorca? <\/div><\/span>\n\t\t\t\t\t\t\t<span class='e-n-accordion-item-title-icon'>\n\t\t\t<span class='e-opened' ><svg aria-hidden=\"true\" class=\"e-font-icon-svg e-fas-minus\" viewbox=\"0 0 448 512\" xmlns=\"http:\/\/www.w3.org\/2000\/svg\"><path d=\"M416 208H32c-17.67 0-32 14.33-32 32v32c0 17.67 14.33 32 32 32h384c17.67 0 32-14.33 32-32v-32c0-17.67-14.33-32-32-32z\"><\/path><\/svg><\/span>\n\t\t\t<span class='e-closed'><svg aria-hidden=\"true\" class=\"e-font-icon-svg e-fas-plus\" viewbox=\"0 0 448 512\" xmlns=\"http:\/\/www.w3.org\/2000\/svg\"><path d=\"M416 208H272V64c0-17.67-14.33-32-32-32h-32c-17.67 0-32 14.33-32 32v144H32c-17.67 0-32 14.33-32 32v32c0 17.67 14.33 32 32 32h144v144c0 17.67 14.33 32 32 32h32c17.67 0 32-14.33 32-32V304h144c17.67 0 32-14.33 32-32v-32c0-17.67-14.33-32-32-32z\"><\/path><\/svg><\/span>\n\t\t<\/span>\n\n\t\t\t\t\t\t<\/summary>\n\t\t\t\t<div role=\"region\" aria-labelledby=\"e-n-accordion-item-1558\" class=\"elementor-element elementor-element-9047521 e-flex e-con-boxed e-con e-child\" data-id=\"9047521\" data-element_type=\"container\" data-e-type=\"container\">\n\t\t\t\t\t<div class=\"e-con-inner\">\n\t\t\t\t<div class=\"elementor-element elementor-element-af597e9 elementor-widget elementor-widget-text-editor\" data-id=\"af597e9\" data-element_type=\"widget\" data-e-type=\"widget\" data-widget_type=\"text-editor.default\">\n\t\t\t\t<div class=\"elementor-widget-container\">\n\t\t\t\t\t\t\t\t\t<p>Puoi pagare con:<\/p><p>In linea:<\/p><ul><li>Bonifico bancario<\/li><li>Bizum<\/li><li>Carta di credito<\/li><li>PayPal, Redsys, Stripe<\/li><\/ul><p>Contanti:<\/p><ul><li>Solo per il saldo a bordo.<\/li><\/ul>\t\t\t\t\t\t\t\t<\/div>\n\t\t\t\t<\/div>\n\t\t\t\t\t<\/div>\n\t\t\t\t<\/div>\n\t\t\t\t\t<\/details>\n\t\t\t\t\t\t<details id=\"e-n-accordion-item-1559\" class=\"e-n-accordion-item\" >\n\t\t\t\t<summary class=\"e-n-accordion-item-title\" data-accordion-index=\"10\" tabindex=\"-1\" aria-expanded=\"false\" aria-controls=\"e-n-accordion-item-1559\" >\n\t\t\t\t\t<span class='e-n-accordion-item-title-header'><div class=\"e-n-accordion-item-title-text\"> Per quanto tempo posso noleggiare una barca a Maiorca? <\/div><\/span>\n\t\t\t\t\t\t\t<span class='e-n-accordion-item-title-icon'>\n\t\t\t<span class='e-opened' ><svg aria-hidden=\"true\" class=\"e-font-icon-svg e-fas-minus\" viewbox=\"0 0 448 512\" xmlns=\"http:\/\/www.w3.org\/2000\/svg\"><path d=\"M416 208H32c-17.67 0-32 14.33-32 32v32c0 17.67 14.33 32 32 32h384c17.67 0 32-14.33 32-32v-32c0-17.67-14.33-32-32-32z\"><\/path><\/svg><\/span>\n\t\t\t<span class='e-closed'><svg aria-hidden=\"true\" class=\"e-font-icon-svg e-fas-plus\" viewbox=\"0 0 448 512\" xmlns=\"http:\/\/www.w3.org\/2000\/svg\"><path d=\"M416 208H272V64c0-17.67-14.33-32-32-32h-32c-17.67 0-32 14.33-32 32v144H32c-17.67 0-32 14.33-32 32v32c0 17.67 14.33 32 32 32h144v144c0 17.67 14.33 32 32 32h32c17.67 0 32-14.33 32-32V304h144c17.67 0 32-14.33 32-32v-32c0-17.67-14.33-32-32-32z\"><\/path><\/svg><\/span>\n\t\t<\/span>\n\n\t\t\t\t\t\t<\/summary>\n\t\t\t\t<div role=\"region\" aria-labelledby=\"e-n-accordion-item-1559\" class=\"elementor-element elementor-element-3820ebc e-flex e-con-boxed e-con e-child\" data-id=\"3820ebc\" data-element_type=\"container\" data-e-type=\"container\">\n\t\t\t\t\t<div class=\"e-con-inner\">\n\t\t\t\t<div class=\"elementor-element elementor-element-c8265cd elementor-widget elementor-widget-text-editor\" data-id=\"c8265cd\" data-element_type=\"widget\" data-e-type=\"widget\" data-widget_type=\"text-editor.default\">\n\t\t\t\t<div class=\"elementor-widget-container\">\n\t\t\t\t\t\t\t\t\t<p>Abbiamo diverse opzioni:<\/p><ul><li><strong>2 ore<\/strong> \u2013 Per una romantica crociera al tramonto<\/li><li><strong>Mezza giornata<\/strong> \u2013 Per una breve gita in mare<\/li><li><strong>Giornata intera<\/strong> \u2013 Un\u2019intera giornata in acqua alla scoperta di calette nascoste<\/li><\/ul><p><strong>Pi\u00f9 giorni<\/strong> O <strong>settimanale<\/strong> noleggio disponibile su richiesta: per una vera esperienza di navigazione!<\/p>\t\t\t\t\t\t\t\t<\/div>\n\t\t\t\t<\/div>\n\t\t\t\t\t<\/div>\n\t\t\t\t<\/div>\n\t\t\t\t\t<\/details>\n\t\t\t\t\t\t<details id=\"e-n-accordion-item-15510\" class=\"e-n-accordion-item\" >\n\t\t\t\t<summary class=\"e-n-accordion-item-title\" data-accordion-index=\"11\" tabindex=\"-1\" aria-expanded=\"false\" aria-controls=\"e-n-accordion-item-15510\" >\n\t\t\t\t\t<span class='e-n-accordion-item-title-header'><div class=\"e-n-accordion-item-title-text\"> Posso noleggiare una barca a Maiorca per eventi privati o aziendali? <\/div><\/span>\n\t\t\t\t\t\t\t<span class='e-n-accordion-item-title-icon'>\n\t\t\t<span class='e-opened' ><svg aria-hidden=\"true\" class=\"e-font-icon-svg e-fas-minus\" viewbox=\"0 0 448 512\" xmlns=\"http:\/\/www.w3.org\/2000\/svg\"><path d=\"M416 208H32c-17.67 0-32 14.33-32 32v32c0 17.67 14.33 32 32 32h384c17.67 0 32-14.33 32-32v-32c0-17.67-14.33-32-32-32z\"><\/path><\/svg><\/span>\n\t\t\t<span class='e-closed'><svg aria-hidden=\"true\" class=\"e-font-icon-svg e-fas-plus\" viewbox=\"0 0 448 512\" xmlns=\"http:\/\/www.w3.org\/2000\/svg\"><path d=\"M416 208H272V64c0-17.67-14.33-32-32-32h-32c-17.67 0-32 14.33-32 32v144H32c-17.67 0-32 14.33-32 32v32c0 17.67 14.33 32 32 32h144v144c0 17.67 14.33 32 32 32h32c17.67 0 32-14.33 32-32V304h144c17.67 0 32-14.33 32-32v-32c0-17.67-14.33-32-32-32z\"><\/path><\/svg><\/span>\n\t\t<\/span>\n\n\t\t\t\t\t\t<\/summary>\n\t\t\t\t<div role=\"region\" aria-labelledby=\"e-n-accordion-item-15510\" class=\"elementor-element elementor-element-4dbaaad e-flex e-con-boxed e-con e-child\" data-id=\"4dbaaad\" data-element_type=\"container\" data-e-type=\"container\">\n\t\t\t\t\t<div class=\"e-con-inner\">\n\t\t\t\t<div class=\"elementor-element elementor-element-2fd4498 elementor-widget elementor-widget-text-editor\" data-id=\"2fd4498\" data-element_type=\"widget\" data-e-type=\"widget\" data-widget_type=\"text-editor.default\">\n\t\t\t\t<div class=\"elementor-widget-container\">\n\t\t\t\t\t\t\t\t\t<p>S\u00ec! Organizziamo eventi privati e aziendali a bordo.<\/p><p>Eventi:<\/p><ul><li>Compleanni<\/li><li>Anniversari, crociere romantiche, proposte<\/li><li>Addio al celibato e al nubilato<\/li><li>Cerimonie nuziali<\/li><li>Eventi aziendali<\/li><li>Ritiri yoga, feste a tema e altro ancora<\/li><\/ul><p>Possiamo personalizzare per te:<\/p><ul><li>Ristorazione e bevande<\/li><li>Decorazioni e styling dell&#039;evento<\/li><li>Musica dal vivo o DJ<\/li><li>Fotografo e altri servizi<\/li><\/ul>\t\t\t\t\t\t\t\t<\/div>\n\t\t\t\t<\/div>\n\t\t\t\t\t<\/div>\n\t\t\t\t<\/div>\n\t\t\t\t\t<\/details>\n\t\t\t\t\t\t<details id=\"e-n-accordion-item-15511\" class=\"e-n-accordion-item\" >\n\t\t\t\t<summary class=\"e-n-accordion-item-title\" data-accordion-index=\"12\" tabindex=\"-1\" aria-expanded=\"false\" aria-controls=\"e-n-accordion-item-15511\" >\n\t\t\t\t\t<span class='e-n-accordion-item-title-header'><div class=\"e-n-accordion-item-title-text\"> Come funziona il noleggio di uno yacht a Maiorca? <\/div><\/span>\n\t\t\t\t\t\t\t<span class='e-n-accordion-item-title-icon'>\n\t\t\t<span class='e-opened' ><svg aria-hidden=\"true\" class=\"e-font-icon-svg e-fas-minus\" viewbox=\"0 0 448 512\" xmlns=\"http:\/\/www.w3.org\/2000\/svg\"><path d=\"M416 208H32c-17.67 0-32 14.33-32 32v32c0 17.67 14.33 32 32 32h384c17.67 0 32-14.33 32-32v-32c0-17.67-14.33-32-32-32z\"><\/path><\/svg><\/span>\n\t\t\t<span class='e-closed'><svg aria-hidden=\"true\" class=\"e-font-icon-svg e-fas-plus\" viewbox=\"0 0 448 512\" xmlns=\"http:\/\/www.w3.org\/2000\/svg\"><path d=\"M416 208H272V64c0-17.67-14.33-32-32-32h-32c-17.67 0-32 14.33-32 32v144H32c-17.67 0-32 14.33-32 32v32c0 17.67 14.33 32 32 32h144v144c0 17.67 14.33 32 32 32h32c17.67 0 32-14.33 32-32V304h144c17.67 0 32-14.33 32-32v-32c0-17.67-14.33-32-32-32z\"><\/path><\/svg><\/span>\n\t\t<\/span>\n\n\t\t\t\t\t\t<\/summary>\n\t\t\t\t<div role=\"region\" aria-labelledby=\"e-n-accordion-item-15511\" class=\"elementor-element elementor-element-5902542 e-flex e-con-boxed e-con e-child\" data-id=\"5902542\" data-element_type=\"container\" data-e-type=\"container\">\n\t\t\t\t\t<div class=\"e-con-inner\">\n\t\t\t\t<div class=\"elementor-element elementor-element-1414d62 elementor-widget elementor-widget-text-editor\" data-id=\"1414d62\" data-element_type=\"widget\" data-e-type=\"widget\" data-widget_type=\"text-editor.default\">\n\t\t\t\t<div class=\"elementor-widget-container\">\n\t\t\t\t\t\t\t\t\t<p>Noleggiare uno yacht \u00e8 facile!<\/p><ol><li><strong>Contattaci<\/strong> \u2013 telefono, WhatsApp o e-mail e ti aiuteremo a trovare quello giusto.<\/li><li><strong>Discutere i dettagli<\/strong> \u2013 esamineremo le tue preferenze, ti suggeriremo barche e risponderemo a qualsiasi domanda.<\/li><li><strong>Conferma della prenotazione<\/strong> \u2013 Una volta scelta la barca ti invieremo i dettagli per il pagamento del deposito (20-50% del prezzo del noleggio a seconda della barca).<\/li><li><strong>Incontro nel luogo designato<\/strong> \u2013 Compilerai i documenti, conoscerai la barca e riceverai il briefing.<\/li><li><strong>Salpate!<\/strong> \u2013 Se noleggi con un capitano, lui si prender\u00e0 cura di te e della tua sicurezza. Se noleggi senza capitano, riceverai tutte le istruzioni necessarie.<\/li><li><strong>Paga il saldo<\/strong> \u2013 Il giorno del noleggio presso la sede.<\/li><\/ol><p>Prenotate in anticipo, soprattutto in alta stagione!<\/p>\t\t\t\t\t\t\t\t<\/div>\n\t\t\t\t<\/div>\n\t\t\t\t\t<\/div>\n\t\t\t\t<\/div>\n\t\t\t\t\t<\/details>\n\t\t\t\t\t\t<details id=\"e-n-accordion-item-15512\" class=\"e-n-accordion-item\" >\n\t\t\t\t<summary class=\"e-n-accordion-item-title\" data-accordion-index=\"13\" tabindex=\"-1\" aria-expanded=\"false\" aria-controls=\"e-n-accordion-item-15512\" >\n\t\t\t\t\t<span class='e-n-accordion-item-title-header'><div class=\"e-n-accordion-item-title-text\"> Qual \u00e8 il momento migliore per noleggiare una barca a Maiorca? <\/div><\/span>\n\t\t\t\t\t\t\t<span class='e-n-accordion-item-title-icon'>\n\t\t\t<span class='e-opened' ><svg aria-hidden=\"true\" class=\"e-font-icon-svg e-fas-minus\" viewbox=\"0 0 448 512\" xmlns=\"http:\/\/www.w3.org\/2000\/svg\"><path d=\"M416 208H32c-17.67 0-32 14.33-32 32v32c0 17.67 14.33 32 32 32h384c17.67 0 32-14.33 32-32v-32c0-17.67-14.33-32-32-32z\"><\/path><\/svg><\/span>\n\t\t\t<span class='e-closed'><svg aria-hidden=\"true\" class=\"e-font-icon-svg e-fas-plus\" viewbox=\"0 0 448 512\" xmlns=\"http:\/\/www.w3.org\/2000\/svg\"><path d=\"M416 208H272V64c0-17.67-14.33-32-32-32h-32c-17.67 0-32 14.33-32 32v144H32c-17.67 0-32 14.33-32 32v32c0 17.67 14.33 32 32 32h144v144c0 17.67 14.33 32 32 32h32c17.67 0 32-14.33 32-32V304h144c17.67 0 32-14.33 32-32v-32c0-17.67-14.33-32-32-32z\"><\/path><\/svg><\/span>\n\t\t<\/span>\n\n\t\t\t\t\t\t<\/summary>\n\t\t\t\t<div role=\"region\" aria-labelledby=\"e-n-accordion-item-15512\" class=\"elementor-element elementor-element-0550314 e-flex e-con-boxed e-con e-child\" data-id=\"0550314\" data-element_type=\"container\" data-e-type=\"container\">\n\t\t\t\t\t<div class=\"e-con-inner\">\n\t\t\t\t<div class=\"elementor-element elementor-element-89138f4 elementor-widget elementor-widget-text-editor\" data-id=\"89138f4\" data-element_type=\"widget\" data-e-type=\"widget\" data-widget_type=\"text-editor.default\">\n\t\t\t\t<div class=\"elementor-widget-container\">\n\t\t\t\t\t\t\t\t\t<p>Maiorca \u00e8 il posto ideale per noleggiare barche dalla primavera all&#039;autunno!<\/p><p>I periodi migliori per una gita in mare:<\/p><ul><li>Maggio \u2013 Settembre \u2013 Mare caldo, sole e condizioni perfette per stare in acqua.<\/li><li>Primavera e autunno: temperature miti, meno turisti e mare calmo. Perfette per crociere tranquille ed esplorazione di calette nascoste.<\/li><\/ul><p>Quando affittare?<\/p><ul><li>Estate \u2013 Per gite attive, nuoto e feste in barca.<\/li><li>Primavera e autunno \u2013 Per chi preferisce la tranquillit\u00e0, le temperature piacevoli e i percorsi appartati.<\/li><\/ul>\t\t\t\t\t\t\t\t<\/div>\n\t\t\t\t<\/div>\n\t\t\t\t\t<\/div>\n\t\t\t\t<\/div>\n\t\t\t\t\t<\/details>\n\t\t\t\t\t\t<details id=\"e-n-accordion-item-15513\" class=\"e-n-accordion-item\" >\n\t\t\t\t<summary class=\"e-n-accordion-item-title\" data-accordion-index=\"14\" tabindex=\"-1\" aria-expanded=\"false\" aria-controls=\"e-n-accordion-item-15513\" >\n\t\t\t\t\t<span class='e-n-accordion-item-title-header'><div class=\"e-n-accordion-item-title-text\"> Quante persone possono salire a bordo? Bambini e neonati sono considerati? <\/div><\/span>\n\t\t\t\t\t\t\t<span class='e-n-accordion-item-title-icon'>\n\t\t\t<span class='e-opened' ><svg aria-hidden=\"true\" class=\"e-font-icon-svg e-fas-minus\" viewbox=\"0 0 448 512\" xmlns=\"http:\/\/www.w3.org\/2000\/svg\"><path d=\"M416 208H32c-17.67 0-32 14.33-32 32v32c0 17.67 14.33 32 32 32h384c17.67 0 32-14.33 32-32v-32c0-17.67-14.33-32-32-32z\"><\/path><\/svg><\/span>\n\t\t\t<span class='e-closed'><svg aria-hidden=\"true\" class=\"e-font-icon-svg e-fas-plus\" viewbox=\"0 0 448 512\" xmlns=\"http:\/\/www.w3.org\/2000\/svg\"><path d=\"M416 208H272V64c0-17.67-14.33-32-32-32h-32c-17.67 0-32 14.33-32 32v144H32c-17.67 0-32 14.33-32 32v32c0 17.67 14.33 32 32 32h144v144c0 17.67 14.33 32 32 32h32c17.67 0 32-14.33 32-32V304h144c17.67 0 32-14.33 32-32v-32c0-17.67-14.33-32-32-32z\"><\/path><\/svg><\/span>\n\t\t<\/span>\n\n\t\t\t\t\t\t<\/summary>\n\t\t\t\t<div role=\"region\" aria-labelledby=\"e-n-accordion-item-15513\" class=\"elementor-element elementor-element-bbf73d3 e-flex e-con-boxed e-con e-child\" data-id=\"bbf73d3\" data-element_type=\"container\" data-e-type=\"container\">\n\t\t\t\t\t<div class=\"e-con-inner\">\n\t\t\t\t<div class=\"elementor-element elementor-element-f38928b elementor-widget elementor-widget-text-editor\" data-id=\"f38928b\" data-element_type=\"widget\" data-e-type=\"widget\" data-widget_type=\"text-editor.default\">\n\t\t\t\t<div class=\"elementor-widget-container\">\n\t\t\t\t\t\t\t\t\t<p>La capacit\u00e0 varia a seconda dell&#039;imbarcazione.<\/p><p>La maggior parte delle imbarcazioni pu\u00f2 ospitare fino a 12 ospiti + equipaggio, ma per grandi eventi disponiamo di imbarcazioni che possono ospitare fino a 150 persone.<\/p><p>S\u00ec, i bambini e i neonati vengono conteggiati come passeggeri e sono inclusi nella capacit\u00e0 totale.<\/p><p>Importante: il numero massimo di passeggeri \u00e8 determinato dalle norme di sicurezza dell&#039;imbarcazione e non pu\u00f2 essere superato.<\/p>\t\t\t\t\t\t\t\t<\/div>\n\t\t\t\t<\/div>\n\t\t\t\t\t<\/div>\n\t\t\t\t<\/div>\n\t\t\t\t\t<\/details>\n\t\t\t\t\t\t<details id=\"e-n-accordion-item-15514\" class=\"e-n-accordion-item\" >\n\t\t\t\t<summary class=\"e-n-accordion-item-title\" data-accordion-index=\"15\" tabindex=\"-1\" aria-expanded=\"false\" aria-controls=\"e-n-accordion-item-15514\" >\n\t\t\t\t\t<span class='e-n-accordion-item-title-header'><div class=\"e-n-accordion-item-title-text\"> Ho bisogno di una patente per noleggiare una barca a Maiorca? <\/div><\/span>\n\t\t\t\t\t\t\t<span class='e-n-accordion-item-title-icon'>\n\t\t\t<span class='e-opened' ><svg aria-hidden=\"true\" class=\"e-font-icon-svg e-fas-minus\" viewbox=\"0 0 448 512\" xmlns=\"http:\/\/www.w3.org\/2000\/svg\"><path d=\"M416 208H32c-17.67 0-32 14.33-32 32v32c0 17.67 14.33 32 32 32h384c17.67 0 32-14.33 32-32v-32c0-17.67-14.33-32-32-32z\"><\/path><\/svg><\/span>\n\t\t\t<span class='e-closed'><svg aria-hidden=\"true\" class=\"e-font-icon-svg e-fas-plus\" viewbox=\"0 0 448 512\" xmlns=\"http:\/\/www.w3.org\/2000\/svg\"><path d=\"M416 208H272V64c0-17.67-14.33-32-32-32h-32c-17.67 0-32 14.33-32 32v144H32c-17.67 0-32 14.33-32 32v32c0 17.67 14.33 32 32 32h144v144c0 17.67 14.33 32 32 32h32c17.67 0 32-14.33 32-32V304h144c17.67 0 32-14.33 32-32v-32c0-17.67-14.33-32-32-32z\"><\/path><\/svg><\/span>\n\t\t<\/span>\n\n\t\t\t\t\t\t<\/summary>\n\t\t\t\t<div role=\"region\" aria-labelledby=\"e-n-accordion-item-15514\" class=\"elementor-element elementor-element-a2f1cb7 e-flex e-con-boxed e-con e-child\" data-id=\"a2f1cb7\" data-element_type=\"container\" data-e-type=\"container\">\n\t\t\t\t\t<div class=\"e-con-inner\">\n\t\t\t\t<div class=\"elementor-element elementor-element-3e83da1 elementor-widget elementor-widget-text-editor\" data-id=\"3e83da1\" data-element_type=\"widget\" data-e-type=\"widget\" data-widget_type=\"text-editor.default\">\n\t\t\t\t<div class=\"elementor-widget-container\">\n\t\t\t\t\t\t\t\t\t<p>Dipende dalla barca e se vuoi guidarla tu stesso.<\/p><p>Non \u00e8 richiesta alcuna licenza se:<\/p><ul><li>Noleggia una barca con uno skipper: lui navigher\u00e0 mentre tu ti rilassi e ti diverti.<\/li><li>Si pu\u00f2 scegliere un&#039;imbarcazione senza patente, lunga fino a 5 metri e con un motore fino a 15 CV.<\/li><\/ul><p>La licenza \u00e8 richiesta se:<\/p><ul><li>Vuoi guidare una barca che superi questi limiti (oltre 5 metri e oltre 15 CV).<\/li><\/ul><p>Se non hai la patente ma vuoi guidare una barca, possiamo suggerirti delle opzioni!<\/p>\t\t\t\t\t\t\t\t<\/div>\n\t\t\t\t<\/div>\n\t\t\t\t\t<\/div>\n\t\t\t\t<\/div>\n\t\t\t\t\t<\/details>\n\t\t\t\t\t\t<details id=\"e-n-accordion-item-15515\" class=\"e-n-accordion-item\" >\n\t\t\t\t<summary class=\"e-n-accordion-item-title\" data-accordion-index=\"16\" tabindex=\"-1\" aria-expanded=\"false\" aria-controls=\"e-n-accordion-item-15515\" >\n\t\t\t\t\t<span class='e-n-accordion-item-title-header'><div class=\"e-n-accordion-item-title-text\"> Con quanto anticipo dovrei prenotare una barca a Maiorca? <\/div><\/span>\n\t\t\t\t\t\t\t<span class='e-n-accordion-item-title-icon'>\n\t\t\t<span class='e-opened' ><svg aria-hidden=\"true\" class=\"e-font-icon-svg e-fas-minus\" viewbox=\"0 0 448 512\" xmlns=\"http:\/\/www.w3.org\/2000\/svg\"><path d=\"M416 208H32c-17.67 0-32 14.33-32 32v32c0 17.67 14.33 32 32 32h384c17.67 0 32-14.33 32-32v-32c0-17.67-14.33-32-32-32z\"><\/path><\/svg><\/span>\n\t\t\t<span class='e-closed'><svg aria-hidden=\"true\" class=\"e-font-icon-svg e-fas-plus\" viewbox=\"0 0 448 512\" xmlns=\"http:\/\/www.w3.org\/2000\/svg\"><path d=\"M416 208H272V64c0-17.67-14.33-32-32-32h-32c-17.67 0-32 14.33-32 32v144H32c-17.67 0-32 14.33-32 32v32c0 17.67 14.33 32 32 32h144v144c0 17.67 14.33 32 32 32h32c17.67 0 32-14.33 32-32V304h144c17.67 0 32-14.33 32-32v-32c0-17.67-14.33-32-32-32z\"><\/path><\/svg><\/span>\n\t\t<\/span>\n\n\t\t\t\t\t\t<\/summary>\n\t\t\t\t<div role=\"region\" aria-labelledby=\"e-n-accordion-item-15515\" class=\"elementor-element elementor-element-fa177b6 e-flex e-con-boxed e-con e-child\" data-id=\"fa177b6\" data-element_type=\"container\" data-e-type=\"container\">\n\t\t\t\t\t<div class=\"e-con-inner\">\n\t\t\t\t<div class=\"elementor-element elementor-element-843d807 elementor-widget elementor-widget-text-editor\" data-id=\"843d807\" data-element_type=\"widget\" data-e-type=\"widget\" data-widget_type=\"text-editor.default\">\n\t\t\t\t<div class=\"elementor-widget-container\">\n\t\t\t\t\t\t\t\t\t<p>Prenotate in anticipo, soprattutto in alta stagione!<\/p><p>Orari di prenotazione consigliati:<\/p><ul><li>Yacht a motore, catamarani, barche a vela: 2-4 settimane prima della data di noleggio.<\/li><li>Barche a motore: 1 settimana in anticipo (soprattutto da giugno a settembre).<\/li><\/ul><p>Posso prenotare all&#039;ultimo minuto? S\u00ec! Se ci contatti un giorno prima, cercheremo di trovare delle opzioni per te. Tuttavia, la scelta sar\u00e0 pi\u00f9 limitata rispetto alle prenotazioni anticipate.<\/p><p>Consiglio: prenotate in anticipo per assicurarvi le barche migliori e le condizioni migliori!<\/p>\t\t\t\t\t\t\t\t<\/div>\n\t\t\t\t<\/div>\n\t\t\t\t\t<\/div>\n\t\t\t\t<\/div>\n\t\t\t\t\t<\/details>\n\t\t\t\t\t\t<details id=\"e-n-accordion-item-15516\" class=\"e-n-accordion-item\" >\n\t\t\t\t<summary class=\"e-n-accordion-item-title\" data-accordion-index=\"17\" tabindex=\"-1\" aria-expanded=\"false\" aria-controls=\"e-n-accordion-item-15516\" >\n\t\t\t\t\t<span class='e-n-accordion-item-title-header'><div class=\"e-n-accordion-item-title-text\"> Dove si trovano le vostre barche a Maiorca? <\/div><\/span>\n\t\t\t\t\t\t\t<span class='e-n-accordion-item-title-icon'>\n\t\t\t<span class='e-opened' ><svg aria-hidden=\"true\" class=\"e-font-icon-svg e-fas-minus\" viewbox=\"0 0 448 512\" xmlns=\"http:\/\/www.w3.org\/2000\/svg\"><path d=\"M416 208H32c-17.67 0-32 14.33-32 32v32c0 17.67 14.33 32 32 32h384c17.67 0 32-14.33 32-32v-32c0-17.67-14.33-32-32-32z\"><\/path><\/svg><\/span>\n\t\t\t<span class='e-closed'><svg aria-hidden=\"true\" class=\"e-font-icon-svg e-fas-plus\" viewbox=\"0 0 448 512\" xmlns=\"http:\/\/www.w3.org\/2000\/svg\"><path d=\"M416 208H272V64c0-17.67-14.33-32-32-32h-32c-17.67 0-32 14.33-32 32v144H32c-17.67 0-32 14.33-32 32v32c0 17.67 14.33 32 32 32h144v144c0 17.67 14.33 32 32 32h32c17.67 0 32-14.33 32-32V304h144c17.67 0 32-14.33 32-32v-32c0-17.67-14.33-32-32-32z\"><\/path><\/svg><\/span>\n\t\t<\/span>\n\n\t\t\t\t\t\t<\/summary>\n\t\t\t\t<div role=\"region\" aria-labelledby=\"e-n-accordion-item-15516\" class=\"elementor-element elementor-element-720c3b0 e-flex e-con-boxed e-con e-child\" data-id=\"720c3b0\" data-element_type=\"container\" data-e-type=\"container\">\n\t\t\t\t\t<div class=\"e-con-inner\">\n\t\t\t\t<div class=\"elementor-element elementor-element-6b1e03d elementor-widget elementor-widget-text-editor\" data-id=\"6b1e03d\" data-element_type=\"widget\" data-e-type=\"widget\" data-widget_type=\"text-editor.default\">\n\t\t\t\t<div class=\"elementor-widget-container\">\n\t\t\t\t\t\t\t\t\t<p>Le nostre barche sono disponibili per il noleggio in tutta Maiorca e si trovano nei porti e nelle zone pi\u00f9 famose dell&#039;isola.<\/p><p>Principali porti e zone dove \u00e8 possibile noleggiare una barca:<\/p><ul><li>Palma di Maiorca<\/li><li>Andratx<\/li><li>Porto Adriano<\/li><li>Alcudia<\/li><li>Pollensa<\/li><li>Porto Portals<\/li><li>Porto di S\u00f3ller<\/li><li>Santa Ponsa<\/li><li>Porto Cristo<\/li><li>Calanova<\/li><li>Cala Ratjada<\/li><li>Cala d&#039;Or<\/li><li>Magaluf<\/li><li>Palmanova<\/li><li>Paguera<\/li><li>Cala Millor<\/li><li>Can Picafort<\/li><li>El Arenal<\/li><li>Portocolom<\/li><li>Sa Rapita<\/li><\/ul><p>Disponiamo di imbarcazioni in tutte le principali zone marittime dell&#039;isola. A seconda del tuo itinerario e delle tue preferenze, ti aiuteremo a scegliere il punto di partenza pi\u00f9 comodo!<\/p>\t\t\t\t\t\t\t\t<\/div>\n\t\t\t\t<\/div>\n\t\t\t\t\t<\/div>\n\t\t\t\t<\/div>\n\t\t\t\t\t<\/details>\n\t\t\t\t\t\t<details id=\"e-n-accordion-item-15517\" class=\"e-n-accordion-item\" >\n\t\t\t\t<summary class=\"e-n-accordion-item-title\" data-accordion-index=\"18\" tabindex=\"-1\" aria-expanded=\"false\" aria-controls=\"e-n-accordion-item-15517\" >\n\t\t\t\t\t<span class='e-n-accordion-item-title-header'><div class=\"e-n-accordion-item-title-text\"> Quali informazioni devo fornire quando prenoto con voi? <\/div><\/span>\n\t\t\t\t\t\t\t<span class='e-n-accordion-item-title-icon'>\n\t\t\t<span class='e-opened' ><svg aria-hidden=\"true\" class=\"e-font-icon-svg e-fas-minus\" viewbox=\"0 0 448 512\" xmlns=\"http:\/\/www.w3.org\/2000\/svg\"><path d=\"M416 208H32c-17.67 0-32 14.33-32 32v32c0 17.67 14.33 32 32 32h384c17.67 0 32-14.33 32-32v-32c0-17.67-14.33-32-32-32z\"><\/path><\/svg><\/span>\n\t\t\t<span class='e-closed'><svg aria-hidden=\"true\" class=\"e-font-icon-svg e-fas-plus\" viewbox=\"0 0 448 512\" xmlns=\"http:\/\/www.w3.org\/2000\/svg\"><path d=\"M416 208H272V64c0-17.67-14.33-32-32-32h-32c-17.67 0-32 14.33-32 32v144H32c-17.67 0-32 14.33-32 32v32c0 17.67 14.33 32 32 32h144v144c0 17.67 14.33 32 32 32h32c17.67 0 32-14.33 32-32V304h144c17.67 0 32-14.33 32-32v-32c0-17.67-14.33-32-32-32z\"><\/path><\/svg><\/span>\n\t\t<\/span>\n\n\t\t\t\t\t\t<\/summary>\n\t\t\t\t<div role=\"region\" aria-labelledby=\"e-n-accordion-item-15517\" class=\"elementor-element elementor-element-c2ea06c e-flex e-con-boxed e-con e-child\" data-id=\"c2ea06c\" data-element_type=\"container\" data-e-type=\"container\">\n\t\t\t\t\t<div class=\"e-con-inner\">\n\t\t\t\t<div class=\"elementor-element elementor-element-706cba2 elementor-widget elementor-widget-text-editor\" data-id=\"706cba2\" data-element_type=\"widget\" data-e-type=\"widget\" data-widget_type=\"text-editor.default\">\n\t\t\t\t<div class=\"elementor-widget-container\">\n\t\t\t\t\t\t\t\t\t<p>Al momento della prenotazione si prega di fornire:<\/p><ul><li>Dati di contatto \u2013 Il tuo numero di telefono (preferibilmente con WhatsApp, in formato internazionale)<\/li><li>La tua email \u2013 Per inviare la conferma della prenotazione e informazioni importanti<\/li><li>Data e ora preferite \u2013 Ora di inizio e durata del noleggio<\/li><li>Tipo di barca<\/li><li>Numero di persone \u2013 Quante persone saranno a bordo<\/li><li>Richieste speciali \u2013 Eventuali servizi extra (ad esempio catering, attivit\u00e0 acquatiche ecc.)<\/li><li>Budget \u2013 Se hai un budget, faccelo sapere cos\u00ec possiamo offrirti le migliori opzioni<\/li><\/ul>\t\t\t\t\t\t\t\t<\/div>\n\t\t\t\t<\/div>\n\t\t\t\t\t<\/div>\n\t\t\t\t<\/div>\n\t\t\t\t\t<\/details>\n\t\t\t\t\t<\/div>\n\t\t\t\t\t\t<\/div>\n\t\t\t\t<\/div>\n\t\t\t\t<div class=\"elementor-element elementor-element-661d882 elementor-widget elementor-widget-spacer\" data-id=\"661d882\" data-element_type=\"widget\" data-e-type=\"widget\" data-widget_type=\"spacer.default\">\n\t\t\t\t<div class=\"elementor-widget-container\">\n\t\t\t\t\t\t\t<div class=\"elementor-spacer\">\n\t\t\t<div class=\"elementor-spacer-inner\"><\/div>\n\t\t<\/div>\n\t\t\t\t\t\t<\/div>\n\t\t\t\t<\/div>\n\t\t\t\t\t<\/div>\n\t\t<\/div>\n\t\t\t\t\t<\/div>\n\t\t<\/section>\n\t\t\t\t<section class=\"elementor-section elementor-top-section elementor-element elementor-element-2b20965 elementor-section-stretched elementor-section-boxed elementor-section-height-default elementor-section-height-default\" data-id=\"2b20965\" data-element_type=\"section\" data-e-type=\"section\" data-settings=\"{&quot;stretch_section&quot;:&quot;section-stretched&quot;,&quot;background_background&quot;:&quot;classic&quot;}\">\n\t\t\t\t\t\t<div class=\"elementor-container elementor-column-gap-default\">\n\t\t\t\t\t<div class=\"elementor-column elementor-col-100 elementor-top-column elementor-element elementor-element-03508c7\" data-id=\"03508c7\" data-element_type=\"column\" data-e-type=\"column\">\n\t\t\t<div class=\"elementor-widget-wrap elementor-element-populated\">\n\t\t\t\t\t\t<div class=\"elementor-element elementor-element-234ba61 elementor-widget elementor-widget-spacer\" data-id=\"234ba61\" data-element_type=\"widget\" data-e-type=\"widget\" data-widget_type=\"spacer.default\">\n\t\t\t\t<div class=\"elementor-widget-container\">\n\t\t\t\t\t\t\t<div class=\"elementor-spacer\">\n\t\t\t<div class=\"elementor-spacer-inner\"><\/div>\n\t\t<\/div>\n\t\t\t\t\t\t<\/div>\n\t\t\t\t<\/div>\n\t\t\t\t<div class=\"elementor-element elementor-element-eb88119 elementor-widget__width-initial elementor-widget elementor-widget-homey_elementor_section_title\" data-id=\"eb88119\" data-element_type=\"widget\" data-e-type=\"widget\" data-widget_type=\"homey_elementor_section_title.default\">\n\t\t\t\t<div class=\"elementor-widget-container\">\n\t\t\t\t\t            <div class=\"homey_section_title_wrap_elementor homey-module module-title section-title-module\">\n                                    <h2 class=\"homey_section_title\">Prezzi del noleggio barche a Maiorca<\/h2>\n                \n                                    <p class=\"homey_section_subtitle sub-heading\">I prezzi del noleggio barche a Maiorca variano a seconda del tipo di imbarcazione, della durata e dei servizi inclusi. Goditi un noleggio privato a partire da 150 \u20ac all&#039;ora, con opzioni per crociere di mezza giornata, di una giornata intera e al tramonto.<\/p>\n                            <\/div>\n            \t\t\t\t<\/div>\n\t\t\t\t<\/div>\n\t\t\t\t<div class=\"elementor-element elementor-element-8cbf648 elementor-widget-divider--view-line elementor-widget elementor-widget-divider\" data-id=\"8cbf648\" data-element_type=\"widget\" data-e-type=\"widget\" data-widget_type=\"divider.default\">\n\t\t\t\t<div class=\"elementor-widget-container\">\n\t\t\t\t\t\t\t<div class=\"elementor-divider\">\n\t\t\t<span class=\"elementor-divider-separator\">\n\t\t\t\t\t\t<\/span>\n\t\t<\/div>\n\t\t\t\t\t\t<\/div>\n\t\t\t\t<\/div>\n\t\t\t\t<div class=\"elementor-element elementor-element-8a84ed1 eael-dt-th-align-center eael-table-align-center elementor-widget elementor-widget-eael-data-table\" data-id=\"8a84ed1\" data-element_type=\"widget\" data-e-type=\"widget\" data-widget_type=\"eael-data-table.default\">\n\t\t\t\t<div class=\"elementor-widget-container\">\n\t\t\t\t\t\t\t<div class=\"eael-data-table-wrap\" data-table_id=\"8a84ed1\" id=\"eael-data-table-wrapper-8a84ed1\" data-custom_responsive=\"false\">\n\t\t\t<table class=\"tablesorter eael-data-table center\" id=\"eael-data-table-8a84ed1\">\n\t\t\t    <thead>\n\t\t\t        <tr class=\"table-header\">\n\t\t\t\t\t\t\t\t\t            <th class=\"\" id=\"\" colspan=\"\">\n\t\t\t\t\t\t\t\t\t\t\t\t\t\t<span class=\"data-table-header-text\">Tipo di barca<\/span><\/th>\n\t\t\t        \t\t\t\t            <th class=\"\" id=\"\" colspan=\"\">\n\t\t\t\t\t\t\t\t\t\t\t\t\t\t<span class=\"data-table-header-text\">Prezzo minimo<\/span><\/th>\n\t\t\t        \t\t\t\t            <th class=\"\" id=\"\" colspan=\"\">\n\t\t\t\t\t\t\t\t\t\t\t\t\t\t<span class=\"data-table-header-text\">Durata<\/span><\/th>\n\t\t\t        \t\t\t\t            <th class=\"\" id=\"\" colspan=\"\">\n\t\t\t\t\t\t\t\t\t\t\t\t\t\t<span class=\"data-table-header-text\">Posizioni<\/span><\/th>\n\t\t\t        \t\t\t\t            <th class=\"\" id=\"\" colspan=\"\">\n\t\t\t\t\t\t\t\t\t\t\t\t\t\t<span class=\"data-table-header-text\">Capacit\u00e0 della barca<\/span><\/th>\n\t\t\t        \t\t\t\t            <th class=\"\" id=\"\" colspan=\"\">\n\t\t\t\t\t\t\t\t\t\t\t\t\t\t<span class=\"data-table-header-text\">Esempi di barche<\/span><\/th>\n\t\t\t        \t\t\t\t        <\/tr>\n\t\t\t    <\/thead>\n\t\t\t  \t<tbody>\n\t\t\t\t\t\t\t\t\t\t\t<tr>\n\t\t\t\t\t\t\t\t\t\t\t\t\t\t\t\t   \t\t\t\t\t\t\t\t\t\t\t<td colspan=\"\" rowspan=\"\" class=\"\" id=\"\">\n\t\t\t\t\t\t\t\t\t\t\t\t<div class=\"td-content-wrapper\"><div class=\"td-content\">\n\t\t\t\t\t\t\t\t\t\t\t\t\tYacht\t\t\t\t\t\t\t\t\t\t\t\t<\/div><\/div>\n\t\t\t\t\t\t\t\t\t\t\t<\/td>\n\t\t\t\t\t\t\t\t\t\t\t\t\t\t\t\t\t\t\t\t\t\t\t\t\t\t\t\t\t   \t\t\t\t\t\t\t\t\t\t\t<td colspan=\"\" rowspan=\"\" class=\"\" id=\"\">\n\t\t\t\t\t\t\t\t\t\t\t\t<div class=\"td-content-wrapper\"><div class=\"td-content\">\n\t\t\t\t\t\t\t\t\t\t\t\t\tda 1400\u20ac\/giorno\t\t\t\t\t\t\t\t\t\t\t\t<\/div><\/div>\n\t\t\t\t\t\t\t\t\t\t\t<\/td>\n\t\t\t\t\t\t\t\t\t\t\t\t\t\t\t\t\t\t\t\t\t\t\t\t\t\t\t\t\t   \t\t\t\t\t\t\t\t\t\t\t<td colspan=\"\" rowspan=\"\" class=\"\" id=\"\">\n\t\t\t\t\t\t\t\t\t\t\t\t<div class=\"td-content-wrapper\"><div class=\"td-content\">\n\t\t\t\t\t\t\t\t\t\t\t\t\tgiornata intera, settimana\t\t\t\t\t\t\t\t\t\t\t\t<\/div><\/div>\n\t\t\t\t\t\t\t\t\t\t\t<\/td>\n\t\t\t\t\t\t\t\t\t\t\t\t\t\t\t\t\t\t\t\t\t\t\t\t\t\t\t\t\t   \t\t\t\t\t\t\t\t\t\t\t<td colspan=\"\" rowspan=\"\" class=\"\" id=\"\">\n\t\t\t\t\t\t\t\t\t\t\t\t<div class=\"td-content-wrapper\"><div class=\"td-content\">\n\t\t\t\t\t\t\t\t\t\t\t\t\tPalma di Maiorca, Andratx, Alcudia, Pollensa, Portals Nous\t\t\t\t\t\t\t\t\t\t\t\t<\/div><\/div>\n\t\t\t\t\t\t\t\t\t\t\t<\/td>\n\t\t\t\t\t\t\t\t\t\t\t\t\t\t\t\t\t\t\t\t\t\t\t\t\t\t\t\t\t   \t\t\t\t\t\t\t\t\t\t\t<td colspan=\"\" rowspan=\"\" class=\"\" id=\"\">\n\t\t\t\t\t\t\t\t\t\t\t\t<div class=\"td-content-wrapper\"><div class=\"td-content\">\n\t\t\t\t\t\t\t\t\t\t\t\t\tfino a 14 persone\t\t\t\t\t\t\t\t\t\t\t\t<\/div><\/div>\n\t\t\t\t\t\t\t\t\t\t\t<\/td>\n\t\t\t\t\t\t\t\t\t\t\t\t\t\t\t\t\t\t\t\t\t\t\t\t\t\t\t\t\t   \t\t\t\t\t\t\t\t\t\t\t<td colspan=\"\" rowspan=\"\" class=\"\" id=\"\">\n\t\t\t\t\t\t\t\t\t\t\t\t<div class=\"td-content-wrapper\"><div class=\"td-content\">\n\t\t\t\t\t\t\t\t\t\t\t\t\tSunseeker 76, Azimut 68s, Princess 67, Prestige 680\t\t\t\t\t\t\t\t\t\t\t\t<\/div><\/div>\n\t\t\t\t\t\t\t\t\t\t\t<\/td>\n\t\t\t\t\t\t\t\t\t\t\t\t\t\t\t\t\t\t\t\t\t\t\t\t\t\t<\/tr>\n\t\t\t        \t\t\t\t\t\t<tr>\n\t\t\t\t\t\t\t\t\t\t\t\t\t\t\t\t   \t\t\t\t\t\t\t\t\t\t\t<td colspan=\"\" rowspan=\"\" class=\"\" id=\"\">\n\t\t\t\t\t\t\t\t\t\t\t\t<div class=\"td-content-wrapper\"><div class=\"td-content\">\n\t\t\t\t\t\t\t\t\t\t\t\t\tMotoscafo\t\t\t\t\t\t\t\t\t\t\t\t<\/div><\/div>\n\t\t\t\t\t\t\t\t\t\t\t<\/td>\n\t\t\t\t\t\t\t\t\t\t\t\t\t\t\t\t\t\t\t\t\t\t\t\t\t\t\t\t\t   \t\t\t\t\t\t\t\t\t\t\t<td colspan=\"\" rowspan=\"\" class=\"\" id=\"\">\n\t\t\t\t\t\t\t\t\t\t\t\t<div class=\"td-content-wrapper\"><div class=\"td-content\">\n\t\t\t\t\t\t\t\t\t\t\t\t\tda 295\u20ac\/giorno\t\t\t\t\t\t\t\t\t\t\t\t<\/div><\/div>\n\t\t\t\t\t\t\t\t\t\t\t<\/td>\n\t\t\t\t\t\t\t\t\t\t\t\t\t\t\t\t\t\t\t\t\t\t\t\t\t\t\t\t\t   \t\t\t\t\t\t\t\t\t\t\t<td colspan=\"\" rowspan=\"\" class=\"\" id=\"\">\n\t\t\t\t\t\t\t\t\t\t\t\t<div class=\"td-content-wrapper\"><div class=\"td-content\">\n\t\t\t\t\t\t\t\t\t\t\t\t\ttramonto, mezza giornata, giornata intera\t\t\t\t\t\t\t\t\t\t\t\t<\/div><\/div>\n\t\t\t\t\t\t\t\t\t\t\t<\/td>\n\t\t\t\t\t\t\t\t\t\t\t\t\t\t\t\t\t\t\t\t\t\t\t\t\t\t\t\t\t   \t\t\t\t\t\t\t\t\t\t\t<td colspan=\"\" rowspan=\"\" class=\"\" id=\"\">\n\t\t\t\t\t\t\t\t\t\t\t\t<div class=\"td-content-wrapper\"><div class=\"td-content\">\n\t\t\t\t\t\t\t\t\t\t\t\t\tCala d&#039;Or, Santa Ponsa, Portocolom, Palma di Maiorca, Can Picafort, Port d&#039;Andratx, Alcudia, S&#039;Arenal\t\t\t\t\t\t\t\t\t\t\t\t<\/div><\/div>\n\t\t\t\t\t\t\t\t\t\t\t<\/td>\n\t\t\t\t\t\t\t\t\t\t\t\t\t\t\t\t\t\t\t\t\t\t\t\t\t\t\t\t\t   \t\t\t\t\t\t\t\t\t\t\t<td colspan=\"\" rowspan=\"\" class=\"\" id=\"\">\n\t\t\t\t\t\t\t\t\t\t\t\t<div class=\"td-content-wrapper\"><div class=\"td-content\">\n\t\t\t\t\t\t\t\t\t\t\t\t\tfino a 12 persone\t\t\t\t\t\t\t\t\t\t\t\t<\/div><\/div>\n\t\t\t\t\t\t\t\t\t\t\t<\/td>\n\t\t\t\t\t\t\t\t\t\t\t\t\t\t\t\t\t\t\t\t\t\t\t\t\t\t\t\t\t   \t\t\t\t\t\t\t\t\t\t\t<td colspan=\"\" rowspan=\"\" class=\"\" id=\"\">\n\t\t\t\t\t\t\t\t\t\t\t\t<div class=\"td-content-wrapper\"><div class=\"td-content\">\n\t\t\t\t\t\t\t\t\t\t\t\t\tSessa Marine 35, Sea Ray 230, Karnic SL800, Gobbi Open 23\t\t\t\t\t\t\t\t\t\t\t\t<\/div><\/div>\n\t\t\t\t\t\t\t\t\t\t\t<\/td>\n\t\t\t\t\t\t\t\t\t\t\t\t\t\t\t\t\t\t\t\t\t\t\t\t\t\t<\/tr>\n\t\t\t        \t\t\t\t\t\t<tr>\n\t\t\t\t\t\t\t\t\t\t\t\t\t\t\t\t   \t\t\t\t\t\t\t\t\t\t\t<td colspan=\"\" rowspan=\"\" class=\"\" id=\"\">\n\t\t\t\t\t\t\t\t\t\t\t\t<div class=\"td-content-wrapper\"><div class=\"td-content\">\n\t\t\t\t\t\t\t\t\t\t\t\t\tBarca a vela\t\t\t\t\t\t\t\t\t\t\t\t<\/div><\/div>\n\t\t\t\t\t\t\t\t\t\t\t<\/td>\n\t\t\t\t\t\t\t\t\t\t\t\t\t\t\t\t\t\t\t\t\t\t\t\t\t\t\t\t\t   \t\t\t\t\t\t\t\t\t\t\t<td colspan=\"\" rowspan=\"\" class=\"\" id=\"\">\n\t\t\t\t\t\t\t\t\t\t\t\t<div class=\"td-content-wrapper\"><div class=\"td-content\">\n\t\t\t\t\t\t\t\t\t\t\t\t\tda 350\u20ac\/giorno\t\t\t\t\t\t\t\t\t\t\t\t<\/div><\/div>\n\t\t\t\t\t\t\t\t\t\t\t<\/td>\n\t\t\t\t\t\t\t\t\t\t\t\t\t\t\t\t\t\t\t\t\t\t\t\t\t\t\t\t\t   \t\t\t\t\t\t\t\t\t\t\t<td colspan=\"\" rowspan=\"\" class=\"\" id=\"\">\n\t\t\t\t\t\t\t\t\t\t\t\t<div class=\"td-content-wrapper\"><div class=\"td-content\">\n\t\t\t\t\t\t\t\t\t\t\t\t\tmezza giornata, giornata intera, settimana\t\t\t\t\t\t\t\t\t\t\t\t<\/div><\/div>\n\t\t\t\t\t\t\t\t\t\t\t<\/td>\n\t\t\t\t\t\t\t\t\t\t\t\t\t\t\t\t\t\t\t\t\t\t\t\t\t\t\t\t\t   \t\t\t\t\t\t\t\t\t\t\t<td colspan=\"\" rowspan=\"\" class=\"\" id=\"\">\n\t\t\t\t\t\t\t\t\t\t\t\t<div class=\"td-content-wrapper\"><div class=\"td-content\">\n\t\t\t\t\t\t\t\t\t\t\t\t\tPortocolom, Cala d&#039;Or, Can Picafort, Palma di Maiorca, Port de Pollenca, Port d&#039;Alcudia, Port de Soller\t\t\t\t\t\t\t\t\t\t\t\t<\/div><\/div>\n\t\t\t\t\t\t\t\t\t\t\t<\/td>\n\t\t\t\t\t\t\t\t\t\t\t\t\t\t\t\t\t\t\t\t\t\t\t\t\t\t\t\t\t   \t\t\t\t\t\t\t\t\t\t\t<td colspan=\"\" rowspan=\"\" class=\"\" id=\"\">\n\t\t\t\t\t\t\t\t\t\t\t\t<div class=\"td-content-wrapper\"><div class=\"td-content\">\n\t\t\t\t\t\t\t\t\t\t\t\t\tfino a 12 persone\t\t\t\t\t\t\t\t\t\t\t\t<\/div><\/div>\n\t\t\t\t\t\t\t\t\t\t\t<\/td>\n\t\t\t\t\t\t\t\t\t\t\t\t\t\t\t\t\t\t\t\t\t\t\t\t\t\t\t\t\t   \t\t\t\t\t\t\t\t\t\t\t<td colspan=\"\" rowspan=\"\" class=\"\" id=\"\">\n\t\t\t\t\t\t\t\t\t\t\t\t<div class=\"td-content-wrapper\"><div class=\"td-content\">\n\t\t\t\t\t\t\t\t\t\t\t\t\tBavaria 40, Sun Odyssey 36, Oceanis 45, Dufour 512\t\t\t\t\t\t\t\t\t\t\t\t<\/div><\/div>\n\t\t\t\t\t\t\t\t\t\t\t<\/td>\n\t\t\t\t\t\t\t\t\t\t\t\t\t\t\t\t\t\t\t\t\t\t\t\t\t\t<\/tr>\n\t\t\t        \t\t\t\t\t\t<tr>\n\t\t\t\t\t\t\t\t\t\t\t\t\t\t\t\t   \t\t\t\t\t\t\t\t\t\t\t<td colspan=\"\" rowspan=\"\" class=\"\" id=\"\">\n\t\t\t\t\t\t\t\t\t\t\t\t<div class=\"td-content-wrapper\"><div class=\"td-content\">\n\t\t\t\t\t\t\t\t\t\t\t\t\tCatamarano\t\t\t\t\t\t\t\t\t\t\t\t<\/div><\/div>\n\t\t\t\t\t\t\t\t\t\t\t<\/td>\n\t\t\t\t\t\t\t\t\t\t\t\t\t\t\t\t\t\t\t\t\t\t\t\t\t\t\t\t\t   \t\t\t\t\t\t\t\t\t\t\t<td colspan=\"\" rowspan=\"\" class=\"\" id=\"\">\n\t\t\t\t\t\t\t\t\t\t\t\t<div class=\"td-content-wrapper\"><div class=\"td-content\">\n\t\t\t\t\t\t\t\t\t\t\t\t\tda 700\u20ac\/giorno\t\t\t\t\t\t\t\t\t\t\t\t<\/div><\/div>\n\t\t\t\t\t\t\t\t\t\t\t<\/td>\n\t\t\t\t\t\t\t\t\t\t\t\t\t\t\t\t\t\t\t\t\t\t\t\t\t\t\t\t\t   \t\t\t\t\t\t\t\t\t\t\t<td colspan=\"\" rowspan=\"\" class=\"\" id=\"\">\n\t\t\t\t\t\t\t\t\t\t\t\t<div class=\"td-content-wrapper\"><div class=\"td-content\">\n\t\t\t\t\t\t\t\t\t\t\t\t\tmezza giornata, giornata intera, settimana\t\t\t\t\t\t\t\t\t\t\t\t<\/div><\/div>\n\t\t\t\t\t\t\t\t\t\t\t<\/td>\n\t\t\t\t\t\t\t\t\t\t\t\t\t\t\t\t\t\t\t\t\t\t\t\t\t\t\t\t\t   \t\t\t\t\t\t\t\t\t\t\t<td colspan=\"\" rowspan=\"\" class=\"\" id=\"\">\n\t\t\t\t\t\t\t\t\t\t\t\t<div class=\"td-content-wrapper\"><div class=\"td-content\">\n\t\t\t\t\t\t\t\t\t\t\t\t\tS&#039;Arenal, Santa Ponsa, Pollensa, Palma di Maiorca, Ca&#039;n Pastilla, Portocolom, Port d&#039;Andratx\t\t\t\t\t\t\t\t\t\t\t\t<\/div><\/div>\n\t\t\t\t\t\t\t\t\t\t\t<\/td>\n\t\t\t\t\t\t\t\t\t\t\t\t\t\t\t\t\t\t\t\t\t\t\t\t\t\t\t\t\t   \t\t\t\t\t\t\t\t\t\t\t<td colspan=\"\" rowspan=\"\" class=\"\" id=\"\">\n\t\t\t\t\t\t\t\t\t\t\t\t<div class=\"td-content-wrapper\"><div class=\"td-content\">\n\t\t\t\t\t\t\t\t\t\t\t\t\tfino a 150 persone\t\t\t\t\t\t\t\t\t\t\t\t<\/div><\/div>\n\t\t\t\t\t\t\t\t\t\t\t<\/td>\n\t\t\t\t\t\t\t\t\t\t\t\t\t\t\t\t\t\t\t\t\t\t\t\t\t\t\t\t\t   \t\t\t\t\t\t\t\t\t\t\t<td colspan=\"\" rowspan=\"\" class=\"\" id=\"\">\n\t\t\t\t\t\t\t\t\t\t\t\t<div class=\"td-content-wrapper\"><div class=\"td-content\">\n\t\t\t\t\t\t\t\t\t\t\t\t\tLagoon 40, Bahia 46, Bali 4.2, Voyage 440, Nautitech 40\t\t\t\t\t\t\t\t\t\t\t\t<\/div><\/div>\n\t\t\t\t\t\t\t\t\t\t\t<\/td>\n\t\t\t\t\t\t\t\t\t\t\t\t\t\t\t\t\t\t\t\t\t\t\t\t\t\t<\/tr>\n\t\t\t        \t\t\t\t\t\t<tr>\n\t\t\t\t\t\t\t\t\t\t\t\t\t\t\t\t   \t\t\t\t\t\t\t\t\t\t\t<td colspan=\"\" rowspan=\"\" class=\"\" id=\"\">\n\t\t\t\t\t\t\t\t\t\t\t\t<div class=\"td-content-wrapper\"><div class=\"td-content\">\n\t\t\t\t\t\t\t\t\t\t\t\t\tLlaut\t\t\t\t\t\t\t\t\t\t\t\t<\/div><\/div>\n\t\t\t\t\t\t\t\t\t\t\t<\/td>\n\t\t\t\t\t\t\t\t\t\t\t\t\t\t\t\t\t\t\t\t\t\t\t\t\t\t\t\t\t   \t\t\t\t\t\t\t\t\t\t\t<td colspan=\"\" rowspan=\"\" class=\"\" id=\"\">\n\t\t\t\t\t\t\t\t\t\t\t\t<div class=\"td-content-wrapper\"><div class=\"td-content\">\n\t\t\t\t\t\t\t\t\t\t\t\t\tda 605\u20ac\/giorno\t\t\t\t\t\t\t\t\t\t\t\t<\/div><\/div>\n\t\t\t\t\t\t\t\t\t\t\t<\/td>\n\t\t\t\t\t\t\t\t\t\t\t\t\t\t\t\t\t\t\t\t\t\t\t\t\t\t\t\t\t   \t\t\t\t\t\t\t\t\t\t\t<td colspan=\"\" rowspan=\"\" class=\"\" id=\"\">\n\t\t\t\t\t\t\t\t\t\t\t\t<div class=\"td-content-wrapper\"><div class=\"td-content\">\n\t\t\t\t\t\t\t\t\t\t\t\t\ttramonto, mezza giornata, giornata intera\t\t\t\t\t\t\t\t\t\t\t\t<\/div><\/div>\n\t\t\t\t\t\t\t\t\t\t\t<\/td>\n\t\t\t\t\t\t\t\t\t\t\t\t\t\t\t\t\t\t\t\t\t\t\t\t\t\t\t\t\t   \t\t\t\t\t\t\t\t\t\t\t<td colspan=\"\" rowspan=\"\" class=\"\" id=\"\">\n\t\t\t\t\t\t\t\t\t\t\t\t<div class=\"td-content-wrapper\"><div class=\"td-content\">\n\t\t\t\t\t\t\t\t\t\t\t\t\tPort Andratx, S&#039;Arenal, Alcudia, Palma di Maiorca, Port de Pollenca, Colonia de Sant Jordi, Porto Cristo\t\t\t\t\t\t\t\t\t\t\t\t<\/div><\/div>\n\t\t\t\t\t\t\t\t\t\t\t<\/td>\n\t\t\t\t\t\t\t\t\t\t\t\t\t\t\t\t\t\t\t\t\t\t\t\t\t\t\t\t\t   \t\t\t\t\t\t\t\t\t\t\t<td colspan=\"\" rowspan=\"\" class=\"\" id=\"\">\n\t\t\t\t\t\t\t\t\t\t\t\t<div class=\"td-content-wrapper\"><div class=\"td-content\">\n\t\t\t\t\t\t\t\t\t\t\t\t\tfino a 12 persone\t\t\t\t\t\t\t\t\t\t\t\t<\/div><\/div>\n\t\t\t\t\t\t\t\t\t\t\t<\/td>\n\t\t\t\t\t\t\t\t\t\t\t\t\t\t\t\t\t\t\t\t\t\t\t\t\t\t\t\t\t   \t\t\t\t\t\t\t\t\t\t\t<td colspan=\"\" rowspan=\"\" class=\"\" id=\"\">\n\t\t\t\t\t\t\t\t\t\t\t\t<div class=\"td-content-wrapper\"><div class=\"td-content\">\n\t\t\t\t\t\t\t\t\t\t\t\t\tMenorquin 50, Myabca 45 TR, Capeador Saura 40, Migjorn 36\t\t\t\t\t\t\t\t\t\t\t\t<\/div><\/div>\n\t\t\t\t\t\t\t\t\t\t\t<\/td>\n\t\t\t\t\t\t\t\t\t\t\t\t\t\t\t\t\t\t\t\t\t\t\t\t\t\t<\/tr>\n\t\t\t        \t\t\t\t\t\t<tr>\n\t\t\t\t\t\t\t\t\t\t\t\t\t\t\t\t   \t\t\t\t\t\t\t\t\t\t\t<td colspan=\"\" rowspan=\"\" class=\"\" id=\"\">\n\t\t\t\t\t\t\t\t\t\t\t\t<div class=\"td-content-wrapper\"><div class=\"td-content\">\n\t\t\t\t\t\t\t\t\t\t\t\t\tCostola\t\t\t\t\t\t\t\t\t\t\t\t<\/div><\/div>\n\t\t\t\t\t\t\t\t\t\t\t<\/td>\n\t\t\t\t\t\t\t\t\t\t\t\t\t\t\t\t\t\t\t\t\t\t\t\t\t\t\t\t\t   \t\t\t\t\t\t\t\t\t\t\t<td colspan=\"\" rowspan=\"\" class=\"\" id=\"\">\n\t\t\t\t\t\t\t\t\t\t\t\t<div class=\"td-content-wrapper\"><div class=\"td-content\">\n\t\t\t\t\t\t\t\t\t\t\t\t\tda 290\u20ac\/giorno\n\t\t\t\t\t\t\t\t\t\t\t\t<\/div><\/div>\n\t\t\t\t\t\t\t\t\t\t\t<\/td>\n\t\t\t\t\t\t\t\t\t\t\t\t\t\t\t\t\t\t\t\t\t\t\t\t\t\t\t\t\t   \t\t\t\t\t\t\t\t\t\t\t<td colspan=\"\" rowspan=\"\" class=\"\" id=\"\">\n\t\t\t\t\t\t\t\t\t\t\t\t<div class=\"td-content-wrapper\"><div class=\"td-content\">\n\t\t\t\t\t\t\t\t\t\t\t\t\tmezza giornata, giornata intera\t\t\t\t\t\t\t\t\t\t\t\t<\/div><\/div>\n\t\t\t\t\t\t\t\t\t\t\t<\/td>\n\t\t\t\t\t\t\t\t\t\t\t\t\t\t\t\t\t\t\t\t\t\t\t\t\t\t\t\t\t   \t\t\t\t\t\t\t\t\t\t\t<td colspan=\"\" rowspan=\"\" class=\"\" id=\"\">\n\t\t\t\t\t\t\t\t\t\t\t\t<div class=\"td-content-wrapper\"><div class=\"td-content\">\n\t\t\t\t\t\t\t\t\t\t\t\t\tPortopetro, Andratx, Cala Ratjada, Pollensa, S&#039;Arenal, Cala Figuera, Cala d&#039;Or, Soller, Palma di Maiorca\t\t\t\t\t\t\t\t\t\t\t\t<\/div><\/div>\n\t\t\t\t\t\t\t\t\t\t\t<\/td>\n\t\t\t\t\t\t\t\t\t\t\t\t\t\t\t\t\t\t\t\t\t\t\t\t\t\t\t\t\t   \t\t\t\t\t\t\t\t\t\t\t<td colspan=\"\" rowspan=\"\" class=\"\" id=\"\">\n\t\t\t\t\t\t\t\t\t\t\t\t<div class=\"td-content-wrapper\"><div class=\"td-content\">\n\t\t\t\t\t\t\t\t\t\t\t\t\tfino a 12 persone\t\t\t\t\t\t\t\t\t\t\t\t<\/div><\/div>\n\t\t\t\t\t\t\t\t\t\t\t<\/td>\n\t\t\t\t\t\t\t\t\t\t\t\t\t\t\t\t\t\t\t\t\t\t\t\t\t\t\t\t\t   \t\t\t\t\t\t\t\t\t\t\t<td colspan=\"\" rowspan=\"\" class=\"\" id=\"\">\n\t\t\t\t\t\t\t\t\t\t\t\t<div class=\"td-content-wrapper\"><div class=\"td-content\">\n\t\t\t\t\t\t\t\t\t\t\t\t\tBWA 17 Sport, Selva 570, Capelli Tempest 600, BSC 75\t\t\t\t\t\t\t\t\t\t\t\t<\/div><\/div>\n\t\t\t\t\t\t\t\t\t\t\t<\/td>\n\t\t\t\t\t\t\t\t\t\t\t\t\t\t\t\t\t\t\t\t\t\t\t\t\t\t<\/tr>\n\t\t\t        \t\t\t\t\t\t<tr>\n\t\t\t\t\t\t\t\t\t\t\t\t\t\t\t\t   \t\t\t\t\t\t\t\t\t\t\t<td colspan=\"\" rowspan=\"\" class=\"\" id=\"\">\n\t\t\t\t\t\t\t\t\t\t\t\t<div class=\"td-content-wrapper\"><div class=\"td-content\">\n\t\t\t\t\t\t\t\t\t\t\t\t\tBarca senza patente\t\t\t\t\t\t\t\t\t\t\t\t<\/div><\/div>\n\t\t\t\t\t\t\t\t\t\t\t<\/td>\n\t\t\t\t\t\t\t\t\t\t\t\t\t\t\t\t\t\t\t\t\t\t\t\t\t\t\t\t\t   \t\t\t\t\t\t\t\t\t\t\t<td colspan=\"\" rowspan=\"\" class=\"\" id=\"\">\n\t\t\t\t\t\t\t\t\t\t\t\t<div class=\"td-content-wrapper\"><div class=\"td-content\">\n\t\t\t\t\t\t\t\t\t\t\t\t\tda 200\u20ac\/giorno\t\t\t\t\t\t\t\t\t\t\t\t<\/div><\/div>\n\t\t\t\t\t\t\t\t\t\t\t<\/td>\n\t\t\t\t\t\t\t\t\t\t\t\t\t\t\t\t\t\t\t\t\t\t\t\t\t\t\t\t\t   \t\t\t\t\t\t\t\t\t\t\t<td colspan=\"\" rowspan=\"\" class=\"\" id=\"\">\n\t\t\t\t\t\t\t\t\t\t\t\t<div class=\"td-content-wrapper\"><div class=\"td-content\">\n\t\t\t\t\t\t\t\t\t\t\t\t\tmezza giornata, giornata intera\t\t\t\t\t\t\t\t\t\t\t\t<\/div><\/div>\n\t\t\t\t\t\t\t\t\t\t\t<\/td>\n\t\t\t\t\t\t\t\t\t\t\t\t\t\t\t\t\t\t\t\t\t\t\t\t\t\t\t\t\t   \t\t\t\t\t\t\t\t\t\t\t<td colspan=\"\" rowspan=\"\" class=\"\" id=\"\">\n\t\t\t\t\t\t\t\t\t\t\t\t<div class=\"td-content-wrapper\"><div class=\"td-content\">\n\t\t\t\t\t\t\t\t\t\t\t\t\tPortocolom, Santa Ponsa, Alcudia, Cala d&#039;Or, Palma di Maiorca, Can Picafort, Port Adriano\t\t\t\t\t\t\t\t\t\t\t\t<\/div><\/div>\n\t\t\t\t\t\t\t\t\t\t\t<\/td>\n\t\t\t\t\t\t\t\t\t\t\t\t\t\t\t\t\t\t\t\t\t\t\t\t\t\t\t\t\t   \t\t\t\t\t\t\t\t\t\t\t<td colspan=\"\" rowspan=\"\" class=\"\" id=\"\">\n\t\t\t\t\t\t\t\t\t\t\t\t<div class=\"td-content-wrapper\"><div class=\"td-content\">\n\t\t\t\t\t\t\t\t\t\t\t\t\tfino a 8 persone\t\t\t\t\t\t\t\t\t\t\t\t<\/div><\/div>\n\t\t\t\t\t\t\t\t\t\t\t<\/td>\n\t\t\t\t\t\t\t\t\t\t\t\t\t\t\t\t\t\t\t\t\t\t\t\t\t\t\t\t\t   \t\t\t\t\t\t\t\t\t\t\t<td colspan=\"\" rowspan=\"\" class=\"\" id=\"\">\n\t\t\t\t\t\t\t\t\t\t\t\t<div class=\"td-content-wrapper\"><div class=\"td-content\">\n\t\t\t\t\t\t\t\t\t\t\t\t\tMarion 500, Compass 150 CC, Silver 525, Remus 450\t\t\t\t\t\t\t\t\t\t\t\t<\/div><\/div>\n\t\t\t\t\t\t\t\t\t\t\t<\/td>\n\t\t\t\t\t\t\t\t\t\t\t\t\t\t\t\t\t\t\t\t\t\t\t\t\t\t<\/tr>\n\t\t\t        \t\t\t    <\/tbody>\n\t\t\t<\/table>\n\t\t<\/div>\n\t  \t\t\t\t\t<\/div>\n\t\t\t\t<\/div>\n\t\t\t\t<div class=\"elementor-element elementor-element-a54bf9d elementor-widget elementor-widget-spacer\" data-id=\"a54bf9d\" data-element_type=\"widget\" data-e-type=\"widget\" data-widget_type=\"spacer.default\">\n\t\t\t\t<div class=\"elementor-widget-container\">\n\t\t\t\t\t\t\t<div class=\"elementor-spacer\">\n\t\t\t<div class=\"elementor-spacer-inner\"><\/div>\n\t\t<\/div>\n\t\t\t\t\t\t<\/div>\n\t\t\t\t<\/div>\n\t\t\t\t\t<\/div>\n\t\t<\/div>\n\t\t\t\t\t<\/div>\n\t\t<\/section>\n\t\t\t\t<section class=\"elementor-section elementor-top-section elementor-element elementor-element-44211ad7 elementor-section-stretched elementor-section-boxed elementor-section-height-default elementor-section-height-default\" data-id=\"44211ad7\" data-element_type=\"section\" data-e-type=\"section\" data-settings=\"{&quot;stretch_section&quot;:&quot;section-stretched&quot;,&quot;background_background&quot;:&quot;classic&quot;}\">\n\t\t\t\t\t\t<div class=\"elementor-container elementor-column-gap-default\">\n\t\t\t\t\t<div class=\"elementor-column elementor-col-33 elementor-top-column elementor-element elementor-element-41b4b87\" data-id=\"41b4b87\" data-element_type=\"column\" data-e-type=\"column\">\n\t\t\t<div class=\"elementor-widget-wrap elementor-element-populated\">\n\t\t\t\t\t\t<div class=\"elementor-element elementor-element-46fdc9a4 elementor-widget elementor-widget-homey_elementor_section_title\" data-id=\"46fdc9a4\" data-element_type=\"widget\" data-e-type=\"widget\" data-widget_type=\"homey_elementor_section_title.default\">\n\t\t\t\t<div class=\"elementor-widget-container\">\n\t\t\t\t\t            <div class=\"homey_section_title_wrap_elementor homey-module module-title section-title-module\">\n                                    <h2 class=\"homey_section_title\">Chiama i nostri esperti<\/h2>\n                \n                            <\/div>\n            \t\t\t\t<\/div>\n\t\t\t\t<\/div>\n\t\t\t\t<div class=\"elementor-element elementor-element-1c0c8a08 elementor-widget elementor-widget-homey_elementor_section_title\" data-id=\"1c0c8a08\" data-element_type=\"widget\" data-e-type=\"widget\" data-widget_type=\"homey_elementor_section_title.default\">\n\t\t\t\t<div class=\"elementor-widget-container\">\n\t\t\t\t\t            <div class=\"homey_section_title_wrap_elementor homey-module module-title section-title-module\">\n                                    <h2 class=\"homey_section_title\">+34662101718<\/h2>\n                \n                            <\/div>\n            \t\t\t\t<\/div>\n\t\t\t\t<\/div>\n\t\t\t\t<div class=\"elementor-element elementor-element-4e273b58 elementor-widget elementor-widget-text-editor\" data-id=\"4e273b58\" data-element_type=\"widget\" data-e-type=\"widget\" data-widget_type=\"text-editor.default\">\n\t\t\t\t<div class=\"elementor-widget-container\">\n\t\t\t\t\t\t\t\t\t<p style=\"text-align: center;\">Contatta il nostro team per ricevere assistenza personalizzata nella scelta della barca perfetta per il tuo viaggio.<\/p>\t\t\t\t\t\t\t\t<\/div>\n\t\t\t\t<\/div>\n\t\t\t\t\t<\/div>\n\t\t<\/div>\n\t\t\t\t<div class=\"elementor-column elementor-col-33 elementor-top-column elementor-element elementor-element-1182bb8e\" data-id=\"1182bb8e\" data-element_type=\"column\" data-e-type=\"column\">\n\t\t\t<div class=\"elementor-widget-wrap elementor-element-populated\">\n\t\t\t\t\t\t<div class=\"elementor-element elementor-element-1cd0f78 elementor-widget elementor-widget-homey_elementor_section_title\" data-id=\"1cd0f78\" data-element_type=\"widget\" data-e-type=\"widget\" data-widget_type=\"homey_elementor_section_title.default\">\n\t\t\t\t<div class=\"elementor-widget-container\">\n\t\t\t\t\t            <div class=\"homey_section_title_wrap_elementor homey-module module-title section-title-module\">\n                                    <h2 class=\"homey_section_title\">Facile da pagare<\/h2>\n                \n                            <\/div>\n            \t\t\t\t<\/div>\n\t\t\t\t<\/div>\n\t\t\t\t<div class=\"elementor-element elementor-element-3bcde689 elementor-widget elementor-widget-image\" data-id=\"3bcde689\" data-element_type=\"widget\" data-e-type=\"widget\" data-widget_type=\"image.default\">\n\t\t\t\t<div class=\"elementor-widget-container\">\n\t\t\t\t\t\t\t\t\t\t\t\t\t\t\t<img loading=\"lazy\" decoding=\"async\" width=\"190\" height=\"38\" src=\"https:\/\/boatrentalmallorca.net\/wp-content\/uploads\/2018\/11\/cc8aca6bbd9d00718474e7deacad5413_190_38.png\" class=\"attachment-large size-large wp-image-1980\" alt=\"\" \/>\t\t\t\t\t\t\t\t\t\t\t\t\t\t\t<\/div>\n\t\t\t\t<\/div>\n\t\t\t\t<div class=\"elementor-element elementor-element-762946e3 elementor-widget elementor-widget-text-editor\" data-id=\"762946e3\" data-element_type=\"widget\" data-e-type=\"widget\" data-widget_type=\"text-editor.default\">\n\t\t\t\t<div class=\"elementor-widget-container\">\n\t\t\t\t\t\t\t\t\t<p style=\"text-align: center;\">Offriamo un&#039;ampia gamma di metodi di pagamento popolari e convenienti, tra cui PayPal, carta di credito e altro ancora.<\/p>\t\t\t\t\t\t\t\t<\/div>\n\t\t\t\t<\/div>\n\t\t\t\t\t<\/div>\n\t\t<\/div>\n\t\t\t\t<div class=\"elementor-column elementor-col-33 elementor-top-column elementor-element elementor-element-4c2958eb\" data-id=\"4c2958eb\" data-element_type=\"column\" data-e-type=\"column\">\n\t\t\t<div class=\"elementor-widget-wrap elementor-element-populated\">\n\t\t\t\t\t\t<div class=\"elementor-element elementor-element-612f4a55 elementor-widget elementor-widget-homey_elementor_section_title\" data-id=\"612f4a55\" data-element_type=\"widget\" data-e-type=\"widget\" data-widget_type=\"homey_elementor_section_title.default\">\n\t\t\t\t<div class=\"elementor-widget-container\">\n\t\t\t\t\t            <div class=\"homey_section_title_wrap_elementor homey-module module-title section-title-module\">\n                                    <h2 class=\"homey_section_title\">Prenota ora<\/h2>\n                \n                            <\/div>\n            \t\t\t\t<\/div>\n\t\t\t\t<\/div>\n\t\t\t\t<div class=\"elementor-element elementor-element-6d4ba718 elementor-align-center elementor-widget elementor-widget-button\" data-id=\"6d4ba718\" data-element_type=\"widget\" data-e-type=\"widget\" data-widget_type=\"button.default\">\n\t\t\t\t<div class=\"elementor-widget-container\">\n\t\t\t\t\t\t\t\t\t<div class=\"elementor-button-wrapper\">\n\t\t\t\t\t<a class=\"elementor-button elementor-button-link elementor-size-sm\" href=\"https:\/\/boatrentalmallorca.net\/it\/contatti\/\">\n\t\t\t\t\t\t<span class=\"elementor-button-content-wrapper\">\n\t\t\t\t\t\t\t\t\t<span class=\"elementor-button-text\">Contattaci<\/span>\n\t\t\t\t\t<\/span>\n\t\t\t\t\t<\/a>\n\t\t\t\t<\/div>\n\t\t\t\t\t\t\t\t<\/div>\n\t\t\t\t<\/div>\n\t\t\t\t<div class=\"elementor-element elementor-element-13099a13 elementor-widget elementor-widget-text-editor\" data-id=\"13099a13\" data-element_type=\"widget\" data-e-type=\"widget\" data-widget_type=\"text-editor.default\">\n\t\t\t\t<div class=\"elementor-widget-container\">\n\t\t\t\t\t\t\t\t\t<p style=\"text-align: center;\">Contattaci oggi stesso per prenotare la barca migliore per la tua avventura in mare a Maiorca.<\/p>\t\t\t\t\t\t\t\t<\/div>\n\t\t\t\t<\/div>\n\t\t\t\t\t<\/div>\n\t\t<\/div>\n\t\t\t\t\t<\/div>\n\t\t<\/section>\n\t\t\t\t<section class=\"elementor-section elementor-top-section elementor-element elementor-element-8662adb elementor-section-stretched elementor-section-boxed elementor-section-height-default elementor-section-height-default\" data-id=\"8662adb\" data-element_type=\"section\" data-e-type=\"section\" data-settings=\"{&quot;stretch_section&quot;:&quot;section-stretched&quot;,&quot;background_background&quot;:&quot;classic&quot;}\">\n\t\t\t\t\t\t<div class=\"elementor-container elementor-column-gap-default\">\n\t\t\t\t\t<div class=\"elementor-column elementor-col-100 elementor-top-column elementor-element elementor-element-d868c0e\" data-id=\"d868c0e\" data-element_type=\"column\" data-e-type=\"column\">\n\t\t\t<div class=\"elementor-widget-wrap elementor-element-populated\">\n\t\t\t\t\t\t<div class=\"elementor-element elementor-element-bc06afc elementor-widget elementor-widget-spacer\" data-id=\"bc06afc\" data-element_type=\"widget\" data-e-type=\"widget\" data-widget_type=\"spacer.default\">\n\t\t\t\t<div class=\"elementor-widget-container\">\n\t\t\t\t\t\t\t<div class=\"elementor-spacer\">\n\t\t\t<div class=\"elementor-spacer-inner\"><\/div>\n\t\t<\/div>\n\t\t\t\t\t\t<\/div>\n\t\t\t\t<\/div>\n\t\t\t\t<div class=\"elementor-element elementor-element-9c4ca9f elementor-widget elementor-widget-homey_elementor_section_title\" data-id=\"9c4ca9f\" data-element_type=\"widget\" data-e-type=\"widget\" data-widget_type=\"homey_elementor_section_title.default\">\n\t\t\t\t<div class=\"elementor-widget-container\">\n\t\t\t\t\t            <div class=\"homey_section_title_wrap_elementor homey-module module-title section-title-module\">\n                                    <h2 class=\"homey_section_title\">Dai un&#039;occhiata ai nostri ultimi post sul blog<\/h2>\n                \n                                    <p class=\"homey_section_subtitle sub-heading\">Rimani aggiornato con gli ultimi suggerimenti, approfondimenti e guide sul noleggio di barche a Maiorca, nonch\u00e9 sulle migliori spiagge, ristoranti, attivit\u00e0 e luoghi panoramici dell&#039;isola.<\/p>\n                            <\/div>\n            \t\t\t\t<\/div>\n\t\t\t\t<\/div>\n\t\t\t\t<div class=\"elementor-element elementor-element-8bf7c29 elementor-widget-divider--view-line elementor-widget elementor-widget-divider\" data-id=\"8bf7c29\" data-element_type=\"widget\" data-e-type=\"widget\" data-widget_type=\"divider.default\">\n\t\t\t\t<div class=\"elementor-widget-container\">\n\t\t\t\t\t\t\t<div class=\"elementor-divider\">\n\t\t\t<span class=\"elementor-divider-separator\">\n\t\t\t\t\t\t<\/span>\n\t\t<\/div>\n\t\t\t\t\t\t<\/div>\n\t\t\t\t<\/div>\n\t\t\t\t<div class=\"elementor-element elementor-element-2ab0ef8 elementor-widget elementor-widget-homey_elementor_blog_posts\" data-id=\"2ab0ef8\" data-element_type=\"widget\" data-e-type=\"widget\" data-widget_type=\"homey_elementor_blog_posts.default\">\n\t\t\t\t<div class=\"elementor-widget-container\">\n\t\t\t\t\t\n        <div class=\"module-wrap blog-module\">\n            <div class=\"row\">\n                                    <div class=\"col-xs-12 col-sm-4 col-md-4 col-lg-4\">\n                        <div class=\"item-blog post-3009 post type-post status-publish format-standard has-post-thumbnail hentry category-mallorca\">\n\t<div class=\"media\">\n\t\t<div class=\"item-blog-image\">\n\t\t\t<div class=\"item-media item-media-thumb\">\n\t\t\t\t<a href=\"https:\/\/boatrentalmallorca.net\/it\/best-restaurants-in-mallorca\/\" class=\"hover-effect\">\n                <img loading=\"lazy\" decoding=\"async\" width=\"450\" height=\"300\" src=\"https:\/\/boatrentalmallorca.net\/wp-content\/uploads\/2025\/01\/Best-restaurants-in-Mallorca-450x300.jpg\" class=\"img-responsive wp-post-image\" alt=\"I migliori ristoranti di Maiorca\" srcset=\"https:\/\/boatrentalmallorca.net\/wp-content\/uploads\/2025\/01\/Best-restaurants-in-Mallorca-450x300.jpg 450w, https:\/\/boatrentalmallorca.net\/wp-content\/uploads\/2025\/01\/Best-restaurants-in-Mallorca-120x80.jpg 120w\" sizes=\"(max-width: 450px) 100vw, 450px\" \/>            \t<\/a>\n\t\t\t<\/div>\n\t\t<\/div>\n\t\t<div class=\"media-body item-body\">\n\t\t\t<div class=\"item-title-head\">\n\t\t\t\t<h3 class=\"title\">\n\t\t\t\t\t<a href=\"https:\/\/boatrentalmallorca.net\/it\/best-restaurants-in-mallorca\/\">I migliori ristoranti di Maiorca<\/a>\n\t\t\t\t<\/h3>\n\t\t\t\t<div class=\"item-blog-meta item-blog-category\">\n\t\t\t\t\t<i class=\"homey-icon homey-icon-award-badge-1\"><\/i> <a href=\"https:\/\/boatrentalmallorca.net\/it\/category\/mallorca\/\" rel=\"category tag\">Maiorca<\/a>\t\t\t\t<\/div>\n\t\t\t\t<p><p>Situata nel cuore del Mediterraneo, Maiorca non \u00e8 solo un paradiso baciato dal sole, ma anche un tesoro...<\/p>\n<\/p>\n\t\t\t<\/div>\n\t\t<\/div>\n\t<\/div>\n<\/div>                    <\/div>\n                                    <div class=\"col-xs-12 col-sm-4 col-md-4 col-lg-4\">\n                        <div class=\"item-blog post-2849 post type-post status-publish format-standard has-post-thumbnail hentry category-mallorca\">\n\t<div class=\"media\">\n\t\t<div class=\"item-blog-image\">\n\t\t\t<div class=\"item-media item-media-thumb\">\n\t\t\t\t<a href=\"https:\/\/boatrentalmallorca.net\/it\/things-to-do-in-mallorca\/\" class=\"hover-effect\">\n                <img loading=\"lazy\" decoding=\"async\" width=\"450\" height=\"300\" src=\"https:\/\/boatrentalmallorca.net\/wp-content\/uploads\/2025\/01\/Things-to-do-in-Mallorca-450x300.jpg\" class=\"img-responsive wp-post-image\" alt=\"Cose da fare a Maiorca\" srcset=\"https:\/\/boatrentalmallorca.net\/wp-content\/uploads\/2025\/01\/Things-to-do-in-Mallorca-450x300.jpg 450w, https:\/\/boatrentalmallorca.net\/wp-content\/uploads\/2025\/01\/Things-to-do-in-Mallorca-120x80.jpg 120w\" sizes=\"(max-width: 450px) 100vw, 450px\" \/>            \t<\/a>\n\t\t\t<\/div>\n\t\t<\/div>\n\t\t<div class=\"media-body item-body\">\n\t\t\t<div class=\"item-title-head\">\n\t\t\t\t<h3 class=\"title\">\n\t\t\t\t\t<a href=\"https:\/\/boatrentalmallorca.net\/it\/things-to-do-in-mallorca\/\">Cose da fare a Maiorca<\/a>\n\t\t\t\t<\/h3>\n\t\t\t\t<div class=\"item-blog-meta item-blog-category\">\n\t\t\t\t\t<i class=\"homey-icon homey-icon-award-badge-1\"><\/i> <a href=\"https:\/\/boatrentalmallorca.net\/it\/category\/mallorca\/\" rel=\"category tag\">Maiorca<\/a>\t\t\t\t<\/div>\n\t\t\t\t<p><p>Maiorca \u00e8 l&#039;isola pi\u00f9 grande dell&#039;arcipelago delle Baleari in Spagna. C&#039;\u00e8 una soluzione di vacanza adatta a...<\/p>\n<\/p>\n\t\t\t<\/div>\n\t\t<\/div>\n\t<\/div>\n<\/div>                    <\/div>\n                                            <\/div>\n        <\/div>\n\n        \t\t\t\t<\/div>\n\t\t\t\t<\/div>\n\t\t\t\t<div class=\"elementor-element elementor-element-3ba1f2f elementor-widget elementor-widget-spacer\" data-id=\"3ba1f2f\" data-element_type=\"widget\" data-e-type=\"widget\" data-widget_type=\"spacer.default\">\n\t\t\t\t<div class=\"elementor-widget-container\">\n\t\t\t\t\t\t\t<div class=\"elementor-spacer\">\n\t\t\t<div class=\"elementor-spacer-inner\"><\/div>\n\t\t<\/div>\n\t\t\t\t\t\t<\/div>\n\t\t\t\t<\/div>\n\t\t\t\t\t<\/div>\n\t\t<\/div>\n\t\t\t\t\t<\/div>\n\t\t<\/section>\n\t\t\t\t<\/div>","protected":false},"excerpt":{"rendered":"<p>Most booked rental boats in Mallorca All popular locations: Palma de Mallorca, Alcudia, Cala d&#039;Or, Palma Nova, Pollensa, Soller. 200+ boats available (yacht, motorboat, catamaran, sailboat). With captain (included) from \u20ac1,800\/half day Hinckley Talaria 40 | Silver Fox | Motorboat Mallorca &#8211; Alcudia &#8211; Port d&#8217;Alc\u00fadia 12.8 m half day min. 8 guests Motorboat rental [&hellip;]<\/p>\n","protected":false},"author":2,"featured_media":0,"parent":0,"menu_order":0,"comment_status":"closed","ping_status":"closed","template":"elementor_header_footer","meta":{"_acf_changed":false,"footnotes":""},"class_list":["post-2098","page","type-page","status-publish","hentry"],"acf":[],"yoast_head":"<!-- This site is optimized with the Yoast SEO Premium plugin v24.3 (Yoast SEO v24.3) - https:\/\/yoast.com\/wordpress\/plugins\/seo\/ -->\n<title>Boat Rental Mallorca - Yacht Charter &amp; Private Boat Hire<\/title>\n<meta name=\"description\" content=\"Boat rental and yacht charter in Mallorca. \u2b50 Palma de Mallorca, \u2b50 Alcudia, \u2b50 Cala d&#039;Or, \u2b50 Palma Nova, \u2b50 Pollensa, \u2b50 Soller. \u2714\ufe0f Book now!\" \/>\n<meta name=\"robots\" content=\"index, follow, max-snippet:-1, max-image-preview:large, max-video-preview:-1\" \/>\n<link rel=\"canonical\" href=\"https:\/\/boatrentalmallorca.net\/it\/\" \/>\n<meta property=\"og:locale\" content=\"it_IT\" \/>\n<meta property=\"og:type\" content=\"article\" \/>\n<meta property=\"og:title\" content=\"Boat Rental Mallorca\" \/>\n<meta property=\"og:description\" content=\"Boat rental and yacht charter in Mallorca. \u2b50 Palma de Mallorca, \u2b50 Alcudia, \u2b50 Cala d&#039;Or, \u2b50 Palma Nova, \u2b50 Pollensa, \u2b50 Soller. \u2714\ufe0f Book now!\" \/>\n<meta property=\"og:url\" content=\"https:\/\/boatrentalmallorca.net\/it\/\" \/>\n<meta property=\"og:site_name\" content=\"Boat Rental Mallorca\" \/>\n<meta property=\"article:modified_time\" content=\"2026-03-12T14:25:46+00:00\" \/>\n<meta property=\"og:image\" content=\"https:\/\/boatrentalmallorca.net\/wp-content\/uploads\/2026\/03\/rent-motorboat-Hinckley-Talaria-40-Silver-Fox-Alcudia.jpg\" \/>\n<meta name=\"twitter:card\" content=\"summary_large_image\" \/>\n<meta name=\"twitter:label1\" content=\"Tempo di lettura stimato\" \/>\n\t<meta name=\"twitter:data1\" content=\"43 minuti\" \/>\n<script type=\"application\/ld+json\" class=\"yoast-schema-graph\">{\"@context\":\"https:\/\/schema.org\",\"@graph\":[{\"@type\":\"WebPage\",\"@id\":\"https:\/\/boatrentalmallorca.net\/\",\"url\":\"https:\/\/boatrentalmallorca.net\/\",\"name\":\"Boat Rental Mallorca - Yacht Charter & Private Boat Hire\",\"isPartOf\":{\"@id\":\"https:\/\/boatrentalmallorca.net\/#website\"},\"primaryImageOfPage\":{\"@id\":\"https:\/\/boatrentalmallorca.net\/#primaryimage\"},\"image\":{\"@id\":\"https:\/\/boatrentalmallorca.net\/#primaryimage\"},\"thumbnailUrl\":\"https:\/\/boatrentalmallorca.net\/wp-content\/uploads\/2026\/03\/rent-motorboat-Hinckley-Talaria-40-Silver-Fox-Alcudia.jpg\",\"datePublished\":\"2020-11-02T15:34:02+00:00\",\"dateModified\":\"2026-03-12T14:25:46+00:00\",\"description\":\"Boat rental and yacht charter in Mallorca. \u2b50 Palma de Mallorca, \u2b50 Alcudia, \u2b50 Cala d'Or, \u2b50 Palma Nova, \u2b50 Pollensa, \u2b50 Soller. \u2714\ufe0f Book now!\",\"breadcrumb\":{\"@id\":\"https:\/\/boatrentalmallorca.net\/#breadcrumb\"},\"inLanguage\":\"it-IT\",\"potentialAction\":[{\"@type\":\"ReadAction\",\"target\":[\"https:\/\/boatrentalmallorca.net\/\"]}]},{\"@type\":\"ImageObject\",\"inLanguage\":\"it-IT\",\"@id\":\"https:\/\/boatrentalmallorca.net\/#primaryimage\",\"url\":\"https:\/\/boatrentalmallorca.net\/wp-content\/uploads\/2026\/03\/rent-motorboat-Hinckley-Talaria-40-Silver-Fox-Alcudia.jpg\",\"contentUrl\":\"https:\/\/boatrentalmallorca.net\/wp-content\/uploads\/2026\/03\/rent-motorboat-Hinckley-Talaria-40-Silver-Fox-Alcudia.jpg\"},{\"@type\":\"BreadcrumbList\",\"@id\":\"https:\/\/boatrentalmallorca.net\/#breadcrumb\",\"itemListElement\":[{\"@type\":\"ListItem\",\"position\":1,\"name\":\"Home\",\"item\":\"https:\/\/boatrentalmallorca.net\/\"},{\"@type\":\"ListItem\",\"position\":2,\"name\":\"Boat Rental Mallorca\"}]},{\"@type\":\"WebSite\",\"@id\":\"https:\/\/boatrentalmallorca.net\/#website\",\"url\":\"https:\/\/boatrentalmallorca.net\/\",\"name\":\"Boat Rental Mallorca\",\"description\":\"\",\"publisher\":{\"@id\":\"https:\/\/boatrentalmallorca.net\/#organization\"},\"potentialAction\":[{\"@type\":\"SearchAction\",\"target\":{\"@type\":\"EntryPoint\",\"urlTemplate\":\"https:\/\/boatrentalmallorca.net\/?s={search_term_string}\"},\"query-input\":{\"@type\":\"PropertyValueSpecification\",\"valueRequired\":true,\"valueName\":\"search_term_string\"}}],\"inLanguage\":\"it-IT\"},{\"@type\":\"Organization\",\"@id\":\"https:\/\/boatrentalmallorca.net\/#organization\",\"name\":\"Boat Rental Mallorca\",\"url\":\"https:\/\/boatrentalmallorca.net\/\",\"logo\":{\"@type\":\"ImageObject\",\"inLanguage\":\"it-IT\",\"@id\":\"https:\/\/boatrentalmallorca.net\/#\/schema\/logo\/image\/\",\"url\":\"https:\/\/boatrentalmallorca.net\/wp-content\/uploads\/2025\/02\/Logo-Boat-Rental-Mallorca.jpg\",\"contentUrl\":\"https:\/\/boatrentalmallorca.net\/wp-content\/uploads\/2025\/02\/Logo-Boat-Rental-Mallorca.jpg\",\"width\":996,\"height\":1068,\"caption\":\"Boat Rental Mallorca\"},\"image\":{\"@id\":\"https:\/\/boatrentalmallorca.net\/#\/schema\/logo\/image\/\"},\"description\":\"Boat Rental Mallorca is a local company offering yacht and boat rentals in Mallorca for sunset cruises, half-day, or full-day trips, with or without a captain. Prices start from \u20ac150 per hour. Boats are available for all types of private and corporate events.\",\"email\":\"boatrentalsmallorca@gmail.com\",\"telephone\":\"+34622937315\",\"numberOfEmployees\":{\"@type\":\"QuantitativeValue\",\"minValue\":\"1\",\"maxValue\":\"10\"}}]}<\/script>\n<!-- \/ Yoast SEO Premium plugin. -->","yoast_head_json":{"title":"Noleggio barche a Maiorca - Noleggio yacht e barche private","description":"Noleggio barche e yacht charter a Maiorca. \u2b50 Palma di Maiorca, \u2b50 Alcudia, \u2b50 Cala d&#039;Or, \u2b50 Palma Nova, \u2b50 Pollensa, \u2b50 Soller. \u2714\ufe0fPrenota ora!","robots":{"index":"index","follow":"follow","max-snippet":"max-snippet:-1","max-image-preview":"max-image-preview:large","max-video-preview":"max-video-preview:-1"},"canonical":"https:\/\/boatrentalmallorca.net\/it\/","og_locale":"it_IT","og_type":"article","og_title":"Boat Rental Mallorca","og_description":"Boat rental and yacht charter in Mallorca. \u2b50 Palma de Mallorca, \u2b50 Alcudia, \u2b50 Cala d'Or, \u2b50 Palma Nova, \u2b50 Pollensa, \u2b50 Soller. \u2714\ufe0f Book now!","og_url":"https:\/\/boatrentalmallorca.net\/it\/","og_site_name":"Boat Rental Mallorca","article_modified_time":"2026-03-12T14:25:46+00:00","og_image":[{"url":"https:\/\/boatrentalmallorca.net\/wp-content\/uploads\/2026\/03\/rent-motorboat-Hinckley-Talaria-40-Silver-Fox-Alcudia.jpg","type":"","width":"","height":""}],"twitter_card":"summary_large_image","twitter_misc":{"Tempo di lettura stimato":"43 minuti"},"schema":{"@context":"https:\/\/schema.org","@graph":[{"@type":"WebPage","@id":"https:\/\/boatrentalmallorca.net\/","url":"https:\/\/boatrentalmallorca.net\/","name":"Noleggio barche a Maiorca - Noleggio yacht e barche private","isPartOf":{"@id":"https:\/\/boatrentalmallorca.net\/#website"},"primaryImageOfPage":{"@id":"https:\/\/boatrentalmallorca.net\/#primaryimage"},"image":{"@id":"https:\/\/boatrentalmallorca.net\/#primaryimage"},"thumbnailUrl":"https:\/\/boatrentalmallorca.net\/wp-content\/uploads\/2026\/03\/rent-motorboat-Hinckley-Talaria-40-Silver-Fox-Alcudia.jpg","datePublished":"2020-11-02T15:34:02+00:00","dateModified":"2026-03-12T14:25:46+00:00","description":"Noleggio barche e yacht charter a Maiorca. \u2b50 Palma di Maiorca, \u2b50 Alcudia, \u2b50 Cala d&#039;Or, \u2b50 Palma Nova, \u2b50 Pollensa, \u2b50 Soller. \u2714\ufe0fPrenota ora!","breadcrumb":{"@id":"https:\/\/boatrentalmallorca.net\/#breadcrumb"},"inLanguage":"it-IT","potentialAction":[{"@type":"ReadAction","target":["https:\/\/boatrentalmallorca.net\/"]}]},{"@type":"ImageObject","inLanguage":"it-IT","@id":"https:\/\/boatrentalmallorca.net\/#primaryimage","url":"https:\/\/boatrentalmallorca.net\/wp-content\/uploads\/2026\/03\/rent-motorboat-Hinckley-Talaria-40-Silver-Fox-Alcudia.jpg","contentUrl":"https:\/\/boatrentalmallorca.net\/wp-content\/uploads\/2026\/03\/rent-motorboat-Hinckley-Talaria-40-Silver-Fox-Alcudia.jpg"},{"@type":"BreadcrumbList","@id":"https:\/\/boatrentalmallorca.net\/#breadcrumb","itemListElement":[{"@type":"ListItem","position":1,"name":"Home","item":"https:\/\/boatrentalmallorca.net\/"},{"@type":"ListItem","position":2,"name":"Boat Rental Mallorca"}]},{"@type":"WebSite","@id":"https:\/\/boatrentalmallorca.net\/#website","url":"https:\/\/boatrentalmallorca.net\/","name":"Noleggio barche a Maiorca","description":"","publisher":{"@id":"https:\/\/boatrentalmallorca.net\/#organization"},"potentialAction":[{"@type":"SearchAction","target":{"@type":"EntryPoint","urlTemplate":"https:\/\/boatrentalmallorca.net\/?s={search_term_string}"},"query-input":{"@type":"PropertyValueSpecification","valueRequired":true,"valueName":"search_term_string"}}],"inLanguage":"it-IT"},{"@type":"Organization","@id":"https:\/\/boatrentalmallorca.net\/#organization","name":"Noleggio barche a Maiorca","url":"https:\/\/boatrentalmallorca.net\/","logo":{"@type":"ImageObject","inLanguage":"it-IT","@id":"https:\/\/boatrentalmallorca.net\/#\/schema\/logo\/image\/","url":"https:\/\/boatrentalmallorca.net\/wp-content\/uploads\/2025\/02\/Logo-Boat-Rental-Mallorca.jpg","contentUrl":"https:\/\/boatrentalmallorca.net\/wp-content\/uploads\/2025\/02\/Logo-Boat-Rental-Mallorca.jpg","width":996,"height":1068,"caption":"Boat Rental Mallorca"},"image":{"@id":"https:\/\/boatrentalmallorca.net\/#\/schema\/logo\/image\/"},"description":"Boat Rental Mallorca \u00e8 un&#039;azienda locale che offre il noleggio di yacht e barche a Maiorca per crociere al tramonto, escursioni di mezza giornata o di un&#039;intera giornata, con o senza capitano. I prezzi partono da 150 \u20ac all&#039;ora. Le imbarcazioni sono disponibili per tutti i tipi di eventi privati e aziendali.","email":"boatrentalsmallorca@gmail.com","telephone":"+34622937315","numberOfEmployees":{"@type":"QuantitativeValue","minValue":"1","maxValue":"10"}}]}},"_links":{"self":[{"href":"https:\/\/boatrentalmallorca.net\/it\/wp-json\/wp\/v2\/pages\/2098","targetHints":{"allow":["GET"]}}],"collection":[{"href":"https:\/\/boatrentalmallorca.net\/it\/wp-json\/wp\/v2\/pages"}],"about":[{"href":"https:\/\/boatrentalmallorca.net\/it\/wp-json\/wp\/v2\/types\/page"}],"author":[{"embeddable":true,"href":"https:\/\/boatrentalmallorca.net\/it\/wp-json\/wp\/v2\/users\/2"}],"replies":[{"embeddable":true,"href":"https:\/\/boatrentalmallorca.net\/it\/wp-json\/wp\/v2\/comments?post=2098"}],"version-history":[{"count":468,"href":"https:\/\/boatrentalmallorca.net\/it\/wp-json\/wp\/v2\/pages\/2098\/revisions"}],"predecessor-version":[{"id":7391,"href":"https:\/\/boatrentalmallorca.net\/it\/wp-json\/wp\/v2\/pages\/2098\/revisions\/7391"}],"wp:attachment":[{"href":"https:\/\/boatrentalmallorca.net\/it\/wp-json\/wp\/v2\/media?parent=2098"}],"curies":[{"name":"wp","href":"https:\/\/api.w.org\/{rel}","templated":true}]}}