{"id":2098,"date":"2020-11-02T15:34:02","date_gmt":"2020-11-02T15:34:02","guid":{"rendered":"https:\/\/demo06.gethomey.io\/?page_id=2098"},"modified":"2026-03-12T15:25:46","modified_gmt":"2026-03-12T14:25:46","slug":"boat-rental-mallorca","status":"publish","type":"page","link":"https:\/\/boatrentalmallorca.net\/fr\/","title":{"rendered":"Location de bateaux \u00e0 Majorque"},"content":{"rendered":"<div data-elementor-type=\"wp-page\" data-elementor-id=\"2098\" class=\"elementor elementor-2098\">\n\t\t\t\t\t\t<section class=\"elementor-section elementor-top-section elementor-element elementor-element-26356b9 elementor-section-height-min-height elementor-section-stretched elementor-section-boxed elementor-section-height-default elementor-section-items-middle\" data-id=\"26356b9\" data-element_type=\"section\" data-e-type=\"section\" data-settings=\"{&quot;background_background&quot;:&quot;classic&quot;,&quot;stretch_section&quot;:&quot;section-stretched&quot;}\">\n\t\t\t\t\t\t<div class=\"elementor-container elementor-column-gap-default\">\n\t\t\t\t\t<div class=\"elementor-column elementor-col-100 elementor-top-column elementor-element elementor-element-54636fd\" data-id=\"54636fd\" data-element_type=\"column\" data-e-type=\"column\">\n\t\t\t<div class=\"elementor-widget-wrap elementor-element-populated\">\n\t\t\t\t\t\t<div class=\"elementor-element elementor-element-7614e29 elementor-widget elementor-widget-spacer\" data-id=\"7614e29\" data-element_type=\"widget\" data-e-type=\"widget\" data-widget_type=\"spacer.default\">\n\t\t\t\t<div class=\"elementor-widget-container\">\n\t\t\t\t\t\t\t<div class=\"elementor-spacer\">\n\t\t\t<div class=\"elementor-spacer-inner\"><\/div>\n\t\t<\/div>\n\t\t\t\t\t\t<\/div>\n\t\t\t\t<\/div>\n\t\t\t\t<div class=\"elementor-element elementor-element-5bc9df49 elementor-widget elementor-widget-homey_elementor_section_title\" data-id=\"5bc9df49\" data-element_type=\"widget\" data-e-type=\"widget\" data-widget_type=\"homey_elementor_section_title.default\">\n\t\t\t\t<div class=\"elementor-widget-container\">\n\t\t\t\t\t            <div class=\"homey_section_title_wrap_elementor homey-module module-title section-title-module\">\n                                    <h2 class=\"homey_section_title\">La plupart des bateaux de location r\u00e9serv\u00e9s \u00e0 Majorque<\/h2>\n                \n                                    <p class=\"homey_section_subtitle sub-heading\">Tous les endroits populaires : Palma de Majorque, Alcudia, Cala d'Or, Palma Nova, Pollen\u00e7a, Soller. Plus de 200 bateaux disponibles (yacht, bateau \u00e0 moteur, catamaran, voilier).<\/p>\n                            <\/div>\n            \t\t\t\t<\/div>\n\t\t\t\t<\/div>\n\t\t\t\t<div class=\"elementor-element elementor-element-034ff7c elementor-widget-divider--view-line elementor-widget elementor-widget-divider\" data-id=\"034ff7c\" data-element_type=\"widget\" data-e-type=\"widget\" data-widget_type=\"divider.default\">\n\t\t\t\t<div class=\"elementor-widget-container\">\n\t\t\t\t\t\t\t<div class=\"elementor-divider\">\n\t\t\t<span class=\"elementor-divider-separator\">\n\t\t\t\t\t\t<\/span>\n\t\t<\/div>\n\t\t\t\t\t\t<\/div>\n\t\t\t\t<\/div>\n\t\t\t\t<div class=\"elementor-element elementor-element-dc4af8a elementor-widget elementor-widget-homey_elementor_property_by_ids\" data-id=\"dc4af8a\" data-element_type=\"widget\" data-e-type=\"widget\" data-widget_type=\"homey_elementor_property_by_ids.default\">\n\t\t\t\t<div class=\"elementor-widget-container\">\n\t\t\t\t\t\n        <div class=\"module-wrap property-module-by-id property-module-by-id-3cols\">\n            <div class=\"listing-wrap which-layout-grid  item-grid-view\">\n                    <div class=\"col-sm-4\">\n<div class=\"item-wrap infobox_trigger homey-matchHeight item-grid-view infobox_trigger homey-matchHeight\" data-dir=\"listing-item\" data-id=\"7360\">\n    <div class=\"media property-item\">\n        <div class=\"media-left\">\n            <div class=\"item-media item-media-thumb\">\n                <span class=\"label-wrap top-left\">\n                    <span class=\"label label-featured\">With captain (included)<\/span>\n                <\/span>                <a class=\"hover-effect\" href=\"https:\/\/boatrentalmallorca.net\/fr\/mallorca\/hinckley-talaria-40-silver-fox-motorboat\/\">\n                    <img fetchpriority=\"high\" decoding=\"async\" width=\"403\" height=\"269\" src=\"https:\/\/boatrentalmallorca.net\/wp-content\/uploads\/2026\/03\/rent-motorboat-Hinckley-Talaria-40-Silver-Fox-Alcudia.jpg\" class=\"img-responsive wp-post-image\" alt=\"location de bateau \u00e0 moteur Hinckley Talaria 40 Silver Fox Alcudia\" srcset=\"https:\/\/boatrentalmallorca.net\/wp-content\/uploads\/2026\/03\/rent-motorboat-Hinckley-Talaria-40-Silver-Fox-Alcudia.jpg 403w, https:\/\/boatrentalmallorca.net\/wp-content\/uploads\/2026\/03\/rent-motorboat-Hinckley-Talaria-40-Silver-Fox-Alcudia-300x200.jpg 300w, https:\/\/boatrentalmallorca.net\/wp-content\/uploads\/2026\/03\/rent-motorboat-Hinckley-Talaria-40-Silver-Fox-Alcudia-18x12.jpg 18w, https:\/\/boatrentalmallorca.net\/wp-content\/uploads\/2026\/03\/rent-motorboat-Hinckley-Talaria-40-Silver-Fox-Alcudia-120x80.jpg 120w\" sizes=\"(max-width: 403px) 100vw, 403px\" \/>                \n\n                                    <div class=\"item-media-price\">\n                        <span class=\"item-price\">\n                            <sub>depuis<\/sub> <sup>\u20ac<\/sup>1,800<sub>\/half day<\/sub>\n                        <\/span>\n                    <\/div>\n                                <\/a>\n                            <\/div>\n        <\/div>\n        <div class=\"media-body item-body clearfix\">\n\n            <div class=\"item-title-head table-block\">\n                <div class=\"title-head-left\">\n                    <div class=\"title\"><a href=\"https:\/\/boatrentalmallorca.net\/fr\/mallorca\/hinckley-talaria-40-silver-fox-motorboat\/\">\n                            Hinckley Talaria 40 | Renard Argent\u00e9 | Bateau \u00e0 moteur<\/a><\/div>\n\n                    <address class=\"item-address\">Majorque - Alcudia - Port d&#039;Alc\u00fadia<\/address>        \n                <\/div>\n            <\/div>\n\n                        <ul class=\"item-amenities\">\n\n                                <li>\n                    <i class=\"fa fa-arrows-h\"><\/i> \n                    <span class=\"total-beds\">12.8<\/span> <span class=\"item-label\">m<\/span>\n                <\/li>\n                \n                                <li>\n                    <i class=\"fa fa-clock-o\"><\/i> \n                    <span class=\"total-baths\">demi-journ\u00e9e<\/span> <span class=\"item-label\">min.<\/span>\n                <\/li>\n                \n                                <li>\n                    <i class=\"fa fa-user\"><\/i> \n                    <span class=\"total-guests\">8<\/span> <span class=\"item-label\">invit\u00e9s<\/span>\n                <\/li>\n                \n                                <li class=\"item-type\">Location de bateaux \u00e0 moteur<\/li>\n                            <\/ul>\n            \n            \n            <div class=\"item-footer\">\n\n                \n                            <\/div>\n        <\/div>\n    <\/div>\n<\/div><!-- .item-wrap --><\/div><div class=\"col-sm-4\">\n<div class=\"item-wrap infobox_trigger homey-matchHeight item-grid-view infobox_trigger homey-matchHeight\" data-dir=\"listing-item\" data-id=\"7336\">\n    <div class=\"media property-item\">\n        <div class=\"media-left\">\n            <div class=\"item-media item-media-thumb\">\n                <span class=\"label-wrap top-left\">\n                    <span class=\"label label-featured\">With captain (included)<\/span>\n                <\/span>                <a class=\"hover-effect\" href=\"https:\/\/boatrentalmallorca.net\/fr\/mallorca\/sunseeker-43-thunderhawk-good-news-motorboat\/\">\n                    <img decoding=\"async\" width=\"403\" height=\"269\" src=\"https:\/\/boatrentalmallorca.net\/wp-content\/uploads\/2026\/03\/rent-motorboat-Sunseeker-43-Thunderhawk-Good-News-Palma-de-Mallorca.jpg\" class=\"img-responsive wp-post-image\" alt=\"Location de bateau \u00e0 moteur Sunseeker 43 Thunderhawk Good News Palma de Majorque\" srcset=\"https:\/\/boatrentalmallorca.net\/wp-content\/uploads\/2026\/03\/rent-motorboat-Sunseeker-43-Thunderhawk-Good-News-Palma-de-Mallorca.jpg 403w, https:\/\/boatrentalmallorca.net\/wp-content\/uploads\/2026\/03\/rent-motorboat-Sunseeker-43-Thunderhawk-Good-News-Palma-de-Mallorca-300x200.jpg 300w, https:\/\/boatrentalmallorca.net\/wp-content\/uploads\/2026\/03\/rent-motorboat-Sunseeker-43-Thunderhawk-Good-News-Palma-de-Mallorca-18x12.jpg 18w, https:\/\/boatrentalmallorca.net\/wp-content\/uploads\/2026\/03\/rent-motorboat-Sunseeker-43-Thunderhawk-Good-News-Palma-de-Mallorca-120x80.jpg 120w\" sizes=\"(max-width: 403px) 100vw, 403px\" \/>                \n\n                                    <div class=\"item-media-price\">\n                        <span class=\"item-price\">\n                            <sub>depuis<\/sub> <sup>\u20ac<\/sup>900<sub>\/half day<\/sub>\n                        <\/span>\n                    <\/div>\n                                <\/a>\n                            <\/div>\n        <\/div>\n        <div class=\"media-body item-body clearfix\">\n\n            <div class=\"item-title-head table-block\">\n                <div class=\"title-head-left\">\n                    <div class=\"title\"><a href=\"https:\/\/boatrentalmallorca.net\/fr\/mallorca\/sunseeker-43-thunderhawk-good-news-motorboat\/\">\n                            Sunseeker 43 Thunderhawk | Bateau \u00e0 moteur<\/a><\/div>\n\n                    <address class=\"item-address\">Majorque - Palma<\/address>        \n                <\/div>\n            <\/div>\n\n                        <ul class=\"item-amenities\">\n\n                                <li>\n                    <i class=\"fa fa-arrows-h\"><\/i> \n                    <span class=\"total-beds\">13.5<\/span> <span class=\"item-label\">m<\/span>\n                <\/li>\n                \n                                <li>\n                    <i class=\"fa fa-clock-o\"><\/i> \n                    <span class=\"total-baths\">demi-journ\u00e9e<\/span> <span class=\"item-label\">min.<\/span>\n                <\/li>\n                \n                                <li>\n                    <i class=\"fa fa-user\"><\/i> \n                    <span class=\"total-guests\">12<\/span> <span class=\"item-label\">invit\u00e9s<\/span>\n                <\/li>\n                \n                                <li class=\"item-type\">Location de bateaux \u00e0 moteur<\/li>\n                            <\/ul>\n            \n            \n            <div class=\"item-footer\">\n\n                \n                            <\/div>\n        <\/div>\n    <\/div>\n<\/div><!-- .item-wrap --><\/div><div class=\"col-sm-4\">\n<div class=\"item-wrap infobox_trigger homey-matchHeight item-grid-view infobox_trigger homey-matchHeight\" data-dir=\"listing-item\" data-id=\"7302\">\n    <div class=\"media property-item\">\n        <div class=\"media-left\">\n            <div class=\"item-media item-media-thumb\">\n                <span class=\"label-wrap top-left\">\n                    <span class=\"label label-featured\">With captain (included)<\/span>\n                <\/span>                <a class=\"hover-effect\" href=\"https:\/\/boatrentalmallorca.net\/fr\/mallorca\/azimut-70-laventure-yacht\/\">\n                    <img decoding=\"async\" width=\"403\" height=\"269\" src=\"https:\/\/boatrentalmallorca.net\/wp-content\/uploads\/2026\/03\/rent-yacht-Azimut-70-L-Aventure-Mallorca.jpg\" class=\"img-responsive wp-post-image\" alt=\"louer yacht Azimut 70 L-Aventure Majorque\" srcset=\"https:\/\/boatrentalmallorca.net\/wp-content\/uploads\/2026\/03\/rent-yacht-Azimut-70-L-Aventure-Mallorca.jpg 403w, https:\/\/boatrentalmallorca.net\/wp-content\/uploads\/2026\/03\/rent-yacht-Azimut-70-L-Aventure-Mallorca-300x200.jpg 300w, https:\/\/boatrentalmallorca.net\/wp-content\/uploads\/2026\/03\/rent-yacht-Azimut-70-L-Aventure-Mallorca-18x12.jpg 18w, https:\/\/boatrentalmallorca.net\/wp-content\/uploads\/2026\/03\/rent-yacht-Azimut-70-L-Aventure-Mallorca-120x80.jpg 120w\" sizes=\"(max-width: 403px) 100vw, 403px\" \/>                \n\n                                    <div class=\"item-media-price\">\n                        <span class=\"item-price\">\n                            <sub>depuis<\/sub> <sup>\u20ac<\/sup>2,185<sub>\/8 hours<\/sub>\n                        <\/span>\n                    <\/div>\n                                <\/a>\n                            <\/div>\n        <\/div>\n        <div class=\"media-body item-body clearfix\">\n\n            <div class=\"item-title-head table-block\">\n                <div class=\"title-head-left\">\n                    <div class=\"title\"><a href=\"https:\/\/boatrentalmallorca.net\/fr\/mallorca\/azimut-70-laventure-yacht\/\">\n                            Azimut 70 | L&#039;Aventure | Yacht<\/a><\/div>\n\n                    <address class=\"item-address\">Majorque - Palma<\/address>        \n                <\/div>\n            <\/div>\n\n                        <ul class=\"item-amenities\">\n\n                                <li>\n                    <i class=\"fa fa-arrows-h\"><\/i> \n                    <span class=\"total-beds\">22.5<\/span> <span class=\"item-label\">m<\/span>\n                <\/li>\n                \n                                <li>\n                    <i class=\"fa fa-clock-o\"><\/i> \n                    <span class=\"total-baths\">8 heures<\/span> <span class=\"item-label\">min.<\/span>\n                <\/li>\n                \n                                <li>\n                    <i class=\"fa fa-user\"><\/i> \n                    <span class=\"total-guests\">11<\/span> <span class=\"item-label\">invit\u00e9s<\/span>\n                <\/li>\n                \n                                <li class=\"item-type\">Location de yachts de luxe, Location de yachts<\/li>\n                            <\/ul>\n            \n            \n            <div class=\"item-footer\">\n\n                \n                            <\/div>\n        <\/div>\n    <\/div>\n<\/div><!-- .item-wrap --><\/div><div class=\"col-sm-4\">\n<div class=\"item-wrap infobox_trigger homey-matchHeight item-grid-view infobox_trigger homey-matchHeight\" data-dir=\"listing-item\" data-id=\"7164\">\n    <div class=\"media property-item\">\n        <div class=\"media-left\">\n            <div class=\"item-media item-media-thumb\">\n                <span class=\"label-wrap top-left\">\n                    <span class=\"label label-featured\">With captain (included)<\/span>\n                <\/span>                <a class=\"hover-effect\" href=\"https:\/\/boatrentalmallorca.net\/fr\/mallorca\/fountaine-pajot-victoria-67-lir-catamaran\/\">\n                    <img loading=\"lazy\" decoding=\"async\" width=\"403\" height=\"269\" src=\"https:\/\/boatrentalmallorca.net\/wp-content\/uploads\/2026\/03\/rent-catamaran-Fountaine-Pajot-Victoria-67-LIR-Mallorca.jpg\" class=\"img-responsive wp-post-image\" alt=\"location catamaran Fountaine Pajot Victoria 67 LIR Majorque\" srcset=\"https:\/\/boatrentalmallorca.net\/wp-content\/uploads\/2026\/03\/rent-catamaran-Fountaine-Pajot-Victoria-67-LIR-Mallorca.jpg 403w, https:\/\/boatrentalmallorca.net\/wp-content\/uploads\/2026\/03\/rent-catamaran-Fountaine-Pajot-Victoria-67-LIR-Mallorca-300x200.jpg 300w, https:\/\/boatrentalmallorca.net\/wp-content\/uploads\/2026\/03\/rent-catamaran-Fountaine-Pajot-Victoria-67-LIR-Mallorca-18x12.jpg 18w, https:\/\/boatrentalmallorca.net\/wp-content\/uploads\/2026\/03\/rent-catamaran-Fountaine-Pajot-Victoria-67-LIR-Mallorca-120x80.jpg 120w\" sizes=\"(max-width: 403px) 100vw, 403px\" \/>                \n\n                                    <div class=\"item-media-price\">\n                        <span class=\"item-price\">\n                            <sub>depuis<\/sub> <sup>\u20ac<\/sup>3,000<sub>\/half day<\/sub>\n                        <\/span>\n                    <\/div>\n                                <\/a>\n                            <\/div>\n        <\/div>\n        <div class=\"media-body item-body clearfix\">\n\n            <div class=\"item-title-head table-block\">\n                <div class=\"title-head-left\">\n                    <div class=\"title\"><a href=\"https:\/\/boatrentalmallorca.net\/fr\/mallorca\/fountaine-pajot-victoria-67-lir-catamaran\/\">\n                            Fountaine Pajot 67 | LIR | Catamaran<\/a><\/div>\n\n                    <address class=\"item-address\">Majorque - Port de S\u00f3ller<\/address>        \n                <\/div>\n            <\/div>\n\n                        <ul class=\"item-amenities\">\n\n                                <li>\n                    <i class=\"fa fa-arrows-h\"><\/i> \n                    <span class=\"total-beds\">20.3<\/span> <span class=\"item-label\">m<\/span>\n                <\/li>\n                \n                                <li>\n                    <i class=\"fa fa-clock-o\"><\/i> \n                    <span class=\"total-baths\">demi-journ\u00e9e<\/span> <span class=\"item-label\">min.<\/span>\n                <\/li>\n                \n                                <li>\n                    <i class=\"fa fa-user\"><\/i> \n                    <span class=\"total-guests\">12<\/span> <span class=\"item-label\">invit\u00e9s<\/span>\n                <\/li>\n                \n                                <li class=\"item-type\">Location de catamaran<\/li>\n                            <\/ul>\n            \n            \n            <div class=\"item-footer\">\n\n                \n                            <\/div>\n        <\/div>\n    <\/div>\n<\/div><!-- .item-wrap --><\/div><div class=\"col-sm-4\">\n<div class=\"item-wrap infobox_trigger homey-matchHeight item-grid-view infobox_trigger homey-matchHeight\" data-dir=\"listing-item\" data-id=\"7109\">\n    <div class=\"media property-item\">\n        <div class=\"media-left\">\n            <div class=\"item-media item-media-thumb\">\n                <span class=\"label-wrap top-left\">\n                    <span class=\"label label-featured\">With captain (included)<\/span>\n                <\/span>                <a class=\"hover-effect\" href=\"https:\/\/boatrentalmallorca.net\/fr\/mallorca\/van-de-voorde-98-falcao-uno-yacht\/\">\n                    <img loading=\"lazy\" decoding=\"async\" width=\"403\" height=\"269\" src=\"https:\/\/boatrentalmallorca.net\/wp-content\/uploads\/2026\/03\/rent-yacht-Van-de-Voorde-98-Falcao-Uno-Palma.jpg\" class=\"img-responsive wp-post-image\" alt=\"louer yacht Van de Voorde 98 Falcao Uno Palma\" srcset=\"https:\/\/boatrentalmallorca.net\/wp-content\/uploads\/2026\/03\/rent-yacht-Van-de-Voorde-98-Falcao-Uno-Palma.jpg 403w, https:\/\/boatrentalmallorca.net\/wp-content\/uploads\/2026\/03\/rent-yacht-Van-de-Voorde-98-Falcao-Uno-Palma-300x200.jpg 300w, https:\/\/boatrentalmallorca.net\/wp-content\/uploads\/2026\/03\/rent-yacht-Van-de-Voorde-98-Falcao-Uno-Palma-18x12.jpg 18w, https:\/\/boatrentalmallorca.net\/wp-content\/uploads\/2026\/03\/rent-yacht-Van-de-Voorde-98-Falcao-Uno-Palma-120x80.jpg 120w\" sizes=\"(max-width: 403px) 100vw, 403px\" \/>                \n\n                                    <div class=\"item-media-price\">\n                        <span class=\"item-price\">\n                            <sub>depuis<\/sub> <sup>\u20ac<\/sup>3,850<sub>\/half day<\/sub>\n                        <\/span>\n                    <\/div>\n                                <\/a>\n                            <\/div>\n        <\/div>\n        <div class=\"media-body item-body clearfix\">\n\n            <div class=\"item-title-head table-block\">\n                <div class=\"title-head-left\">\n                    <div class=\"title\"><a href=\"https:\/\/boatrentalmallorca.net\/fr\/mallorca\/van-de-voorde-98-falcao-uno-yacht\/\">\n                            Van de Voorde 98 | Fal\u00e7ao Uno | Yacht<\/a><\/div>\n\n                    <address class=\"item-address\">Majorque - Palma<\/address>        \n                <\/div>\n            <\/div>\n\n                        <ul class=\"item-amenities\">\n\n                                <li>\n                    <i class=\"fa fa-arrows-h\"><\/i> \n                    <span class=\"total-beds\">24<\/span> <span class=\"item-label\">m<\/span>\n                <\/li>\n                \n                                <li>\n                    <i class=\"fa fa-clock-o\"><\/i> \n                    <span class=\"total-baths\">demi-journ\u00e9e<\/span> <span class=\"item-label\">min.<\/span>\n                <\/li>\n                \n                                <li>\n                    <i class=\"fa fa-user\"><\/i> \n                    <span class=\"total-guests\">60<\/span> <span class=\"item-label\">invit\u00e9s<\/span>\n                <\/li>\n                \n                                <li class=\"item-type\">Location de bateaux \u00e0 moteur, location de yachts<\/li>\n                            <\/ul>\n            \n            \n            <div class=\"item-footer\">\n\n                \n                            <\/div>\n        <\/div>\n    <\/div>\n<\/div><!-- .item-wrap --><\/div><div class=\"col-sm-4\">\n<div class=\"item-wrap infobox_trigger homey-matchHeight item-grid-view infobox_trigger homey-matchHeight\" data-dir=\"listing-item\" data-id=\"7090\">\n    <div class=\"media property-item\">\n        <div class=\"media-left\">\n            <div class=\"item-media item-media-thumb\">\n                <span class=\"label-wrap top-left\">\n                    <span class=\"label label-featured\">With captain (included)<\/span>\n                <\/span>                <a class=\"hover-effect\" href=\"https:\/\/boatrentalmallorca.net\/fr\/mallorca\/freebird-50-catamaran\/\">\n                    <img loading=\"lazy\" decoding=\"async\" width=\"403\" height=\"269\" src=\"https:\/\/boatrentalmallorca.net\/wp-content\/uploads\/2026\/03\/rent-catamaran-Freebird-50-Palma-de-Mallorca.jpg\" class=\"img-responsive wp-post-image\" alt=\"louer catamaran Freebird 50 Palma de Majorque\" srcset=\"https:\/\/boatrentalmallorca.net\/wp-content\/uploads\/2026\/03\/rent-catamaran-Freebird-50-Palma-de-Mallorca.jpg 403w, https:\/\/boatrentalmallorca.net\/wp-content\/uploads\/2026\/03\/rent-catamaran-Freebird-50-Palma-de-Mallorca-300x200.jpg 300w, https:\/\/boatrentalmallorca.net\/wp-content\/uploads\/2026\/03\/rent-catamaran-Freebird-50-Palma-de-Mallorca-18x12.jpg 18w, https:\/\/boatrentalmallorca.net\/wp-content\/uploads\/2026\/03\/rent-catamaran-Freebird-50-Palma-de-Mallorca-120x80.jpg 120w\" sizes=\"(max-width: 403px) 100vw, 403px\" \/>                \n\n                                    <div class=\"item-media-price\">\n                        <span class=\"item-price\">\n                            <sub>depuis<\/sub> <sup>\u20ac<\/sup>1,300<sub>\/5 hours<\/sub>\n                        <\/span>\n                    <\/div>\n                                <\/a>\n                            <\/div>\n        <\/div>\n        <div class=\"media-body item-body clearfix\">\n\n            <div class=\"item-title-head table-block\">\n                <div class=\"title-head-left\">\n                    <div class=\"title\"><a href=\"https:\/\/boatrentalmallorca.net\/fr\/mallorca\/freebird-50-catamaran\/\">\n                            Freebird 50 | Catamaran<\/a><\/div>\n\n                    <address class=\"item-address\">Majorque - Palma<\/address>        \n                <\/div>\n            <\/div>\n\n                        <ul class=\"item-amenities\">\n\n                                <li>\n                    <i class=\"fa fa-arrows-h\"><\/i> \n                    <span class=\"total-beds\">15.2<\/span> <span class=\"item-label\">m<\/span>\n                <\/li>\n                \n                                <li>\n                    <i class=\"fa fa-clock-o\"><\/i> \n                    <span class=\"total-baths\">5 heures<\/span> <span class=\"item-label\">min.<\/span>\n                <\/li>\n                \n                                <li>\n                    <i class=\"fa fa-user\"><\/i> \n                    <span class=\"total-guests\">40<\/span> <span class=\"item-label\">invit\u00e9s<\/span>\n                <\/li>\n                \n                                <li class=\"item-type\">Location de catamaran<\/li>\n                            <\/ul>\n            \n            \n            <div class=\"item-footer\">\n\n                \n                            <\/div>\n        <\/div>\n    <\/div>\n<\/div><!-- .item-wrap --><\/div><div class=\"col-sm-4\">\n<div class=\"item-wrap infobox_trigger homey-matchHeight item-grid-view infobox_trigger homey-matchHeight\" data-dir=\"listing-item\" data-id=\"7036\">\n    <div class=\"media property-item\">\n        <div class=\"media-left\">\n            <div class=\"item-media item-media-thumb\">\n                <span class=\"label-wrap top-left\">\n                    <span class=\"label label-featured\">With captain (included)<\/span>\n                <\/span>                <a class=\"hover-effect\" href=\"https:\/\/boatrentalmallorca.net\/fr\/mallorca\/fountaine-pajot-taiti-75-catamaran-palma\/\">\n                    <img loading=\"lazy\" decoding=\"async\" width=\"403\" height=\"269\" src=\"https:\/\/boatrentalmallorca.net\/wp-content\/uploads\/2026\/02\/rent-catamaran-Fountaine-Pajot-Taiti-75-Palma-de-Mallorca.jpg\" class=\"img-responsive wp-post-image\" alt=\"location catamaran Fountaine Pajot Taiti 75 Palma de Majorque\" srcset=\"https:\/\/boatrentalmallorca.net\/wp-content\/uploads\/2026\/02\/rent-catamaran-Fountaine-Pajot-Taiti-75-Palma-de-Mallorca.jpg 403w, https:\/\/boatrentalmallorca.net\/wp-content\/uploads\/2026\/02\/rent-catamaran-Fountaine-Pajot-Taiti-75-Palma-de-Mallorca-300x200.jpg 300w, https:\/\/boatrentalmallorca.net\/wp-content\/uploads\/2026\/02\/rent-catamaran-Fountaine-Pajot-Taiti-75-Palma-de-Mallorca-18x12.jpg 18w, https:\/\/boatrentalmallorca.net\/wp-content\/uploads\/2026\/02\/rent-catamaran-Fountaine-Pajot-Taiti-75-Palma-de-Mallorca-120x80.jpg 120w\" sizes=\"(max-width: 403px) 100vw, 403px\" \/>                \n\n                                    <div class=\"item-media-price\">\n                        <span class=\"item-price\">\n                            <sub>depuis<\/sub> <sup>\u20ac<\/sup>2,100<sub>\/5 hours<\/sub>\n                        <\/span>\n                    <\/div>\n                                <\/a>\n                            <\/div>\n        <\/div>\n        <div class=\"media-body item-body clearfix\">\n\n            <div class=\"item-title-head table-block\">\n                <div class=\"title-head-left\">\n                    <div class=\"title\"><a href=\"https:\/\/boatrentalmallorca.net\/fr\/mallorca\/fountaine-pajot-taiti-75-catamaran-palma\/\">\n                            Taiti 75 | Catamaran<\/a><\/div>\n\n                    <address class=\"item-address\">Majorque - Palma<\/address>        \n                <\/div>\n            <\/div>\n\n                        <ul class=\"item-amenities\">\n\n                                <li>\n                    <i class=\"fa fa-arrows-h\"><\/i> \n                    <span class=\"total-beds\">22<\/span> <span class=\"item-label\">m<\/span>\n                <\/li>\n                \n                                <li>\n                    <i class=\"fa fa-clock-o\"><\/i> \n                    <span class=\"total-baths\">5 heures<\/span> <span class=\"item-label\">min.<\/span>\n                <\/li>\n                \n                                <li>\n                    <i class=\"fa fa-user\"><\/i> \n                    <span class=\"total-guests\">92<\/span> <span class=\"item-label\">invit\u00e9s<\/span>\n                <\/li>\n                \n                                <li class=\"item-type\">Location de catamaran<\/li>\n                            <\/ul>\n            \n            \n            <div class=\"item-footer\">\n\n                \n                            <\/div>\n        <\/div>\n    <\/div>\n<\/div><!-- .item-wrap --><\/div><div class=\"col-sm-4\">\n<div class=\"item-wrap infobox_trigger homey-matchHeight item-grid-view infobox_trigger homey-matchHeight\" data-dir=\"listing-item\" data-id=\"7006\">\n    <div class=\"media property-item\">\n        <div class=\"media-left\">\n            <div class=\"item-media item-media-thumb\">\n                <span class=\"label-wrap top-left\">\n                    <span class=\"label label-featured\">With captain (included)<\/span>\n                <\/span>                <a class=\"hover-effect\" href=\"https:\/\/boatrentalmallorca.net\/fr\/mallorca\/kattum-40-marina-starfish-motorboat\/\">\n                    <img loading=\"lazy\" decoding=\"async\" width=\"403\" height=\"269\" src=\"https:\/\/boatrentalmallorca.net\/wp-content\/uploads\/2026\/02\/rent-motorboat-Kattum-40-Marina-Starfish-Port-d-Andratx.jpg\" class=\"img-responsive wp-post-image\" alt=\"louer bateau \u00e0 moteur Kattum 40 Marina Starfish Port d-Andratx\" srcset=\"https:\/\/boatrentalmallorca.net\/wp-content\/uploads\/2026\/02\/rent-motorboat-Kattum-40-Marina-Starfish-Port-d-Andratx.jpg 403w, https:\/\/boatrentalmallorca.net\/wp-content\/uploads\/2026\/02\/rent-motorboat-Kattum-40-Marina-Starfish-Port-d-Andratx-300x200.jpg 300w, https:\/\/boatrentalmallorca.net\/wp-content\/uploads\/2026\/02\/rent-motorboat-Kattum-40-Marina-Starfish-Port-d-Andratx-18x12.jpg 18w, https:\/\/boatrentalmallorca.net\/wp-content\/uploads\/2026\/02\/rent-motorboat-Kattum-40-Marina-Starfish-Port-d-Andratx-120x80.jpg 120w\" sizes=\"(max-width: 403px) 100vw, 403px\" \/>                \n\n                                    <div class=\"item-media-price\">\n                        <span class=\"item-price\">\n                            <sub>depuis<\/sub> <sup>\u20ac<\/sup>970<sub>\/2 hours<\/sub>\n                        <\/span>\n                    <\/div>\n                                <\/a>\n                            <\/div>\n        <\/div>\n        <div class=\"media-body item-body clearfix\">\n\n            <div class=\"item-title-head table-block\">\n                <div class=\"title-head-left\">\n                    <div class=\"title\"><a href=\"https:\/\/boatrentalmallorca.net\/fr\/mallorca\/kattum-40-marina-starfish-motorboat\/\">\n                            Kattum 40 | Marina Starfish | Bateau \u00e0 moteur<\/a><\/div>\n\n                    <address class=\"item-address\">Majorque - Andratx - Port d&#039;Andratx<\/address>        \n                <\/div>\n            <\/div>\n\n                        <ul class=\"item-amenities\">\n\n                                <li>\n                    <i class=\"fa fa-arrows-h\"><\/i> \n                    <span class=\"total-beds\">11.3<\/span> <span class=\"item-label\">m<\/span>\n                <\/li>\n                \n                                <li>\n                    <i class=\"fa fa-clock-o\"><\/i> \n                    <span class=\"total-baths\">1 heure<\/span> <span class=\"item-label\">min.<\/span>\n                <\/li>\n                \n                                <li>\n                    <i class=\"fa fa-user\"><\/i> \n                    <span class=\"total-guests\">60<\/span> <span class=\"item-label\">invit\u00e9s<\/span>\n                <\/li>\n                \n                                <li class=\"item-type\">Location de bateaux \u00e0 moteur<\/li>\n                            <\/ul>\n            \n            \n            <div class=\"item-footer\">\n\n                \n                            <\/div>\n        <\/div>\n    <\/div>\n<\/div><!-- .item-wrap --><\/div><div class=\"col-sm-4\">\n<div class=\"item-wrap infobox_trigger homey-matchHeight item-grid-view infobox_trigger homey-matchHeight\" data-dir=\"listing-item\" data-id=\"6921\">\n    <div class=\"media property-item\">\n        <div class=\"media-left\">\n            <div class=\"item-media item-media-thumb\">\n                <span class=\"label-wrap top-left\">\n                    <span class=\"label label-featured\">With captain (included)<\/span>\n                <\/span>                <a class=\"hover-effect\" href=\"https:\/\/boatrentalmallorca.net\/fr\/mallorca\/cat-80-catamaran\/\">\n                    <img loading=\"lazy\" decoding=\"async\" width=\"403\" height=\"269\" src=\"https:\/\/boatrentalmallorca.net\/wp-content\/uploads\/2026\/02\/rent-catamaran-CAT-80-Palma.jpg\" class=\"img-responsive wp-post-image\" alt=\"Location de catamaran CAT 80 Palma\" srcset=\"https:\/\/boatrentalmallorca.net\/wp-content\/uploads\/2026\/02\/rent-catamaran-CAT-80-Palma.jpg 403w, https:\/\/boatrentalmallorca.net\/wp-content\/uploads\/2026\/02\/rent-catamaran-CAT-80-Palma-300x200.jpg 300w, https:\/\/boatrentalmallorca.net\/wp-content\/uploads\/2026\/02\/rent-catamaran-CAT-80-Palma-18x12.jpg 18w, https:\/\/boatrentalmallorca.net\/wp-content\/uploads\/2026\/02\/rent-catamaran-CAT-80-Palma-120x80.jpg 120w\" sizes=\"(max-width: 403px) 100vw, 403px\" \/>                \n\n                                    <div class=\"item-media-price\">\n                        <span class=\"item-price\">\n                            <sub>depuis<\/sub> <sup>\u20ac<\/sup>6,900<sub>\/half day<\/sub>\n                        <\/span>\n                    <\/div>\n                                <\/a>\n                            <\/div>\n        <\/div>\n        <div class=\"media-body item-body clearfix\">\n\n            <div class=\"item-title-head table-block\">\n                <div class=\"title-head-left\">\n                    <div class=\"title\"><a href=\"https:\/\/boatrentalmallorca.net\/fr\/mallorca\/cat-80-catamaran\/\">\n                            CAT 80 | Catamaran<\/a><\/div>\n\n                    <address class=\"item-address\">Majorque - Palma<\/address>        \n                <\/div>\n            <\/div>\n\n                        <ul class=\"item-amenities\">\n\n                                <li>\n                    <i class=\"fa fa-arrows-h\"><\/i> \n                    <span class=\"total-beds\">24<\/span> <span class=\"item-label\">m<\/span>\n                <\/li>\n                \n                                <li>\n                    <i class=\"fa fa-clock-o\"><\/i> \n                    <span class=\"total-baths\">demi-journ\u00e9e<\/span> <span class=\"item-label\">min.<\/span>\n                <\/li>\n                \n                                <li>\n                    <i class=\"fa fa-user\"><\/i> \n                    <span class=\"total-guests\">250<\/span> <span class=\"item-label\">invit\u00e9s<\/span>\n                <\/li>\n                \n                                <li class=\"item-type\">Location de catamaran<\/li>\n                            <\/ul>\n            \n            \n            <div class=\"item-footer\">\n\n                \n                            <\/div>\n        <\/div>\n    <\/div>\n<\/div><!-- .item-wrap --><\/div><div class=\"col-sm-4\">\n<div class=\"item-wrap infobox_trigger homey-matchHeight item-grid-view infobox_trigger homey-matchHeight\" data-dir=\"listing-item\" data-id=\"4972\">\n    <div class=\"media property-item\">\n        <div class=\"media-left\">\n            <div class=\"item-media item-media-thumb\">\n                <span class=\"label-wrap top-left\">\n                    <span class=\"label label-featured\">With captain (included)<\/span>\n                <\/span>                <a class=\"hover-effect\" href=\"https:\/\/boatrentalmallorca.net\/fr\/mallorca\/cat-60-oasis-premium-catamaran\/\">\n                    <img loading=\"lazy\" decoding=\"async\" width=\"403\" height=\"269\" src=\"https:\/\/boatrentalmallorca.net\/wp-content\/uploads\/2025\/12\/rent-catamaran-CAT-60-Oasis-Premium-Mallorca.jpg\" class=\"img-responsive wp-post-image\" alt=\"Location de catamaran CAT 60 Oasis Premium \u00e0 Majorque\" srcset=\"https:\/\/boatrentalmallorca.net\/wp-content\/uploads\/2025\/12\/rent-catamaran-CAT-60-Oasis-Premium-Mallorca.jpg 403w, https:\/\/boatrentalmallorca.net\/wp-content\/uploads\/2025\/12\/rent-catamaran-CAT-60-Oasis-Premium-Mallorca-300x200.jpg 300w, https:\/\/boatrentalmallorca.net\/wp-content\/uploads\/2025\/12\/rent-catamaran-CAT-60-Oasis-Premium-Mallorca-120x80.jpg 120w\" sizes=\"(max-width: 403px) 100vw, 403px\" \/>                \n\n                                    <div class=\"item-media-price\">\n                        <span class=\"item-price\">\n                            <sub>depuis<\/sub> <sup>\u20ac<\/sup>1,890<sub>\/half day<\/sub>\n                        <\/span>\n                    <\/div>\n                                <\/a>\n                            <\/div>\n        <\/div>\n        <div class=\"media-body item-body clearfix\">\n\n            <div class=\"item-title-head table-block\">\n                <div class=\"title-head-left\">\n                    <div class=\"title\"><a href=\"https:\/\/boatrentalmallorca.net\/fr\/mallorca\/cat-60-oasis-premium-catamaran\/\">\n                            CAT 60 | Oasis Premium | Catamaran<\/a><\/div>\n\n                    <address class=\"item-address\">Majorque - Palma de Majorque<\/address>        \n                <\/div>\n            <\/div>\n\n                        <ul class=\"item-amenities\">\n\n                                <li>\n                    <i class=\"fa fa-arrows-h\"><\/i> \n                    <span class=\"total-beds\">18<\/span> <span class=\"item-label\">m<\/span>\n                <\/li>\n                \n                                <li>\n                    <i class=\"fa fa-clock-o\"><\/i> \n                    <span class=\"total-baths\">demi-journ\u00e9e<\/span> <span class=\"item-label\">min.<\/span>\n                <\/li>\n                \n                                <li>\n                    <i class=\"fa fa-user\"><\/i> \n                    <span class=\"total-guests\">70<\/span> <span class=\"item-label\">invit\u00e9s<\/span>\n                <\/li>\n                \n                                <li class=\"item-type\">Location de catamaran<\/li>\n                            <\/ul>\n            \n            \n            <div class=\"item-footer\">\n\n                \n                            <\/div>\n        <\/div>\n    <\/div>\n<\/div><!-- .item-wrap --><\/div><div class=\"col-sm-4\">\n<div class=\"item-wrap infobox_trigger homey-matchHeight item-grid-view infobox_trigger homey-matchHeight\" data-dir=\"listing-item\" data-id=\"5442\">\n    <div class=\"media property-item\">\n        <div class=\"media-left\">\n            <div class=\"item-media item-media-thumb\">\n                <span class=\"label-wrap top-left\">\n                    <span class=\"label label-featured\">With captain (included)<\/span>\n                <\/span>                <a class=\"hover-effect\" href=\"https:\/\/boatrentalmallorca.net\/fr\/mallorca\/es-trenc-motorboat\/\">\n                    <img loading=\"lazy\" decoding=\"async\" width=\"403\" height=\"269\" src=\"https:\/\/boatrentalmallorca.net\/wp-content\/uploads\/2026\/01\/rent-motorboat-Es-Trenc-Mallorca.jpg\" class=\"img-responsive wp-post-image\" alt=\"louer bateau \u00e0 moteur Es Trenc Majorque\" srcset=\"https:\/\/boatrentalmallorca.net\/wp-content\/uploads\/2026\/01\/rent-motorboat-Es-Trenc-Mallorca.jpg 403w, https:\/\/boatrentalmallorca.net\/wp-content\/uploads\/2026\/01\/rent-motorboat-Es-Trenc-Mallorca-300x200.jpg 300w, https:\/\/boatrentalmallorca.net\/wp-content\/uploads\/2026\/01\/rent-motorboat-Es-Trenc-Mallorca-120x80.jpg 120w\" sizes=\"(max-width: 403px) 100vw, 403px\" \/>                \n\n                                    <div class=\"item-media-price\">\n                        <span class=\"item-price\">\n                            <sub>depuis<\/sub> <sup>\u20ac<\/sup>1,000<sub>\/half day<\/sub>\n                        <\/span>\n                    <\/div>\n                                <\/a>\n                            <\/div>\n        <\/div>\n        <div class=\"media-body item-body clearfix\">\n\n            <div class=\"item-title-head table-block\">\n                <div class=\"title-head-left\">\n                    <div class=\"title\"><a href=\"https:\/\/boatrentalmallorca.net\/fr\/mallorca\/es-trenc-motorboat\/\">\n                            Es Trenc | Bateau \u00e0 moteur<\/a><\/div>\n\n                    <address class=\"item-address\">Majorque - Col\u00f2nia de Sant Jordi<\/address>        \n                <\/div>\n            <\/div>\n\n                        <ul class=\"item-amenities\">\n\n                                <li>\n                    <i class=\"fa fa-arrows-h\"><\/i> \n                    <span class=\"total-beds\">14<\/span> <span class=\"item-label\">m<\/span>\n                <\/li>\n                \n                                <li>\n                    <i class=\"fa fa-clock-o\"><\/i> \n                    <span class=\"total-baths\">demi-journ\u00e9e<\/span> <span class=\"item-label\">min.<\/span>\n                <\/li>\n                \n                                <li>\n                    <i class=\"fa fa-user\"><\/i> \n                    <span class=\"total-guests\">45<\/span> <span class=\"item-label\">invit\u00e9s<\/span>\n                <\/li>\n                \n                                <li class=\"item-type\">Location de bateaux \u00e0 moteur<\/li>\n                            <\/ul>\n            \n            \n            <div class=\"item-footer\">\n\n                \n                            <\/div>\n        <\/div>\n    <\/div>\n<\/div><!-- .item-wrap --><\/div><div class=\"col-sm-4\">\n<div class=\"item-wrap infobox_trigger homey-matchHeight item-grid-view infobox_trigger homey-matchHeight\" data-dir=\"listing-item\" data-id=\"5418\">\n    <div class=\"media property-item\">\n        <div class=\"media-left\">\n            <div class=\"item-media item-media-thumb\">\n                <span class=\"label-wrap top-left\">\n                    <span class=\"label label-featured\">With captain (included)<\/span>\n                <\/span>                <a class=\"hover-effect\" href=\"https:\/\/boatrentalmallorca.net\/fr\/mallorca\/superman-motorboat\/\">\n                    <img loading=\"lazy\" decoding=\"async\" width=\"403\" height=\"269\" src=\"https:\/\/boatrentalmallorca.net\/wp-content\/uploads\/2026\/01\/rent-motorboat-Superman-Mallorca.jpg\" class=\"img-responsive wp-post-image\" alt=\"Location de bateau \u00e0 moteur Superman Majorque\" srcset=\"https:\/\/boatrentalmallorca.net\/wp-content\/uploads\/2026\/01\/rent-motorboat-Superman-Mallorca.jpg 403w, https:\/\/boatrentalmallorca.net\/wp-content\/uploads\/2026\/01\/rent-motorboat-Superman-Mallorca-300x200.jpg 300w, https:\/\/boatrentalmallorca.net\/wp-content\/uploads\/2026\/01\/rent-motorboat-Superman-Mallorca-120x80.jpg 120w\" sizes=\"(max-width: 403px) 100vw, 403px\" \/>                \n\n                                    <div class=\"item-media-price\">\n                        <span class=\"item-price\">\n                            <sub>depuis<\/sub> <sup>\u20ac<\/sup>1,500<sub>\/2 hours<\/sub>\n                        <\/span>\n                    <\/div>\n                                <\/a>\n                            <\/div>\n        <\/div>\n        <div class=\"media-body item-body clearfix\">\n\n            <div class=\"item-title-head table-block\">\n                <div class=\"title-head-left\">\n                    <div class=\"title\"><a href=\"https:\/\/boatrentalmallorca.net\/fr\/mallorca\/superman-motorboat\/\">\n                            Superman | Bateau \u00e0 moteur<\/a><\/div>\n\n                    <address class=\"item-address\">Majorque - El Arenal - Club N\u00e0utic Arenal<\/address>        \n                <\/div>\n            <\/div>\n\n                        <ul class=\"item-amenities\">\n\n                                <li>\n                    <i class=\"fa fa-arrows-h\"><\/i> \n                    <span class=\"total-beds\">12.7<\/span> <span class=\"item-label\">m<\/span>\n                <\/li>\n                \n                                <li>\n                    <i class=\"fa fa-clock-o\"><\/i> \n                    <span class=\"total-baths\">2 heures<\/span> <span class=\"item-label\">min.<\/span>\n                <\/li>\n                \n                                <li>\n                    <i class=\"fa fa-user\"><\/i> \n                    <span class=\"total-guests\">56<\/span> <span class=\"item-label\">invit\u00e9s<\/span>\n                <\/li>\n                \n                                <li class=\"item-type\">Location de bateaux \u00e0 moteur<\/li>\n                            <\/ul>\n            \n            \n            <div class=\"item-footer\">\n\n                \n                            <\/div>\n        <\/div>\n    <\/div>\n<\/div><!-- .item-wrap --><\/div><div class=\"col-sm-4\">\n<div class=\"item-wrap infobox_trigger homey-matchHeight item-grid-view infobox_trigger homey-matchHeight\" data-dir=\"listing-item\" data-id=\"5387\">\n    <div class=\"media property-item\">\n        <div class=\"media-left\">\n            <div class=\"item-media item-media-thumb\">\n                <span class=\"label-wrap top-left\">\n                    <span class=\"label label-featured\">With captain (included)<\/span>\n                <\/span>                <a class=\"hover-effect\" href=\"https:\/\/boatrentalmallorca.net\/fr\/mallorca\/drassanes-dalmau-72-catamaran\/\">\n                    <img loading=\"lazy\" decoding=\"async\" width=\"403\" height=\"269\" src=\"https:\/\/boatrentalmallorca.net\/wp-content\/uploads\/2026\/01\/rent-catamaran-Drassanes-Dalmau-72-Mallorca.jpg\" class=\"img-responsive wp-post-image\" alt=\"louer catamaran Drassanes Dalmau 72 Majorque\" srcset=\"https:\/\/boatrentalmallorca.net\/wp-content\/uploads\/2026\/01\/rent-catamaran-Drassanes-Dalmau-72-Mallorca.jpg 403w, https:\/\/boatrentalmallorca.net\/wp-content\/uploads\/2026\/01\/rent-catamaran-Drassanes-Dalmau-72-Mallorca-300x200.jpg 300w, https:\/\/boatrentalmallorca.net\/wp-content\/uploads\/2026\/01\/rent-catamaran-Drassanes-Dalmau-72-Mallorca-120x80.jpg 120w\" sizes=\"(max-width: 403px) 100vw, 403px\" \/>                \n\n                                    <div class=\"item-media-price\">\n                        <span class=\"item-price\">\n                            <sub>depuis<\/sub> <sup>\u20ac<\/sup>2,200<sub>\/2 hours<\/sub>\n                        <\/span>\n                    <\/div>\n                                <\/a>\n                            <\/div>\n        <\/div>\n        <div class=\"media-body item-body clearfix\">\n\n            <div class=\"item-title-head table-block\">\n                <div class=\"title-head-left\">\n                    <div class=\"title\"><a href=\"https:\/\/boatrentalmallorca.net\/fr\/mallorca\/drassanes-dalmau-72-catamaran\/\">\n                            Drassanes Dalmau 72 | Catamaran<\/a><\/div>\n\n                    <address class=\"item-address\">Majorque - El Arenal - Club N\u00e0utic Arenal<\/address>        \n                <\/div>\n            <\/div>\n\n                        <ul class=\"item-amenities\">\n\n                                <li>\n                    <i class=\"fa fa-arrows-h\"><\/i> \n                    <span class=\"total-beds\">22<\/span> <span class=\"item-label\">m<\/span>\n                <\/li>\n                \n                                <li>\n                    <i class=\"fa fa-clock-o\"><\/i> \n                    <span class=\"total-baths\">2 heures<\/span> <span class=\"item-label\">min.<\/span>\n                <\/li>\n                \n                                <li>\n                    <i class=\"fa fa-user\"><\/i> \n                    <span class=\"total-guests\">146<\/span> <span class=\"item-label\">invit\u00e9s<\/span>\n                <\/li>\n                \n                                <li class=\"item-type\">Location de catamaran<\/li>\n                            <\/ul>\n            \n            \n            <div class=\"item-footer\">\n\n                \n                            <\/div>\n        <\/div>\n    <\/div>\n<\/div><!-- .item-wrap --><\/div><div class=\"col-sm-4\">\n<div class=\"item-wrap infobox_trigger homey-matchHeight item-grid-view infobox_trigger homey-matchHeight\" data-dir=\"listing-item\" data-id=\"4997\">\n    <div class=\"media property-item\">\n        <div class=\"media-left\">\n            <div class=\"item-media item-media-thumb\">\n                <span class=\"label-wrap top-left\">\n                    <span class=\"label label-featured\">With captain (included)<\/span>\n                <\/span>                <a class=\"hover-effect\" href=\"https:\/\/boatrentalmallorca.net\/fr\/mallorca\/lagoon-440-catamaran\/\">\n                    <img loading=\"lazy\" decoding=\"async\" width=\"403\" height=\"269\" src=\"https:\/\/boatrentalmallorca.net\/wp-content\/uploads\/2025\/12\/rent-catamaran-Lagoon-440-Mallorca.jpg\" class=\"img-responsive wp-post-image\" alt=\"Location de catamaran Lagoon 440 \u00e0 Majorque\" srcset=\"https:\/\/boatrentalmallorca.net\/wp-content\/uploads\/2025\/12\/rent-catamaran-Lagoon-440-Mallorca.jpg 403w, https:\/\/boatrentalmallorca.net\/wp-content\/uploads\/2025\/12\/rent-catamaran-Lagoon-440-Mallorca-300x200.jpg 300w, https:\/\/boatrentalmallorca.net\/wp-content\/uploads\/2025\/12\/rent-catamaran-Lagoon-440-Mallorca-120x80.jpg 120w\" sizes=\"(max-width: 403px) 100vw, 403px\" \/>                \n\n                                    <div class=\"item-media-price\">\n                        <span class=\"item-price\">\n                            <sub>depuis<\/sub> <sup>\u20ac<\/sup>990<sub>\/half day<\/sub>\n                        <\/span>\n                    <\/div>\n                                <\/a>\n                            <\/div>\n        <\/div>\n        <div class=\"media-body item-body clearfix\">\n\n            <div class=\"item-title-head table-block\">\n                <div class=\"title-head-left\">\n                    <div class=\"title\"><a href=\"https:\/\/boatrentalmallorca.net\/fr\/mallorca\/lagoon-440-catamaran\/\">\n                            Lagoon 440 | Catamaran<\/a><\/div>\n\n                    <address class=\"item-address\">Majorque - Palma de Majorque<\/address>        \n                <\/div>\n            <\/div>\n\n                        <ul class=\"item-amenities\">\n\n                                <li>\n                    <i class=\"fa fa-arrows-h\"><\/i> \n                    <span class=\"total-beds\">13.6<\/span> <span class=\"item-label\">m<\/span>\n                <\/li>\n                \n                                <li>\n                    <i class=\"fa fa-clock-o\"><\/i> \n                    <span class=\"total-baths\">demi-journ\u00e9e<\/span> <span class=\"item-label\">min.<\/span>\n                <\/li>\n                \n                                <li>\n                    <i class=\"fa fa-user\"><\/i> \n                    <span class=\"total-guests\">27<\/span> <span class=\"item-label\">invit\u00e9s<\/span>\n                <\/li>\n                \n                                <li class=\"item-type\">Location de catamaran<\/li>\n                            <\/ul>\n            \n            \n            <div class=\"item-footer\">\n\n                \n                            <\/div>\n        <\/div>\n    <\/div>\n<\/div><!-- .item-wrap --><\/div><div class=\"col-sm-4\">\n<div class=\"item-wrap infobox_trigger homey-matchHeight item-grid-view infobox_trigger homey-matchHeight\" data-dir=\"listing-item\" data-id=\"4943\">\n    <div class=\"media property-item\">\n        <div class=\"media-left\">\n            <div class=\"item-media item-media-thumb\">\n                <span class=\"label-wrap top-left\">\n                    <span class=\"label label-featured\">With captain (included)<\/span>\n                <\/span>                <a class=\"hover-effect\" href=\"https:\/\/boatrentalmallorca.net\/fr\/mallorca\/cat-50-oasis-lux-catamaran\/\">\n                    <img loading=\"lazy\" decoding=\"async\" width=\"403\" height=\"269\" src=\"https:\/\/boatrentalmallorca.net\/wp-content\/uploads\/2025\/12\/rent-catamaran-Oasis-Lux-CAT-50-Mallorca.jpg\" class=\"img-responsive wp-post-image\" alt=\"Location de catamaran Oasis Lux CAT 50 \u00e0 Majorque\" srcset=\"https:\/\/boatrentalmallorca.net\/wp-content\/uploads\/2025\/12\/rent-catamaran-Oasis-Lux-CAT-50-Mallorca.jpg 403w, https:\/\/boatrentalmallorca.net\/wp-content\/uploads\/2025\/12\/rent-catamaran-Oasis-Lux-CAT-50-Mallorca-300x200.jpg 300w, https:\/\/boatrentalmallorca.net\/wp-content\/uploads\/2025\/12\/rent-catamaran-Oasis-Lux-CAT-50-Mallorca-120x80.jpg 120w\" sizes=\"(max-width: 403px) 100vw, 403px\" \/>                \n\n                                    <div class=\"item-media-price\">\n                        <span class=\"item-price\">\n                            <sub>depuis<\/sub> <sup>\u20ac<\/sup>1,290<sub>\/half day<\/sub>\n                        <\/span>\n                    <\/div>\n                                <\/a>\n                            <\/div>\n        <\/div>\n        <div class=\"media-body item-body clearfix\">\n\n            <div class=\"item-title-head table-block\">\n                <div class=\"title-head-left\">\n                    <div class=\"title\"><a href=\"https:\/\/boatrentalmallorca.net\/fr\/mallorca\/cat-50-oasis-lux-catamaran\/\">\n                            CAT 50 | Oasis Lux | Catamaran<\/a><\/div>\n\n                    <address class=\"item-address\">Majorque - Palma de Majorque<\/address>        \n                <\/div>\n            <\/div>\n\n                        <ul class=\"item-amenities\">\n\n                                <li>\n                    <i class=\"fa fa-arrows-h\"><\/i> \n                    <span class=\"total-beds\">15.2<\/span> <span class=\"item-label\">m<\/span>\n                <\/li>\n                \n                                <li>\n                    <i class=\"fa fa-clock-o\"><\/i> \n                    <span class=\"total-baths\">demi-journ\u00e9e<\/span> <span class=\"item-label\">min.<\/span>\n                <\/li>\n                \n                                <li>\n                    <i class=\"fa fa-user\"><\/i> \n                    <span class=\"total-guests\">45<\/span> <span class=\"item-label\">invit\u00e9s<\/span>\n                <\/li>\n                \n                                <li class=\"item-type\">Location de catamaran<\/li>\n                            <\/ul>\n            \n            \n            <div class=\"item-footer\">\n\n                \n                            <\/div>\n        <\/div>\n    <\/div>\n<\/div><!-- .item-wrap --><\/div><div class=\"col-sm-4\">\n<div class=\"item-wrap infobox_trigger homey-matchHeight item-grid-view infobox_trigger homey-matchHeight\" data-dir=\"listing-item\" data-id=\"4872\">\n    <div class=\"media property-item\">\n        <div class=\"media-left\">\n            <div class=\"item-media item-media-thumb\">\n                <span class=\"label-wrap top-left\">\n                    <span class=\"label label-featured\">With captain (included)<\/span>\n                <\/span>                <a class=\"hover-effect\" href=\"https:\/\/boatrentalmallorca.net\/fr\/mallorca\/rodman-38-cruiser-aina-yacht\/\">\n                    <img loading=\"lazy\" decoding=\"async\" width=\"403\" height=\"269\" src=\"https:\/\/boatrentalmallorca.net\/wp-content\/uploads\/2025\/12\/rent-yacht-Rodman-38-Cruiser-Mallorca.jpg\" class=\"img-responsive wp-post-image\" alt=\"Location de yacht Rodman 38 Cruiser \u00e0 Majorque\" srcset=\"https:\/\/boatrentalmallorca.net\/wp-content\/uploads\/2025\/12\/rent-yacht-Rodman-38-Cruiser-Mallorca.jpg 403w, https:\/\/boatrentalmallorca.net\/wp-content\/uploads\/2025\/12\/rent-yacht-Rodman-38-Cruiser-Mallorca-300x200.jpg 300w, https:\/\/boatrentalmallorca.net\/wp-content\/uploads\/2025\/12\/rent-yacht-Rodman-38-Cruiser-Mallorca-120x80.jpg 120w\" sizes=\"(max-width: 403px) 100vw, 403px\" \/>                \n\n                                    <div class=\"item-media-price\">\n                        <span class=\"item-price\">\n                            <sub>depuis<\/sub> <sup>\u20ac<\/sup>490<sub>\/2 hours<\/sub>\n                        <\/span>\n                    <\/div>\n                                <\/a>\n                            <\/div>\n        <\/div>\n        <div class=\"media-body item-body clearfix\">\n\n            <div class=\"item-title-head table-block\">\n                <div class=\"title-head-left\">\n                    <div class=\"title\"><a href=\"https:\/\/boatrentalmallorca.net\/fr\/mallorca\/rodman-38-cruiser-aina-yacht\/\">\n                            Rodman 38 Cruiser | Aina | Yacht<\/a><\/div>\n\n                    <address class=\"item-address\">Majorque - Cala d&#039;Or - Marina de Cala d&#039;Or<\/address>        \n                <\/div>\n            <\/div>\n\n                        <ul class=\"item-amenities\">\n\n                                <li>\n                    <i class=\"fa fa-arrows-h\"><\/i> \n                    <span class=\"total-beds\">12<\/span> <span class=\"item-label\">m<\/span>\n                <\/li>\n                \n                                <li>\n                    <i class=\"fa fa-clock-o\"><\/i> \n                    <span class=\"total-baths\">2 heures<\/span> <span class=\"item-label\">min.<\/span>\n                <\/li>\n                \n                                <li>\n                    <i class=\"fa fa-user\"><\/i> \n                    <span class=\"total-guests\">11<\/span> <span class=\"item-label\">invit\u00e9s<\/span>\n                <\/li>\n                \n                                <li class=\"item-type\">Location de yachts<\/li>\n                            <\/ul>\n            \n            \n            <div class=\"item-footer\">\n\n                \n                            <\/div>\n        <\/div>\n    <\/div>\n<\/div><!-- .item-wrap --><\/div><div class=\"col-sm-4\">\n<div class=\"item-wrap infobox_trigger homey-matchHeight item-grid-view infobox_trigger homey-matchHeight\" data-dir=\"listing-item\" data-id=\"4749\">\n    <div class=\"media property-item\">\n        <div class=\"media-left\">\n            <div class=\"item-media item-media-thumb\">\n                                <a class=\"hover-effect\" href=\"https:\/\/boatrentalmallorca.net\/fr\/mallorca\/ranieri-17-motorboat\/\">\n                    <img loading=\"lazy\" decoding=\"async\" width=\"403\" height=\"269\" src=\"https:\/\/boatrentalmallorca.net\/wp-content\/uploads\/2025\/12\/rent-boat-Ranieri-17-Mallorca.jpg\" class=\"img-responsive wp-post-image\" alt=\"Location de bateau Ranieri 17 Majorque\" srcset=\"https:\/\/boatrentalmallorca.net\/wp-content\/uploads\/2025\/12\/rent-boat-Ranieri-17-Mallorca.jpg 403w, https:\/\/boatrentalmallorca.net\/wp-content\/uploads\/2025\/12\/rent-boat-Ranieri-17-Mallorca-300x200.jpg 300w, https:\/\/boatrentalmallorca.net\/wp-content\/uploads\/2025\/12\/rent-boat-Ranieri-17-Mallorca-120x80.jpg 120w\" sizes=\"(max-width: 403px) 100vw, 403px\" \/>                \n\n                                    <div class=\"item-media-price\">\n                        <span class=\"item-price\">\n                            <sub>depuis<\/sub> <sup>\u20ac<\/sup>165<sub>\/3 hours<\/sub>\n                        <\/span>\n                    <\/div>\n                                <\/a>\n                            <\/div>\n        <\/div>\n        <div class=\"media-body item-body clearfix\">\n\n            <div class=\"item-title-head table-block\">\n                <div class=\"title-head-left\">\n                    <div class=\"title\"><a href=\"https:\/\/boatrentalmallorca.net\/fr\/mallorca\/ranieri-17-motorboat\/\">\n                            Ranieri 17 | Sans permis<\/a><\/div>\n\n                    <address class=\"item-address\">Majorque - Porto Petro<\/address>        \n                <\/div>\n            <\/div>\n\n                        <ul class=\"item-amenities\">\n\n                                <li>\n                    <i class=\"fa fa-arrows-h\"><\/i> \n                    <span class=\"total-beds\">5<\/span> <span class=\"item-label\">m<\/span>\n                <\/li>\n                \n                                <li>\n                    <i class=\"fa fa-clock-o\"><\/i> \n                    <span class=\"total-baths\">3 heures<\/span> <span class=\"item-label\">min.<\/span>\n                <\/li>\n                \n                                <li>\n                    <i class=\"fa fa-user\"><\/i> \n                    <span class=\"total-guests\">6<\/span> <span class=\"item-label\">invit\u00e9s<\/span>\n                <\/li>\n                \n                                <li class=\"item-type\">Location de bateau sans permis<\/li>\n                            <\/ul>\n            \n            \n            <div class=\"item-footer\">\n\n                \n                            <\/div>\n        <\/div>\n    <\/div>\n<\/div><!-- .item-wrap --><\/div><div class=\"col-sm-4\">\n<div class=\"item-wrap infobox_trigger homey-matchHeight item-grid-view infobox_trigger homey-matchHeight\" data-dir=\"listing-item\" data-id=\"4693\">\n    <div class=\"media property-item\">\n        <div class=\"media-left\">\n            <div class=\"item-media item-media-thumb\">\n                <span class=\"label-wrap top-left\">\n                    <span class=\"label label-featured\">With captain (included)<\/span>\n                <\/span>                <a class=\"hover-effect\" href=\"https:\/\/boatrentalmallorca.net\/fr\/mallorca\/pershing-37-yacht\/\">\n                    <img loading=\"lazy\" decoding=\"async\" width=\"403\" height=\"269\" src=\"https:\/\/boatrentalmallorca.net\/wp-content\/uploads\/2025\/11\/rent-yacht-Pershing-37-Mallorca.jpg\" class=\"img-responsive wp-post-image\" alt=\"Location de yacht Pershing 37 \u00e0 Majorque\" srcset=\"https:\/\/boatrentalmallorca.net\/wp-content\/uploads\/2025\/11\/rent-yacht-Pershing-37-Mallorca.jpg 403w, https:\/\/boatrentalmallorca.net\/wp-content\/uploads\/2025\/11\/rent-yacht-Pershing-37-Mallorca-300x200.jpg 300w, https:\/\/boatrentalmallorca.net\/wp-content\/uploads\/2025\/11\/rent-yacht-Pershing-37-Mallorca-120x80.jpg 120w\" sizes=\"(max-width: 403px) 100vw, 403px\" \/>                \n\n                                    <div class=\"item-media-price\">\n                        <span class=\"item-price\">\n                            <sub>depuis<\/sub> <sup>\u20ac<\/sup>530<sub>\/2 hours<\/sub>\n                        <\/span>\n                    <\/div>\n                                <\/a>\n                            <\/div>\n        <\/div>\n        <div class=\"media-body item-body clearfix\">\n\n            <div class=\"item-title-head table-block\">\n                <div class=\"title-head-left\">\n                    <div class=\"title\"><a href=\"https:\/\/boatrentalmallorca.net\/fr\/mallorca\/pershing-37-yacht\/\">\n                            Pershing 37 | Yacht<\/a><\/div>\n\n                    <address class=\"item-address\">Majorque - Cala d&#039;Or - Marina de Cala d&#039;Or<\/address>        \n                <\/div>\n            <\/div>\n\n                        <ul class=\"item-amenities\">\n\n                                <li>\n                    <i class=\"fa fa-arrows-h\"><\/i> \n                    <span class=\"total-beds\">11.5<\/span> <span class=\"item-label\">m<\/span>\n                <\/li>\n                \n                                <li>\n                    <i class=\"fa fa-clock-o\"><\/i> \n                    <span class=\"total-baths\">2 heures<\/span> <span class=\"item-label\">min.<\/span>\n                <\/li>\n                \n                                <li>\n                    <i class=\"fa fa-user\"><\/i> \n                    <span class=\"total-guests\">9<\/span> <span class=\"item-label\">invit\u00e9s<\/span>\n                <\/li>\n                \n                                <li class=\"item-type\">Location de yachts<\/li>\n                            <\/ul>\n            \n            \n            <div class=\"item-footer\">\n\n                \n                            <\/div>\n        <\/div>\n    <\/div>\n<\/div><!-- .item-wrap --><\/div><div class=\"col-sm-4\">\n<div class=\"item-wrap infobox_trigger homey-matchHeight item-grid-view infobox_trigger homey-matchHeight\" data-dir=\"listing-item\" data-id=\"3940\">\n    <div class=\"media property-item\">\n        <div class=\"media-left\">\n            <div class=\"item-media item-media-thumb\">\n                <span class=\"label-wrap top-left\">\n                    <span class=\"label label-featured\">With captain (included)<\/span>\n                <\/span>                <a class=\"hover-effect\" href=\"https:\/\/boatrentalmallorca.net\/fr\/mallorca\/cranchi-41-endurance-yacht\/\">\n                    <img loading=\"lazy\" decoding=\"async\" width=\"403\" height=\"269\" src=\"https:\/\/boatrentalmallorca.net\/wp-content\/uploads\/2025\/05\/rent-Cranchi-41-Endurance-Mallorca.jpg\" class=\"img-responsive wp-post-image\" alt=\"louer Cranchi 41 Endurance Majorque\" srcset=\"https:\/\/boatrentalmallorca.net\/wp-content\/uploads\/2025\/05\/rent-Cranchi-41-Endurance-Mallorca.jpg 403w, https:\/\/boatrentalmallorca.net\/wp-content\/uploads\/2025\/05\/rent-Cranchi-41-Endurance-Mallorca-300x200.jpg 300w, https:\/\/boatrentalmallorca.net\/wp-content\/uploads\/2025\/05\/rent-Cranchi-41-Endurance-Mallorca-120x80.jpg 120w\" sizes=\"(max-width: 403px) 100vw, 403px\" \/>                \n\n                                    <div class=\"item-media-price\">\n                        <span class=\"item-price\">\n                            <sub>depuis<\/sub> <sup>\u20ac<\/sup>850<sub>\/half day<\/sub>\n                        <\/span>\n                    <\/div>\n                                <\/a>\n                            <\/div>\n        <\/div>\n        <div class=\"media-body item-body clearfix\">\n\n            <div class=\"item-title-head table-block\">\n                <div class=\"title-head-left\">\n                    <div class=\"title\"><a href=\"https:\/\/boatrentalmallorca.net\/fr\/mallorca\/cranchi-41-endurance-yacht\/\">\n                            Cranchi 41 Endurance | Yacht<\/a><\/div>\n\n                    <address class=\"item-address\">Majorque - Portals Nous - Puerto Portals<\/address>        \n                <\/div>\n            <\/div>\n\n                        <ul class=\"item-amenities\">\n\n                                <li>\n                    <i class=\"fa fa-arrows-h\"><\/i> \n                    <span class=\"total-beds\">13<\/span> <span class=\"item-label\">m<\/span>\n                <\/li>\n                \n                                <li>\n                    <i class=\"fa fa-clock-o\"><\/i> \n                    <span class=\"total-baths\">4 heures<\/span> <span class=\"item-label\">min.<\/span>\n                <\/li>\n                \n                                <li>\n                    <i class=\"fa fa-user\"><\/i> \n                    <span class=\"total-guests\">9<\/span> <span class=\"item-label\">invit\u00e9s<\/span>\n                <\/li>\n                \n                                <li class=\"item-type\">Location de yachts<\/li>\n                            <\/ul>\n            \n            \n            <div class=\"item-footer\">\n\n                \n                            <\/div>\n        <\/div>\n    <\/div>\n<\/div><!-- .item-wrap --><\/div><div class=\"col-sm-4\">\n<div class=\"item-wrap infobox_trigger homey-matchHeight item-grid-view infobox_trigger homey-matchHeight\" data-dir=\"listing-item\" data-id=\"2877\">\n    <div class=\"media property-item\">\n        <div class=\"media-left\">\n            <div class=\"item-media item-media-thumb\">\n                <span class=\"label-wrap top-left\">\n                    <span class=\"label label-featured\">With captain (included)<\/span>\n                <\/span>                <a class=\"hover-effect\" href=\"https:\/\/boatrentalmallorca.net\/fr\/mallorca\/menorquin-55-sa-nina-llaut\/\">\n                    <img loading=\"lazy\" decoding=\"async\" width=\"403\" height=\"269\" src=\"https:\/\/boatrentalmallorca.net\/wp-content\/uploads\/2025\/01\/Llaut-Menorquin-55-Sa-Nina-Mallorca.jpg\" class=\"img-responsive wp-post-image\" alt=\"Llaut Menorquin 55 Sa Nina Majorque\" srcset=\"https:\/\/boatrentalmallorca.net\/wp-content\/uploads\/2025\/01\/Llaut-Menorquin-55-Sa-Nina-Mallorca.jpg 403w, https:\/\/boatrentalmallorca.net\/wp-content\/uploads\/2025\/01\/Llaut-Menorquin-55-Sa-Nina-Mallorca-300x200.jpg 300w, https:\/\/boatrentalmallorca.net\/wp-content\/uploads\/2025\/01\/Llaut-Menorquin-55-Sa-Nina-Mallorca-120x80.jpg 120w\" sizes=\"(max-width: 403px) 100vw, 403px\" \/>                \n\n                                    <div class=\"item-media-price\">\n                        <span class=\"item-price\">\n                            <sub>depuis<\/sub> <sup>\u20ac<\/sup>569<sub>\/3 hours<\/sub>\n                        <\/span>\n                    <\/div>\n                                <\/a>\n                            <\/div>\n        <\/div>\n        <div class=\"media-body item-body clearfix\">\n\n            <div class=\"item-title-head table-block\">\n                <div class=\"title-head-left\">\n                    <div class=\"title\"><a href=\"https:\/\/boatrentalmallorca.net\/fr\/mallorca\/menorquin-55-sa-nina-llaut\/\">\n                            Minorquin 55 | Sa Nina | Llaut<\/a><\/div>\n\n                    <address class=\"item-address\">Majorque - Pollen\u00e7a - Port de Pollen\u00e7a<\/address>        \n                <\/div>\n            <\/div>\n\n                        <ul class=\"item-amenities\">\n\n                                <li>\n                    <i class=\"fa fa-arrows-h\"><\/i> \n                    <span class=\"total-beds\">9<\/span> <span class=\"item-label\">m<\/span>\n                <\/li>\n                \n                                <li>\n                    <i class=\"fa fa-clock-o\"><\/i> \n                    <span class=\"total-baths\">3 heures<\/span> <span class=\"item-label\">min.<\/span>\n                <\/li>\n                \n                                <li>\n                    <i class=\"fa fa-user\"><\/i> \n                    <span class=\"total-guests\">8<\/span> <span class=\"item-label\">invit\u00e9s<\/span>\n                <\/li>\n                \n                                <li class=\"item-type\">Location de llaut<\/li>\n                            <\/ul>\n            \n            \n            <div class=\"item-footer\">\n\n                \n                            <\/div>\n        <\/div>\n    <\/div>\n<\/div><!-- .item-wrap --><\/div><div class=\"col-sm-4\">\n<div class=\"item-wrap infobox_trigger homey-matchHeight item-grid-view infobox_trigger homey-matchHeight\" data-dir=\"listing-item\" data-id=\"2829\">\n    <div class=\"media property-item\">\n        <div class=\"media-left\">\n            <div class=\"item-media item-media-thumb\">\n                <span class=\"label-wrap top-left\">\n                    <span class=\"label label-featured\">With captain (included)<\/span>\n                <\/span>                <a class=\"hover-effect\" href=\"https:\/\/boatrentalmallorca.net\/fr\/mallorca\/capeador-saura-40-boas-llaut\/\">\n                    <img loading=\"lazy\" decoding=\"async\" width=\"403\" height=\"269\" src=\"https:\/\/boatrentalmallorca.net\/wp-content\/uploads\/2025\/01\/Llaut-Capeador-Saura-40-Boas-Mallorca.jpg\" class=\"img-responsive wp-post-image\" alt=\"Llaut Capeador Saura 40 Boas Majorque\" srcset=\"https:\/\/boatrentalmallorca.net\/wp-content\/uploads\/2025\/01\/Llaut-Capeador-Saura-40-Boas-Mallorca.jpg 403w, https:\/\/boatrentalmallorca.net\/wp-content\/uploads\/2025\/01\/Llaut-Capeador-Saura-40-Boas-Mallorca-300x200.jpg 300w, https:\/\/boatrentalmallorca.net\/wp-content\/uploads\/2025\/01\/Llaut-Capeador-Saura-40-Boas-Mallorca-120x80.jpg 120w\" sizes=\"(max-width: 403px) 100vw, 403px\" \/>                \n\n                                    <div class=\"item-media-price\">\n                        <span class=\"item-price\">\n                            <sub>depuis<\/sub> <sup>\u20ac<\/sup>686<sub>\/4 hours<\/sub>\n                        <\/span>\n                    <\/div>\n                                <\/a>\n                            <\/div>\n        <\/div>\n        <div class=\"media-body item-body clearfix\">\n\n            <div class=\"item-title-head table-block\">\n                <div class=\"title-head-left\">\n                    <div class=\"title\"><a href=\"https:\/\/boatrentalmallorca.net\/fr\/mallorca\/capeador-saura-40-boas-llaut\/\">\n                            Capeador Saura 40 | Boas | Llaut<\/a><\/div>\n\n                    <address class=\"item-address\">Majorque - Pollen\u00e7a - Port de Pollen\u00e7a<\/address>        \n                <\/div>\n            <\/div>\n\n                        <ul class=\"item-amenities\">\n\n                                <li>\n                    <i class=\"fa fa-arrows-h\"><\/i> \n                    <span class=\"total-beds\">8<\/span> <span class=\"item-label\">m<\/span>\n                <\/li>\n                \n                                <li>\n                    <i class=\"fa fa-clock-o\"><\/i> \n                    <span class=\"total-baths\">4 heures<\/span> <span class=\"item-label\">min.<\/span>\n                <\/li>\n                \n                                <li>\n                    <i class=\"fa fa-user\"><\/i> \n                    <span class=\"total-guests\">10<\/span> <span class=\"item-label\">invit\u00e9s<\/span>\n                <\/li>\n                \n                                <li class=\"item-type\">Location de llaut<\/li>\n                            <\/ul>\n            \n            \n            <div class=\"item-footer\">\n\n                \n                            <\/div>\n        <\/div>\n    <\/div>\n<\/div><!-- .item-wrap --><\/div><div class=\"col-sm-4\">\n<div class=\"item-wrap infobox_trigger homey-matchHeight item-grid-view infobox_trigger homey-matchHeight\" data-dir=\"listing-item\" data-id=\"2809\">\n    <div class=\"media property-item\">\n        <div class=\"media-left\">\n            <div class=\"item-media item-media-thumb\">\n                <span class=\"label-wrap top-left\">\n                    <span class=\"label label-featured\">With captain (included)<\/span>\n                <\/span>                <a class=\"hover-effect\" href=\"https:\/\/boatrentalmallorca.net\/fr\/mallorca\/capeador-saura-40-picard-llaut\/\">\n                    <img loading=\"lazy\" decoding=\"async\" width=\"403\" height=\"269\" src=\"https:\/\/boatrentalmallorca.net\/wp-content\/uploads\/2025\/01\/Llaut-Capeador-Saura-40-Picard-Mallorca.jpg\" class=\"img-responsive wp-post-image\" alt=\"Llaut Capeador Saura 40 Picard Majorque\" srcset=\"https:\/\/boatrentalmallorca.net\/wp-content\/uploads\/2025\/01\/Llaut-Capeador-Saura-40-Picard-Mallorca.jpg 403w, https:\/\/boatrentalmallorca.net\/wp-content\/uploads\/2025\/01\/Llaut-Capeador-Saura-40-Picard-Mallorca-300x200.jpg 300w, https:\/\/boatrentalmallorca.net\/wp-content\/uploads\/2025\/01\/Llaut-Capeador-Saura-40-Picard-Mallorca-120x80.jpg 120w\" sizes=\"(max-width: 403px) 100vw, 403px\" \/>                \n\n                                    <div class=\"item-media-price\">\n                        <span class=\"item-price\">\n                            <sub>depuis<\/sub> <sup>\u20ac<\/sup>686<sub>\/4 hours<\/sub>\n                        <\/span>\n                    <\/div>\n                                <\/a>\n                            <\/div>\n        <\/div>\n        <div class=\"media-body item-body clearfix\">\n\n            <div class=\"item-title-head table-block\">\n                <div class=\"title-head-left\">\n                    <div class=\"title\"><a href=\"https:\/\/boatrentalmallorca.net\/fr\/mallorca\/capeador-saura-40-picard-llaut\/\">\n                            Capeador Saura 40 | Picard | Llaut<\/a><\/div>\n\n                    <address class=\"item-address\">Majorque - Pollen\u00e7a - Port de Pollen\u00e7a<\/address>        \n                <\/div>\n            <\/div>\n\n                        <ul class=\"item-amenities\">\n\n                                <li>\n                    <i class=\"fa fa-arrows-h\"><\/i> \n                    <span class=\"total-beds\">7.5<\/span> <span class=\"item-label\">m<\/span>\n                <\/li>\n                \n                                <li>\n                    <i class=\"fa fa-clock-o\"><\/i> \n                    <span class=\"total-baths\">4 heures<\/span> <span class=\"item-label\">min.<\/span>\n                <\/li>\n                \n                                <li>\n                    <i class=\"fa fa-user\"><\/i> \n                    <span class=\"total-guests\">6<\/span> <span class=\"item-label\">invit\u00e9s<\/span>\n                <\/li>\n                \n                                <li class=\"item-type\">Location de llaut<\/li>\n                            <\/ul>\n            \n            \n            <div class=\"item-footer\">\n\n                \n                            <\/div>\n        <\/div>\n    <\/div>\n<\/div><!-- .item-wrap --><\/div><div class=\"col-sm-4\">\n<div class=\"item-wrap infobox_trigger homey-matchHeight item-grid-view infobox_trigger homey-matchHeight\" data-dir=\"listing-item\" data-id=\"2790\">\n    <div class=\"media property-item\">\n        <div class=\"media-left\">\n            <div class=\"item-media item-media-thumb\">\n                <span class=\"label-wrap top-left\">\n                    <span class=\"label label-featured\">With captain (included)<\/span>\n                <\/span>                <a class=\"hover-effect\" href=\"https:\/\/boatrentalmallorca.net\/fr\/mallorca\/sea-ray-460-perseo-motorboat\/\">\n                    <img loading=\"lazy\" decoding=\"async\" width=\"403\" height=\"269\" src=\"https:\/\/boatrentalmallorca.net\/wp-content\/uploads\/2025\/01\/Motorboat-Sea-Ray-460-Perseo-Mallorca.jpg\" class=\"img-responsive wp-post-image\" alt=\"Bateau \u00e0 moteur Sea Ray 460 Perseo Majorque\" srcset=\"https:\/\/boatrentalmallorca.net\/wp-content\/uploads\/2025\/01\/Motorboat-Sea-Ray-460-Perseo-Mallorca.jpg 403w, https:\/\/boatrentalmallorca.net\/wp-content\/uploads\/2025\/01\/Motorboat-Sea-Ray-460-Perseo-Mallorca-300x200.jpg 300w, https:\/\/boatrentalmallorca.net\/wp-content\/uploads\/2025\/01\/Motorboat-Sea-Ray-460-Perseo-Mallorca-120x80.jpg 120w\" sizes=\"(max-width: 403px) 100vw, 403px\" \/>                \n\n                                    <div class=\"item-media-price\">\n                        <span class=\"item-price\">\n                            <sub>depuis<\/sub> <sup>\u20ac<\/sup>395<sub>\/2 hours<\/sub>\n                        <\/span>\n                    <\/div>\n                                <\/a>\n                            <\/div>\n        <\/div>\n        <div class=\"media-body item-body clearfix\">\n\n            <div class=\"item-title-head table-block\">\n                <div class=\"title-head-left\">\n                    <div class=\"title\"><a href=\"https:\/\/boatrentalmallorca.net\/fr\/mallorca\/sea-ray-460-perseo-motorboat\/\">\n                            Sea Ray 460 | Perseo | Bateau \u00e0 moteur<\/a><\/div>\n\n                    <address class=\"item-address\">Majorque - Pollen\u00e7a - Reial Club N\u00e0utic del Port de Pollen\u00e7a<\/address>        \n                <\/div>\n            <\/div>\n\n                        <ul class=\"item-amenities\">\n\n                                <li>\n                    <i class=\"fa fa-arrows-h\"><\/i> \n                    <span class=\"total-beds\">15<\/span> <span class=\"item-label\">m<\/span>\n                <\/li>\n                \n                                <li>\n                    <i class=\"fa fa-clock-o\"><\/i> \n                    <span class=\"total-baths\">2 heures<\/span> <span class=\"item-label\">min.<\/span>\n                <\/li>\n                \n                                <li>\n                    <i class=\"fa fa-user\"><\/i> \n                    <span class=\"total-guests\">9<\/span> <span class=\"item-label\">invit\u00e9s<\/span>\n                <\/li>\n                \n                                <li class=\"item-type\">Location de bateaux \u00e0 moteur<\/li>\n                            <\/ul>\n            \n            \n            <div class=\"item-footer\">\n\n                \n                            <\/div>\n        <\/div>\n    <\/div>\n<\/div><!-- .item-wrap --><\/div><div class=\"col-sm-4\">\n<div class=\"item-wrap infobox_trigger homey-matchHeight item-grid-view infobox_trigger homey-matchHeight\" data-dir=\"listing-item\" data-id=\"2768\">\n    <div class=\"media property-item\">\n        <div class=\"media-left\">\n            <div class=\"item-media item-media-thumb\">\n                <span class=\"label-wrap top-left\">\n                    <span class=\"label label-featured\">With captain (included)<\/span>\n                <\/span>                <a class=\"hover-effect\" href=\"https:\/\/boatrentalmallorca.net\/fr\/mallorca\/sea-ray-510-nashira-yacht\/\">\n                    <img loading=\"lazy\" decoding=\"async\" width=\"403\" height=\"269\" src=\"https:\/\/boatrentalmallorca.net\/wp-content\/uploads\/2025\/01\/yacht-Sea-Ray-510-Nashira-Mallorca.jpg\" class=\"img-responsive wp-post-image\" alt=\"yacht Sea Ray 510 Nashira Majorque\" srcset=\"https:\/\/boatrentalmallorca.net\/wp-content\/uploads\/2025\/01\/yacht-Sea-Ray-510-Nashira-Mallorca.jpg 403w, https:\/\/boatrentalmallorca.net\/wp-content\/uploads\/2025\/01\/yacht-Sea-Ray-510-Nashira-Mallorca-300x200.jpg 300w, https:\/\/boatrentalmallorca.net\/wp-content\/uploads\/2025\/01\/yacht-Sea-Ray-510-Nashira-Mallorca-120x80.jpg 120w\" sizes=\"(max-width: 403px) 100vw, 403px\" \/>                \n\n                                    <div class=\"item-media-price\">\n                        <span class=\"item-price\">\n                            <sub>depuis<\/sub> <sup>\u20ac<\/sup>800<sub>\/2 hours<\/sub>\n                        <\/span>\n                    <\/div>\n                                <\/a>\n                            <\/div>\n        <\/div>\n        <div class=\"media-body item-body clearfix\">\n\n            <div class=\"item-title-head table-block\">\n                <div class=\"title-head-left\">\n                    <div class=\"title\"><a href=\"https:\/\/boatrentalmallorca.net\/fr\/mallorca\/sea-ray-510-nashira-yacht\/\">\n                            Sea Ray 510 | Nashira | Yacht<\/a><\/div>\n\n                    <address class=\"item-address\">Majorque - Pollen\u00e7a - Port de Pollen\u00e7a<\/address>        \n                <\/div>\n            <\/div>\n\n                        <ul class=\"item-amenities\">\n\n                                <li>\n                    <i class=\"fa fa-arrows-h\"><\/i> \n                    <span class=\"total-beds\">16<\/span> <span class=\"item-label\">m<\/span>\n                <\/li>\n                \n                                <li>\n                    <i class=\"fa fa-clock-o\"><\/i> \n                    <span class=\"total-baths\">2 heures<\/span> <span class=\"item-label\">min.<\/span>\n                <\/li>\n                \n                                <li>\n                    <i class=\"fa fa-user\"><\/i> \n                    <span class=\"total-guests\">10<\/span> <span class=\"item-label\">invit\u00e9s<\/span>\n                <\/li>\n                \n                                <li class=\"item-type\">Location de yachts<\/li>\n                            <\/ul>\n            \n            \n            <div class=\"item-footer\">\n\n                \n                            <\/div>\n        <\/div>\n    <\/div>\n<\/div><!-- .item-wrap --><\/div><div class=\"col-sm-4\">\n<div class=\"item-wrap infobox_trigger homey-matchHeight item-grid-view infobox_trigger homey-matchHeight\" data-dir=\"listing-item\" data-id=\"2747\">\n    <div class=\"media property-item\">\n        <div class=\"media-left\">\n            <div class=\"item-media item-media-thumb\">\n                <span class=\"label-wrap top-left\">\n                    <span class=\"label label-featured\">With captain (included)<\/span>\n                <\/span>                <a class=\"hover-effect\" href=\"https:\/\/boatrentalmallorca.net\/fr\/mallorca\/bavaria-sport-35-barlovento-segundo-yacht\/\">\n                    <img loading=\"lazy\" decoding=\"async\" width=\"403\" height=\"269\" src=\"https:\/\/boatrentalmallorca.net\/wp-content\/uploads\/2025\/01\/yacht-Bavaria-Sport-35-Barlovento-Segundo-Mallorca.jpg\" class=\"img-responsive wp-post-image\" alt=\"yacht Bavaria Sport 35 Barlovento Segundo Majorque\" srcset=\"https:\/\/boatrentalmallorca.net\/wp-content\/uploads\/2025\/01\/yacht-Bavaria-Sport-35-Barlovento-Segundo-Mallorca.jpg 403w, https:\/\/boatrentalmallorca.net\/wp-content\/uploads\/2025\/01\/yacht-Bavaria-Sport-35-Barlovento-Segundo-Mallorca-300x200.jpg 300w, https:\/\/boatrentalmallorca.net\/wp-content\/uploads\/2025\/01\/yacht-Bavaria-Sport-35-Barlovento-Segundo-Mallorca-120x80.jpg 120w\" sizes=\"(max-width: 403px) 100vw, 403px\" \/>                \n\n                                    <div class=\"item-media-price\">\n                        <span class=\"item-price\">\n                            <sub>depuis<\/sub> <sup>\u20ac<\/sup>925<sub>\/half day<\/sub>\n                        <\/span>\n                    <\/div>\n                                <\/a>\n                            <\/div>\n        <\/div>\n        <div class=\"media-body item-body clearfix\">\n\n            <div class=\"item-title-head table-block\">\n                <div class=\"title-head-left\">\n                    <div class=\"title\"><a href=\"https:\/\/boatrentalmallorca.net\/fr\/mallorca\/bavaria-sport-35-barlovento-segundo-yacht\/\">\n                            Bavaria Sport 35 | Barlovento Second | Yacht<\/a><\/div>\n\n                    <address class=\"item-address\">Majorque - Palma - Port de Palma<\/address>        \n                <\/div>\n            <\/div>\n\n                        <ul class=\"item-amenities\">\n\n                                <li>\n                    <i class=\"fa fa-arrows-h\"><\/i> \n                    <span class=\"total-beds\">11.4<\/span> <span class=\"item-label\">m<\/span>\n                <\/li>\n                \n                                <li>\n                    <i class=\"fa fa-clock-o\"><\/i> \n                    <span class=\"total-baths\">demi-journ\u00e9e<\/span> <span class=\"item-label\">min.<\/span>\n                <\/li>\n                \n                                <li>\n                    <i class=\"fa fa-user\"><\/i> \n                    <span class=\"total-guests\">9<\/span> <span class=\"item-label\">invit\u00e9s<\/span>\n                <\/li>\n                \n                                <li class=\"item-type\">Location de yachts<\/li>\n                            <\/ul>\n            \n            \n            <div class=\"item-footer\">\n\n                \n                            <\/div>\n        <\/div>\n    <\/div>\n<\/div><!-- .item-wrap --><\/div><div class=\"col-sm-4\">\n<div class=\"item-wrap infobox_trigger homey-matchHeight item-grid-view infobox_trigger homey-matchHeight\" data-dir=\"listing-item\" data-id=\"2731\">\n    <div class=\"media property-item\">\n        <div class=\"media-left\">\n            <div class=\"item-media item-media-thumb\">\n                <span class=\"label-wrap top-left\">\n                    <span class=\"label label-featured\">With captain (included)<\/span>\n                <\/span>                <a class=\"hover-effect\" href=\"https:\/\/boatrentalmallorca.net\/fr\/mallorca\/sea-ray-400-endurance-motorboat\/\">\n                    <img loading=\"lazy\" decoding=\"async\" width=\"403\" height=\"269\" src=\"https:\/\/boatrentalmallorca.net\/wp-content\/uploads\/2025\/01\/rent-motorboat-Sea-Ray-400-Endurance-Mallorca.jpg\" class=\"img-responsive wp-post-image\" alt=\"Location de bateau \u00e0 moteur Sea Ray 400 Endurance \u00e0 Majorque\" srcset=\"https:\/\/boatrentalmallorca.net\/wp-content\/uploads\/2025\/01\/rent-motorboat-Sea-Ray-400-Endurance-Mallorca.jpg 403w, https:\/\/boatrentalmallorca.net\/wp-content\/uploads\/2025\/01\/rent-motorboat-Sea-Ray-400-Endurance-Mallorca-300x200.jpg 300w, https:\/\/boatrentalmallorca.net\/wp-content\/uploads\/2025\/01\/rent-motorboat-Sea-Ray-400-Endurance-Mallorca-120x80.jpg 120w\" sizes=\"(max-width: 403px) 100vw, 403px\" \/>                \n\n                                    <div class=\"item-media-price\">\n                        <span class=\"item-price\">\n                            <sub>depuis<\/sub> <sup>\u20ac<\/sup>395<sub>\/2 hours<\/sub>\n                        <\/span>\n                    <\/div>\n                                <\/a>\n                            <\/div>\n        <\/div>\n        <div class=\"media-body item-body clearfix\">\n\n            <div class=\"item-title-head table-block\">\n                <div class=\"title-head-left\">\n                    <div class=\"title\"><a href=\"https:\/\/boatrentalmallorca.net\/fr\/mallorca\/sea-ray-400-endurance-motorboat\/\">\n                            Sea Ray 400 | Endurance | Bateau \u00e0 moteur<\/a><\/div>\n\n                    <address class=\"item-address\">Majorque - Pollen\u00e7a - Port de Pollen\u00e7a<\/address>        \n                <\/div>\n            <\/div>\n\n                        <ul class=\"item-amenities\">\n\n                                <li>\n                    <i class=\"fa fa-arrows-h\"><\/i> \n                    <span class=\"total-beds\">12<\/span> <span class=\"item-label\">m<\/span>\n                <\/li>\n                \n                                <li>\n                    <i class=\"fa fa-clock-o\"><\/i> \n                    <span class=\"total-baths\">2 heures<\/span> <span class=\"item-label\">min.<\/span>\n                <\/li>\n                \n                                <li>\n                    <i class=\"fa fa-user\"><\/i> \n                    <span class=\"total-guests\">8<\/span> <span class=\"item-label\">invit\u00e9s<\/span>\n                <\/li>\n                \n                                <li class=\"item-type\">Location de bateaux \u00e0 moteur<\/li>\n                            <\/ul>\n            \n            \n            <div class=\"item-footer\">\n\n                \n                            <\/div>\n        <\/div>\n    <\/div>\n<\/div><!-- .item-wrap --><\/div><div class=\"col-sm-4\">\n<div class=\"item-wrap infobox_trigger homey-matchHeight item-grid-view infobox_trigger homey-matchHeight\" data-dir=\"listing-item\" data-id=\"2711\">\n    <div class=\"media property-item\">\n        <div class=\"media-left\">\n            <div class=\"item-media item-media-thumb\">\n                                <a class=\"hover-effect\" href=\"https:\/\/boatrentalmallorca.net\/fr\/mallorca\/bwa-sport-17-sleeper-rib\/\">\n                    <img loading=\"lazy\" decoding=\"async\" width=\"403\" height=\"269\" src=\"https:\/\/boatrentalmallorca.net\/wp-content\/uploads\/2025\/01\/rent-RIB-BWA-Sport-17-Sleeper-Mallorca.jpg\" class=\"img-responsive wp-post-image\" alt=\"Location de semi-rigide BWA Sport 17 couchettes \u00e0 Majorque\" srcset=\"https:\/\/boatrentalmallorca.net\/wp-content\/uploads\/2025\/01\/rent-RIB-BWA-Sport-17-Sleeper-Mallorca.jpg 403w, https:\/\/boatrentalmallorca.net\/wp-content\/uploads\/2025\/01\/rent-RIB-BWA-Sport-17-Sleeper-Mallorca-300x200.jpg 300w, https:\/\/boatrentalmallorca.net\/wp-content\/uploads\/2025\/01\/rent-RIB-BWA-Sport-17-Sleeper-Mallorca-120x80.jpg 120w\" sizes=\"(max-width: 403px) 100vw, 403px\" \/>                \n\n                                    <div class=\"item-media-price\">\n                        <span class=\"item-price\">\n                            <sub>depuis<\/sub> <sup>\u20ac<\/sup>295<sub>\/half day<\/sub>\n                        <\/span>\n                    <\/div>\n                                <\/a>\n                            <\/div>\n        <\/div>\n        <div class=\"media-body item-body clearfix\">\n\n            <div class=\"item-title-head table-block\">\n                <div class=\"title-head-left\">\n                    <div class=\"title\"><a href=\"https:\/\/boatrentalmallorca.net\/fr\/mallorca\/bwa-sport-17-sleeper-rib\/\">\n                            BWA Sport 17 | Avec permis | Semi-rigide<\/a><\/div>\n\n                    <address class=\"item-address\">Majorque - Cala Figuera - Port de Cala Figuera<\/address>        \n                <\/div>\n            <\/div>\n\n                        <ul class=\"item-amenities\">\n\n                                <li>\n                    <i class=\"fa fa-arrows-h\"><\/i> \n                    <span class=\"total-beds\">5.2<\/span> <span class=\"item-label\">m<\/span>\n                <\/li>\n                \n                                <li>\n                    <i class=\"fa fa-clock-o\"><\/i> \n                    <span class=\"total-baths\">demi-journ\u00e9e<\/span> <span class=\"item-label\">min.<\/span>\n                <\/li>\n                \n                                <li>\n                    <i class=\"fa fa-user\"><\/i> \n                    <span class=\"total-guests\">8<\/span> <span class=\"item-label\">invit\u00e9s<\/span>\n                <\/li>\n                \n                                <li class=\"item-type\">Location de bateau avec permis, Location de semi-rigide<\/li>\n                            <\/ul>\n            \n            \n            <div class=\"item-footer\">\n\n                \n                            <\/div>\n        <\/div>\n    <\/div>\n<\/div><!-- .item-wrap --><\/div><div class=\"col-sm-4\">\n<div class=\"item-wrap infobox_trigger homey-matchHeight item-grid-view infobox_trigger homey-matchHeight\" data-dir=\"listing-item\" data-id=\"2693\">\n    <div class=\"media property-item\">\n        <div class=\"media-left\">\n            <div class=\"item-media item-media-thumb\">\n                <span class=\"label-wrap top-left\">\n                    <span class=\"label label-featured\">With captain (included)<\/span>\n                <\/span>                <a class=\"hover-effect\" href=\"https:\/\/boatrentalmallorca.net\/fr\/mallorca\/chaparral-signature-300-motorboat\/\">\n                    <img loading=\"lazy\" decoding=\"async\" width=\"403\" height=\"269\" src=\"https:\/\/boatrentalmallorca.net\/wp-content\/uploads\/2025\/01\/rent-motorboat-Chaparral-Signature-Mallorca.jpg\" class=\"img-responsive wp-post-image\" alt=\"Location de bateau \u00e0 moteur Chaparral Signature Majorque\" srcset=\"https:\/\/boatrentalmallorca.net\/wp-content\/uploads\/2025\/01\/rent-motorboat-Chaparral-Signature-Mallorca.jpg 403w, https:\/\/boatrentalmallorca.net\/wp-content\/uploads\/2025\/01\/rent-motorboat-Chaparral-Signature-Mallorca-300x200.jpg 300w, https:\/\/boatrentalmallorca.net\/wp-content\/uploads\/2025\/01\/rent-motorboat-Chaparral-Signature-Mallorca-120x80.jpg 120w\" sizes=\"(max-width: 403px) 100vw, 403px\" \/>                \n\n                                    <div class=\"item-media-price\">\n                        <span class=\"item-price\">\n                            <sub>depuis<\/sub> <sup>\u20ac<\/sup>830<sub>\/half day<\/sub>\n                        <\/span>\n                    <\/div>\n                                <\/a>\n                            <\/div>\n        <\/div>\n        <div class=\"media-body item-body clearfix\">\n\n            <div class=\"item-title-head table-block\">\n                <div class=\"title-head-left\">\n                    <div class=\"title\"><a href=\"https:\/\/boatrentalmallorca.net\/fr\/mallorca\/chaparral-signature-300-motorboat\/\">\n                            Chaparral Signature 300 | Bateau \u00e0 moteur<\/a><\/div>\n\n                    <address class=\"item-address\">Majorque - Cala Figuera - Port de Cala Figuera<\/address>        \n                <\/div>\n            <\/div>\n\n                        <ul class=\"item-amenities\">\n\n                                <li>\n                    <i class=\"fa fa-arrows-h\"><\/i> \n                    <span class=\"total-beds\">10.5<\/span> <span class=\"item-label\">m<\/span>\n                <\/li>\n                \n                                <li>\n                    <i class=\"fa fa-clock-o\"><\/i> \n                    <span class=\"total-baths\">demi-journ\u00e9e<\/span> <span class=\"item-label\">min.<\/span>\n                <\/li>\n                \n                                <li>\n                    <i class=\"fa fa-user\"><\/i> \n                    <span class=\"total-guests\">7<\/span> <span class=\"item-label\">invit\u00e9s<\/span>\n                <\/li>\n                \n                                <li class=\"item-type\">Location de bateaux \u00e0 moteur<\/li>\n                            <\/ul>\n            \n            \n            <div class=\"item-footer\">\n\n                \n                            <\/div>\n        <\/div>\n    <\/div>\n<\/div><!-- .item-wrap --><\/div><div class=\"col-sm-4\">\n<div class=\"item-wrap infobox_trigger homey-matchHeight item-grid-view infobox_trigger homey-matchHeight\" data-dir=\"listing-item\" data-id=\"2670\">\n    <div class=\"media property-item\">\n        <div class=\"media-left\">\n            <div class=\"item-media item-media-thumb\">\n                <span class=\"label-wrap top-left\">\n                    <span class=\"label label-featured\">With captain (included)<\/span>\n                <\/span>                <a class=\"hover-effect\" href=\"https:\/\/boatrentalmallorca.net\/fr\/mallorca\/majoni-espalmador-45-llaut\/\">\n                    <img loading=\"lazy\" decoding=\"async\" width=\"403\" height=\"269\" src=\"https:\/\/boatrentalmallorca.net\/wp-content\/uploads\/2025\/01\/rent-Llaut-Majoni-Espalmador-45-Mallorca.jpg\" class=\"img-responsive wp-post-image\" alt=\"louer Llaut Majoni Espalmador 45 Majorque\" srcset=\"https:\/\/boatrentalmallorca.net\/wp-content\/uploads\/2025\/01\/rent-Llaut-Majoni-Espalmador-45-Mallorca.jpg 403w, https:\/\/boatrentalmallorca.net\/wp-content\/uploads\/2025\/01\/rent-Llaut-Majoni-Espalmador-45-Mallorca-300x200.jpg 300w, https:\/\/boatrentalmallorca.net\/wp-content\/uploads\/2025\/01\/rent-Llaut-Majoni-Espalmador-45-Mallorca-120x80.jpg 120w\" sizes=\"(max-width: 403px) 100vw, 403px\" \/>                \n\n                                    <div class=\"item-media-price\">\n                        <span class=\"item-price\">\n                            <sub>depuis<\/sub> <sup>\u20ac<\/sup>830<sub>\/half day<\/sub>\n                        <\/span>\n                    <\/div>\n                                <\/a>\n                            <\/div>\n        <\/div>\n        <div class=\"media-body item-body clearfix\">\n\n            <div class=\"item-title-head table-block\">\n                <div class=\"title-head-left\">\n                    <div class=\"title\"><a href=\"https:\/\/boatrentalmallorca.net\/fr\/mallorca\/majoni-espalmador-45-llaut\/\">\n                            Majoni Espalmador 45 | Llaut<\/a><\/div>\n\n                    <address class=\"item-address\">Majorque - Cala Figuera - Port de Cala Figuera<\/address>        \n                <\/div>\n            <\/div>\n\n                        <ul class=\"item-amenities\">\n\n                                <li>\n                    <i class=\"fa fa-arrows-h\"><\/i> \n                    <span class=\"total-beds\">10.5<\/span> <span class=\"item-label\">m<\/span>\n                <\/li>\n                \n                                <li>\n                    <i class=\"fa fa-clock-o\"><\/i> \n                    <span class=\"total-baths\">demi-journ\u00e9e<\/span> <span class=\"item-label\">min.<\/span>\n                <\/li>\n                \n                                <li>\n                    <i class=\"fa fa-user\"><\/i> \n                    <span class=\"total-guests\">7<\/span> <span class=\"item-label\">invit\u00e9s<\/span>\n                <\/li>\n                \n                                <li class=\"item-type\">Location de bateaux \u00e0 moteur<\/li>\n                            <\/ul>\n            \n            \n            <div class=\"item-footer\">\n\n                \n                            <\/div>\n        <\/div>\n    <\/div>\n<\/div><!-- .item-wrap --><\/div><div class=\"col-sm-4\">\n<div class=\"item-wrap infobox_trigger homey-matchHeight item-grid-view infobox_trigger homey-matchHeight\" data-dir=\"listing-item\" data-id=\"2648\">\n    <div class=\"media property-item\">\n        <div class=\"media-left\">\n            <div class=\"item-media item-media-thumb\">\n                <span class=\"label-wrap top-left\">\n                    <span class=\"label label-featured\">With captain (included)<\/span>\n                <\/span>                <a class=\"hover-effect\" href=\"https:\/\/boatrentalmallorca.net\/fr\/mallorca\/gobbi-open-23-valkyrya-motorboat\/\">\n                    <img loading=\"lazy\" decoding=\"async\" width=\"403\" height=\"269\" src=\"https:\/\/boatrentalmallorca.net\/wp-content\/uploads\/2025\/01\/Gobbi-Open-23-Valkyrya-rental-mallorca.jpg\" class=\"img-responsive wp-post-image\" alt=\"Gobbi Open 23 Valkyrya location Majorque\" srcset=\"https:\/\/boatrentalmallorca.net\/wp-content\/uploads\/2025\/01\/Gobbi-Open-23-Valkyrya-rental-mallorca.jpg 403w, https:\/\/boatrentalmallorca.net\/wp-content\/uploads\/2025\/01\/Gobbi-Open-23-Valkyrya-rental-mallorca-300x200.jpg 300w, https:\/\/boatrentalmallorca.net\/wp-content\/uploads\/2025\/01\/Gobbi-Open-23-Valkyrya-rental-mallorca-120x80.jpg 120w\" sizes=\"(max-width: 403px) 100vw, 403px\" \/>                \n\n                                    <div class=\"item-media-price\">\n                        <span class=\"item-price\">\n                            <sub>depuis<\/sub> <sup>\u20ac<\/sup>1,090<sub>\/4 hours<\/sub>\n                        <\/span>\n                    <\/div>\n                                <\/a>\n                            <\/div>\n        <\/div>\n        <div class=\"media-body item-body clearfix\">\n\n            <div class=\"item-title-head table-block\">\n                <div class=\"title-head-left\">\n                    <div class=\"title\"><a href=\"https:\/\/boatrentalmallorca.net\/fr\/mallorca\/gobbi-open-23-valkyrya-motorboat\/\">\n                            Gobbi Open 23 | Valkyrya | Bateau \u00e0 moteur<\/a><\/div>\n\n                    <address class=\"item-address\">Majorque - Palma - Club N\u00e0utic de Cala Gamba<\/address>        \n                <\/div>\n            <\/div>\n\n                        <ul class=\"item-amenities\">\n\n                                <li>\n                    <i class=\"fa fa-arrows-h\"><\/i> \n                    <span class=\"total-beds\">7.5<\/span> <span class=\"item-label\">m<\/span>\n                <\/li>\n                \n                                <li>\n                    <i class=\"fa fa-clock-o\"><\/i> \n                    <span class=\"total-baths\">demi-journ\u00e9e<\/span> <span class=\"item-label\">min.<\/span>\n                <\/li>\n                \n                                <li>\n                    <i class=\"fa fa-user\"><\/i> \n                    <span class=\"total-guests\">8<\/span> <span class=\"item-label\">invit\u00e9s<\/span>\n                <\/li>\n                \n                                <li class=\"item-type\">Location de bateaux \u00e0 moteur<\/li>\n                            <\/ul>\n            \n            \n            <div class=\"item-footer\">\n\n                \n                            <\/div>\n        <\/div>\n    <\/div>\n<\/div><!-- .item-wrap --><\/div>            <\/div><!-- grid-listing-page -->\n        <\/div>\n\n        \t\t\t\t<\/div>\n\t\t\t\t<\/div>\n\t\t\t\t<div class=\"elementor-element elementor-element-e503f56 elementor-widget elementor-widget-spacer\" data-id=\"e503f56\" data-element_type=\"widget\" data-e-type=\"widget\" data-widget_type=\"spacer.default\">\n\t\t\t\t<div class=\"elementor-widget-container\">\n\t\t\t\t\t\t\t<div class=\"elementor-spacer\">\n\t\t\t<div class=\"elementor-spacer-inner\"><\/div>\n\t\t<\/div>\n\t\t\t\t\t\t<\/div>\n\t\t\t\t<\/div>\n\t\t\t\t<div class=\"elementor-element elementor-element-fd202ec elementor-button-warning elementor-align-center elementor-widget elementor-widget-button\" data-id=\"fd202ec\" data-element_type=\"widget\" data-e-type=\"widget\" data-widget_type=\"button.default\">\n\t\t\t\t<div class=\"elementor-widget-container\">\n\t\t\t\t\t\t\t\t\t<div class=\"elementor-button-wrapper\">\n\t\t\t\t\t<a class=\"elementor-button elementor-button-link elementor-size-md\" href=\"https:\/\/boatrentalmallorca.net\/fr\/bateaux-yachts-majorque\/\">\n\t\t\t\t\t\t<span class=\"elementor-button-content-wrapper\">\n\t\t\t\t\t\t\t\t\t<span class=\"elementor-button-text\">Voir tous les bateaux<\/span>\n\t\t\t\t\t<\/span>\n\t\t\t\t\t<\/a>\n\t\t\t\t<\/div>\n\t\t\t\t\t\t\t\t<\/div>\n\t\t\t\t<\/div>\n\t\t\t\t<div class=\"elementor-element elementor-element-9163bd9 elementor-widget elementor-widget-spacer\" data-id=\"9163bd9\" data-element_type=\"widget\" data-e-type=\"widget\" data-widget_type=\"spacer.default\">\n\t\t\t\t<div class=\"elementor-widget-container\">\n\t\t\t\t\t\t\t<div class=\"elementor-spacer\">\n\t\t\t<div class=\"elementor-spacer-inner\"><\/div>\n\t\t<\/div>\n\t\t\t\t\t\t<\/div>\n\t\t\t\t<\/div>\n\t\t\t\t\t<\/div>\n\t\t<\/div>\n\t\t\t\t\t<\/div>\n\t\t<\/section>\n\t\t\t\t<section class=\"elementor-section elementor-top-section elementor-element elementor-element-487151d elementor-section-boxed elementor-section-height-default elementor-section-height-default\" data-id=\"487151d\" data-element_type=\"section\" data-e-type=\"section\" data-settings=\"{&quot;background_background&quot;:&quot;classic&quot;}\">\n\t\t\t\t\t\t\t<div class=\"elementor-background-overlay\"><\/div>\n\t\t\t\t\t\t\t<div class=\"elementor-container elementor-column-gap-default\">\n\t\t\t\t\t<div class=\"elementor-column elementor-col-100 elementor-top-column elementor-element elementor-element-1f9c491\" data-id=\"1f9c491\" data-element_type=\"column\" data-e-type=\"column\">\n\t\t\t<div class=\"elementor-widget-wrap elementor-element-populated\">\n\t\t\t\t\t\t<div class=\"elementor-element elementor-element-0d8d5a6 elementor-widget elementor-widget-spacer\" data-id=\"0d8d5a6\" data-element_type=\"widget\" data-e-type=\"widget\" data-widget_type=\"spacer.default\">\n\t\t\t\t<div class=\"elementor-widget-container\">\n\t\t\t\t\t\t\t<div class=\"elementor-spacer\">\n\t\t\t<div class=\"elementor-spacer-inner\"><\/div>\n\t\t<\/div>\n\t\t\t\t\t\t<\/div>\n\t\t\t\t<\/div>\n\t\t\t\t<div class=\"elementor-element elementor-element-452c132 elementor-widget elementor-widget-homey_elementor_section_title\" data-id=\"452c132\" data-element_type=\"widget\" data-e-type=\"widget\" data-widget_type=\"homey_elementor_section_title.default\">\n\t\t\t\t<div class=\"elementor-widget-container\">\n\t\t\t\t\t            <div class=\"homey_section_title_wrap_elementor homey-module module-title section-title-module\">\n                                    <h2 class=\"homey_section_title\">Comment louer facilement un bateau \u00e0 Majorque avec nous<\/h2>\n                \n                            <\/div>\n            \t\t\t\t<\/div>\n\t\t\t\t<\/div>\n\t\t\t\t<div class=\"elementor-element elementor-element-cce04ee elementor-widget-divider--view-line elementor-widget elementor-widget-divider\" data-id=\"cce04ee\" data-element_type=\"widget\" data-e-type=\"widget\" data-widget_type=\"divider.default\">\n\t\t\t\t<div class=\"elementor-widget-container\">\n\t\t\t\t\t\t\t<div class=\"elementor-divider\">\n\t\t\t<span class=\"elementor-divider-separator\">\n\t\t\t\t\t\t<\/span>\n\t\t<\/div>\n\t\t\t\t\t\t<\/div>\n\t\t\t\t<\/div>\n\t\t\t\t<section class=\"elementor-section elementor-inner-section elementor-element elementor-element-e800157 elementor-section-boxed elementor-section-height-default elementor-section-height-default\" data-id=\"e800157\" data-element_type=\"section\" data-e-type=\"section\">\n\t\t\t\t\t\t<div class=\"elementor-container elementor-column-gap-default\">\n\t\t\t\t\t<div class=\"elementor-column elementor-col-20 elementor-inner-column elementor-element elementor-element-d632764\" data-id=\"d632764\" data-element_type=\"column\" data-e-type=\"column\">\n\t\t\t<div class=\"elementor-widget-wrap elementor-element-populated\">\n\t\t\t\t\t\t<div class=\"elementor-element elementor-element-4eda56e elementor-position-top elementor-widget elementor-widget-image-box\" data-id=\"4eda56e\" data-element_type=\"widget\" data-e-type=\"widget\" data-widget_type=\"image-box.default\">\n\t\t\t\t<div class=\"elementor-widget-container\">\n\t\t\t\t\t<div class=\"elementor-image-box-wrapper\"><figure class=\"elementor-image-box-img\"><img loading=\"lazy\" decoding=\"async\" width=\"65\" height=\"60\" src=\"https:\/\/boatrentalmallorca.net\/wp-content\/uploads\/2025\/01\/Request-online.png\" class=\"attachment-full size-full wp-image-2481\" alt=\"Demande en ligne\" \/><\/figure><div class=\"elementor-image-box-content\"><h3 class=\"elementor-image-box-title\">Faites votre demande en ligne ou par t\u00e9l\u00e9phone.<\/h3><p class=\"elementor-image-box-description\">D\u00e9posez une demande de location de bateau sur notre site web ou contactez-nous par t\u00e9l\u00e9phone. Nous vous r\u00e9pondrons rapidement et vous proposerons les meilleures options.<\/p><\/div><\/div>\t\t\t\t<\/div>\n\t\t\t\t<\/div>\n\t\t\t\t\t<\/div>\n\t\t<\/div>\n\t\t\t\t<div class=\"elementor-column elementor-col-20 elementor-inner-column elementor-element elementor-element-7c1dbc6\" data-id=\"7c1dbc6\" data-element_type=\"column\" data-e-type=\"column\">\n\t\t\t<div class=\"elementor-widget-wrap elementor-element-populated\">\n\t\t\t\t\t\t<div class=\"elementor-element elementor-element-40baf34 elementor-position-top elementor-widget elementor-widget-image-box\" data-id=\"40baf34\" data-element_type=\"widget\" data-e-type=\"widget\" data-widget_type=\"image-box.default\">\n\t\t\t\t<div class=\"elementor-widget-container\">\n\t\t\t\t\t<div class=\"elementor-image-box-wrapper\"><figure class=\"elementor-image-box-img\"><img loading=\"lazy\" decoding=\"async\" width=\"60\" height=\"60\" src=\"https:\/\/boatrentalmallorca.net\/wp-content\/uploads\/2025\/01\/manager.png\" class=\"attachment-full size-full wp-image-2485\" alt=\"\" \/><\/figure><div class=\"elementor-image-box-content\"><h3 class=\"elementor-image-box-title\">Consultation avec notre responsable<\/h3><p class=\"elementor-image-box-description\">Notre responsable vous contactera pour clarifier tous les d\u00e9tails, r\u00e9pondre \u00e0 vos questions et vous aider \u00e0 choisir l&#039;option id\u00e9ale pour votre voyage.<\/p><\/div><\/div>\t\t\t\t<\/div>\n\t\t\t\t<\/div>\n\t\t\t\t\t<\/div>\n\t\t<\/div>\n\t\t\t\t<div class=\"elementor-column elementor-col-20 elementor-inner-column elementor-element elementor-element-9ee4814\" data-id=\"9ee4814\" data-element_type=\"column\" data-e-type=\"column\">\n\t\t\t<div class=\"elementor-widget-wrap elementor-element-populated\">\n\t\t\t\t\t\t<div class=\"elementor-element elementor-element-019f53f elementor-position-top elementor-widget elementor-widget-image-box\" data-id=\"019f53f\" data-element_type=\"widget\" data-e-type=\"widget\" data-widget_type=\"image-box.default\">\n\t\t\t\t<div class=\"elementor-widget-container\">\n\t\t\t\t\t<div class=\"elementor-image-box-wrapper\"><figure class=\"elementor-image-box-img\"><img loading=\"lazy\" decoding=\"async\" width=\"60\" height=\"60\" src=\"https:\/\/boatrentalmallorca.net\/wp-content\/uploads\/2018\/11\/boat-icon.png\" class=\"attachment-full size-full wp-image-1951\" alt=\"\" \/><\/figure><div class=\"elementor-image-box-content\"><h3 class=\"elementor-image-box-title\">S\u00e9lection de bateaux et de services<\/h3><p class=\"elementor-image-box-description\">Nous vous proposerons les meilleurs bateaux en fonction de vos pr\u00e9f\u00e9rences et vous aiderons \u00e0 choisir des services compl\u00e9mentaires tels que la restauration ou les animations.<\/p><\/div><\/div>\t\t\t\t<\/div>\n\t\t\t\t<\/div>\n\t\t\t\t\t<\/div>\n\t\t<\/div>\n\t\t\t\t<div class=\"elementor-column elementor-col-20 elementor-inner-column elementor-element elementor-element-8c5481f\" data-id=\"8c5481f\" data-element_type=\"column\" data-e-type=\"column\">\n\t\t\t<div class=\"elementor-widget-wrap elementor-element-populated\">\n\t\t\t\t\t\t<div class=\"elementor-element elementor-element-7c9bab8 elementor-position-top elementor-widget elementor-widget-image-box\" data-id=\"7c9bab8\" data-element_type=\"widget\" data-e-type=\"widget\" data-widget_type=\"image-box.default\">\n\t\t\t\t<div class=\"elementor-widget-container\">\n\t\t\t\t\t<div class=\"elementor-image-box-wrapper\"><figure class=\"elementor-image-box-img\"><img loading=\"lazy\" decoding=\"async\" width=\"56\" height=\"60\" src=\"https:\/\/boatrentalmallorca.net\/wp-content\/uploads\/2025\/01\/deposit-icon.png\" class=\"attachment-full size-full wp-image-2602\" alt=\"ic\u00f4ne de d\u00e9p\u00f4t\" \/><\/figure><div class=\"elementor-image-box-content\"><h3 class=\"elementor-image-box-title\">Versement d&#039;un acompte pour la location d&#039;un bateau<\/h3><p class=\"elementor-image-box-description\">Apr\u00e8s avoir choisi un bateau, vous devrez verser un acompte de 20 \u00e0 501 TP3T du prix de la location, selon le bateau choisi. Nous vous enverrons ensuite tous les d\u00e9tails n\u00e9cessaires \u00e0 votre r\u00e9servation.<\/p><\/div><\/div>\t\t\t\t<\/div>\n\t\t\t\t<\/div>\n\t\t\t\t\t<\/div>\n\t\t<\/div>\n\t\t\t\t<div class=\"elementor-column elementor-col-20 elementor-inner-column elementor-element elementor-element-e1472ec\" data-id=\"e1472ec\" data-element_type=\"column\" data-e-type=\"column\">\n\t\t\t<div class=\"elementor-widget-wrap elementor-element-populated\">\n\t\t\t\t\t\t<div class=\"elementor-element elementor-element-02b36f0 elementor-position-top elementor-widget elementor-widget-image-box\" data-id=\"02b36f0\" data-element_type=\"widget\" data-e-type=\"widget\" data-widget_type=\"image-box.default\">\n\t\t\t\t<div class=\"elementor-widget-container\">\n\t\t\t\t\t<div class=\"elementor-image-box-wrapper\"><figure class=\"elementor-image-box-img\"><img loading=\"lazy\" decoding=\"async\" width=\"70\" height=\"60\" src=\"https:\/\/boatrentalmallorca.net\/wp-content\/uploads\/2025\/01\/icon-relax.png\" class=\"attachment-full size-full wp-image-2606\" alt=\"ic\u00f4ne d\u00e9tente\" \/><\/figure><div class=\"elementor-image-box-content\"><h3 class=\"elementor-image-box-title\">Profitez de votre s\u00e9jour sur le bateau<\/h3><p class=\"elementor-image-box-description\">Le jour de la location, il vous suffit de vous pr\u00e9senter au port et de profiter d&#039;un moment inoubliable sur l&#039;eau. Nous nous occupons du reste !<\/p><\/div><\/div>\t\t\t\t<\/div>\n\t\t\t\t<\/div>\n\t\t\t\t\t<\/div>\n\t\t<\/div>\n\t\t\t\t\t<\/div>\n\t\t<\/section>\n\t\t\t\t<div class=\"elementor-element elementor-element-c555c9c elementor-widget elementor-widget-spacer\" data-id=\"c555c9c\" data-element_type=\"widget\" data-e-type=\"widget\" data-widget_type=\"spacer.default\">\n\t\t\t\t<div class=\"elementor-widget-container\">\n\t\t\t\t\t\t\t<div class=\"elementor-spacer\">\n\t\t\t<div class=\"elementor-spacer-inner\"><\/div>\n\t\t<\/div>\n\t\t\t\t\t\t<\/div>\n\t\t\t\t<\/div>\n\t\t\t\t<div class=\"elementor-element elementor-element-31a7b7f elementor-button-warning elementor-align-center elementor-widget elementor-widget-button\" data-id=\"31a7b7f\" data-element_type=\"widget\" data-e-type=\"widget\" data-widget_type=\"button.default\">\n\t\t\t\t<div class=\"elementor-widget-container\">\n\t\t\t\t\t\t\t\t\t<div class=\"elementor-button-wrapper\">\n\t\t\t\t\t<a class=\"elementor-button elementor-button-link elementor-size-md\" href=\"https:\/\/boatrentalmallorca.net\/fr\/contact\/\">\n\t\t\t\t\t\t<span class=\"elementor-button-content-wrapper\">\n\t\t\t\t\t\t\t\t\t<span class=\"elementor-button-text\">Contactez-nous d\u00e8s maintenant<\/span>\n\t\t\t\t\t<\/span>\n\t\t\t\t\t<\/a>\n\t\t\t\t<\/div>\n\t\t\t\t\t\t\t\t<\/div>\n\t\t\t\t<\/div>\n\t\t\t\t<div class=\"elementor-element elementor-element-4970cea elementor-widget elementor-widget-spacer\" data-id=\"4970cea\" data-element_type=\"widget\" data-e-type=\"widget\" data-widget_type=\"spacer.default\">\n\t\t\t\t<div class=\"elementor-widget-container\">\n\t\t\t\t\t\t\t<div class=\"elementor-spacer\">\n\t\t\t<div class=\"elementor-spacer-inner\"><\/div>\n\t\t<\/div>\n\t\t\t\t\t\t<\/div>\n\t\t\t\t<\/div>\n\t\t\t\t\t<\/div>\n\t\t<\/div>\n\t\t\t\t\t<\/div>\n\t\t<\/section>\n\t\t\t\t<section class=\"elementor-section elementor-top-section elementor-element elementor-element-63cedbff elementor-section-stretched elementor-section-boxed elementor-section-height-default elementor-section-height-default\" data-id=\"63cedbff\" data-element_type=\"section\" data-e-type=\"section\" data-settings=\"{&quot;stretch_section&quot;:&quot;section-stretched&quot;,&quot;background_background&quot;:&quot;classic&quot;}\">\n\t\t\t\t\t\t<div class=\"elementor-container elementor-column-gap-default\">\n\t\t\t\t\t<div class=\"elementor-column elementor-col-100 elementor-top-column elementor-element elementor-element-379c373b\" data-id=\"379c373b\" data-element_type=\"column\" data-e-type=\"column\">\n\t\t\t<div class=\"elementor-widget-wrap elementor-element-populated\">\n\t\t\t\t\t\t<div class=\"elementor-element elementor-element-7b0ff54a elementor-widget elementor-widget-spacer\" data-id=\"7b0ff54a\" data-element_type=\"widget\" data-e-type=\"widget\" data-widget_type=\"spacer.default\">\n\t\t\t\t<div class=\"elementor-widget-container\">\n\t\t\t\t\t\t\t<div class=\"elementor-spacer\">\n\t\t\t<div class=\"elementor-spacer-inner\"><\/div>\n\t\t<\/div>\n\t\t\t\t\t\t<\/div>\n\t\t\t\t<\/div>\n\t\t\t\t<div class=\"elementor-element elementor-element-1c098946 elementor-widget elementor-widget-homey_elementor_section_title\" data-id=\"1c098946\" data-element_type=\"widget\" data-e-type=\"widget\" data-widget_type=\"homey_elementor_section_title.default\">\n\t\t\t\t<div class=\"elementor-widget-container\">\n\t\t\t\t\t            <div class=\"homey_section_title_wrap_elementor homey-module module-title section-title-module\">\n                                    <h2 class=\"homey_section_title\">Tous types de bateaux \u00e0 louer \u00e0 Majorque<\/h2>\n                \n                                    <p class=\"homey_section_subtitle sub-heading\">Choisissez parmi une large gamme de bateaux \u00e0 louer \u00e0 Majorque, incluant bateaux \u00e0 moteur, voiliers, catamarans et yachts de luxe. Id\u00e9al pour toutes vos aventures nautiques !<\/p>\n                            <\/div>\n            \t\t\t\t<\/div>\n\t\t\t\t<\/div>\n\t\t\t\t<div class=\"elementor-element elementor-element-b702d86 elementor-widget-divider--view-line elementor-widget elementor-widget-divider\" data-id=\"b702d86\" data-element_type=\"widget\" data-e-type=\"widget\" data-widget_type=\"divider.default\">\n\t\t\t\t<div class=\"elementor-widget-container\">\n\t\t\t\t\t\t\t<div class=\"elementor-divider\">\n\t\t\t<span class=\"elementor-divider-separator\">\n\t\t\t\t\t\t<\/span>\n\t\t<\/div>\n\t\t\t\t\t\t<\/div>\n\t\t\t\t<\/div>\n\t\t\t\t<div class=\"elementor-element elementor-element-5a23e4ec elementor-widget elementor-widget-homey_elementor_grids\" data-id=\"5a23e4ec\" data-element_type=\"widget\" data-e-type=\"widget\" data-widget_type=\"homey_elementor_grids.default\">\n\t\t\t\t<div class=\"elementor-widget-container\">\n\t\t\t\t\t\r\n\t\t<div class=\"module-wrap taxonomy-grid taxonomy-grid-3\">\r\n\t\t\t<div class=\"row\">\r\n\t\t\t\t\r\n\t\t\t\t\t<div class=\"col-sm-4 col-xs-6\">\r\n\t\t\t\t\t\t<div class=\"taxonomy-item taxonomy-card\">\r\n\t\t\t\t\t\t\t<a class=\"taxonomy-link hover-effect\" href=\"https:\/\/boatrentalmallorca.net\/fr\/spain\/yacht-rental-mallorca\/\">\r\n\t\t\t\t\t\t\t\t<div class=\"taxonomy-title\">Location de yachts<\/div>\r\n\t\t\t\t\t\t\t\t<img loading=\"lazy\" decoding=\"async\" class=\"img-responsive\" src=\"https:\/\/boatrentalmallorca.net\/wp-content\/uploads\/2025\/01\/Yacht-rental-Mallorca.jpg\" width=\"354\" height=\"354\" alt=\"listing_type\">\r\n\t\t\t\t\t\t\t<\/a>\r\n\t\t\t\t\t\t<\/div>\r\n\t\t\t\t\t<\/div>\r\n\r\n\t\t\t\t\t\r\n\t\t\t\t\t<div class=\"col-sm-4 col-xs-6\">\r\n\t\t\t\t\t\t<div class=\"taxonomy-item taxonomy-card\">\r\n\t\t\t\t\t\t\t<a class=\"taxonomy-link hover-effect\" href=\"https:\/\/boatrentalmallorca.net\/fr\/spain\/motorboat-rental-mallorca\/\">\r\n\t\t\t\t\t\t\t\t<div class=\"taxonomy-title\">Location de bateaux \u00e0 moteur<\/div>\r\n\t\t\t\t\t\t\t\t<img loading=\"lazy\" decoding=\"async\" class=\"img-responsive\" src=\"https:\/\/boatrentalmallorca.net\/wp-content\/uploads\/2025\/01\/Motorboat-rental-Mallorca-360x360.jpg\" width=\"360\" height=\"360\" alt=\"listing_type\">\r\n\t\t\t\t\t\t\t<\/a>\r\n\t\t\t\t\t\t<\/div>\r\n\t\t\t\t\t<\/div>\r\n\r\n\t\t\t\t\t\r\n\t\t\t\t\t<div class=\"col-sm-4 col-xs-6\">\r\n\t\t\t\t\t\t<div class=\"taxonomy-item taxonomy-card\">\r\n\t\t\t\t\t\t\t<a class=\"taxonomy-link hover-effect\" href=\"https:\/\/boatrentalmallorca.net\/fr\/spain\/sailboat-rental-mallorca\/\">\r\n\t\t\t\t\t\t\t\t<div class=\"taxonomy-title\">Location de voiliers<\/div>\r\n\t\t\t\t\t\t\t\t<img loading=\"lazy\" decoding=\"async\" class=\"img-responsive\" src=\"https:\/\/boatrentalmallorca.net\/wp-content\/uploads\/2025\/01\/Sailboat-rental-Mallorca.jpg\" width=\"354\" height=\"354\" alt=\"listing_type\">\r\n\t\t\t\t\t\t\t<\/a>\r\n\t\t\t\t\t\t<\/div>\r\n\t\t\t\t\t<\/div>\r\n\r\n\t\t\t\t\t\r\n\t\t\t\t\t<div class=\"col-sm-4 col-xs-6\">\r\n\t\t\t\t\t\t<div class=\"taxonomy-item taxonomy-card\">\r\n\t\t\t\t\t\t\t<a class=\"taxonomy-link hover-effect\" href=\"https:\/\/boatrentalmallorca.net\/fr\/spain\/catamaran-rental-mallorca\/\">\r\n\t\t\t\t\t\t\t\t<div class=\"taxonomy-title\">Location de catamaran<\/div>\r\n\t\t\t\t\t\t\t\t<img loading=\"lazy\" decoding=\"async\" class=\"img-responsive\" src=\"https:\/\/boatrentalmallorca.net\/wp-content\/uploads\/2025\/01\/Catamaran-rental-Mallorca.jpg\" width=\"354\" height=\"354\" alt=\"listing_type\">\r\n\t\t\t\t\t\t\t<\/a>\r\n\t\t\t\t\t\t<\/div>\r\n\t\t\t\t\t<\/div>\r\n\r\n\t\t\t\t\t\r\n\t\t\t\t\t<div class=\"col-sm-4 col-xs-6\">\r\n\t\t\t\t\t\t<div class=\"taxonomy-item taxonomy-card\">\r\n\t\t\t\t\t\t\t<a class=\"taxonomy-link hover-effect\" href=\"https:\/\/boatrentalmallorca.net\/fr\/spain\/luxury-yacht-charter-mallorca\/\">\r\n\t\t\t\t\t\t\t\t<div class=\"taxonomy-title\">Location de yachts de luxe<\/div>\r\n\t\t\t\t\t\t\t\t<img loading=\"lazy\" decoding=\"async\" class=\"img-responsive\" src=\"https:\/\/boatrentalmallorca.net\/wp-content\/uploads\/2025\/01\/Luxury-yacht-rental-Mallorca.jpg\" width=\"354\" height=\"354\" alt=\"listing_type\">\r\n\t\t\t\t\t\t\t<\/a>\r\n\t\t\t\t\t\t<\/div>\r\n\t\t\t\t\t<\/div>\r\n\r\n\t\t\t\t\t\r\n\t\t\t\t\t<div class=\"col-sm-4 col-xs-6\">\r\n\t\t\t\t\t\t<div class=\"taxonomy-item taxonomy-card\">\r\n\t\t\t\t\t\t\t<a class=\"taxonomy-link hover-effect\" href=\"https:\/\/boatrentalmallorca.net\/fr\/spain\/rib-zodiac-rental-mallorca\/\">\r\n\t\t\t\t\t\t\t\t<div class=\"taxonomy-title\">Location de semi-rigides<\/div>\r\n\t\t\t\t\t\t\t\t<img loading=\"lazy\" decoding=\"async\" class=\"img-responsive\" src=\"https:\/\/boatrentalmallorca.net\/wp-content\/uploads\/2025\/01\/Zodiac-rental-Mallorca-360x360.jpg\" width=\"360\" height=\"360\" alt=\"listing_type\">\r\n\t\t\t\t\t\t\t<\/a>\r\n\t\t\t\t\t\t<\/div>\r\n\t\t\t\t\t<\/div>\r\n\r\n\t\t\t\t\t\r\n\t\t\t\t\t<div class=\"col-sm-4 col-xs-6\">\r\n\t\t\t\t\t\t<div class=\"taxonomy-item taxonomy-card\">\r\n\t\t\t\t\t\t\t<a class=\"taxonomy-link hover-effect\" href=\"https:\/\/boatrentalmallorca.net\/fr\/spain\/llaut-rental-mallorca\/\">\r\n\t\t\t\t\t\t\t\t<div class=\"taxonomy-title\">Location de llaut<\/div>\r\n\t\t\t\t\t\t\t\t<img loading=\"lazy\" decoding=\"async\" class=\"img-responsive\" src=\"https:\/\/boatrentalmallorca.net\/wp-content\/uploads\/2025\/01\/Llaut-rental-Mallorca.jpg\" width=\"354\" height=\"354\" alt=\"listing_type\">\r\n\t\t\t\t\t\t\t<\/a>\r\n\t\t\t\t\t\t<\/div>\r\n\t\t\t\t\t<\/div>\r\n\r\n\t\t\t\t\t\r\n\t\t\t\t\t<div class=\"col-sm-4 col-xs-6\">\r\n\t\t\t\t\t\t<div class=\"taxonomy-item taxonomy-card\">\r\n\t\t\t\t\t\t\t<a class=\"taxonomy-link hover-effect\" href=\"https:\/\/boatrentalmallorca.net\/fr\/spain\/boat-rental-without-license-mallorca\/\">\r\n\t\t\t\t\t\t\t\t<div class=\"taxonomy-title\">Location de bateau sans permis<\/div>\r\n\t\t\t\t\t\t\t\t<img loading=\"lazy\" decoding=\"async\" class=\"img-responsive\" src=\"https:\/\/boatrentalmallorca.net\/wp-content\/uploads\/2025\/01\/Boat-rental-without-license-Mallorca.jpg\" width=\"354\" height=\"354\" alt=\"listing_type\">\r\n\t\t\t\t\t\t\t<\/a>\r\n\t\t\t\t\t\t<\/div>\r\n\t\t\t\t\t<\/div>\r\n\r\n\t\t\t\t\t\r\n\t\t\t\t\t<div class=\"col-sm-4 col-xs-6\">\r\n\t\t\t\t\t\t<div class=\"taxonomy-item taxonomy-card\">\r\n\t\t\t\t\t\t\t<a class=\"taxonomy-link hover-effect\" href=\"https:\/\/boatrentalmallorca.net\/fr\/spain\/boat-rental-with-license-mallorca\/\">\r\n\t\t\t\t\t\t\t\t<div class=\"taxonomy-title\">Location de bateau avec permis<\/div>\r\n\t\t\t\t\t\t\t\t<img loading=\"lazy\" decoding=\"async\" class=\"img-responsive\" src=\"https:\/\/boatrentalmallorca.net\/wp-content\/uploads\/2025\/01\/Boat-rental-with-license-Mallorca.jpg\" width=\"354\" height=\"354\" alt=\"listing_type\">\r\n\t\t\t\t\t\t\t<\/a>\r\n\t\t\t\t\t\t<\/div>\r\n\t\t\t\t\t<\/div>\r\n\r\n\t\t\t\t\t\t\t\t\t\r\n\t\t\t<\/div>\r\n\t\t<\/div>\r\n\t\t\r\n\t\t\t\t\t\t<\/div>\n\t\t\t\t<\/div>\n\t\t\t\t\t<\/div>\n\t\t<\/div>\n\t\t\t\t\t<\/div>\n\t\t<\/section>\n\t\t\t\t<section class=\"elementor-section elementor-top-section elementor-element elementor-element-db618c1 elementor-section-stretched elementor-section-boxed elementor-section-height-default elementor-section-height-default\" data-id=\"db618c1\" data-element_type=\"section\" data-e-type=\"section\" data-settings=\"{&quot;stretch_section&quot;:&quot;section-stretched&quot;,&quot;background_background&quot;:&quot;classic&quot;}\">\n\t\t\t\t\t\t<div class=\"elementor-container elementor-column-gap-default\">\n\t\t\t\t\t<div class=\"elementor-column elementor-col-100 elementor-top-column elementor-element elementor-element-429b934\" data-id=\"429b934\" data-element_type=\"column\" data-e-type=\"column\">\n\t\t\t<div class=\"elementor-widget-wrap elementor-element-populated\">\n\t\t\t\t\t\t<div class=\"elementor-element elementor-element-48619dc elementor-widget elementor-widget-spacer\" data-id=\"48619dc\" data-element_type=\"widget\" data-e-type=\"widget\" data-widget_type=\"spacer.default\">\n\t\t\t\t<div class=\"elementor-widget-container\">\n\t\t\t\t\t\t\t<div class=\"elementor-spacer\">\n\t\t\t<div class=\"elementor-spacer-inner\"><\/div>\n\t\t<\/div>\n\t\t\t\t\t\t<\/div>\n\t\t\t\t<\/div>\n\t\t\t\t<div class=\"elementor-element elementor-element-39b06892 elementor-widget elementor-widget-homey_elementor_section_title\" data-id=\"39b06892\" data-element_type=\"widget\" data-e-type=\"widget\" data-widget_type=\"homey_elementor_section_title.default\">\n\t\t\t\t<div class=\"elementor-widget-container\">\n\t\t\t\t\t            <div class=\"homey_section_title_wrap_elementor homey-module module-title section-title-module\">\n                                    <h2 class=\"homey_section_title\">Pourquoi louer un yacht \u00e0 Majorque chez nous ?<\/h2>\n                \n                            <\/div>\n            \t\t\t\t<\/div>\n\t\t\t\t<\/div>\n\t\t\t\t<div class=\"elementor-element elementor-element-ab39ca6 elementor-widget-divider--view-line elementor-widget elementor-widget-divider\" data-id=\"ab39ca6\" data-element_type=\"widget\" data-e-type=\"widget\" data-widget_type=\"divider.default\">\n\t\t\t\t<div class=\"elementor-widget-container\">\n\t\t\t\t\t\t\t<div class=\"elementor-divider\">\n\t\t\t<span class=\"elementor-divider-separator\">\n\t\t\t\t\t\t<\/span>\n\t\t<\/div>\n\t\t\t\t\t\t<\/div>\n\t\t\t\t<\/div>\n\t\t\t\t<div class=\"elementor-element elementor-element-96382cf elementor-widget elementor-widget-spacer\" data-id=\"96382cf\" data-element_type=\"widget\" data-e-type=\"widget\" data-widget_type=\"spacer.default\">\n\t\t\t\t<div class=\"elementor-widget-container\">\n\t\t\t\t\t\t\t<div class=\"elementor-spacer\">\n\t\t\t<div class=\"elementor-spacer-inner\"><\/div>\n\t\t<\/div>\n\t\t\t\t\t\t<\/div>\n\t\t\t\t<\/div>\n\t\t\t\t<div class=\"elementor-element elementor-element-e669f15 elementor-widget elementor-widget-homey_elementor_icon_box\" data-id=\"e669f15\" data-element_type=\"widget\" data-e-type=\"widget\" data-widget_type=\"homey_elementor_icon_box.default\">\n\t\t\t\t<div class=\"elementor-widget-container\">\n\t\t\t\t\t        <div class=\"homey-module service-blocks-main services-module three_columns style3\">\n            <div class=\"row\">\n            \n                <div class=\"module-item\">\n                    <div class=\"service-block\">\n                        <div class=\"block-icon\">\n                            \n\n                            <img loading=\"lazy\" decoding=\"async\" width=\"120\" height=\"101\" src=\"https:\/\/boatrentalmallorca.net\/wp-content\/uploads\/2025\/01\/Easy-choose.png\" class=\"attachment-thumbnail size-thumbnail\" alt=\"Choix facile\" \/>                        <\/div>\n                        <div class=\"block-content\">\n                        <h3> Louer un yacht \u00e0 Majorque est facile.<\/h3>\n                            <p>Choisir le bateau id\u00e9al, adapt\u00e9 \u00e0 vos besoins et \u00e0 votre budget, peut s&#039;av\u00e9rer complexe avec de simples photos. Contactez nos experts qui connaissent parfaitement notre flotte et vous aideront rapidement \u00e0 trouver le bateau parfait.<\/p>\n                                                \n                        <\/div>\n                    <\/div>\n                <\/div>\n\n            \n                <div class=\"module-item\">\n                    <div class=\"service-block\">\n                        <div class=\"block-icon\">\n                            \n\n                            <img loading=\"lazy\" decoding=\"async\" width=\"120\" height=\"120\" src=\"https:\/\/boatrentalmallorca.net\/wp-content\/uploads\/2025\/01\/Mallorca-locations.png\" class=\"attachment-thumbnail size-thumbnail\" alt=\"lieux de Majorque\" \/>                        <\/div>\n                        <div class=\"block-content\">\n                        <h3> Bateaux disponibles partout \u00e0 Majorque<\/h3>\n                            <p>Nous proposons plus de 250 bateaux \u00e0 la location dans les principales destinations de Majorque\u00a0: Palma de Majorque, Alcudia, Cala d&#039;Or, Palma Nova, Pollensa et S\u00f3ller. Avec le plus grand choix de bateaux, avec ou sans skipper, nous sommes certains de pouvoir toujours trouver le bateau id\u00e9al, \u00e0 un prix abordable, o\u00f9 que vous soyez \u00e0 Majorque.<\/p>\n                                                \n                        <\/div>\n                    <\/div>\n                <\/div>\n\n            \n                <div class=\"module-item\">\n                    <div class=\"service-block\">\n                        <div class=\"block-icon\">\n                            \n\n                            <img loading=\"lazy\" decoding=\"async\" width=\"120\" height=\"135\" src=\"https:\/\/boatrentalmallorca.net\/wp-content\/uploads\/2025\/01\/boat-service.png\" class=\"attachment-thumbnail size-thumbnail\" alt=\"service de bateau\" \/>                        <\/div>\n                        <div class=\"block-content\">\n                        <h3> Choisir notre entreprise, c&#039;est choisir le meilleur service.<\/h3>\n                            <p>Notre \u00e9quipe a pour objectif de vous offrir un service irr\u00e9prochable, de la premi\u00e8re consultation \u00e0 la r\u00e9servation, jusqu&#039;\u00e0 votre d\u00e9tente \u00e0 bord du bateau lou\u00e9. Nous mettrons tout en \u0153uvre pour que vous soyez pleinement satisfait de votre exp\u00e9rience avec nous et que vous nous recommandiez \u00e0 vos proches.<\/p>\n                                                \n                        <\/div>\n                    <\/div>\n                <\/div>\n\n            \n                <div class=\"module-item\">\n                    <div class=\"service-block\">\n                        <div class=\"block-icon\">\n                            \n\n                            <img loading=\"lazy\" decoding=\"async\" width=\"120\" height=\"112\" src=\"https:\/\/boatrentalmallorca.net\/wp-content\/uploads\/2025\/01\/Route-Boat.png\" class=\"attachment-thumbnail size-thumbnail\" alt=\"Route des bateaux\" \/>                        <\/div>\n                        <div class=\"block-content\">\n                        <h3> Planifiez votre itin\u00e9raire avec nos experts locaux en yachting<\/h3>\n                            <p>Nous sommes toujours l\u00e0 pour vous aider \u00e0 cr\u00e9er un itin\u00e9raire sur mesure, avec des recommandations sur les meilleurs endroits \u00e0 visiter en bateau \u00e0 Majorque. C&#039;est facile pour nous, car toute notre \u00e9quipe vit et travaille \u00e0 Majorque et conna\u00eet parfaitement l&#039;\u00eele.<\/p>\n                                                \n                        <\/div>\n                    <\/div>\n                <\/div>\n\n            \n                <div class=\"module-item\">\n                    <div class=\"service-block\">\n                        <div class=\"block-icon\">\n                            \n\n                            <img loading=\"lazy\" decoding=\"async\" width=\"120\" height=\"124\" src=\"https:\/\/boatrentalmallorca.net\/wp-content\/uploads\/2025\/01\/Honest-Prices.png\" class=\"attachment-thumbnail size-thumbnail\" alt=\"Prix honn\u00eates\" \/>                        <\/div>\n                        <div class=\"block-content\">\n                        <h3> Location de bateaux \u00e0 prix honn\u00eates \u00e0 Majorque<\/h3>\n                            <p>Nous proposons les tarifs de location de yachts les plus bas \u00e0 Majorque, sans frais cach\u00e9s. Nos gestionnaires vous fourniront un devis complet et d\u00e9taill\u00e9, dont l&#039;exactitude est garantie.<\/p>\n                                                \n                        <\/div>\n                    <\/div>\n                <\/div>\n\n            \n                <div class=\"module-item\">\n                    <div class=\"service-block\">\n                        <div class=\"block-icon\">\n                            \n\n                            <img loading=\"lazy\" decoding=\"async\" width=\"120\" height=\"120\" src=\"https:\/\/boatrentalmallorca.net\/wp-content\/uploads\/2025\/01\/Weather.png\" class=\"attachment-thumbnail size-thumbnail\" alt=\"\" \/>                        <\/div>\n                        <div class=\"block-content\">\n                        <h3> Ne vous inqui\u00e9tez pas du mauvais temps<\/h3>\n                            <p>Nous comprenons votre inqui\u00e9tude quant \u00e0 l&#039;impact du mauvais temps sur votre sortie en bateau. C&#039;est pourquoi nous proposons des conditions flexibles pour reporter votre r\u00e9servation \u00e0 une autre date en cas d&#039;intemp\u00e9ries (pluie, vent fort ou temp\u00eate).<\/p>\n                                                \n                        <\/div>\n                    <\/div>\n                <\/div>\n\n            \n                <div class=\"module-item\">\n                    <div class=\"service-block\">\n                        <div class=\"block-icon\">\n                            \n\n                            <img loading=\"lazy\" decoding=\"async\" width=\"120\" height=\"120\" src=\"https:\/\/boatrentalmallorca.net\/wp-content\/uploads\/2025\/01\/Safe-at-Sea.png\" class=\"attachment-thumbnail size-thumbnail\" alt=\"En s\u00e9curit\u00e9 en mer\" \/>                        <\/div>\n                        <div class=\"block-content\">\n                        <h3> Nos clients se sentent en s\u00e9curit\u00e9 en mer<\/h3>\n                            <p>Tous nos bateaux sont en parfait \u00e9tat de fonctionnement et sont dot\u00e9s de capitaines et d&#039;\u00e9quipages certifi\u00e9s, ainsi que de mat\u00e9riel de sauvetage \u00e0 bord. Pour les bateaux g\u00e9r\u00e9s de mani\u00e8re ind\u00e9pendante, nous vous fournirons toutes les informations de s\u00e9curit\u00e9 et organiserons une formation compl\u00e8te sur place, afin que vous naviguiez en toute s\u00e9r\u00e9nit\u00e9.<\/p>\n                                                \n                        <\/div>\n                    <\/div>\n                <\/div>\n\n            \n                <div class=\"module-item\">\n                    <div class=\"service-block\">\n                        <div class=\"block-icon\">\n                            \n\n                            <img loading=\"lazy\" decoding=\"async\" width=\"120\" height=\"120\" src=\"https:\/\/boatrentalmallorca.net\/wp-content\/uploads\/2025\/01\/Flexible-Boat-Booking.png\" class=\"attachment-thumbnail size-thumbnail\" alt=\"R\u00e9servation de bateau flexible\" \/>                        <\/div>\n                        <div class=\"block-content\">\n                        <h3> R\u00e9servation de bateau flexible et modifications possibles<\/h3>\n                            <p>Nous comprenons que des impr\u00e9vus peuvent survenir dans la vie, c&#039;est pourquoi nous sommes pr\u00eats \u00e0 vous \u00e9couter et \u00e0 tout mettre en \u0153uvre pour reprogrammer ou annuler votre voyage en mer en minimisant vos pertes.<\/p>\n                                                \n                        <\/div>\n                    <\/div>\n                <\/div>\n\n            \n                <div class=\"module-item\">\n                    <div class=\"service-block\">\n                        <div class=\"block-icon\">\n                            \n\n                            <img loading=\"lazy\" decoding=\"async\" width=\"120\" height=\"123\" src=\"https:\/\/boatrentalmallorca.net\/wp-content\/uploads\/2025\/01\/Multilingual-Staff.png\" class=\"attachment-thumbnail size-thumbnail\" alt=\"Personnel multilingue\" \/>                        <\/div>\n                        <div class=\"block-content\">\n                        <h3> Personnel multilingue - Oubliez les barri\u00e8res linguistiques<\/h3>\n                            <p>Notre \u00e9quipe communiquera avec vous dans votre langue maternelle\u00a0: anglais, allemand, espagnol, fran\u00e7ais, italien, ukrainien, russe et bien d\u2019autres. <\/p>\n                                                \n                        <\/div>\n                    <\/div>\n                <\/div>\n\n                        <\/div>\n        <\/div>\n    \t\t\t\t<\/div>\n\t\t\t\t<\/div>\n\t\t\t\t<div class=\"elementor-element elementor-element-baf5857 elementor-widget elementor-widget-spacer\" data-id=\"baf5857\" data-element_type=\"widget\" data-e-type=\"widget\" data-widget_type=\"spacer.default\">\n\t\t\t\t<div class=\"elementor-widget-container\">\n\t\t\t\t\t\t\t<div class=\"elementor-spacer\">\n\t\t\t<div class=\"elementor-spacer-inner\"><\/div>\n\t\t<\/div>\n\t\t\t\t\t\t<\/div>\n\t\t\t\t<\/div>\n\t\t\t\t\t<\/div>\n\t\t<\/div>\n\t\t\t\t\t<\/div>\n\t\t<\/section>\n\t\t\t\t<section class=\"elementor-section elementor-top-section elementor-element elementor-element-2ed6bef elementor-section-stretched elementor-section-boxed elementor-section-height-default elementor-section-height-default\" data-id=\"2ed6bef\" data-element_type=\"section\" data-e-type=\"section\" data-settings=\"{&quot;stretch_section&quot;:&quot;section-stretched&quot;,&quot;background_background&quot;:&quot;classic&quot;}\">\n\t\t\t\t\t\t<div class=\"elementor-container elementor-column-gap-default\">\n\t\t\t\t\t<div class=\"elementor-column elementor-col-100 elementor-top-column elementor-element elementor-element-c318817\" data-id=\"c318817\" data-element_type=\"column\" data-e-type=\"column\">\n\t\t\t<div class=\"elementor-widget-wrap elementor-element-populated\">\n\t\t\t\t\t\t<div class=\"elementor-element elementor-element-e3ac381 elementor-widget elementor-widget-spacer\" data-id=\"e3ac381\" data-element_type=\"widget\" data-e-type=\"widget\" data-widget_type=\"spacer.default\">\n\t\t\t\t<div class=\"elementor-widget-container\">\n\t\t\t\t\t\t\t<div class=\"elementor-spacer\">\n\t\t\t<div class=\"elementor-spacer-inner\"><\/div>\n\t\t<\/div>\n\t\t\t\t\t\t<\/div>\n\t\t\t\t<\/div>\n\t\t\t\t<div class=\"elementor-element elementor-element-cfff87d elementor-widget elementor-widget-homey_elementor_section_title\" data-id=\"cfff87d\" data-element_type=\"widget\" data-e-type=\"widget\" data-widget_type=\"homey_elementor_section_title.default\">\n\t\t\t\t<div class=\"elementor-widget-container\">\n\t\t\t\t\t            <div class=\"homey_section_title_wrap_elementor homey-module module-title section-title-module\">\n                                    <h2 class=\"homey_section_title\">Lieux de location de bateaux \u00e0 Majorque<\/h2>\n                \n                                    <p class=\"homey_section_subtitle sub-heading\">D\u00e9couvrez les meilleurs endroits pour louer un bateau \u00e0 Majorque et larguez les amarres depuis des sites c\u00f4tiers exceptionnels comme Palma, Alcudia et Pollensa. Que vous recherchiez une croisi\u00e8re relaxante ou une aventure en mer, nous avons le point de d\u00e9part id\u00e9al pour vous\u00a0!<\/p>\n                            <\/div>\n            \t\t\t\t<\/div>\n\t\t\t\t<\/div>\n\t\t\t\t<div class=\"elementor-element elementor-element-7d1f70a elementor-widget-divider--view-line elementor-widget elementor-widget-divider\" data-id=\"7d1f70a\" data-element_type=\"widget\" data-e-type=\"widget\" data-widget_type=\"divider.default\">\n\t\t\t\t<div class=\"elementor-widget-container\">\n\t\t\t\t\t\t\t<div class=\"elementor-divider\">\n\t\t\t<span class=\"elementor-divider-separator\">\n\t\t\t\t\t\t<\/span>\n\t\t<\/div>\n\t\t\t\t\t\t<\/div>\n\t\t\t\t<\/div>\n\t\t\t\t<div class=\"elementor-element elementor-element-05f3b36 elementor-widget elementor-widget-homey_elementor_grids\" data-id=\"05f3b36\" data-element_type=\"widget\" data-e-type=\"widget\" data-widget_type=\"homey_elementor_grids.default\">\n\t\t\t\t<div class=\"elementor-widget-container\">\n\t\t\t\t\t\r\n\t\t<div class=\"module-wrap taxonomy-grid taxonomy-grid-1\">\r\n\t\t\t<div class=\"row\">\r\n\t\t\t\t\r\n\t\t\t\t\t<div class=\"col-lg-6 col-md-6 col-sm-6 col-xs-12\">\r\n\t\t\t\t\t\t<div class=\"taxonomy-item taxonomy-card\">\r\n\t\t\t\t\t\t\t<a class=\"taxonomy-link hover-effect\" href=\"https:\/\/boatrentalmallorca.net\/fr\/city\/boat-rental-alcudia\/\">\r\n\t\t\t\t\t\t\t\t<div class=\"taxonomy-title\">Location bateau Alcudia<\/div>\r\n\t\t\t\t\t\t\t\t<img loading=\"lazy\" decoding=\"async\" class=\"img-responsive\" src=\"https:\/\/boatrentalmallorca.net\/wp-content\/uploads\/2025\/02\/boat-rental-alcudia.jpg\" width=\"545\" height=\"353\" alt=\"listing_city\">\r\n\t\t\t\t\t\t\t<\/a>\r\n\t\t\t\t\t\t<\/div>\r\n\t\t\t\t\t<\/div>\r\n\r\n\t\t\t\t\t\r\n\t\t\t\t\t<div class=\"col-lg-6 col-md-6 col-sm-6 col-xs-12\">\r\n\t\t\t\t\t\t<div class=\"taxonomy-item taxonomy-card\">\r\n\t\t\t\t\t\t\t<a class=\"taxonomy-link hover-effect\" href=\"https:\/\/boatrentalmallorca.net\/fr\/city\/boat-rental-andratx\/\">\r\n\t\t\t\t\t\t\t\t<div class=\"taxonomy-title\">Location bateau Andratx<\/div>\r\n\t\t\t\t\t\t\t\t<img loading=\"lazy\" decoding=\"async\" class=\"img-responsive\" src=\"https:\/\/boatrentalmallorca.net\/wp-content\/uploads\/2025\/02\/Boat-rental-Andratx.jpg\" width=\"545\" height=\"353\" alt=\"listing_city\">\r\n\t\t\t\t\t\t\t<\/a>\r\n\t\t\t\t\t\t<\/div>\r\n\t\t\t\t\t<\/div>\r\n\r\n\t\t\t\t\t\r\n\t\t\t\t\t<div class=\"col-lg-6 col-md-6 col-sm-6 col-xs-12\">\r\n\t\t\t\t\t\t<div class=\"taxonomy-item taxonomy-card\">\r\n\t\t\t\t\t\t\t<a class=\"taxonomy-link hover-effect\" href=\"https:\/\/boatrentalmallorca.net\/fr\/city\/boat-rental-cala-dor\/\">\r\n\t\t\t\t\t\t\t\t<div class=\"taxonomy-title\">Location bateau Cala d'Or<\/div>\r\n\t\t\t\t\t\t\t\t<img loading=\"lazy\" decoding=\"async\" class=\"img-responsive\" src=\"https:\/\/boatrentalmallorca.net\/wp-content\/uploads\/2025\/02\/boat-rental-Cala-d-Or.jpg\" width=\"545\" height=\"353\" alt=\"listing_city\">\r\n\t\t\t\t\t\t\t<\/a>\r\n\t\t\t\t\t\t<\/div>\r\n\t\t\t\t\t<\/div>\r\n\r\n\t\t\t\t\t\r\n\t\t\t\t\t<div class=\"col-lg-6 col-md-6 col-sm-6 col-xs-12\">\r\n\t\t\t\t\t\t<div class=\"taxonomy-item taxonomy-card\">\r\n\t\t\t\t\t\t\t<a class=\"taxonomy-link hover-effect\" href=\"https:\/\/boatrentalmallorca.net\/fr\/city\/boat-rental-cala-figuera\/\">\r\n\t\t\t\t\t\t\t\t<div class=\"taxonomy-title\">Location bateau Cala Figuera<\/div>\r\n\t\t\t\t\t\t\t\t<img loading=\"lazy\" decoding=\"async\" class=\"img-responsive\" src=\"https:\/\/boatrentalmallorca.net\/wp-content\/uploads\/2025\/02\/Boat-rental-Cala-Figuera.jpg\" width=\"545\" height=\"353\" alt=\"listing_city\">\r\n\t\t\t\t\t\t\t<\/a>\r\n\t\t\t\t\t\t<\/div>\r\n\t\t\t\t\t<\/div>\r\n\r\n\t\t\t\t\t\r\n\t\t\t\t\t<div class=\"col-lg-6 col-md-6 col-sm-6 col-xs-12\">\r\n\t\t\t\t\t\t<div class=\"taxonomy-item taxonomy-card\">\r\n\t\t\t\t\t\t\t<a class=\"taxonomy-link hover-effect\" href=\"https:\/\/boatrentalmallorca.net\/fr\/city\/boat-rental-cala-ratjada\/\">\r\n\t\t\t\t\t\t\t\t<div class=\"taxonomy-title\">Location de bateaux \u00e0 Cala Ratjada<\/div>\r\n\t\t\t\t\t\t\t\t<img loading=\"lazy\" decoding=\"async\" class=\"img-responsive\" src=\"https:\/\/boatrentalmallorca.net\/wp-content\/uploads\/2026\/02\/boat-rental-Cala-Ratjada.jpg\" width=\"545\" height=\"353\" alt=\"listing_city\">\r\n\t\t\t\t\t\t\t<\/a>\r\n\t\t\t\t\t\t<\/div>\r\n\t\t\t\t\t<\/div>\r\n\r\n\t\t\t\t\t\r\n\t\t\t\t\t<div class=\"col-lg-6 col-md-6 col-sm-6 col-xs-12\">\r\n\t\t\t\t\t\t<div class=\"taxonomy-item taxonomy-card\">\r\n\t\t\t\t\t\t\t<a class=\"taxonomy-link hover-effect\" href=\"https:\/\/boatrentalmallorca.net\/fr\/city\/boat-rental-can-pastilla\/\">\r\n\t\t\t\t\t\t\t\t<div class=\"taxonomy-title\">Location de bateaux Can Pastilla<\/div>\r\n\t\t\t\t\t\t\t\t<img loading=\"lazy\" decoding=\"async\" class=\"img-responsive\" src=\"https:\/\/boatrentalmallorca.net\/wp-content\/uploads\/2026\/02\/boat-rental-Can-Pastilla.jpg\" width=\"545\" height=\"353\" alt=\"listing_city\">\r\n\t\t\t\t\t\t\t<\/a>\r\n\t\t\t\t\t\t<\/div>\r\n\t\t\t\t\t<\/div>\r\n\r\n\t\t\t\t\t\r\n\t\t\t\t\t<div class=\"col-lg-6 col-md-6 col-sm-6 col-xs-12\">\r\n\t\t\t\t\t\t<div class=\"taxonomy-item taxonomy-card\">\r\n\t\t\t\t\t\t\t<a class=\"taxonomy-link hover-effect\" href=\"https:\/\/boatrentalmallorca.net\/fr\/city\/boat-rental-can-picafort\/\">\r\n\t\t\t\t\t\t\t\t<div class=\"taxonomy-title\">Location bateau Can Picafort<\/div>\r\n\t\t\t\t\t\t\t\t<img loading=\"lazy\" decoding=\"async\" class=\"img-responsive\" src=\"https:\/\/boatrentalmallorca.net\/wp-content\/uploads\/2025\/02\/Boat-rental-Can-Picafort.jpg\" width=\"545\" height=\"353\" alt=\"listing_city\">\r\n\t\t\t\t\t\t\t<\/a>\r\n\t\t\t\t\t\t<\/div>\r\n\t\t\t\t\t<\/div>\r\n\r\n\t\t\t\t\t\r\n\t\t\t\t\t<div class=\"col-lg-6 col-md-6 col-sm-6 col-xs-12\">\r\n\t\t\t\t\t\t<div class=\"taxonomy-item taxonomy-card\">\r\n\t\t\t\t\t\t\t<a class=\"taxonomy-link hover-effect\" href=\"https:\/\/boatrentalmallorca.net\/fr\/city\/boat-rental-colonia-de-sant-jordi\/\">\r\n\t\t\t\t\t\t\t\t<div class=\"taxonomy-title\">Location bateau Colonia de Sant Jordi<\/div>\r\n\t\t\t\t\t\t\t\t<img loading=\"lazy\" decoding=\"async\" class=\"img-responsive\" src=\"https:\/\/boatrentalmallorca.net\/wp-content\/uploads\/2026\/01\/boat-rental-colonia-de-sant-jordi.jpg\" width=\"545\" height=\"353\" alt=\"listing_city\">\r\n\t\t\t\t\t\t\t<\/a>\r\n\t\t\t\t\t\t<\/div>\r\n\t\t\t\t\t<\/div>\r\n\r\n\t\t\t\t\t\r\n\t\t\t\t\t<div class=\"col-lg-6 col-md-6 col-sm-6 col-xs-12\">\r\n\t\t\t\t\t\t<div class=\"taxonomy-item taxonomy-card\">\r\n\t\t\t\t\t\t\t<a class=\"taxonomy-link hover-effect\" href=\"https:\/\/boatrentalmallorca.net\/fr\/city\/boat-rental-el-arenal\/\">\r\n\t\t\t\t\t\t\t\t<div class=\"taxonomy-title\">Location bateau El Arenal<\/div>\r\n\t\t\t\t\t\t\t\t<img loading=\"lazy\" decoding=\"async\" class=\"img-responsive\" src=\"https:\/\/boatrentalmallorca.net\/wp-content\/uploads\/2025\/12\/Boat-rental-El-Arenal.jpg\" width=\"545\" height=\"353\" alt=\"listing_city\">\r\n\t\t\t\t\t\t\t<\/a>\r\n\t\t\t\t\t\t<\/div>\r\n\t\t\t\t\t<\/div>\r\n\r\n\t\t\t\t\t\r\n\t\t\t\t\t<div class=\"col-lg-6 col-md-6 col-sm-6 col-xs-12\">\r\n\t\t\t\t\t\t<div class=\"taxonomy-item taxonomy-card\">\r\n\t\t\t\t\t\t\t<a class=\"taxonomy-link hover-effect\" href=\"https:\/\/boatrentalmallorca.net\/fr\/city\/boat-rental-palma-de-mallorca\/\">\r\n\t\t\t\t\t\t\t\t<div class=\"taxonomy-title\">Location bateau Palma de Majorque<\/div>\r\n\t\t\t\t\t\t\t\t<img loading=\"lazy\" decoding=\"async\" class=\"img-responsive\" src=\"https:\/\/boatrentalmallorca.net\/wp-content\/uploads\/2025\/02\/Boat-rental-Palma-de-Mallorca.jpg\" width=\"545\" height=\"353\" alt=\"listing_city\">\r\n\t\t\t\t\t\t\t<\/a>\r\n\t\t\t\t\t\t<\/div>\r\n\t\t\t\t\t<\/div>\r\n\r\n\t\t\t\t\t\r\n\t\t\t\t\t<div class=\"col-lg-6 col-md-6 col-sm-6 col-xs-12\">\r\n\t\t\t\t\t\t<div class=\"taxonomy-item taxonomy-card\">\r\n\t\t\t\t\t\t\t<a class=\"taxonomy-link hover-effect\" href=\"https:\/\/boatrentalmallorca.net\/fr\/city\/boat-rental-pollensa\/\">\r\n\t\t\t\t\t\t\t\t<div class=\"taxonomy-title\">Location bateau Pollen\u00e7a<\/div>\r\n\t\t\t\t\t\t\t\t<img loading=\"lazy\" decoding=\"async\" class=\"img-responsive\" src=\"https:\/\/boatrentalmallorca.net\/wp-content\/uploads\/2025\/02\/Boat-rental-Pollensa.jpg\" width=\"545\" height=\"353\" alt=\"listing_city\">\r\n\t\t\t\t\t\t\t<\/a>\r\n\t\t\t\t\t\t<\/div>\r\n\t\t\t\t\t<\/div>\r\n\r\n\t\t\t\t\t\r\n\t\t\t\t\t<div class=\"col-lg-6 col-md-6 col-sm-6 col-xs-12\">\r\n\t\t\t\t\t\t<div class=\"taxonomy-item taxonomy-card\">\r\n\t\t\t\t\t\t\t<a class=\"taxonomy-link hover-effect\" href=\"https:\/\/boatrentalmallorca.net\/fr\/city\/boat-rental-port-adriano\/\">\r\n\t\t\t\t\t\t\t\t<div class=\"taxonomy-title\">Location de bateaux Port Adriano<\/div>\r\n\t\t\t\t\t\t\t\t<img loading=\"lazy\" decoding=\"async\" class=\"img-responsive\" src=\"https:\/\/boatrentalmallorca.net\/wp-content\/uploads\/2026\/02\/boat-rental-Port-Adriano.jpg\" width=\"545\" height=\"353\" alt=\"listing_city\">\r\n\t\t\t\t\t\t\t<\/a>\r\n\t\t\t\t\t\t<\/div>\r\n\t\t\t\t\t<\/div>\r\n\r\n\t\t\t\t\t\r\n\t\t\t\t\t<div class=\"col-lg-6 col-md-6 col-sm-6 col-xs-12\">\r\n\t\t\t\t\t\t<div class=\"taxonomy-item taxonomy-card\">\r\n\t\t\t\t\t\t\t<a class=\"taxonomy-link hover-effect\" href=\"https:\/\/boatrentalmallorca.net\/fr\/city\/boat-rental-port-calanova\/\">\r\n\t\t\t\t\t\t\t\t<div class=\"taxonomy-title\">Location de bateaux au port de Calanova<\/div>\r\n\t\t\t\t\t\t\t\t<img loading=\"lazy\" decoding=\"async\" class=\"img-responsive\" src=\"https:\/\/boatrentalmallorca.net\/wp-content\/uploads\/2026\/04\/boat-rental-Port-Calanova.jpg\" width=\"545\" height=\"353\" alt=\"listing_city\">\r\n\t\t\t\t\t\t\t<\/a>\r\n\t\t\t\t\t\t<\/div>\r\n\t\t\t\t\t<\/div>\r\n\r\n\t\t\t\t\t\r\n\t\t\t\t\t<div class=\"col-lg-6 col-md-6 col-sm-6 col-xs-12\">\r\n\t\t\t\t\t\t<div class=\"taxonomy-item taxonomy-card\">\r\n\t\t\t\t\t\t\t<a class=\"taxonomy-link hover-effect\" href=\"https:\/\/boatrentalmallorca.net\/fr\/city\/boat-rental-portals-nous\/\">\r\n\t\t\t\t\t\t\t\t<div class=\"taxonomy-title\">Location bateau Portals Nous<\/div>\r\n\t\t\t\t\t\t\t\t<img loading=\"lazy\" decoding=\"async\" class=\"img-responsive\" src=\"https:\/\/boatrentalmallorca.net\/wp-content\/uploads\/2025\/02\/boat-rental-Portals-Nous.jpg\" width=\"545\" height=\"353\" alt=\"listing_city\">\r\n\t\t\t\t\t\t\t<\/a>\r\n\t\t\t\t\t\t<\/div>\r\n\t\t\t\t\t<\/div>\r\n\r\n\t\t\t\t\t\r\n\t\t\t\t\t<div class=\"col-lg-6 col-md-6 col-sm-6 col-xs-12\">\r\n\t\t\t\t\t\t<div class=\"taxonomy-item taxonomy-card\">\r\n\t\t\t\t\t\t\t<a class=\"taxonomy-link hover-effect\" href=\"https:\/\/boatrentalmallorca.net\/fr\/city\/boat-rental-porto-petro\/\">\r\n\t\t\t\t\t\t\t\t<div class=\"taxonomy-title\">Location bateau Porto Petro<\/div>\r\n\t\t\t\t\t\t\t\t<img loading=\"lazy\" decoding=\"async\" class=\"img-responsive\" src=\"https:\/\/boatrentalmallorca.net\/wp-content\/uploads\/2025\/12\/Boat-rental-Porto-Petro.jpg\" width=\"545\" height=\"353\" alt=\"listing_city\">\r\n\t\t\t\t\t\t\t<\/a>\r\n\t\t\t\t\t\t<\/div>\r\n\t\t\t\t\t<\/div>\r\n\r\n\t\t\t\t\t\r\n\t\t\t\t\t<div class=\"col-lg-6 col-md-6 col-sm-6 col-xs-12\">\r\n\t\t\t\t\t\t<div class=\"taxonomy-item taxonomy-card\">\r\n\t\t\t\t\t\t\t<a class=\"taxonomy-link hover-effect\" href=\"https:\/\/boatrentalmallorca.net\/fr\/city\/boat-rental-portocolom\/\">\r\n\t\t\t\t\t\t\t\t<div class=\"taxonomy-title\">Location de bateaux Portocolom<\/div>\r\n\t\t\t\t\t\t\t\t<img loading=\"lazy\" decoding=\"async\" class=\"img-responsive\" src=\"https:\/\/boatrentalmallorca.net\/wp-content\/uploads\/2026\/02\/Boat-rental-Portocolom.jpg\" width=\"545\" height=\"353\" alt=\"listing_city\">\r\n\t\t\t\t\t\t\t<\/a>\r\n\t\t\t\t\t\t<\/div>\r\n\t\t\t\t\t<\/div>\r\n\r\n\t\t\t\t\t\r\n\t\t\t\t\t<div class=\"col-lg-6 col-md-6 col-sm-6 col-xs-12\">\r\n\t\t\t\t\t\t<div class=\"taxonomy-item taxonomy-card\">\r\n\t\t\t\t\t\t\t<a class=\"taxonomy-link hover-effect\" href=\"https:\/\/boatrentalmallorca.net\/fr\/city\/boat-rental-sa-rapita\/\">\r\n\t\t\t\t\t\t\t\t<div class=\"taxonomy-title\">Location bateau Sa R\u00e0pita<\/div>\r\n\t\t\t\t\t\t\t\t<img loading=\"lazy\" decoding=\"async\" class=\"img-responsive\" src=\"https:\/\/boatrentalmallorca.net\/wp-content\/uploads\/2025\/11\/boat-rental-Sa-Rapita.jpg\" width=\"545\" height=\"353\" alt=\"listing_city\">\r\n\t\t\t\t\t\t\t<\/a>\r\n\t\t\t\t\t\t<\/div>\r\n\t\t\t\t\t<\/div>\r\n\r\n\t\t\t\t\t\r\n\t\t\t\t\t<div class=\"col-lg-6 col-md-6 col-sm-6 col-xs-12\">\r\n\t\t\t\t\t\t<div class=\"taxonomy-item taxonomy-card\">\r\n\t\t\t\t\t\t\t<a class=\"taxonomy-link hover-effect\" href=\"https:\/\/boatrentalmallorca.net\/fr\/city\/boat-rental-soller\/\">\r\n\t\t\t\t\t\t\t\t<div class=\"taxonomy-title\">Location bateau Soller<\/div>\r\n\t\t\t\t\t\t\t\t<img loading=\"lazy\" decoding=\"async\" class=\"img-responsive\" src=\"https:\/\/boatrentalmallorca.net\/wp-content\/uploads\/2026\/01\/Boat-rental-Soller.jpg\" width=\"545\" height=\"353\" alt=\"listing_city\">\r\n\t\t\t\t\t\t\t<\/a>\r\n\t\t\t\t\t\t<\/div>\r\n\t\t\t\t\t<\/div>\r\n\r\n\t\t\t\t\t\t\t\t\t\r\n\t\t\t<\/div>\r\n\t\t<\/div>\r\n\t\t\r\n\t\t\t\t\t\t<\/div>\n\t\t\t\t<\/div>\n\t\t\t\t\t<\/div>\n\t\t<\/div>\n\t\t\t\t\t<\/div>\n\t\t<\/section>\n\t\t\t\t<section class=\"elementor-section elementor-top-section elementor-element elementor-element-d24cc61 elementor-section-stretched elementor-section-boxed elementor-section-height-default elementor-section-height-default\" data-id=\"d24cc61\" data-element_type=\"section\" data-e-type=\"section\" data-settings=\"{&quot;stretch_section&quot;:&quot;section-stretched&quot;,&quot;background_background&quot;:&quot;classic&quot;}\">\n\t\t\t\t\t\t<div class=\"elementor-container elementor-column-gap-default\">\n\t\t\t\t\t<div class=\"elementor-column elementor-col-100 elementor-top-column elementor-element elementor-element-4d4f34a\" data-id=\"4d4f34a\" data-element_type=\"column\" data-e-type=\"column\">\n\t\t\t<div class=\"elementor-widget-wrap elementor-element-populated\">\n\t\t\t\t\t\t<div class=\"elementor-element elementor-element-7edcadc elementor-widget elementor-widget-spacer\" data-id=\"7edcadc\" data-element_type=\"widget\" data-e-type=\"widget\" data-widget_type=\"spacer.default\">\n\t\t\t\t<div class=\"elementor-widget-container\">\n\t\t\t\t\t\t\t<div class=\"elementor-spacer\">\n\t\t\t<div class=\"elementor-spacer-inner\"><\/div>\n\t\t<\/div>\n\t\t\t\t\t\t<\/div>\n\t\t\t\t<\/div>\n\t\t\t\t<div class=\"elementor-element elementor-element-0977de7 elementor-widget elementor-widget-homey_elementor_section_title\" data-id=\"0977de7\" data-element_type=\"widget\" data-e-type=\"widget\" data-widget_type=\"homey_elementor_section_title.default\">\n\t\t\t\t<div class=\"elementor-widget-container\">\n\t\t\t\t\t            <div class=\"homey_section_title_wrap_elementor homey-module module-title section-title-module\">\n                                    <h2 class=\"homey_section_title\">Services suppl\u00e9mentaires<\/h2>\n                \n                                    <p class=\"homey_section_subtitle sub-heading\">Sublimez votre exp\u00e9rience en bateau gr\u00e2ce \u00e0 nos services compl\u00e9mentaires. Restauration gastronomique, sports nautiques\u2026 nous mettons tout en \u0153uvre pour rendre votre excursion inoubliable.<\/p>\n                            <\/div>\n            \t\t\t\t<\/div>\n\t\t\t\t<\/div>\n\t\t\t\t<div class=\"elementor-element elementor-element-8183e5e elementor-widget-divider--view-line elementor-widget elementor-widget-divider\" data-id=\"8183e5e\" data-element_type=\"widget\" data-e-type=\"widget\" data-widget_type=\"divider.default\">\n\t\t\t\t<div class=\"elementor-widget-container\">\n\t\t\t\t\t\t\t<div class=\"elementor-divider\">\n\t\t\t<span class=\"elementor-divider-separator\">\n\t\t\t\t\t\t<\/span>\n\t\t<\/div>\n\t\t\t\t\t\t<\/div>\n\t\t\t\t<\/div>\n\t\t\t\t\t<\/div>\n\t\t<\/div>\n\t\t\t\t\t<\/div>\n\t\t<\/section>\n\t\t<div class=\"elementor-element elementor-element-0acfaba e-flex e-con-boxed e-con e-parent\" data-id=\"0acfaba\" data-element_type=\"container\" data-e-type=\"container\" data-settings=\"{&quot;background_background&quot;:&quot;classic&quot;}\">\n\t\t\t\t\t<div class=\"e-con-inner\">\n\t\t<div class=\"elementor-element elementor-element-c372237 e-con-full e-flex e-con e-child\" data-id=\"c372237\" data-element_type=\"container\" data-e-type=\"container\">\n\t\t\t\t<div class=\"elementor-element elementor-element-1cdda00 elementor-position-top elementor-widget elementor-widget-image-box\" data-id=\"1cdda00\" data-element_type=\"widget\" data-e-type=\"widget\" data-widget_type=\"image-box.default\">\n\t\t\t\t<div class=\"elementor-widget-container\">\n\t\t\t\t\t<div class=\"elementor-image-box-wrapper\"><figure class=\"elementor-image-box-img\"><img loading=\"lazy\" decoding=\"async\" width=\"347\" height=\"231\" src=\"https:\/\/boatrentalmallorca.net\/wp-content\/uploads\/2025\/02\/Watersports.jpg\" class=\"attachment-full size-full wp-image-3546\" alt=\"sports nautiques\" srcset=\"https:\/\/boatrentalmallorca.net\/wp-content\/uploads\/2025\/02\/Watersports.jpg 347w, https:\/\/boatrentalmallorca.net\/wp-content\/uploads\/2025\/02\/Watersports-300x200.jpg 300w, https:\/\/boatrentalmallorca.net\/wp-content\/uploads\/2025\/02\/Watersports-120x80.jpg 120w\" sizes=\"(max-width: 347px) 100vw, 347px\" \/><\/figure><div class=\"elementor-image-box-content\"><h3 class=\"elementor-image-box-title\">sports nautiques<\/h3><p class=\"elementor-image-box-description\">Pimentez votre excursion en bateau avec des activit\u00e9s nautiques palpitantes. Jet ski, wakeboard, paddle, snorkeling\u2026 il y en a pour tous les go\u00fbts\u00a0!<\/p><\/div><\/div>\t\t\t\t<\/div>\n\t\t\t\t<\/div>\n\t\t\t\t<\/div>\n\t\t<div class=\"elementor-element elementor-element-cf509e0 e-con-full e-flex e-con e-child\" data-id=\"cf509e0\" data-element_type=\"container\" data-e-type=\"container\">\n\t\t\t\t<div class=\"elementor-element elementor-element-bd1ab81 elementor-position-top elementor-widget elementor-widget-image-box\" data-id=\"bd1ab81\" data-element_type=\"widget\" data-e-type=\"widget\" data-widget_type=\"image-box.default\">\n\t\t\t\t<div class=\"elementor-widget-container\">\n\t\t\t\t\t<div class=\"elementor-image-box-wrapper\"><figure class=\"elementor-image-box-img\"><img loading=\"lazy\" decoding=\"async\" width=\"347\" height=\"231\" src=\"https:\/\/boatrentalmallorca.net\/wp-content\/uploads\/2025\/02\/Boat-Catering.jpg\" class=\"attachment-full size-full wp-image-3552\" alt=\"Service traiteur \u00e0 bord\" srcset=\"https:\/\/boatrentalmallorca.net\/wp-content\/uploads\/2025\/02\/Boat-Catering.jpg 347w, https:\/\/boatrentalmallorca.net\/wp-content\/uploads\/2025\/02\/Boat-Catering-300x200.jpg 300w, https:\/\/boatrentalmallorca.net\/wp-content\/uploads\/2025\/02\/Boat-Catering-120x80.jpg 120w\" sizes=\"(max-width: 347px) 100vw, 347px\" \/><\/figure><div class=\"elementor-image-box-content\"><h3 class=\"elementor-image-box-title\">Service traiteur \u00e0 bord<\/h3><p class=\"elementor-image-box-description\">Savourez une exp\u00e9rience gastronomique d&#039;exception \u00e0 bord gr\u00e2ce \u00e0 notre service traiteur haut de gamme. Nous proposons une vari\u00e9t\u00e9 de menus, des en-cas l\u00e9gers aux repas complets, adapt\u00e9s \u00e0 vos envies.<\/p><\/div><\/div>\t\t\t\t<\/div>\n\t\t\t\t<\/div>\n\t\t\t\t<\/div>\n\t\t<div class=\"elementor-element elementor-element-9562093 e-con-full e-flex e-con e-child\" data-id=\"9562093\" data-element_type=\"container\" data-e-type=\"container\">\n\t\t\t\t<div class=\"elementor-element elementor-element-23c2074 elementor-position-top elementor-widget elementor-widget-image-box\" data-id=\"23c2074\" data-element_type=\"widget\" data-e-type=\"widget\" data-widget_type=\"image-box.default\">\n\t\t\t\t<div class=\"elementor-widget-container\">\n\t\t\t\t\t<div class=\"elementor-image-box-wrapper\"><figure class=\"elementor-image-box-img\"><img loading=\"lazy\" decoding=\"async\" width=\"347\" height=\"231\" src=\"https:\/\/boatrentalmallorca.net\/wp-content\/uploads\/2025\/02\/Boat-Decoration.jpg\" class=\"attachment-full size-full wp-image-3553\" alt=\"D\u00e9coration de bateau\" srcset=\"https:\/\/boatrentalmallorca.net\/wp-content\/uploads\/2025\/02\/Boat-Decoration.jpg 347w, https:\/\/boatrentalmallorca.net\/wp-content\/uploads\/2025\/02\/Boat-Decoration-300x200.jpg 300w, https:\/\/boatrentalmallorca.net\/wp-content\/uploads\/2025\/02\/Boat-Decoration-120x80.jpg 120w\" sizes=\"(max-width: 347px) 100vw, 347px\" \/><\/figure><div class=\"elementor-image-box-content\"><h3 class=\"elementor-image-box-title\">d\u00e9coration de bateau<\/h3><p class=\"elementor-image-box-description\">Sublimez votre exp\u00e9rience en bateau gr\u00e2ce \u00e0 une d\u00e9coration personnalis\u00e9e pour chaque occasion. Ambiance romantique, anniversaire ou soir\u00e9e \u00e0 th\u00e8me\u00a0: nous cr\u00e9ons l\u2019atmosph\u00e8re id\u00e9ale \u00e0 bord.<\/p><\/div><\/div>\t\t\t\t<\/div>\n\t\t\t\t<\/div>\n\t\t\t\t<\/div>\n\t\t\t\t\t<\/div>\n\t\t\t\t<\/div>\n\t\t<div class=\"elementor-element elementor-element-a1508b9 e-flex e-con-boxed e-con e-parent\" data-id=\"a1508b9\" data-element_type=\"container\" data-e-type=\"container\" data-settings=\"{&quot;background_background&quot;:&quot;classic&quot;}\">\n\t\t\t\t\t<div class=\"e-con-inner\">\n\t\t<div class=\"elementor-element elementor-element-38067d4 e-con-full e-flex e-con e-child\" data-id=\"38067d4\" data-element_type=\"container\" data-e-type=\"container\">\n\t\t\t\t<div class=\"elementor-element elementor-element-14a06f1 elementor-position-top elementor-widget elementor-widget-image-box\" data-id=\"14a06f1\" data-element_type=\"widget\" data-e-type=\"widget\" data-widget_type=\"image-box.default\">\n\t\t\t\t<div class=\"elementor-widget-container\">\n\t\t\t\t\t<div class=\"elementor-image-box-wrapper\"><figure class=\"elementor-image-box-img\"><img loading=\"lazy\" decoding=\"async\" width=\"347\" height=\"231\" src=\"https:\/\/boatrentalmallorca.net\/wp-content\/uploads\/2025\/02\/Boat-fishing-trip.jpg\" class=\"attachment-full size-full wp-image-3558\" alt=\"sortie de p\u00eache en bateau\" srcset=\"https:\/\/boatrentalmallorca.net\/wp-content\/uploads\/2025\/02\/Boat-fishing-trip.jpg 347w, https:\/\/boatrentalmallorca.net\/wp-content\/uploads\/2025\/02\/Boat-fishing-trip-300x200.jpg 300w, https:\/\/boatrentalmallorca.net\/wp-content\/uploads\/2025\/02\/Boat-fishing-trip-120x80.jpg 120w\" sizes=\"(max-width: 347px) 100vw, 347px\" \/><\/figure><div class=\"elementor-image-box-content\"><h3 class=\"elementor-image-box-title\">Excursion de p\u00eache en bateau<\/h3><p class=\"elementor-image-box-description\">Embarquez pour une aventure de p\u00eache palpitante\u00a0! Tout le mat\u00e9riel n\u00e9cessaire est fourni. Que vous soyez d\u00e9butant ou p\u00eacheur confirm\u00e9, profitez d&#039;une journ\u00e9e de d\u00e9tente et de p\u00eache enrichissante en mer.<\/p><\/div><\/div>\t\t\t\t<\/div>\n\t\t\t\t<\/div>\n\t\t\t\t<\/div>\n\t\t<div class=\"elementor-element elementor-element-31442a3 e-con-full e-flex e-con e-child\" data-id=\"31442a3\" data-element_type=\"container\" data-e-type=\"container\">\n\t\t\t\t<div class=\"elementor-element elementor-element-0a4c1e5 elementor-position-top elementor-widget elementor-widget-image-box\" data-id=\"0a4c1e5\" data-element_type=\"widget\" data-e-type=\"widget\" data-widget_type=\"image-box.default\">\n\t\t\t\t<div class=\"elementor-widget-container\">\n\t\t\t\t\t<div class=\"elementor-image-box-wrapper\"><figure class=\"elementor-image-box-img\"><img loading=\"lazy\" decoding=\"async\" width=\"347\" height=\"231\" src=\"https:\/\/boatrentalmallorca.net\/wp-content\/uploads\/2025\/02\/Event-Planning.jpg\" class=\"attachment-full size-full wp-image-3557\" alt=\"planification d&#039;\u00e9v\u00e9nements\" srcset=\"https:\/\/boatrentalmallorca.net\/wp-content\/uploads\/2025\/02\/Event-Planning.jpg 347w, https:\/\/boatrentalmallorca.net\/wp-content\/uploads\/2025\/02\/Event-Planning-300x200.jpg 300w, https:\/\/boatrentalmallorca.net\/wp-content\/uploads\/2025\/02\/Event-Planning-120x80.jpg 120w\" sizes=\"(max-width: 347px) 100vw, 347px\" \/><\/figure><div class=\"elementor-image-box-content\"><h3 class=\"elementor-image-box-title\">Planification d&#039;\u00e9v\u00e9nements<\/h3><p class=\"elementor-image-box-description\">Rendez votre \u00e9v\u00e9nement inoubliable gr\u00e2ce \u00e0 notre service complet d&#039;organisation. Des r\u00e9unions intimes aux c\u00e9l\u00e9brations fastueuses, nous prenons en charge chaque d\u00e9tail pour une exp\u00e9rience sans faille.<\/p><\/div><\/div>\t\t\t\t<\/div>\n\t\t\t\t<\/div>\n\t\t\t\t<\/div>\n\t\t<div class=\"elementor-element elementor-element-b54ab51 e-con-full e-flex e-con e-child\" data-id=\"b54ab51\" data-element_type=\"container\" data-e-type=\"container\">\n\t\t\t\t<div class=\"elementor-element elementor-element-9854cc4 elementor-position-top elementor-widget elementor-widget-image-box\" data-id=\"9854cc4\" data-element_type=\"widget\" data-e-type=\"widget\" data-widget_type=\"image-box.default\">\n\t\t\t\t<div class=\"elementor-widget-container\">\n\t\t\t\t\t<div class=\"elementor-image-box-wrapper\"><figure class=\"elementor-image-box-img\"><img loading=\"lazy\" decoding=\"async\" width=\"347\" height=\"231\" src=\"https:\/\/boatrentalmallorca.net\/wp-content\/uploads\/2025\/02\/Private-DJ.jpg\" class=\"attachment-full size-full wp-image-3559\" alt=\"DJ priv\u00e9\" srcset=\"https:\/\/boatrentalmallorca.net\/wp-content\/uploads\/2025\/02\/Private-DJ.jpg 347w, https:\/\/boatrentalmallorca.net\/wp-content\/uploads\/2025\/02\/Private-DJ-300x200.jpg 300w, https:\/\/boatrentalmallorca.net\/wp-content\/uploads\/2025\/02\/Private-DJ-120x80.jpg 120w\" sizes=\"(max-width: 347px) 100vw, 347px\" \/><\/figure><div class=\"elementor-image-box-content\"><h3 class=\"elementor-image-box-title\">DJ priv\u00e9<\/h3><p class=\"elementor-image-box-description\">Transformez votre excursion en bateau en une f\u00eate flottante avec un DJ professionnel qui passera vos morceaux pr\u00e9f\u00e9r\u00e9s. Que vous pr\u00e9f\u00e9riez une ambiance relaxante ou une musique entra\u00eenante, nous cr\u00e9ons l&#039;atmosph\u00e8re id\u00e9ale sur l&#039;eau.<\/p><\/div><\/div>\t\t\t\t<\/div>\n\t\t\t\t<\/div>\n\t\t\t\t<\/div>\n\t\t\t\t\t<\/div>\n\t\t\t\t<\/div>\n\t\t\t\t<section class=\"elementor-section elementor-top-section elementor-element elementor-element-9d2a7cc elementor-section-boxed elementor-section-height-default elementor-section-height-default\" data-id=\"9d2a7cc\" data-element_type=\"section\" data-e-type=\"section\" data-settings=\"{&quot;background_background&quot;:&quot;classic&quot;}\">\n\t\t\t\t\t\t\t<div class=\"elementor-background-overlay\"><\/div>\n\t\t\t\t\t\t\t<div class=\"elementor-container elementor-column-gap-default\">\n\t\t\t\t\t<div class=\"elementor-column elementor-col-100 elementor-top-column elementor-element elementor-element-4654a3d\" data-id=\"4654a3d\" data-element_type=\"column\" data-e-type=\"column\">\n\t\t\t<div class=\"elementor-widget-wrap elementor-element-populated\">\n\t\t\t\t\t\t<div class=\"elementor-element elementor-element-7a6aaf4 elementor-widget elementor-widget-spacer\" data-id=\"7a6aaf4\" data-element_type=\"widget\" data-e-type=\"widget\" data-widget_type=\"spacer.default\">\n\t\t\t\t<div class=\"elementor-widget-container\">\n\t\t\t\t\t\t\t<div class=\"elementor-spacer\">\n\t\t\t<div class=\"elementor-spacer-inner\"><\/div>\n\t\t<\/div>\n\t\t\t\t\t\t<\/div>\n\t\t\t\t<\/div>\n\t\t\t\t<div class=\"elementor-element elementor-element-eb4443a elementor-widget elementor-widget-homey_elementor_section_title\" data-id=\"eb4443a\" data-element_type=\"widget\" data-e-type=\"widget\" data-widget_type=\"homey_elementor_section_title.default\">\n\t\t\t\t<div class=\"elementor-widget-container\">\n\t\t\t\t\t            <div class=\"homey_section_title_wrap_elementor homey-module module-title section-title-module\">\n                                    <h2 class=\"homey_section_title\">\u00c0 propos de l'entreprise : Boat Rental Mallorca<\/h2>\n                \n                            <\/div>\n            \t\t\t\t<\/div>\n\t\t\t\t<\/div>\n\t\t\t\t<div class=\"elementor-element elementor-element-c6e570a elementor-widget-divider--view-line elementor-widget elementor-widget-divider\" data-id=\"c6e570a\" data-element_type=\"widget\" data-e-type=\"widget\" data-widget_type=\"divider.default\">\n\t\t\t\t<div class=\"elementor-widget-container\">\n\t\t\t\t\t\t\t<div class=\"elementor-divider\">\n\t\t\t<span class=\"elementor-divider-separator\">\n\t\t\t\t\t\t<\/span>\n\t\t<\/div>\n\t\t\t\t\t\t<\/div>\n\t\t\t\t<\/div>\n\t\t\t\t<section class=\"elementor-section elementor-inner-section elementor-element elementor-element-3520b63 elementor-section-boxed elementor-section-height-default elementor-section-height-default\" data-id=\"3520b63\" data-element_type=\"section\" data-e-type=\"section\">\n\t\t\t\t\t\t<div class=\"elementor-container elementor-column-gap-default\">\n\t\t\t\t\t<div class=\"elementor-column elementor-col-20 elementor-inner-column elementor-element elementor-element-97f6b2c\" data-id=\"97f6b2c\" data-element_type=\"column\" data-e-type=\"column\">\n\t\t\t<div class=\"elementor-widget-wrap elementor-element-populated\">\n\t\t\t\t\t\t<div class=\"elementor-element elementor-element-97d7306 elementor-position-top elementor-widget elementor-widget-image-box\" data-id=\"97d7306\" data-element_type=\"widget\" data-e-type=\"widget\" data-widget_type=\"image-box.default\">\n\t\t\t\t<div class=\"elementor-widget-container\">\n\t\t\t\t\t<div class=\"elementor-image-box-wrapper\"><figure class=\"elementor-image-box-img\"><img loading=\"lazy\" decoding=\"async\" width=\"120\" height=\"136\" src=\"https:\/\/boatrentalmallorca.net\/wp-content\/uploads\/2025\/02\/Years-of-experience.png\" class=\"attachment-full size-full wp-image-3471\" alt=\"Des ann\u00e9es d&#039;exp\u00e9rience\" \/><\/figure><div class=\"elementor-image-box-content\"><h3 class=\"elementor-image-box-title\">12 ans d&#039;exp\u00e9rience<\/h3><p class=\"elementor-image-box-description\">Plus d&#039;une d\u00e9cennie d&#039;expertise dans la location de yachts et de bateaux, garantissant un service haut de gamme et une fiabilit\u00e9 \u00e0 toute \u00e9preuve.<\/p><\/div><\/div>\t\t\t\t<\/div>\n\t\t\t\t<\/div>\n\t\t\t\t\t<\/div>\n\t\t<\/div>\n\t\t\t\t<div class=\"elementor-column elementor-col-20 elementor-inner-column elementor-element elementor-element-9549a92\" data-id=\"9549a92\" data-element_type=\"column\" data-e-type=\"column\">\n\t\t\t<div class=\"elementor-widget-wrap elementor-element-populated\">\n\t\t\t\t\t\t<div class=\"elementor-element elementor-element-ecd1e9d elementor-position-top elementor-widget elementor-widget-image-box\" data-id=\"ecd1e9d\" data-element_type=\"widget\" data-e-type=\"widget\" data-widget_type=\"image-box.default\">\n\t\t\t\t<div class=\"elementor-widget-container\">\n\t\t\t\t\t<div class=\"elementor-image-box-wrapper\"><figure class=\"elementor-image-box-img\"><img loading=\"lazy\" decoding=\"async\" width=\"123\" height=\"136\" src=\"https:\/\/boatrentalmallorca.net\/wp-content\/uploads\/2025\/02\/Boats-and-yachts-in-Mallorca.png\" class=\"attachment-full size-full wp-image-3475\" alt=\"Bateaux et yachts \u00e0 Majorque\" \/><\/figure><div class=\"elementor-image-box-content\"><h3 class=\"elementor-image-box-title\">Plus de 200 bateaux et yachts \u00e0 Majorque<\/h3><p class=\"elementor-image-box-description\">Une flotte diversifi\u00e9e de yachts de luxe, de bateaux \u00e0 moteur et de voiliers est disponible pour r\u00e9pondre \u00e0 toutes les pr\u00e9f\u00e9rences et \u00e0 toutes les occasions.<\/p><\/div><\/div>\t\t\t\t<\/div>\n\t\t\t\t<\/div>\n\t\t\t\t\t<\/div>\n\t\t<\/div>\n\t\t\t\t<div class=\"elementor-column elementor-col-20 elementor-inner-column elementor-element elementor-element-e9831b2\" data-id=\"e9831b2\" data-element_type=\"column\" data-e-type=\"column\">\n\t\t\t<div class=\"elementor-widget-wrap elementor-element-populated\">\n\t\t\t\t\t\t<div class=\"elementor-element elementor-element-1d025e3 elementor-position-top elementor-widget elementor-widget-image-box\" data-id=\"1d025e3\" data-element_type=\"widget\" data-e-type=\"widget\" data-widget_type=\"image-box.default\">\n\t\t\t\t<div class=\"elementor-widget-container\">\n\t\t\t\t\t<div class=\"elementor-image-box-wrapper\"><figure class=\"elementor-image-box-img\"><img loading=\"lazy\" decoding=\"async\" width=\"136\" height=\"136\" src=\"https:\/\/boatrentalmallorca.net\/wp-content\/uploads\/2025\/02\/Satisfied-customers.png\" class=\"attachment-full size-full wp-image-3479\" alt=\"Clients satisfaits\" \/><\/figure><div class=\"elementor-image-box-content\"><h3 class=\"elementor-image-box-title\">Plus de 10 000 clients satisfaits<\/h3><p class=\"elementor-image-box-description\">Des milliers de clients satisfaits nous font confiance pour vivre des exp\u00e9riences nautiques inoubliables sur les eaux magnifiques de Majorque.<\/p><\/div><\/div>\t\t\t\t<\/div>\n\t\t\t\t<\/div>\n\t\t\t\t\t<\/div>\n\t\t<\/div>\n\t\t\t\t<div class=\"elementor-column elementor-col-20 elementor-inner-column elementor-element elementor-element-ea0b683\" data-id=\"ea0b683\" data-element_type=\"column\" data-e-type=\"column\">\n\t\t\t<div class=\"elementor-widget-wrap elementor-element-populated\">\n\t\t\t\t\t\t<div class=\"elementor-element elementor-element-4588356 elementor-position-top elementor-widget elementor-widget-image-box\" data-id=\"4588356\" data-element_type=\"widget\" data-e-type=\"widget\" data-widget_type=\"image-box.default\">\n\t\t\t\t<div class=\"elementor-widget-container\">\n\t\t\t\t\t<div class=\"elementor-image-box-wrapper\"><figure class=\"elementor-image-box-img\"><img loading=\"lazy\" decoding=\"async\" width=\"136\" height=\"136\" src=\"https:\/\/boatrentalmallorca.net\/wp-content\/uploads\/2025\/02\/24-7-Charter-service.png\" class=\"attachment-full size-full wp-image-3483\" alt=\"Service de charter 24h\/24 et 7j\/7\" \/><\/figure><div class=\"elementor-image-box-content\"><h3 class=\"elementor-image-box-title\">Service de charter 24h\/24 et 7j\/7<\/h3><p class=\"elementor-image-box-description\">Profitez d&#039;une r\u00e9servation flexible et d&#039;une assistance 24h\/24 et 7j\/7 pour des locations de yachts sans encombre et sans stress.<\/p><\/div><\/div>\t\t\t\t<\/div>\n\t\t\t\t<\/div>\n\t\t\t\t\t<\/div>\n\t\t<\/div>\n\t\t\t\t<div class=\"elementor-column elementor-col-20 elementor-inner-column elementor-element elementor-element-7deec1a\" data-id=\"7deec1a\" data-element_type=\"column\" data-e-type=\"column\">\n\t\t\t<div class=\"elementor-widget-wrap elementor-element-populated\">\n\t\t\t\t\t\t<div class=\"elementor-element elementor-element-1348f85 elementor-position-top elementor-widget elementor-widget-image-box\" data-id=\"1348f85\" data-element_type=\"widget\" data-e-type=\"widget\" data-widget_type=\"image-box.default\">\n\t\t\t\t<div class=\"elementor-widget-container\">\n\t\t\t\t\t<div class=\"elementor-image-box-wrapper\"><figure class=\"elementor-image-box-img\"><img loading=\"lazy\" decoding=\"async\" width=\"132\" height=\"136\" src=\"https:\/\/boatrentalmallorca.net\/wp-content\/uploads\/2025\/02\/Star-Rating-Service.png\" class=\"attachment-full size-full wp-image-3489\" alt=\"Service de notation par \u00e9toiles\" \/><\/figure><div class=\"elementor-image-box-content\"><h3 class=\"elementor-image-box-title\">Service de notation 5 \u00e9toiles<\/h3><p class=\"elementor-image-box-description\">Un service d&#039;excellence, des navires de premi\u00e8re qualit\u00e9 et une satisfaction client exceptionnelle, le tout attest\u00e9 par des avis 5 \u00e9toiles.<\/p><\/div><\/div>\t\t\t\t<\/div>\n\t\t\t\t<\/div>\n\t\t\t\t\t<\/div>\n\t\t<\/div>\n\t\t\t\t\t<\/div>\n\t\t<\/section>\n\t\t\t\t<div class=\"elementor-element elementor-element-d8e1e36 elementor-widget elementor-widget-spacer\" data-id=\"d8e1e36\" data-element_type=\"widget\" data-e-type=\"widget\" data-widget_type=\"spacer.default\">\n\t\t\t\t<div class=\"elementor-widget-container\">\n\t\t\t\t\t\t\t<div class=\"elementor-spacer\">\n\t\t\t<div class=\"elementor-spacer-inner\"><\/div>\n\t\t<\/div>\n\t\t\t\t\t\t<\/div>\n\t\t\t\t<\/div>\n\t\t\t\t<div class=\"elementor-element elementor-element-22fdc9d elementor-button-warning elementor-align-center elementor-widget elementor-widget-button\" data-id=\"22fdc9d\" data-element_type=\"widget\" data-e-type=\"widget\" data-widget_type=\"button.default\">\n\t\t\t\t<div class=\"elementor-widget-container\">\n\t\t\t\t\t\t\t\t\t<div class=\"elementor-button-wrapper\">\n\t\t\t\t\t<a class=\"elementor-button elementor-button-link elementor-size-md\" href=\"https:\/\/boatrentalmallorca.net\/fr\/contact\/\">\n\t\t\t\t\t\t<span class=\"elementor-button-content-wrapper\">\n\t\t\t\t\t\t\t\t\t<span class=\"elementor-button-text\">Contactez-nous d\u00e8s maintenant<\/span>\n\t\t\t\t\t<\/span>\n\t\t\t\t\t<\/a>\n\t\t\t\t<\/div>\n\t\t\t\t\t\t\t\t<\/div>\n\t\t\t\t<\/div>\n\t\t\t\t<div class=\"elementor-element elementor-element-ccbcda6 elementor-widget elementor-widget-spacer\" data-id=\"ccbcda6\" data-element_type=\"widget\" data-e-type=\"widget\" data-widget_type=\"spacer.default\">\n\t\t\t\t<div class=\"elementor-widget-container\">\n\t\t\t\t\t\t\t<div class=\"elementor-spacer\">\n\t\t\t<div class=\"elementor-spacer-inner\"><\/div>\n\t\t<\/div>\n\t\t\t\t\t\t<\/div>\n\t\t\t\t<\/div>\n\t\t\t\t\t<\/div>\n\t\t<\/div>\n\t\t\t\t\t<\/div>\n\t\t<\/section>\n\t\t\t\t<section class=\"elementor-section elementor-top-section elementor-element elementor-element-2c6eb52 elementor-section-stretched elementor-section-boxed elementor-section-height-default elementor-section-height-default\" data-id=\"2c6eb52\" data-element_type=\"section\" data-e-type=\"section\" data-settings=\"{&quot;stretch_section&quot;:&quot;section-stretched&quot;,&quot;background_background&quot;:&quot;classic&quot;}\">\n\t\t\t\t\t\t<div class=\"elementor-container elementor-column-gap-default\">\n\t\t\t\t\t<div class=\"elementor-column elementor-col-100 elementor-top-column elementor-element elementor-element-21f42d6\" data-id=\"21f42d6\" data-element_type=\"column\" data-e-type=\"column\">\n\t\t\t<div class=\"elementor-widget-wrap elementor-element-populated\">\n\t\t\t\t\t\t<div class=\"elementor-element elementor-element-07a09c1 elementor-widget elementor-widget-spacer\" data-id=\"07a09c1\" data-element_type=\"widget\" data-e-type=\"widget\" data-widget_type=\"spacer.default\">\n\t\t\t\t<div class=\"elementor-widget-container\">\n\t\t\t\t\t\t\t<div class=\"elementor-spacer\">\n\t\t\t<div class=\"elementor-spacer-inner\"><\/div>\n\t\t<\/div>\n\t\t\t\t\t\t<\/div>\n\t\t\t\t<\/div>\n\t\t\t\t<div class=\"elementor-element elementor-element-549028e elementor-widget elementor-widget-homey_elementor_section_title\" data-id=\"549028e\" data-element_type=\"widget\" data-e-type=\"widget\" data-widget_type=\"homey_elementor_section_title.default\">\n\t\t\t\t<div class=\"elementor-widget-container\">\n\t\t\t\t\t            <div class=\"homey_section_title_wrap_elementor homey-module module-title section-title-module\">\n                                    <h2 class=\"homey_section_title\">Location de yachts \u00e0 Majorque pour \u00e9v\u00e9nements<\/h2>\n                \n                                    <p class=\"homey_section_subtitle sub-heading\">Rendez vos moments pr\u00e9cieux inoubliables gr\u00e2ce \u00e0 nos locations de yachts exclusives \u00e0 Majorque. Anniversaire, \u00e9v\u00e9nement d&#039;entreprise ou f\u00eate priv\u00e9e, nous vous offrons un cadre idyllique sur l&#039;eau.<\/p>\n                            <\/div>\n            \t\t\t\t<\/div>\n\t\t\t\t<\/div>\n\t\t\t\t<div class=\"elementor-element elementor-element-e780cf6 elementor-widget-divider--view-line elementor-widget elementor-widget-divider\" data-id=\"e780cf6\" data-element_type=\"widget\" data-e-type=\"widget\" data-widget_type=\"divider.default\">\n\t\t\t\t<div class=\"elementor-widget-container\">\n\t\t\t\t\t\t\t<div class=\"elementor-divider\">\n\t\t\t<span class=\"elementor-divider-separator\">\n\t\t\t\t\t\t<\/span>\n\t\t<\/div>\n\t\t\t\t\t\t<\/div>\n\t\t\t\t<\/div>\n\t\t\t\t<div class=\"elementor-element elementor-element-a6cc302 elementor-widget elementor-widget-homey_elementor_grids\" data-id=\"a6cc302\" data-element_type=\"widget\" data-e-type=\"widget\" data-widget_type=\"homey_elementor_grids.default\">\n\t\t\t\t<div class=\"elementor-widget-container\">\n\t\t\t\t\t\r\n\t\t<div class=\"module-wrap taxonomy-grid taxonomy-grid-3\">\r\n\t\t\t<div class=\"row\">\r\n\t\t\t\t\r\n\t\t\t\t\t<div class=\"col-sm-4 col-xs-6\">\r\n\t\t\t\t\t\t<div class=\"taxonomy-item taxonomy-card\">\r\n\t\t\t\t\t\t\t<a class=\"taxonomy-link hover-effect\" href=\"https:\/\/boatrentalmallorca.net\/fr\/event\/bachelorette-party-boat-mallorca\/\">\r\n\t\t\t\t\t\t\t\t<div class=\"taxonomy-title\">EVJF<\/div>\r\n\t\t\t\t\t\t\t\t<img loading=\"lazy\" decoding=\"async\" class=\"img-responsive\" src=\"https:\/\/boatrentalmallorca.net\/wp-content\/uploads\/2025\/02\/Bachelorette-party-boat-360x353.jpg\" width=\"360\" height=\"353\" alt=\"listing_country\">\r\n\t\t\t\t\t\t\t<\/a>\r\n\t\t\t\t\t\t<\/div>\r\n\t\t\t\t\t<\/div>\r\n\r\n\t\t\t\t\t\r\n\t\t\t\t\t<div class=\"col-sm-4 col-xs-6\">\r\n\t\t\t\t\t\t<div class=\"taxonomy-item taxonomy-card\">\r\n\t\t\t\t\t\t\t<a class=\"taxonomy-link hover-effect\" href=\"https:\/\/boatrentalmallorca.net\/fr\/event\/bachelor-party-boat-mallorca\/\">\r\n\t\t\t\t\t\t\t\t<div class=\"taxonomy-title\">Enterrement de vie de gar\u00e7on<\/div>\r\n\t\t\t\t\t\t\t\t<img loading=\"lazy\" decoding=\"async\" class=\"img-responsive\" src=\"https:\/\/boatrentalmallorca.net\/wp-content\/uploads\/2025\/02\/Bachelor-party-boat-360x353.jpg\" width=\"360\" height=\"353\" alt=\"listing_country\">\r\n\t\t\t\t\t\t\t<\/a>\r\n\t\t\t\t\t\t<\/div>\r\n\t\t\t\t\t<\/div>\r\n\r\n\t\t\t\t\t\r\n\t\t\t\t\t<div class=\"col-sm-4 col-xs-6\">\r\n\t\t\t\t\t\t<div class=\"taxonomy-item taxonomy-card\">\r\n\t\t\t\t\t\t\t<a class=\"taxonomy-link hover-effect\" href=\"https:\/\/boatrentalmallorca.net\/fr\/event\/boat-party-mallorca\/\">\r\n\t\t\t\t\t\t\t\t<div class=\"taxonomy-title\">F\u00eate en bateau<\/div>\r\n\t\t\t\t\t\t\t\t<img loading=\"lazy\" decoding=\"async\" class=\"img-responsive\" src=\"https:\/\/boatrentalmallorca.net\/wp-content\/uploads\/2025\/02\/Boat-party-360x353.jpg\" width=\"360\" height=\"353\" alt=\"listing_country\">\r\n\t\t\t\t\t\t\t<\/a>\r\n\t\t\t\t\t\t<\/div>\r\n\t\t\t\t\t<\/div>\r\n\r\n\t\t\t\t\t\r\n\t\t\t\t\t<div class=\"col-sm-4 col-xs-6\">\r\n\t\t\t\t\t\t<div class=\"taxonomy-item taxonomy-card\">\r\n\t\t\t\t\t\t\t<a class=\"taxonomy-link hover-effect\" href=\"https:\/\/boatrentalmallorca.net\/fr\/event\/boat-wedding-mallorca\/\">\r\n\t\t\t\t\t\t\t\t<div class=\"taxonomy-title\">Mariage<\/div>\r\n\t\t\t\t\t\t\t\t<img loading=\"lazy\" decoding=\"async\" class=\"img-responsive\" src=\"https:\/\/boatrentalmallorca.net\/wp-content\/uploads\/2025\/02\/Boat-wedding-360x353.jpg\" width=\"360\" height=\"353\" alt=\"listing_country\">\r\n\t\t\t\t\t\t\t<\/a>\r\n\t\t\t\t\t\t<\/div>\r\n\t\t\t\t\t<\/div>\r\n\r\n\t\t\t\t\t\r\n\t\t\t\t\t<div class=\"col-sm-4 col-xs-6\">\r\n\t\t\t\t\t\t<div class=\"taxonomy-item taxonomy-card\">\r\n\t\t\t\t\t\t\t<a class=\"taxonomy-link hover-effect\" href=\"https:\/\/boatrentalmallorca.net\/fr\/event\/marriage-proposal-boat-mallorca\/\">\r\n\t\t\t\t\t\t\t\t<div class=\"taxonomy-title\">Demande en mariage<\/div>\r\n\t\t\t\t\t\t\t\t<img loading=\"lazy\" decoding=\"async\" class=\"img-responsive\" src=\"https:\/\/boatrentalmallorca.net\/wp-content\/uploads\/2025\/02\/Marriage-proposal-boat-360x353.jpg\" width=\"360\" height=\"353\" alt=\"listing_country\">\r\n\t\t\t\t\t\t\t<\/a>\r\n\t\t\t\t\t\t<\/div>\r\n\t\t\t\t\t<\/div>\r\n\r\n\t\t\t\t\t\r\n\t\t\t\t\t<div class=\"col-sm-4 col-xs-6\">\r\n\t\t\t\t\t\t<div class=\"taxonomy-item taxonomy-card\">\r\n\t\t\t\t\t\t\t<a class=\"taxonomy-link hover-effect\" href=\"https:\/\/boatrentalmallorca.net\/fr\/event\/corporate-event-boat-mallorca\/\">\r\n\t\t\t\t\t\t\t\t<div class=\"taxonomy-title\">\u00c9v\u00e9nement d'entreprise<\/div>\r\n\t\t\t\t\t\t\t\t<img loading=\"lazy\" decoding=\"async\" class=\"img-responsive\" src=\"https:\/\/boatrentalmallorca.net\/wp-content\/uploads\/2025\/02\/Corporate-event-boat-360x353.jpg\" width=\"360\" height=\"353\" alt=\"listing_country\">\r\n\t\t\t\t\t\t\t<\/a>\r\n\t\t\t\t\t\t<\/div>\r\n\t\t\t\t\t<\/div>\r\n\r\n\t\t\t\t\t\t\t\t\t\r\n\t\t\t<\/div>\r\n\t\t<\/div>\r\n\t\t\r\n\t\t\t\t\t\t<\/div>\n\t\t\t\t<\/div>\n\t\t\t\t\t<\/div>\n\t\t<\/div>\n\t\t\t\t\t<\/div>\n\t\t<\/section>\n\t\t\t\t<section class=\"elementor-section elementor-top-section elementor-element elementor-element-7b29d08 elementor-section-stretched elementor-section-boxed elementor-section-height-default elementor-section-height-default\" data-id=\"7b29d08\" data-element_type=\"section\" data-e-type=\"section\" data-settings=\"{&quot;stretch_section&quot;:&quot;section-stretched&quot;,&quot;background_background&quot;:&quot;classic&quot;}\">\n\t\t\t\t\t\t<div class=\"elementor-container elementor-column-gap-default\">\n\t\t\t\t\t<div class=\"elementor-column elementor-col-100 elementor-top-column elementor-element elementor-element-58cc2ef\" data-id=\"58cc2ef\" data-element_type=\"column\" data-e-type=\"column\">\n\t\t\t<div class=\"elementor-widget-wrap elementor-element-populated\">\n\t\t\t\t\t\t<div class=\"elementor-element elementor-element-4d8d768 elementor-widget elementor-widget-spacer\" data-id=\"4d8d768\" data-element_type=\"widget\" data-e-type=\"widget\" data-widget_type=\"spacer.default\">\n\t\t\t\t<div class=\"elementor-widget-container\">\n\t\t\t\t\t\t\t<div class=\"elementor-spacer\">\n\t\t\t<div class=\"elementor-spacer-inner\"><\/div>\n\t\t<\/div>\n\t\t\t\t\t\t<\/div>\n\t\t\t\t<\/div>\n\t\t\t\t<div class=\"elementor-element elementor-element-bc44edf elementor-widget__width-initial elementor-widget elementor-widget-homey_elementor_section_title\" data-id=\"bc44edf\" data-element_type=\"widget\" data-e-type=\"widget\" data-widget_type=\"homey_elementor_section_title.default\">\n\t\t\t\t<div class=\"elementor-widget-container\">\n\t\t\t\t\t            <div class=\"homey_section_title_wrap_elementor homey-module module-title section-title-module\">\n                                    <h2 class=\"homey_section_title\">Avis clients concernant notre service de location de bateaux \u00e0 Majorque<\/h2>\n                \n                                    <p class=\"homey_section_subtitle sub-heading\">D\u00e9couvrez les t\u00e9moignages de nos clients sur leur exp\u00e9rience de location de bateaux \u00e0 Majorque. Des avis authentiques de clients satisfaits qui ont pass\u00e9 un excellent moment sur l&#039;eau\u00a0!<\/p>\n                            <\/div>\n            \t\t\t\t<\/div>\n\t\t\t\t<\/div>\n\t\t\t\t<div class=\"elementor-element elementor-element-2ce18d1 elementor-widget-divider--view-line elementor-widget elementor-widget-divider\" data-id=\"2ce18d1\" data-element_type=\"widget\" data-e-type=\"widget\" data-widget_type=\"divider.default\">\n\t\t\t\t<div class=\"elementor-widget-container\">\n\t\t\t\t\t\t\t<div class=\"elementor-divider\">\n\t\t\t<span class=\"elementor-divider-separator\">\n\t\t\t\t\t\t<\/span>\n\t\t<\/div>\n\t\t\t\t\t\t<\/div>\n\t\t\t\t<\/div>\n\t\t\t\t<div class=\"elementor-element elementor-element-e5eaa4e elementor-widget elementor-widget-homey_elementor_testimonials\" data-id=\"e5eaa4e\" data-element_type=\"widget\" data-e-type=\"widget\" data-widget_type=\"homey_elementor_testimonials.default\">\n\t\t\t\t<div class=\"elementor-widget-container\">\n\t\t\t\t\t\n        <!--start testimonials module-->\n        \n            <div class=\"module-wrap testimonials-module\">\n                <div class=\"row\">\n                    \n                    <div class=\"col-xs-12 col-sm-6 col-md-3\"><div class=\"testimonial-item text-center\"><p class=\"description\">Un immense merci pour l&#039;excursion en bateau \u00e0 Majorque, tout \u00e9tait parfait ! Le capitaine Esteban a expliqu\u00e9 la navigation de fa\u00e7on tr\u00e8s claire et passionnante, permettant \u00e0 chacun de se glisser dans la peau du capitaine. Sa playlist \u00e9tait g\u00e9niale ! L&#039;excursion \u00e9tait tout simplement fantastique : nous avons nag\u00e9 en pleine mer et admir\u00e9 un coucher de soleil \u00e0 couper le souffle. Je recommande vivement cette excursion ! Les enfants \u00e9taient ravis.<\/p><div class=\"testimonial-thumb\"><img loading=\"lazy\" decoding=\"async\" width=\"120\" height=\"113\" src=\"https:\/\/boatrentalmallorca.net\/wp-content\/uploads\/2018\/10\/Sophia-Carter.jpg\" class=\"img-circle img-responsive\" alt=\"Sophia Carter\" \/><\/div><p class=\"auther-info\"><strong>Sophia Carter<\/strong><br><\/p><\/div><\/div><div class=\"col-xs-12 col-sm-6 col-md-3\"><div class=\"testimonial-item text-center\"><p class=\"description\">J&#039;ai fait ma demande en mariage \u00e0 ma future \u00e9pouse sur un yacht. Un immense merci \u00e0 l&#039;\u00e9quipage pour l&#039;organisation impeccable. Le bateau \u00e9tait pr\u00eat et est arriv\u00e9 \u00e0 l&#039;heure. Nous \u00e9tions seuls \u00e0 bord, avec le capitaine. Nous avons navigu\u00e9 et tout s&#039;est d\u00e9roul\u00e9 comme pr\u00e9vu. Nous avons admir\u00e9 le coucher de soleil\u00a0: c&#039;\u00e9tait incroyablement romantique et magnifique. Ces souvenirs resteront grav\u00e9s dans ma m\u00e9moire.<\/p><div class=\"testimonial-thumb\"><img loading=\"lazy\" decoding=\"async\" width=\"120\" height=\"120\" src=\"https:\/\/boatrentalmallorca.net\/wp-content\/uploads\/2018\/10\/James-Richardson-150x150.jpg\" class=\"img-circle img-responsive\" alt=\"James Richardson\" \/><\/div><p class=\"auther-info\"><strong>James Richardson<\/strong><br><\/p><\/div><\/div><div class=\"col-xs-12 col-sm-6 col-md-3\"><div class=\"testimonial-item text-center\"><p class=\"description\">Nous sommes venus \u00e0 Majorque en vacances avec des amis et avons d\u00e9cid\u00e9 de louer un yacht. Nous nous sommes donc adress\u00e9s \u00e0 Boat Rental Mallorca \u2013 et nous ne le regrettons absolument pas ! Nous avons profit\u00e9 du soleil, pris de nombreuses photos, nag\u00e9 et pass\u00e9 un s\u00e9jour inoubliable ! Ils nous ont s\u00e9lectionn\u00e9 un yacht tr\u00e8s confortable et magnifique. Le personnel \u00e9tait poli et attentionn\u00e9. Nous avons tous \u00e9t\u00e9 ravis. Nous recommandons vivement cette compagnie !<\/p><div class=\"testimonial-thumb\"><img loading=\"lazy\" decoding=\"async\" width=\"120\" height=\"108\" src=\"https:\/\/boatrentalmallorca.net\/wp-content\/uploads\/2018\/10\/Isabella-Collins.jpg\" class=\"img-circle img-responsive\" alt=\"Isabella Collins\" \/><\/div><p class=\"auther-info\"><strong>Isabella Collins<\/strong><br><\/p><\/div><\/div><div class=\"col-xs-12 col-sm-6 col-md-3\"><div class=\"testimonial-item text-center\"><p class=\"description\">Nous \u00e9tions en vacances \u00e0 Majorque et, sur la recommandation d&#039;un ami, nous avons d\u00e9cid\u00e9 de faire appel aux services de Boat Rental Mallorca. Le service client, l&#039;organisation professionnelle de l&#039;excursion en bateau et le magnifique bateau lui-m\u00eame ont d\u00e9pass\u00e9 nos attentes\u00a0! Un grand merci au capitaine et \u00e0 son assistant\u00a0: ils \u00e9taient polis, agr\u00e9ables et toujours pr\u00eats \u00e0 r\u00e9pondre \u00e0 nos demandes avec beaucoup d&#039;humour\u00a0!<\/p><div class=\"testimonial-thumb\"><img loading=\"lazy\" decoding=\"async\" width=\"120\" height=\"109\" src=\"https:\/\/boatrentalmallorca.net\/wp-content\/uploads\/2018\/10\/Charlotte-Evans.jpg\" class=\"img-circle img-responsive\" alt=\"Charlotte Evans\" \/><\/div><p class=\"auther-info\"><strong>Charlotte Evans<\/strong><br><\/p><\/div><\/div>                    \n                <\/div>\n            <\/div>\n\n                <!--end post testimonials module-->\n\n\n        \t\t\t\t<\/div>\n\t\t\t\t<\/div>\n\t\t\t\t<div class=\"elementor-element elementor-element-a1d3a4d elementor-widget elementor-widget-spacer\" data-id=\"a1d3a4d\" data-element_type=\"widget\" data-e-type=\"widget\" data-widget_type=\"spacer.default\">\n\t\t\t\t<div class=\"elementor-widget-container\">\n\t\t\t\t\t\t\t<div class=\"elementor-spacer\">\n\t\t\t<div class=\"elementor-spacer-inner\"><\/div>\n\t\t<\/div>\n\t\t\t\t\t\t<\/div>\n\t\t\t\t<\/div>\n\t\t\t\t\t<\/div>\n\t\t<\/div>\n\t\t\t\t\t<\/div>\n\t\t<\/section>\n\t\t\t\t<section class=\"elementor-section elementor-top-section elementor-element elementor-element-1055d2f elementor-section-stretched elementor-section-boxed elementor-section-height-default elementor-section-height-default\" data-id=\"1055d2f\" data-element_type=\"section\" data-e-type=\"section\" data-settings=\"{&quot;stretch_section&quot;:&quot;section-stretched&quot;,&quot;background_background&quot;:&quot;classic&quot;}\">\n\t\t\t\t\t\t<div class=\"elementor-container elementor-column-gap-default\">\n\t\t\t\t\t<div class=\"elementor-column elementor-col-100 elementor-top-column elementor-element elementor-element-26300d2\" data-id=\"26300d2\" data-element_type=\"column\" data-e-type=\"column\">\n\t\t\t<div class=\"elementor-widget-wrap elementor-element-populated\">\n\t\t\t\t\t\t<div class=\"elementor-element elementor-element-ac8c006 elementor-widget elementor-widget-spacer\" data-id=\"ac8c006\" data-element_type=\"widget\" data-e-type=\"widget\" data-widget_type=\"spacer.default\">\n\t\t\t\t<div class=\"elementor-widget-container\">\n\t\t\t\t\t\t\t<div class=\"elementor-spacer\">\n\t\t\t<div class=\"elementor-spacer-inner\"><\/div>\n\t\t<\/div>\n\t\t\t\t\t\t<\/div>\n\t\t\t\t<\/div>\n\t\t\t\t<div class=\"elementor-element elementor-element-3b73ea1 elementor-widget__width-initial elementor-widget elementor-widget-homey_elementor_section_title\" data-id=\"3b73ea1\" data-element_type=\"widget\" data-e-type=\"widget\" data-widget_type=\"homey_elementor_section_title.default\">\n\t\t\t\t<div class=\"elementor-widget-container\">\n\t\t\t\t\t            <div class=\"homey_section_title_wrap_elementor homey-module module-title section-title-module\">\n                                    <h2 class=\"homey_section_title\">FAQ sur la location de bateaux \u00e0 Majorque<\/h2>\n                \n                            <\/div>\n            \t\t\t\t<\/div>\n\t\t\t\t<\/div>\n\t\t\t\t<div class=\"elementor-element elementor-element-2e8b2c6 elementor-widget-divider--view-line elementor-widget elementor-widget-divider\" data-id=\"2e8b2c6\" data-element_type=\"widget\" data-e-type=\"widget\" data-widget_type=\"divider.default\">\n\t\t\t\t<div class=\"elementor-widget-container\">\n\t\t\t\t\t\t\t<div class=\"elementor-divider\">\n\t\t\t<span class=\"elementor-divider-separator\">\n\t\t\t\t\t\t<\/span>\n\t\t<\/div>\n\t\t\t\t\t\t<\/div>\n\t\t\t\t<\/div>\n\t\t\t\t<div class=\"elementor-element elementor-element-93f0f3d elementor-widget elementor-widget-n-accordion\" data-id=\"93f0f3d\" data-element_type=\"widget\" data-e-type=\"widget\" data-settings=\"{&quot;default_state&quot;:&quot;expanded&quot;,&quot;max_items_expended&quot;:&quot;one&quot;,&quot;n_accordion_animation_duration&quot;:{&quot;unit&quot;:&quot;ms&quot;,&quot;size&quot;:400,&quot;sizes&quot;:[]}}\" data-widget_type=\"nested-accordion.default\">\n\t\t\t\t<div class=\"elementor-widget-container\">\n\t\t\t\t\t\t\t<div class=\"e-n-accordion\" aria-label=\"Accord\u00e9on. Ouvrez les liens avec Entr\u00e9e ou Espace, fermez-les avec \u00c9chap et naviguez avec les fl\u00e8ches directionnelles.\">\n\t\t\t\t\t\t<details id=\"e-n-accordion-item-1550\" class=\"e-n-accordion-item\" open>\n\t\t\t\t<summary class=\"e-n-accordion-item-title\" data-accordion-index=\"1\" tabindex=\"0\" aria-expanded=\"true\" aria-controls=\"e-n-accordion-item-1550\" >\n\t\t\t\t\t<span class='e-n-accordion-item-title-header'><div class=\"e-n-accordion-item-title-text\"> Que se passe-t-il si le temps est mauvais le jour de ma location\u00a0? <\/div><\/span>\n\t\t\t\t\t\t\t<span class='e-n-accordion-item-title-icon'>\n\t\t\t<span class='e-opened' ><svg aria-hidden=\"true\" class=\"e-font-icon-svg e-fas-minus\" viewbox=\"0 0 448 512\" xmlns=\"http:\/\/www.w3.org\/2000\/svg\"><path d=\"M416 208H32c-17.67 0-32 14.33-32 32v32c0 17.67 14.33 32 32 32h384c17.67 0 32-14.33 32-32v-32c0-17.67-14.33-32-32-32z\"><\/path><\/svg><\/span>\n\t\t\t<span class='e-closed'><svg aria-hidden=\"true\" class=\"e-font-icon-svg e-fas-plus\" viewbox=\"0 0 448 512\" xmlns=\"http:\/\/www.w3.org\/2000\/svg\"><path d=\"M416 208H272V64c0-17.67-14.33-32-32-32h-32c-17.67 0-32 14.33-32 32v144H32c-17.67 0-32 14.33-32 32v32c0 17.67 14.33 32 32 32h144v144c0 17.67 14.33 32 32 32h32c17.67 0 32-14.33 32-32V304h144c17.67 0 32-14.33 32-32v-32c0-17.67-14.33-32-32-32z\"><\/path><\/svg><\/span>\n\t\t<\/span>\n\n\t\t\t\t\t\t<\/summary>\n\t\t\t\t<div role=\"region\" aria-labelledby=\"e-n-accordion-item-1550\" class=\"elementor-element elementor-element-920c4ca e-con-full e-flex e-con e-child\" data-id=\"920c4ca\" data-element_type=\"container\" data-e-type=\"container\">\n\t\t\t\t<div class=\"elementor-element elementor-element-964ea52 elementor-widget elementor-widget-text-editor\" data-id=\"964ea52\" data-element_type=\"widget\" data-e-type=\"widget\" data-widget_type=\"text-editor.default\">\n\t\t\t\t<div class=\"elementor-widget-container\">\n\t\t\t\t\t\t\t\t\t<p>La s\u00e9curit\u00e9 de nos clients est notre priorit\u00e9 absolue. Si le capitaine ou notre \u00e9quipage juge les conditions m\u00e9t\u00e9orologiques d\u00e9favorables \u00e0 la sortie en mer (par exemple, vents forts, temp\u00eates, fortes vagues), nous vous proposerons\u00a0:<\/p><ul><li>Reportez votre location \u00e0 une autre date (sous r\u00e9serve de disponibilit\u00e9).<\/li><li>Remboursement int\u00e9gral si le report est impossible.<\/li><\/ul><p><strong>Important:<\/strong> Un temps nuageux ou l&#039;absence de soleil ne sont pas une raison d&#039;annuler.<\/p><p>Si votre location est annul\u00e9e pour des raisons ind\u00e9pendantes de votre volont\u00e9 (par exemple, un probl\u00e8me technique avec le bateau), vous b\u00e9n\u00e9ficierez \u00e9galement d&#039;un remboursement int\u00e9gral.<\/p><p>Nous vous pr\u00e9viendrons \u00e0 l&#039;avance en cas de changement de programme. C&#039;est pourquoi nous vous recommandons de ne pas r\u00e9server de bateau pour votre dernier jour de vacances\u00a0; vous aurez ainsi la possibilit\u00e9 de reporter votre r\u00e9servation si n\u00e9cessaire.<\/p>\t\t\t\t\t\t\t\t<\/div>\n\t\t\t\t<\/div>\n\t\t\t\t<\/div>\n\t\t\t\t\t<\/details>\n\t\t\t\t\t\t<details id=\"e-n-accordion-item-1551\" class=\"e-n-accordion-item\" >\n\t\t\t\t<summary class=\"e-n-accordion-item-title\" data-accordion-index=\"2\" tabindex=\"-1\" aria-expanded=\"false\" aria-controls=\"e-n-accordion-item-1551\" >\n\t\t\t\t\t<span class='e-n-accordion-item-title-header'><div class=\"e-n-accordion-item-title-text\"> L&#039;itin\u00e9raire est-il fixe ou puis-je choisir le mien\u00a0? <\/div><\/span>\n\t\t\t\t\t\t\t<span class='e-n-accordion-item-title-icon'>\n\t\t\t<span class='e-opened' ><svg aria-hidden=\"true\" class=\"e-font-icon-svg e-fas-minus\" viewbox=\"0 0 448 512\" xmlns=\"http:\/\/www.w3.org\/2000\/svg\"><path d=\"M416 208H32c-17.67 0-32 14.33-32 32v32c0 17.67 14.33 32 32 32h384c17.67 0 32-14.33 32-32v-32c0-17.67-14.33-32-32-32z\"><\/path><\/svg><\/span>\n\t\t\t<span class='e-closed'><svg aria-hidden=\"true\" class=\"e-font-icon-svg e-fas-plus\" viewbox=\"0 0 448 512\" xmlns=\"http:\/\/www.w3.org\/2000\/svg\"><path d=\"M416 208H272V64c0-17.67-14.33-32-32-32h-32c-17.67 0-32 14.33-32 32v144H32c-17.67 0-32 14.33-32 32v32c0 17.67 14.33 32 32 32h144v144c0 17.67 14.33 32 32 32h32c17.67 0 32-14.33 32-32V304h144c17.67 0 32-14.33 32-32v-32c0-17.67-14.33-32-32-32z\"><\/path><\/svg><\/span>\n\t\t<\/span>\n\n\t\t\t\t\t\t<\/summary>\n\t\t\t\t<div role=\"region\" aria-labelledby=\"e-n-accordion-item-1551\" class=\"elementor-element elementor-element-ad72795 e-con-full e-flex e-con e-child\" data-id=\"ad72795\" data-element_type=\"container\" data-e-type=\"container\">\n\t\t\t\t<div class=\"elementor-element elementor-element-606574b elementor-widget elementor-widget-text-editor\" data-id=\"606574b\" data-element_type=\"widget\" data-e-type=\"widget\" data-widget_type=\"text-editor.default\">\n\t\t\t\t<div class=\"elementor-widget-container\">\n\t\t\t\t\t\t\t\t\t<p>Vous pouvez choisir votre propre itin\u00e9raire ! Nous proposons plusieurs itin\u00e9raires avec de magnifiques criques et plages, mais l&#039;itin\u00e9raire final peut \u00eatre adapt\u00e9 \u00e0 vos souhaits.<\/p><p>Si vous louez un yacht avec capitaine, celui-ci vous aidera \u00e0 choisir le meilleur itin\u00e9raire en fonction de\u00a0:<\/p><ul><li>conditions m\u00e9t\u00e9orologiques<\/li><li>Dur\u00e9e de location<\/li><li>S\u00e9curit\u00e9 routi\u00e8re<\/li><\/ul><p>Si vous pilotez vous-m\u00eame le bateau, nous vous indiquerons des zones de navigation s\u00e9curis\u00e9es et vous pourrez choisir vos propres destinations \u00e0 l&#039;int\u00e9rieur de la zone autoris\u00e9e.<\/p>\t\t\t\t\t\t\t\t<\/div>\n\t\t\t\t<\/div>\n\t\t\t\t<\/div>\n\t\t\t\t\t<\/details>\n\t\t\t\t\t\t<details id=\"e-n-accordion-item-1552\" class=\"e-n-accordion-item\" >\n\t\t\t\t<summary class=\"e-n-accordion-item-title\" data-accordion-index=\"3\" tabindex=\"-1\" aria-expanded=\"false\" aria-controls=\"e-n-accordion-item-1552\" >\n\t\t\t\t\t<span class='e-n-accordion-item-title-header'><div class=\"e-n-accordion-item-title-text\"> Combien co\u00fbte la location d&#039;un bateau pour une journ\u00e9e \u00e0 Majorque\u00a0? <\/div><\/span>\n\t\t\t\t\t\t\t<span class='e-n-accordion-item-title-icon'>\n\t\t\t<span class='e-opened' ><svg aria-hidden=\"true\" class=\"e-font-icon-svg e-fas-minus\" viewbox=\"0 0 448 512\" xmlns=\"http:\/\/www.w3.org\/2000\/svg\"><path d=\"M416 208H32c-17.67 0-32 14.33-32 32v32c0 17.67 14.33 32 32 32h384c17.67 0 32-14.33 32-32v-32c0-17.67-14.33-32-32-32z\"><\/path><\/svg><\/span>\n\t\t\t<span class='e-closed'><svg aria-hidden=\"true\" class=\"e-font-icon-svg e-fas-plus\" viewbox=\"0 0 448 512\" xmlns=\"http:\/\/www.w3.org\/2000\/svg\"><path d=\"M416 208H272V64c0-17.67-14.33-32-32-32h-32c-17.67 0-32 14.33-32 32v144H32c-17.67 0-32 14.33-32 32v32c0 17.67 14.33 32 32 32h144v144c0 17.67 14.33 32 32 32h32c17.67 0 32-14.33 32-32V304h144c17.67 0 32-14.33 32-32v-32c0-17.67-14.33-32-32-32z\"><\/path><\/svg><\/span>\n\t\t<\/span>\n\n\t\t\t\t\t\t<\/summary>\n\t\t\t\t<div role=\"region\" aria-labelledby=\"e-n-accordion-item-1552\" class=\"elementor-element elementor-element-03a9ff9 e-flex e-con-boxed e-con e-child\" data-id=\"03a9ff9\" data-element_type=\"container\" data-e-type=\"container\">\n\t\t\t\t\t<div class=\"e-con-inner\">\n\t\t\t\t<div class=\"elementor-element elementor-element-99c857f elementor-widget elementor-widget-text-editor\" data-id=\"99c857f\" data-element_type=\"widget\" data-e-type=\"widget\" data-widget_type=\"text-editor.default\">\n\t\t\t\t<div class=\"elementor-widget-container\">\n\t\t\t\t\t\t\t\t\t<p>Le co\u00fbt de la location d&#039;un bateau pour une journ\u00e9e compl\u00e8te (8 heures) \u00e0 Majorque d\u00e9pend de\u00a0:<\/p><ul><li>Type de bateau (bateau rapide, voilier, catamaran, yacht \u00e0 moteur)<\/li><li>Saison (les prix sont plus \u00e9lev\u00e9s en haute saison)<\/li><li>Ann\u00e9e et \u00e9quipement du bateau<\/li><\/ul><p>Le co\u00fbt d&#039;une location de bateau pour une journ\u00e9e compl\u00e8te est d&#039;environ 1 200 \u20ac, mais les prix commencent \u00e0 450 \u20ac et peuvent atteindre 15 000 \u20ac pour les yachts de luxe.<\/p>\t\t\t\t\t\t\t\t<\/div>\n\t\t\t\t<\/div>\n\t\t\t\t\t<\/div>\n\t\t\t\t<\/div>\n\t\t\t\t\t<\/details>\n\t\t\t\t\t\t<details id=\"e-n-accordion-item-1553\" class=\"e-n-accordion-item\" >\n\t\t\t\t<summary class=\"e-n-accordion-item-title\" data-accordion-index=\"4\" tabindex=\"-1\" aria-expanded=\"false\" aria-controls=\"e-n-accordion-item-1553\" >\n\t\t\t\t\t<span class='e-n-accordion-item-title-header'><div class=\"e-n-accordion-item-title-text\"> Quels sont les ports les plus populaires de Majorque ? <\/div><\/span>\n\t\t\t\t\t\t\t<span class='e-n-accordion-item-title-icon'>\n\t\t\t<span class='e-opened' ><svg aria-hidden=\"true\" class=\"e-font-icon-svg e-fas-minus\" viewbox=\"0 0 448 512\" xmlns=\"http:\/\/www.w3.org\/2000\/svg\"><path d=\"M416 208H32c-17.67 0-32 14.33-32 32v32c0 17.67 14.33 32 32 32h384c17.67 0 32-14.33 32-32v-32c0-17.67-14.33-32-32-32z\"><\/path><\/svg><\/span>\n\t\t\t<span class='e-closed'><svg aria-hidden=\"true\" class=\"e-font-icon-svg e-fas-plus\" viewbox=\"0 0 448 512\" xmlns=\"http:\/\/www.w3.org\/2000\/svg\"><path d=\"M416 208H272V64c0-17.67-14.33-32-32-32h-32c-17.67 0-32 14.33-32 32v144H32c-17.67 0-32 14.33-32 32v32c0 17.67 14.33 32 32 32h144v144c0 17.67 14.33 32 32 32h32c17.67 0 32-14.33 32-32V304h144c17.67 0 32-14.33 32-32v-32c0-17.67-14.33-32-32-32z\"><\/path><\/svg><\/span>\n\t\t<\/span>\n\n\t\t\t\t\t\t<\/summary>\n\t\t\t\t<div role=\"region\" aria-labelledby=\"e-n-accordion-item-1553\" class=\"elementor-element elementor-element-4de9c9a e-flex e-con-boxed e-con e-child\" data-id=\"4de9c9a\" data-element_type=\"container\" data-e-type=\"container\">\n\t\t\t\t\t<div class=\"e-con-inner\">\n\t\t\t\t<div class=\"elementor-element elementor-element-856ddaa elementor-widget elementor-widget-text-editor\" data-id=\"856ddaa\" data-element_type=\"widget\" data-e-type=\"widget\" data-widget_type=\"text-editor.default\">\n\t\t\t\t<div class=\"elementor-widget-container\">\n\t\t\t\t\t\t\t\t\t<p>Majorque poss\u00e8de de nombreux ports magnifiques et bien \u00e9quip\u00e9s, mais voici quelques-uns des plus populaires\u00a0:<\/p><ul><li><strong>Portails de Puerto<\/strong> \u2013 Une marina de luxe avec des restaurants et des boutiques haut de gamme, tr\u00e8s pris\u00e9e des propri\u00e9taires de yachts.<\/li><li><strong>Puerto Adriano<\/strong> \u2013 Un port de plaisance moderne con\u00e7u par Philippe Starck, pour les grands yachts.<\/li><li><strong>Real Club N\u00e1utico de Palma<\/strong> \u2013 L\u2019un des clubs nautiques les plus anciens et les plus exclusifs de Palma.<\/li><li><strong>Port d&#039;Andratx<\/strong> \u2013 Un magnifique port de plaisance avec des restaurants, id\u00e9al pour la navigation c\u00f4ti\u00e8re.<\/li><\/ul>\t\t\t\t\t\t\t\t<\/div>\n\t\t\t\t<\/div>\n\t\t\t\t\t<\/div>\n\t\t\t\t<\/div>\n\t\t\t\t\t<\/details>\n\t\t\t\t\t\t<details id=\"e-n-accordion-item-1554\" class=\"e-n-accordion-item\" >\n\t\t\t\t<summary class=\"e-n-accordion-item-title\" data-accordion-index=\"5\" tabindex=\"-1\" aria-expanded=\"false\" aria-controls=\"e-n-accordion-item-1554\" >\n\t\t\t\t\t<span class='e-n-accordion-item-title-header'><div class=\"e-n-accordion-item-title-text\"> Quelle est la politique d&#039;annulation\u00a0? <\/div><\/span>\n\t\t\t\t\t\t\t<span class='e-n-accordion-item-title-icon'>\n\t\t\t<span class='e-opened' ><svg aria-hidden=\"true\" class=\"e-font-icon-svg e-fas-minus\" viewbox=\"0 0 448 512\" xmlns=\"http:\/\/www.w3.org\/2000\/svg\"><path d=\"M416 208H32c-17.67 0-32 14.33-32 32v32c0 17.67 14.33 32 32 32h384c17.67 0 32-14.33 32-32v-32c0-17.67-14.33-32-32-32z\"><\/path><\/svg><\/span>\n\t\t\t<span class='e-closed'><svg aria-hidden=\"true\" class=\"e-font-icon-svg e-fas-plus\" viewbox=\"0 0 448 512\" xmlns=\"http:\/\/www.w3.org\/2000\/svg\"><path d=\"M416 208H272V64c0-17.67-14.33-32-32-32h-32c-17.67 0-32 14.33-32 32v144H32c-17.67 0-32 14.33-32 32v32c0 17.67 14.33 32 32 32h144v144c0 17.67 14.33 32 32 32h32c17.67 0 32-14.33 32-32V304h144c17.67 0 32-14.33 32-32v-32c0-17.67-14.33-32-32-32z\"><\/path><\/svg><\/span>\n\t\t<\/span>\n\n\t\t\t\t\t\t<\/summary>\n\t\t\t\t<div role=\"region\" aria-labelledby=\"e-n-accordion-item-1554\" class=\"elementor-element elementor-element-1db3d5a e-con-full e-flex e-con e-child\" data-id=\"1db3d5a\" data-element_type=\"container\" data-e-type=\"container\">\n\t\t\t\t<div class=\"elementor-element elementor-element-7a2d2dc elementor-widget elementor-widget-text-editor\" data-id=\"7a2d2dc\" data-element_type=\"widget\" data-e-type=\"widget\" data-widget_type=\"text-editor.default\">\n\t\t\t\t<div class=\"elementor-widget-container\">\n\t\t\t\t\t\t\t\t\t<p>La politique varie selon le bateau, veuillez donc la confirmer lors de votre r\u00e9servation. Voici toutefois les conditions g\u00e9n\u00e9rales\u00a0:<\/p><ul><li>Plus de 30 jours \u2013 Remboursement int\u00e9gral de la caution.<\/li><li>15 \u00e0 30 jours \u2013 Remboursement ou report du d\u00e9p\u00f4t 50%.<\/li><li>Moins de 15 jours \u2013 Acompte non remboursable.<\/li><\/ul><p><strong>Important:<\/strong> Si la location est annul\u00e9e en raison de circonstances ind\u00e9pendantes de votre volont\u00e9 (par exemple, de mauvaises conditions m\u00e9t\u00e9orologiques), un remboursement int\u00e9gral ou un report peut \u00eatre possible.<\/p>\t\t\t\t\t\t\t\t<\/div>\n\t\t\t\t<\/div>\n\t\t\t\t<\/div>\n\t\t\t\t\t<\/details>\n\t\t\t\t\t\t<details id=\"e-n-accordion-item-1555\" class=\"e-n-accordion-item\" >\n\t\t\t\t<summary class=\"e-n-accordion-item-title\" data-accordion-index=\"6\" tabindex=\"-1\" aria-expanded=\"false\" aria-controls=\"e-n-accordion-item-1555\" >\n\t\t\t\t\t<span class='e-n-accordion-item-title-header'><div class=\"e-n-accordion-item-title-text\"> Pourquoi louer un yacht \u00e0 Majorque ? <\/div><\/span>\n\t\t\t\t\t\t\t<span class='e-n-accordion-item-title-icon'>\n\t\t\t<span class='e-opened' ><svg aria-hidden=\"true\" class=\"e-font-icon-svg e-fas-minus\" viewbox=\"0 0 448 512\" xmlns=\"http:\/\/www.w3.org\/2000\/svg\"><path d=\"M416 208H32c-17.67 0-32 14.33-32 32v32c0 17.67 14.33 32 32 32h384c17.67 0 32-14.33 32-32v-32c0-17.67-14.33-32-32-32z\"><\/path><\/svg><\/span>\n\t\t\t<span class='e-closed'><svg aria-hidden=\"true\" class=\"e-font-icon-svg e-fas-plus\" viewbox=\"0 0 448 512\" xmlns=\"http:\/\/www.w3.org\/2000\/svg\"><path d=\"M416 208H272V64c0-17.67-14.33-32-32-32h-32c-17.67 0-32 14.33-32 32v144H32c-17.67 0-32 14.33-32 32v32c0 17.67 14.33 32 32 32h144v144c0 17.67 14.33 32 32 32h32c17.67 0 32-14.33 32-32V304h144c17.67 0 32-14.33 32-32v-32c0-17.67-14.33-32-32-32z\"><\/path><\/svg><\/span>\n\t\t<\/span>\n\n\t\t\t\t\t\t<\/summary>\n\t\t\t\t<div role=\"region\" aria-labelledby=\"e-n-accordion-item-1555\" class=\"elementor-element elementor-element-98ff0df e-flex e-con-boxed e-con e-child\" data-id=\"98ff0df\" data-element_type=\"container\" data-e-type=\"container\">\n\t\t\t\t\t<div class=\"e-con-inner\">\n\t\t\t\t<div class=\"elementor-element elementor-element-739e452 elementor-widget elementor-widget-text-editor\" data-id=\"739e452\" data-element_type=\"widget\" data-e-type=\"widget\" data-widget_type=\"text-editor.default\">\n\t\t\t\t<div class=\"elementor-widget-container\">\n\t\t\t\t\t\t\t\t\t<p>Majorque est l&#039;un des meilleurs endroits au monde pour une aventure en mer !<\/p><p>Louer un yacht vous offre la libert\u00e9 de d\u00e9couvrir l&#039;\u00eele autrement. Vous pouvez\u00a0:<\/p><ul><li>Explorez des criques et des plages cach\u00e9es, inaccessibles depuis le rivage.<\/li><li>\u00c9loignez-vous de la foule et profitez de la nature dans le calme et la tranquillit\u00e9.<\/li><li>Arr\u00eatez-vous aux meilleurs endroits pour nager et faire de la plong\u00e9e avec tuba dans des eaux turquoise.<\/li><li>Passez une journ\u00e9e en famille, entre amis ou avec votre \u00eatre cher.<\/li><\/ul>\t\t\t\t\t\t\t\t<\/div>\n\t\t\t\t<\/div>\n\t\t\t\t\t<\/div>\n\t\t\t\t<\/div>\n\t\t\t\t\t<\/details>\n\t\t\t\t\t\t<details id=\"e-n-accordion-item-1556\" class=\"e-n-accordion-item\" >\n\t\t\t\t<summary class=\"e-n-accordion-item-title\" data-accordion-index=\"7\" tabindex=\"-1\" aria-expanded=\"false\" aria-controls=\"e-n-accordion-item-1556\" >\n\t\t\t\t\t<span class='e-n-accordion-item-title-header'><div class=\"e-n-accordion-item-title-text\"> Quelle est la dur\u00e9e minimale de location \u00e0 Majorque\u00a0? <\/div><\/span>\n\t\t\t\t\t\t\t<span class='e-n-accordion-item-title-icon'>\n\t\t\t<span class='e-opened' ><svg aria-hidden=\"true\" class=\"e-font-icon-svg e-fas-minus\" viewbox=\"0 0 448 512\" xmlns=\"http:\/\/www.w3.org\/2000\/svg\"><path d=\"M416 208H32c-17.67 0-32 14.33-32 32v32c0 17.67 14.33 32 32 32h384c17.67 0 32-14.33 32-32v-32c0-17.67-14.33-32-32-32z\"><\/path><\/svg><\/span>\n\t\t\t<span class='e-closed'><svg aria-hidden=\"true\" class=\"e-font-icon-svg e-fas-plus\" viewbox=\"0 0 448 512\" xmlns=\"http:\/\/www.w3.org\/2000\/svg\"><path d=\"M416 208H272V64c0-17.67-14.33-32-32-32h-32c-17.67 0-32 14.33-32 32v144H32c-17.67 0-32 14.33-32 32v32c0 17.67 14.33 32 32 32h144v144c0 17.67 14.33 32 32 32h32c17.67 0 32-14.33 32-32V304h144c17.67 0 32-14.33 32-32v-32c0-17.67-14.33-32-32-32z\"><\/path><\/svg><\/span>\n\t\t<\/span>\n\n\t\t\t\t\t\t<\/summary>\n\t\t\t\t<div role=\"region\" aria-labelledby=\"e-n-accordion-item-1556\" class=\"elementor-element elementor-element-0e0f3bc e-flex e-con-boxed e-con e-child\" data-id=\"0e0f3bc\" data-element_type=\"container\" data-e-type=\"container\">\n\t\t\t\t\t<div class=\"e-con-inner\">\n\t\t\t\t<div class=\"elementor-element elementor-element-ca5a7d6 elementor-widget elementor-widget-text-editor\" data-id=\"ca5a7d6\" data-element_type=\"widget\" data-e-type=\"widget\" data-widget_type=\"text-editor.default\">\n\t\t\t\t<div class=\"elementor-widget-container\">\n\t\t\t\t\t\t\t\t\t<p>La dur\u00e9e minimale de location varie selon le bateau.<\/p><ul><li>Certains bateaux sont disponibles pour des dur\u00e9es de 2 heures, id\u00e9al pour une croisi\u00e8re au coucher du soleil.<\/li><li>Pour les excursions de jour, la location minimale est d&#039;une demi-journ\u00e9e ou d&#039;une journ\u00e9e compl\u00e8te selon le bateau.<\/li><\/ul>\t\t\t\t\t\t\t\t<\/div>\n\t\t\t\t<\/div>\n\t\t\t\t\t<\/div>\n\t\t\t\t<\/div>\n\t\t\t\t\t<\/details>\n\t\t\t\t\t\t<details id=\"e-n-accordion-item-1557\" class=\"e-n-accordion-item\" >\n\t\t\t\t<summary class=\"e-n-accordion-item-title\" data-accordion-index=\"8\" tabindex=\"-1\" aria-expanded=\"false\" aria-controls=\"e-n-accordion-item-1557\" >\n\t\t\t\t\t<span class='e-n-accordion-item-title-header'><div class=\"e-n-accordion-item-title-text\"> Qu&#039;est-ce qui est inclus dans le prix de la location d&#039;un bateau \u00e0 Majorque\u00a0? <\/div><\/span>\n\t\t\t\t\t\t\t<span class='e-n-accordion-item-title-icon'>\n\t\t\t<span class='e-opened' ><svg aria-hidden=\"true\" class=\"e-font-icon-svg e-fas-minus\" viewbox=\"0 0 448 512\" xmlns=\"http:\/\/www.w3.org\/2000\/svg\"><path d=\"M416 208H32c-17.67 0-32 14.33-32 32v32c0 17.67 14.33 32 32 32h384c17.67 0 32-14.33 32-32v-32c0-17.67-14.33-32-32-32z\"><\/path><\/svg><\/span>\n\t\t\t<span class='e-closed'><svg aria-hidden=\"true\" class=\"e-font-icon-svg e-fas-plus\" viewbox=\"0 0 448 512\" xmlns=\"http:\/\/www.w3.org\/2000\/svg\"><path d=\"M416 208H272V64c0-17.67-14.33-32-32-32h-32c-17.67 0-32 14.33-32 32v144H32c-17.67 0-32 14.33-32 32v32c0 17.67 14.33 32 32 32h144v144c0 17.67 14.33 32 32 32h32c17.67 0 32-14.33 32-32V304h144c17.67 0 32-14.33 32-32v-32c0-17.67-14.33-32-32-32z\"><\/path><\/svg><\/span>\n\t\t<\/span>\n\n\t\t\t\t\t\t<\/summary>\n\t\t\t\t<div role=\"region\" aria-labelledby=\"e-n-accordion-item-1557\" class=\"elementor-element elementor-element-1eda7fb e-flex e-con-boxed e-con e-child\" data-id=\"1eda7fb\" data-element_type=\"container\" data-e-type=\"container\">\n\t\t\t\t\t<div class=\"e-con-inner\">\n\t\t\t\t<div class=\"elementor-element elementor-element-e247e66 elementor-widget elementor-widget-text-editor\" data-id=\"e247e66\" data-element_type=\"widget\" data-e-type=\"widget\" data-widget_type=\"text-editor.default\">\n\t\t\t\t<div class=\"elementor-widget-container\">\n\t\t\t\t\t\t\t\t\t<p>Ce qui est inclus d\u00e9pend du bateau, mais g\u00e9n\u00e9ralement\u00a0:<\/p><ul><li>Bateau<\/li><li>Capitaine (si location avec \u00e9quipage, bien que certains bateaux soient lou\u00e9s sans \u00e9quipage)<\/li><li>Carburant \u2013 G\u00e9n\u00e9ralement inclus, mais\u00a0:<br \/>\u00a0 \u00a0 \u00a0\u2013 Pour les bateaux qui ne n\u00e9cessitent pas de permis, le carburant est en suppl\u00e9ment.<br \/>\u00a0 \u00a0 \u00a0\u2013 Pour certains yachts \u00e0 moteur, le carburant n&#039;est pas inclus.<\/li><li>\u00c9quipement de sports nautiques (si disponible, mat\u00e9riel de plong\u00e9e en apn\u00e9e, planches de SUP, etc.)<\/li><\/ul><p>Les repas et les boissons peuvent \u00eatre inclus ou en suppl\u00e9ment selon le bateau.<\/p>\t\t\t\t\t\t\t\t<\/div>\n\t\t\t\t<\/div>\n\t\t\t\t\t<\/div>\n\t\t\t\t<\/div>\n\t\t\t\t\t<\/details>\n\t\t\t\t\t\t<details id=\"e-n-accordion-item-1558\" class=\"e-n-accordion-item\" >\n\t\t\t\t<summary class=\"e-n-accordion-item-title\" data-accordion-index=\"9\" tabindex=\"-1\" aria-expanded=\"false\" aria-controls=\"e-n-accordion-item-1558\" >\n\t\t\t\t\t<span class='e-n-accordion-item-title-header'><div class=\"e-n-accordion-item-title-text\"> Comment payer la location d&#039;un yacht \u00e0 Majorque ? <\/div><\/span>\n\t\t\t\t\t\t\t<span class='e-n-accordion-item-title-icon'>\n\t\t\t<span class='e-opened' ><svg aria-hidden=\"true\" class=\"e-font-icon-svg e-fas-minus\" viewbox=\"0 0 448 512\" xmlns=\"http:\/\/www.w3.org\/2000\/svg\"><path d=\"M416 208H32c-17.67 0-32 14.33-32 32v32c0 17.67 14.33 32 32 32h384c17.67 0 32-14.33 32-32v-32c0-17.67-14.33-32-32-32z\"><\/path><\/svg><\/span>\n\t\t\t<span class='e-closed'><svg aria-hidden=\"true\" class=\"e-font-icon-svg e-fas-plus\" viewbox=\"0 0 448 512\" xmlns=\"http:\/\/www.w3.org\/2000\/svg\"><path d=\"M416 208H272V64c0-17.67-14.33-32-32-32h-32c-17.67 0-32 14.33-32 32v144H32c-17.67 0-32 14.33-32 32v32c0 17.67 14.33 32 32 32h144v144c0 17.67 14.33 32 32 32h32c17.67 0 32-14.33 32-32V304h144c17.67 0 32-14.33 32-32v-32c0-17.67-14.33-32-32-32z\"><\/path><\/svg><\/span>\n\t\t<\/span>\n\n\t\t\t\t\t\t<\/summary>\n\t\t\t\t<div role=\"region\" aria-labelledby=\"e-n-accordion-item-1558\" class=\"elementor-element elementor-element-9047521 e-flex e-con-boxed e-con e-child\" data-id=\"9047521\" data-element_type=\"container\" data-e-type=\"container\">\n\t\t\t\t\t<div class=\"e-con-inner\">\n\t\t\t\t<div class=\"elementor-element elementor-element-af597e9 elementor-widget elementor-widget-text-editor\" data-id=\"af597e9\" data-element_type=\"widget\" data-e-type=\"widget\" data-widget_type=\"text-editor.default\">\n\t\t\t\t<div class=\"elementor-widget-container\">\n\t\t\t\t\t\t\t\t\t<p>Vous pouvez payer avec\u00a0:<\/p><p>En ligne:<\/p><ul><li>Virement bancaire<\/li><li>Bizum<\/li><li>Carte de cr\u00e9dit<\/li><li>PayPal, Redsys, Stripe<\/li><\/ul><p>Esp\u00e8ces:<\/p><ul><li>Uniquement pour le solde \u00e0 bord.<\/li><\/ul>\t\t\t\t\t\t\t\t<\/div>\n\t\t\t\t<\/div>\n\t\t\t\t\t<\/div>\n\t\t\t\t<\/div>\n\t\t\t\t\t<\/details>\n\t\t\t\t\t\t<details id=\"e-n-accordion-item-1559\" class=\"e-n-accordion-item\" >\n\t\t\t\t<summary class=\"e-n-accordion-item-title\" data-accordion-index=\"10\" tabindex=\"-1\" aria-expanded=\"false\" aria-controls=\"e-n-accordion-item-1559\" >\n\t\t\t\t\t<span class='e-n-accordion-item-title-header'><div class=\"e-n-accordion-item-title-text\"> Combien de temps puis-je louer un bateau \u00e0 Majorque\u00a0? <\/div><\/span>\n\t\t\t\t\t\t\t<span class='e-n-accordion-item-title-icon'>\n\t\t\t<span class='e-opened' ><svg aria-hidden=\"true\" class=\"e-font-icon-svg e-fas-minus\" viewbox=\"0 0 448 512\" xmlns=\"http:\/\/www.w3.org\/2000\/svg\"><path d=\"M416 208H32c-17.67 0-32 14.33-32 32v32c0 17.67 14.33 32 32 32h384c17.67 0 32-14.33 32-32v-32c0-17.67-14.33-32-32-32z\"><\/path><\/svg><\/span>\n\t\t\t<span class='e-closed'><svg aria-hidden=\"true\" class=\"e-font-icon-svg e-fas-plus\" viewbox=\"0 0 448 512\" xmlns=\"http:\/\/www.w3.org\/2000\/svg\"><path d=\"M416 208H272V64c0-17.67-14.33-32-32-32h-32c-17.67 0-32 14.33-32 32v144H32c-17.67 0-32 14.33-32 32v32c0 17.67 14.33 32 32 32h144v144c0 17.67 14.33 32 32 32h32c17.67 0 32-14.33 32-32V304h144c17.67 0 32-14.33 32-32v-32c0-17.67-14.33-32-32-32z\"><\/path><\/svg><\/span>\n\t\t<\/span>\n\n\t\t\t\t\t\t<\/summary>\n\t\t\t\t<div role=\"region\" aria-labelledby=\"e-n-accordion-item-1559\" class=\"elementor-element elementor-element-3820ebc e-flex e-con-boxed e-con e-child\" data-id=\"3820ebc\" data-element_type=\"container\" data-e-type=\"container\">\n\t\t\t\t\t<div class=\"e-con-inner\">\n\t\t\t\t<div class=\"elementor-element elementor-element-c8265cd elementor-widget elementor-widget-text-editor\" data-id=\"c8265cd\" data-element_type=\"widget\" data-e-type=\"widget\" data-widget_type=\"text-editor.default\">\n\t\t\t\t<div class=\"elementor-widget-container\">\n\t\t\t\t\t\t\t\t\t<p>Nous avons plusieurs options\u00a0:<\/p><ul><li><strong>2 heures<\/strong> \u2013 Pour une croisi\u00e8re romantique au coucher du soleil<\/li><li><strong>Demi-journ\u00e9e<\/strong> \u2013 Pour une courte excursion en mer<\/li><li><strong>Journ\u00e9e compl\u00e8te<\/strong> \u2013 Une journ\u00e9e enti\u00e8re sur l&#039;eau pour d\u00e9couvrir des criques cach\u00e9es<\/li><\/ul><p><strong>Plusieurs jours<\/strong> ou <strong>hebdomadaire<\/strong> Location disponible sur demande \u2013 pour une v\u00e9ritable exp\u00e9rience de yachting !<\/p>\t\t\t\t\t\t\t\t<\/div>\n\t\t\t\t<\/div>\n\t\t\t\t\t<\/div>\n\t\t\t\t<\/div>\n\t\t\t\t\t<\/details>\n\t\t\t\t\t\t<details id=\"e-n-accordion-item-15510\" class=\"e-n-accordion-item\" >\n\t\t\t\t<summary class=\"e-n-accordion-item-title\" data-accordion-index=\"11\" tabindex=\"-1\" aria-expanded=\"false\" aria-controls=\"e-n-accordion-item-15510\" >\n\t\t\t\t\t<span class='e-n-accordion-item-title-header'><div class=\"e-n-accordion-item-title-text\"> Est-il possible de louer un bateau \u00e0 Majorque pour des \u00e9v\u00e9nements priv\u00e9s ou professionnels\u00a0? <\/div><\/span>\n\t\t\t\t\t\t\t<span class='e-n-accordion-item-title-icon'>\n\t\t\t<span class='e-opened' ><svg aria-hidden=\"true\" class=\"e-font-icon-svg e-fas-minus\" viewbox=\"0 0 448 512\" xmlns=\"http:\/\/www.w3.org\/2000\/svg\"><path d=\"M416 208H32c-17.67 0-32 14.33-32 32v32c0 17.67 14.33 32 32 32h384c17.67 0 32-14.33 32-32v-32c0-17.67-14.33-32-32-32z\"><\/path><\/svg><\/span>\n\t\t\t<span class='e-closed'><svg aria-hidden=\"true\" class=\"e-font-icon-svg e-fas-plus\" viewbox=\"0 0 448 512\" xmlns=\"http:\/\/www.w3.org\/2000\/svg\"><path d=\"M416 208H272V64c0-17.67-14.33-32-32-32h-32c-17.67 0-32 14.33-32 32v144H32c-17.67 0-32 14.33-32 32v32c0 17.67 14.33 32 32 32h144v144c0 17.67 14.33 32 32 32h32c17.67 0 32-14.33 32-32V304h144c17.67 0 32-14.33 32-32v-32c0-17.67-14.33-32-32-32z\"><\/path><\/svg><\/span>\n\t\t<\/span>\n\n\t\t\t\t\t\t<\/summary>\n\t\t\t\t<div role=\"region\" aria-labelledby=\"e-n-accordion-item-15510\" class=\"elementor-element elementor-element-4dbaaad e-flex e-con-boxed e-con e-child\" data-id=\"4dbaaad\" data-element_type=\"container\" data-e-type=\"container\">\n\t\t\t\t\t<div class=\"e-con-inner\">\n\t\t\t\t<div class=\"elementor-element elementor-element-2fd4498 elementor-widget elementor-widget-text-editor\" data-id=\"2fd4498\" data-element_type=\"widget\" data-e-type=\"widget\" data-widget_type=\"text-editor.default\">\n\t\t\t\t<div class=\"elementor-widget-container\">\n\t\t\t\t\t\t\t\t\t<p>Oui ! Nous organisons des \u00e9v\u00e9nements priv\u00e9s et d&#039;entreprise \u00e0 bord.<\/p><p>\u00c9v\u00e9nements:<\/p><ul><li>Anniversaires<\/li><li>Anniversaires, croisi\u00e8res romantiques, demandes en mariage<\/li><li>enterrements de vie de gar\u00e7on et de jeune fille<\/li><li>C\u00e9r\u00e9monies de mariage<\/li><li>\u00e9v\u00e9nements d&#039;entreprise<\/li><li>Retraites de yoga, soir\u00e9es \u00e0 th\u00e8me et bien plus encore<\/li><\/ul><p>Nous pouvons personnaliser pour vous :<\/p><ul><li>Service traiteur et boissons<\/li><li>D\u00e9coration et stylisme \u00e9v\u00e9nementiel<\/li><li>Musique live ou DJ<\/li><li>Photographe et autres services<\/li><\/ul>\t\t\t\t\t\t\t\t<\/div>\n\t\t\t\t<\/div>\n\t\t\t\t\t<\/div>\n\t\t\t\t<\/div>\n\t\t\t\t\t<\/details>\n\t\t\t\t\t\t<details id=\"e-n-accordion-item-15511\" class=\"e-n-accordion-item\" >\n\t\t\t\t<summary class=\"e-n-accordion-item-title\" data-accordion-index=\"12\" tabindex=\"-1\" aria-expanded=\"false\" aria-controls=\"e-n-accordion-item-15511\" >\n\t\t\t\t\t<span class='e-n-accordion-item-title-header'><div class=\"e-n-accordion-item-title-text\"> Comment fonctionne le processus de location de yachts \u00e0 Majorque ? <\/div><\/span>\n\t\t\t\t\t\t\t<span class='e-n-accordion-item-title-icon'>\n\t\t\t<span class='e-opened' ><svg aria-hidden=\"true\" class=\"e-font-icon-svg e-fas-minus\" viewbox=\"0 0 448 512\" xmlns=\"http:\/\/www.w3.org\/2000\/svg\"><path d=\"M416 208H32c-17.67 0-32 14.33-32 32v32c0 17.67 14.33 32 32 32h384c17.67 0 32-14.33 32-32v-32c0-17.67-14.33-32-32-32z\"><\/path><\/svg><\/span>\n\t\t\t<span class='e-closed'><svg aria-hidden=\"true\" class=\"e-font-icon-svg e-fas-plus\" viewbox=\"0 0 448 512\" xmlns=\"http:\/\/www.w3.org\/2000\/svg\"><path d=\"M416 208H272V64c0-17.67-14.33-32-32-32h-32c-17.67 0-32 14.33-32 32v144H32c-17.67 0-32 14.33-32 32v32c0 17.67 14.33 32 32 32h144v144c0 17.67 14.33 32 32 32h32c17.67 0 32-14.33 32-32V304h144c17.67 0 32-14.33 32-32v-32c0-17.67-14.33-32-32-32z\"><\/path><\/svg><\/span>\n\t\t<\/span>\n\n\t\t\t\t\t\t<\/summary>\n\t\t\t\t<div role=\"region\" aria-labelledby=\"e-n-accordion-item-15511\" class=\"elementor-element elementor-element-5902542 e-flex e-con-boxed e-con e-child\" data-id=\"5902542\" data-element_type=\"container\" data-e-type=\"container\">\n\t\t\t\t\t<div class=\"e-con-inner\">\n\t\t\t\t<div class=\"elementor-element elementor-element-1414d62 elementor-widget elementor-widget-text-editor\" data-id=\"1414d62\" data-element_type=\"widget\" data-e-type=\"widget\" data-widget_type=\"text-editor.default\">\n\t\t\t\t<div class=\"elementor-widget-container\">\n\t\t\t\t\t\t\t\t\t<p>Louer un yacht, c&#039;est facile !<\/p><ol><li><strong>Entrer en contact<\/strong> \u2013 par t\u00e9l\u00e9phone, WhatsApp ou e-mail et nous vous aiderons \u00e0 trouver celui qui vous convient.<\/li><li><strong>Discutez des d\u00e9tails<\/strong> \u2013 Nous passerons en revue vos pr\u00e9f\u00e9rences, vous proposerons des bateaux et r\u00e9pondrons \u00e0 toutes vos questions.<\/li><li><strong>Confirmation de r\u00e9servation<\/strong> \u2013 Une fois que vous aurez choisi le bateau, nous vous enverrons les d\u00e9tails de paiement pour l&#039;acompte (20 \u00e0 50% du prix de la location selon le bateau).<\/li><li><strong>Rendez-vous \u00e0 l&#039;endroit d\u00e9sign\u00e9<\/strong> \u2013 Vous remplirez les formulaires, vous vous familiariserez avec le bateau et vous recevrez les instructions.<\/li><li><strong>Larguez les amarres !<\/strong> \u2013 Si vous louez un bateau avec un capitaine, celui-ci veillera \u00e0 votre s\u00e9curit\u00e9 et \u00e0 votre bien-\u00eatre. Si vous louez un bateau sans capitaine, vous recevrez toutes les instructions n\u00e9cessaires.<\/li><li><strong>Payez le solde<\/strong> \u2013 Le jour de la location, sur place.<\/li><\/ol><p>R\u00e9servez \u00e0 l&#039;avance, surtout en haute saison !<\/p>\t\t\t\t\t\t\t\t<\/div>\n\t\t\t\t<\/div>\n\t\t\t\t\t<\/div>\n\t\t\t\t<\/div>\n\t\t\t\t\t<\/details>\n\t\t\t\t\t\t<details id=\"e-n-accordion-item-15512\" class=\"e-n-accordion-item\" >\n\t\t\t\t<summary class=\"e-n-accordion-item-title\" data-accordion-index=\"13\" tabindex=\"-1\" aria-expanded=\"false\" aria-controls=\"e-n-accordion-item-15512\" >\n\t\t\t\t\t<span class='e-n-accordion-item-title-header'><div class=\"e-n-accordion-item-title-text\"> Quel est le meilleur moment pour louer un bateau \u00e0 Majorque ? <\/div><\/span>\n\t\t\t\t\t\t\t<span class='e-n-accordion-item-title-icon'>\n\t\t\t<span class='e-opened' ><svg aria-hidden=\"true\" class=\"e-font-icon-svg e-fas-minus\" viewbox=\"0 0 448 512\" xmlns=\"http:\/\/www.w3.org\/2000\/svg\"><path d=\"M416 208H32c-17.67 0-32 14.33-32 32v32c0 17.67 14.33 32 32 32h384c17.67 0 32-14.33 32-32v-32c0-17.67-14.33-32-32-32z\"><\/path><\/svg><\/span>\n\t\t\t<span class='e-closed'><svg aria-hidden=\"true\" class=\"e-font-icon-svg e-fas-plus\" viewbox=\"0 0 448 512\" xmlns=\"http:\/\/www.w3.org\/2000\/svg\"><path d=\"M416 208H272V64c0-17.67-14.33-32-32-32h-32c-17.67 0-32 14.33-32 32v144H32c-17.67 0-32 14.33-32 32v32c0 17.67 14.33 32 32 32h144v144c0 17.67 14.33 32 32 32h32c17.67 0 32-14.33 32-32V304h144c17.67 0 32-14.33 32-32v-32c0-17.67-14.33-32-32-32z\"><\/path><\/svg><\/span>\n\t\t<\/span>\n\n\t\t\t\t\t\t<\/summary>\n\t\t\t\t<div role=\"region\" aria-labelledby=\"e-n-accordion-item-15512\" class=\"elementor-element elementor-element-0550314 e-flex e-con-boxed e-con e-child\" data-id=\"0550314\" data-element_type=\"container\" data-e-type=\"container\">\n\t\t\t\t\t<div class=\"e-con-inner\">\n\t\t\t\t<div class=\"elementor-element elementor-element-89138f4 elementor-widget elementor-widget-text-editor\" data-id=\"89138f4\" data-element_type=\"widget\" data-e-type=\"widget\" data-widget_type=\"text-editor.default\">\n\t\t\t\t<div class=\"elementor-widget-container\">\n\t\t\t\t\t\t\t\t\t<p>Majorque est id\u00e9ale pour la location de bateaux du printemps \u00e0 l&#039;automne !<\/p><p>Meilleures p\u00e9riodes pour un voyage en mer\u00a0:<\/p><ul><li>Mai \u2013 septembre \u2013 Mer chaude, soleil et conditions parfaites pour se baigner.<\/li><li>Printemps et automne \u2013 Temp\u00e9ratures douces, moins de touristes et mer calme. Id\u00e9al pour des croisi\u00e8res tranquilles et la d\u00e9couverte de criques secr\u00e8tes.<\/li><\/ul><p>Quand louer ?<\/p><ul><li>L&#039;\u00e9t\u00e9 \u2013 Pour les voyages actifs, la baignade et les f\u00eates en bateau.<\/li><li>Printemps et automne \u2013 Pour ceux qui pr\u00e9f\u00e8rent le calme, des temp\u00e9ratures agr\u00e9ables et des itin\u00e9raires isol\u00e9s.<\/li><\/ul>\t\t\t\t\t\t\t\t<\/div>\n\t\t\t\t<\/div>\n\t\t\t\t\t<\/div>\n\t\t\t\t<\/div>\n\t\t\t\t\t<\/details>\n\t\t\t\t\t\t<details id=\"e-n-accordion-item-15513\" class=\"e-n-accordion-item\" >\n\t\t\t\t<summary class=\"e-n-accordion-item-title\" data-accordion-index=\"14\" tabindex=\"-1\" aria-expanded=\"false\" aria-controls=\"e-n-accordion-item-15513\" >\n\t\t\t\t\t<span class='e-n-accordion-item-title-header'><div class=\"e-n-accordion-item-title-text\"> Combien de personnes peuvent embarquer ? Les enfants et les nourrissons sont-ils comptabilis\u00e9s ? <\/div><\/span>\n\t\t\t\t\t\t\t<span class='e-n-accordion-item-title-icon'>\n\t\t\t<span class='e-opened' ><svg aria-hidden=\"true\" class=\"e-font-icon-svg e-fas-minus\" viewbox=\"0 0 448 512\" xmlns=\"http:\/\/www.w3.org\/2000\/svg\"><path d=\"M416 208H32c-17.67 0-32 14.33-32 32v32c0 17.67 14.33 32 32 32h384c17.67 0 32-14.33 32-32v-32c0-17.67-14.33-32-32-32z\"><\/path><\/svg><\/span>\n\t\t\t<span class='e-closed'><svg aria-hidden=\"true\" class=\"e-font-icon-svg e-fas-plus\" viewbox=\"0 0 448 512\" xmlns=\"http:\/\/www.w3.org\/2000\/svg\"><path d=\"M416 208H272V64c0-17.67-14.33-32-32-32h-32c-17.67 0-32 14.33-32 32v144H32c-17.67 0-32 14.33-32 32v32c0 17.67 14.33 32 32 32h144v144c0 17.67 14.33 32 32 32h32c17.67 0 32-14.33 32-32V304h144c17.67 0 32-14.33 32-32v-32c0-17.67-14.33-32-32-32z\"><\/path><\/svg><\/span>\n\t\t<\/span>\n\n\t\t\t\t\t\t<\/summary>\n\t\t\t\t<div role=\"region\" aria-labelledby=\"e-n-accordion-item-15513\" class=\"elementor-element elementor-element-bbf73d3 e-flex e-con-boxed e-con e-child\" data-id=\"bbf73d3\" data-element_type=\"container\" data-e-type=\"container\">\n\t\t\t\t\t<div class=\"e-con-inner\">\n\t\t\t\t<div class=\"elementor-element elementor-element-f38928b elementor-widget elementor-widget-text-editor\" data-id=\"f38928b\" data-element_type=\"widget\" data-e-type=\"widget\" data-widget_type=\"text-editor.default\">\n\t\t\t\t<div class=\"elementor-widget-container\">\n\t\t\t\t\t\t\t\t\t<p>La capacit\u00e9 varie selon le bateau.<\/p><p>La plupart des bateaux peuvent accueillir jusqu&#039;\u00e0 12 passagers + membres d&#039;\u00e9quipage, mais nous disposons de bateaux pouvant accueillir jusqu&#039;\u00e0 150 personnes pour les grands \u00e9v\u00e9nements.<\/p><p>Oui, les enfants et les nourrissons sont compt\u00e9s comme passagers et sont inclus dans la capacit\u00e9 totale.<\/p><p>Important : Le nombre maximal de passagers est d\u00e9termin\u00e9 par les r\u00e8gles de s\u00e9curit\u00e9 du bateau et ne peut \u00eatre d\u00e9pass\u00e9.<\/p>\t\t\t\t\t\t\t\t<\/div>\n\t\t\t\t<\/div>\n\t\t\t\t\t<\/div>\n\t\t\t\t<\/div>\n\t\t\t\t\t<\/details>\n\t\t\t\t\t\t<details id=\"e-n-accordion-item-15514\" class=\"e-n-accordion-item\" >\n\t\t\t\t<summary class=\"e-n-accordion-item-title\" data-accordion-index=\"15\" tabindex=\"-1\" aria-expanded=\"false\" aria-controls=\"e-n-accordion-item-15514\" >\n\t\t\t\t\t<span class='e-n-accordion-item-title-header'><div class=\"e-n-accordion-item-title-text\"> Ai-je besoin d&#039;un permis pour louer un bateau \u00e0 Majorque\u00a0? <\/div><\/span>\n\t\t\t\t\t\t\t<span class='e-n-accordion-item-title-icon'>\n\t\t\t<span class='e-opened' ><svg aria-hidden=\"true\" class=\"e-font-icon-svg e-fas-minus\" viewbox=\"0 0 448 512\" xmlns=\"http:\/\/www.w3.org\/2000\/svg\"><path d=\"M416 208H32c-17.67 0-32 14.33-32 32v32c0 17.67 14.33 32 32 32h384c17.67 0 32-14.33 32-32v-32c0-17.67-14.33-32-32-32z\"><\/path><\/svg><\/span>\n\t\t\t<span class='e-closed'><svg aria-hidden=\"true\" class=\"e-font-icon-svg e-fas-plus\" viewbox=\"0 0 448 512\" xmlns=\"http:\/\/www.w3.org\/2000\/svg\"><path d=\"M416 208H272V64c0-17.67-14.33-32-32-32h-32c-17.67 0-32 14.33-32 32v144H32c-17.67 0-32 14.33-32 32v32c0 17.67 14.33 32 32 32h144v144c0 17.67 14.33 32 32 32h32c17.67 0 32-14.33 32-32V304h144c17.67 0 32-14.33 32-32v-32c0-17.67-14.33-32-32-32z\"><\/path><\/svg><\/span>\n\t\t<\/span>\n\n\t\t\t\t\t\t<\/summary>\n\t\t\t\t<div role=\"region\" aria-labelledby=\"e-n-accordion-item-15514\" class=\"elementor-element elementor-element-a2f1cb7 e-flex e-con-boxed e-con e-child\" data-id=\"a2f1cb7\" data-element_type=\"container\" data-e-type=\"container\">\n\t\t\t\t\t<div class=\"e-con-inner\">\n\t\t\t\t<div class=\"elementor-element elementor-element-3e83da1 elementor-widget elementor-widget-text-editor\" data-id=\"3e83da1\" data-element_type=\"widget\" data-e-type=\"widget\" data-widget_type=\"text-editor.default\">\n\t\t\t\t<div class=\"elementor-widget-container\">\n\t\t\t\t\t\t\t\t\t<p>Cela d\u00e9pend du bateau et si vous souhaitez le piloter vous-m\u00eame.<\/p><p>Aucune licence n&#039;est requise si :<\/p><ul><li>Vous louez un bateau avec skipper \u2013 il naviguera pendant que vous vous d\u00e9tendez et profitez du moment.<\/li><li>Vous choisissez un bateau sans permis \u2013 ceux-ci mesurent jusqu&#039;\u00e0 5 m\u00e8tres de long et sont \u00e9quip\u00e9s d&#039;un moteur jusqu&#039;\u00e0 15 CV.<\/li><\/ul><p>Une licence est requise si\u00a0:<\/p><ul><li>Vous souhaitez conduire un bateau qui d\u00e9passe ces limites (plus de 5 m\u00e8tres et plus de 15 CV).<\/li><\/ul><p>Si vous n&#039;avez pas de permis mais que vous souhaitez conduire un bateau, nous pouvons vous sugg\u00e9rer des solutions !<\/p>\t\t\t\t\t\t\t\t<\/div>\n\t\t\t\t<\/div>\n\t\t\t\t\t<\/div>\n\t\t\t\t<\/div>\n\t\t\t\t\t<\/details>\n\t\t\t\t\t\t<details id=\"e-n-accordion-item-15515\" class=\"e-n-accordion-item\" >\n\t\t\t\t<summary class=\"e-n-accordion-item-title\" data-accordion-index=\"16\" tabindex=\"-1\" aria-expanded=\"false\" aria-controls=\"e-n-accordion-item-15515\" >\n\t\t\t\t\t<span class='e-n-accordion-item-title-header'><div class=\"e-n-accordion-item-title-text\"> Combien de temps \u00e0 l&#039;avance dois-je r\u00e9server un bateau \u00e0 Majorque\u00a0? <\/div><\/span>\n\t\t\t\t\t\t\t<span class='e-n-accordion-item-title-icon'>\n\t\t\t<span class='e-opened' ><svg aria-hidden=\"true\" class=\"e-font-icon-svg e-fas-minus\" viewbox=\"0 0 448 512\" xmlns=\"http:\/\/www.w3.org\/2000\/svg\"><path d=\"M416 208H32c-17.67 0-32 14.33-32 32v32c0 17.67 14.33 32 32 32h384c17.67 0 32-14.33 32-32v-32c0-17.67-14.33-32-32-32z\"><\/path><\/svg><\/span>\n\t\t\t<span class='e-closed'><svg aria-hidden=\"true\" class=\"e-font-icon-svg e-fas-plus\" viewbox=\"0 0 448 512\" xmlns=\"http:\/\/www.w3.org\/2000\/svg\"><path d=\"M416 208H272V64c0-17.67-14.33-32-32-32h-32c-17.67 0-32 14.33-32 32v144H32c-17.67 0-32 14.33-32 32v32c0 17.67 14.33 32 32 32h144v144c0 17.67 14.33 32 32 32h32c17.67 0 32-14.33 32-32V304h144c17.67 0 32-14.33 32-32v-32c0-17.67-14.33-32-32-32z\"><\/path><\/svg><\/span>\n\t\t<\/span>\n\n\t\t\t\t\t\t<\/summary>\n\t\t\t\t<div role=\"region\" aria-labelledby=\"e-n-accordion-item-15515\" class=\"elementor-element elementor-element-fa177b6 e-flex e-con-boxed e-con e-child\" data-id=\"fa177b6\" data-element_type=\"container\" data-e-type=\"container\">\n\t\t\t\t\t<div class=\"e-con-inner\">\n\t\t\t\t<div class=\"elementor-element elementor-element-843d807 elementor-widget elementor-widget-text-editor\" data-id=\"843d807\" data-element_type=\"widget\" data-e-type=\"widget\" data-widget_type=\"text-editor.default\">\n\t\t\t\t<div class=\"elementor-widget-container\">\n\t\t\t\t\t\t\t\t\t<p>R\u00e9servez \u00e0 l&#039;avance, surtout en haute saison !<\/p><p>P\u00e9riodes de r\u00e9servation recommand\u00e9es\u00a0:<\/p><ul><li>Yachts \u00e0 moteur, catamarans, voiliers \u2013 2 \u00e0 4 semaines avant la date de location.<\/li><li>Bateaux \u00e0 moteur \u2013 1 semaine \u00e0 l&#039;avance (surtout de juin \u00e0 septembre).<\/li><\/ul><p>Puis-je r\u00e9server \u00e0 la derni\u00e8re minute\u00a0? Oui\u00a0! Si vous nous contactez la veille, nous essaierons de vous trouver des solutions. Cependant, le choix sera plus restreint que pour les r\u00e9servations anticip\u00e9es.<\/p><p>Conseil : R\u00e9servez \u00e0 l&#039;avance pour b\u00e9n\u00e9ficier des meilleurs bateaux et des meilleures conditions !<\/p>\t\t\t\t\t\t\t\t<\/div>\n\t\t\t\t<\/div>\n\t\t\t\t\t<\/div>\n\t\t\t\t<\/div>\n\t\t\t\t\t<\/details>\n\t\t\t\t\t\t<details id=\"e-n-accordion-item-15516\" class=\"e-n-accordion-item\" >\n\t\t\t\t<summary class=\"e-n-accordion-item-title\" data-accordion-index=\"17\" tabindex=\"-1\" aria-expanded=\"false\" aria-controls=\"e-n-accordion-item-15516\" >\n\t\t\t\t\t<span class='e-n-accordion-item-title-header'><div class=\"e-n-accordion-item-title-text\"> O\u00f9 sont situ\u00e9s vos bateaux \u00e0 Majorque ? <\/div><\/span>\n\t\t\t\t\t\t\t<span class='e-n-accordion-item-title-icon'>\n\t\t\t<span class='e-opened' ><svg aria-hidden=\"true\" class=\"e-font-icon-svg e-fas-minus\" viewbox=\"0 0 448 512\" xmlns=\"http:\/\/www.w3.org\/2000\/svg\"><path d=\"M416 208H32c-17.67 0-32 14.33-32 32v32c0 17.67 14.33 32 32 32h384c17.67 0 32-14.33 32-32v-32c0-17.67-14.33-32-32-32z\"><\/path><\/svg><\/span>\n\t\t\t<span class='e-closed'><svg aria-hidden=\"true\" class=\"e-font-icon-svg e-fas-plus\" viewbox=\"0 0 448 512\" xmlns=\"http:\/\/www.w3.org\/2000\/svg\"><path d=\"M416 208H272V64c0-17.67-14.33-32-32-32h-32c-17.67 0-32 14.33-32 32v144H32c-17.67 0-32 14.33-32 32v32c0 17.67 14.33 32 32 32h144v144c0 17.67 14.33 32 32 32h32c17.67 0 32-14.33 32-32V304h144c17.67 0 32-14.33 32-32v-32c0-17.67-14.33-32-32-32z\"><\/path><\/svg><\/span>\n\t\t<\/span>\n\n\t\t\t\t\t\t<\/summary>\n\t\t\t\t<div role=\"region\" aria-labelledby=\"e-n-accordion-item-15516\" class=\"elementor-element elementor-element-720c3b0 e-flex e-con-boxed e-con e-child\" data-id=\"720c3b0\" data-element_type=\"container\" data-e-type=\"container\">\n\t\t\t\t\t<div class=\"e-con-inner\">\n\t\t\t\t<div class=\"elementor-element elementor-element-6b1e03d elementor-widget elementor-widget-text-editor\" data-id=\"6b1e03d\" data-element_type=\"widget\" data-e-type=\"widget\" data-widget_type=\"text-editor.default\">\n\t\t\t\t<div class=\"elementor-widget-container\">\n\t\t\t\t\t\t\t\t\t<p>Nos bateaux sont disponibles \u00e0 la location partout \u00e0 Majorque et sont situ\u00e9s dans les ports et les zones les plus populaires de l&#039;\u00eele.<\/p><p>Principaux ports et zones o\u00f9 vous pouvez louer un bateau\u00a0:<\/p><ul><li>Palma de Majorque<\/li><li>Andratx<\/li><li>Port Adriano<\/li><li>Alcudia<\/li><li>Pollensa<\/li><li>Portails de Puerto<\/li><li>Port de S\u00f3ller<\/li><li>Santa Ponsa<\/li><li>Porto Cristo<\/li><li>Calanova<\/li><li>Cala Ratjada<\/li><li>Cala d&#039;Or<\/li><li>Magaluf<\/li><li>Palmanova<\/li><li>Paguera<\/li><li>Cala Millor<\/li><li>Picafort peut-il<\/li><li>El Arenal<\/li><li>Portocolom<\/li><li>Sa Rapita<\/li><\/ul><p>Nous disposons de bateaux dans toutes les principales zones maritimes de l&#039;\u00eele. En fonction de votre itin\u00e9raire et de vos pr\u00e9f\u00e9rences, nous vous aiderons \u00e0 choisir le point de d\u00e9part le plus pratique\u00a0!<\/p>\t\t\t\t\t\t\t\t<\/div>\n\t\t\t\t<\/div>\n\t\t\t\t\t<\/div>\n\t\t\t\t<\/div>\n\t\t\t\t\t<\/details>\n\t\t\t\t\t\t<details id=\"e-n-accordion-item-15517\" class=\"e-n-accordion-item\" >\n\t\t\t\t<summary class=\"e-n-accordion-item-title\" data-accordion-index=\"18\" tabindex=\"-1\" aria-expanded=\"false\" aria-controls=\"e-n-accordion-item-15517\" >\n\t\t\t\t\t<span class='e-n-accordion-item-title-header'><div class=\"e-n-accordion-item-title-text\"> Quelles informations dois-je vous fournir lors de ma r\u00e9servation\u00a0? <\/div><\/span>\n\t\t\t\t\t\t\t<span class='e-n-accordion-item-title-icon'>\n\t\t\t<span class='e-opened' ><svg aria-hidden=\"true\" class=\"e-font-icon-svg e-fas-minus\" viewbox=\"0 0 448 512\" xmlns=\"http:\/\/www.w3.org\/2000\/svg\"><path d=\"M416 208H32c-17.67 0-32 14.33-32 32v32c0 17.67 14.33 32 32 32h384c17.67 0 32-14.33 32-32v-32c0-17.67-14.33-32-32-32z\"><\/path><\/svg><\/span>\n\t\t\t<span class='e-closed'><svg aria-hidden=\"true\" class=\"e-font-icon-svg e-fas-plus\" viewbox=\"0 0 448 512\" xmlns=\"http:\/\/www.w3.org\/2000\/svg\"><path d=\"M416 208H272V64c0-17.67-14.33-32-32-32h-32c-17.67 0-32 14.33-32 32v144H32c-17.67 0-32 14.33-32 32v32c0 17.67 14.33 32 32 32h144v144c0 17.67 14.33 32 32 32h32c17.67 0 32-14.33 32-32V304h144c17.67 0 32-14.33 32-32v-32c0-17.67-14.33-32-32-32z\"><\/path><\/svg><\/span>\n\t\t<\/span>\n\n\t\t\t\t\t\t<\/summary>\n\t\t\t\t<div role=\"region\" aria-labelledby=\"e-n-accordion-item-15517\" class=\"elementor-element elementor-element-c2ea06c e-flex e-con-boxed e-con e-child\" data-id=\"c2ea06c\" data-element_type=\"container\" data-e-type=\"container\">\n\t\t\t\t\t<div class=\"e-con-inner\">\n\t\t\t\t<div class=\"elementor-element elementor-element-706cba2 elementor-widget elementor-widget-text-editor\" data-id=\"706cba2\" data-element_type=\"widget\" data-e-type=\"widget\" data-widget_type=\"text-editor.default\">\n\t\t\t\t<div class=\"elementor-widget-container\">\n\t\t\t\t\t\t\t\t\t<p>Lors de votre r\u00e9servation, veuillez fournir les informations suivantes\u00a0:<\/p><ul><li>Coordonn\u00e9es \u2013 Votre num\u00e9ro de t\u00e9l\u00e9phone (de pr\u00e9f\u00e9rence avec WhatsApp, au format international)<\/li><li>Votre adresse e-mail \u2013 Pour vous envoyer la confirmation de r\u00e9servation et les informations importantes<\/li><li>Date et heure souhait\u00e9es \u2013 Heure de d\u00e9but et dur\u00e9e de la location<\/li><li>Type de bateau<\/li><li>Nombre de personnes \u2013 Combien de personnes seront \u00e0 bord<\/li><li>Demandes particuli\u00e8res \u2013 Services suppl\u00e9mentaires (ex. traiteur, activit\u00e9s nautiques, etc.)<\/li><li>Budget \u2013 Si vous avez un budget, veuillez nous l\u2019indiquer afin que nous puissions vous proposer les meilleures options.<\/li><\/ul>\t\t\t\t\t\t\t\t<\/div>\n\t\t\t\t<\/div>\n\t\t\t\t\t<\/div>\n\t\t\t\t<\/div>\n\t\t\t\t\t<\/details>\n\t\t\t\t\t<\/div>\n\t\t\t\t\t\t<\/div>\n\t\t\t\t<\/div>\n\t\t\t\t<div class=\"elementor-element elementor-element-661d882 elementor-widget elementor-widget-spacer\" data-id=\"661d882\" data-element_type=\"widget\" data-e-type=\"widget\" data-widget_type=\"spacer.default\">\n\t\t\t\t<div class=\"elementor-widget-container\">\n\t\t\t\t\t\t\t<div class=\"elementor-spacer\">\n\t\t\t<div class=\"elementor-spacer-inner\"><\/div>\n\t\t<\/div>\n\t\t\t\t\t\t<\/div>\n\t\t\t\t<\/div>\n\t\t\t\t\t<\/div>\n\t\t<\/div>\n\t\t\t\t\t<\/div>\n\t\t<\/section>\n\t\t\t\t<section class=\"elementor-section elementor-top-section elementor-element elementor-element-2b20965 elementor-section-stretched elementor-section-boxed elementor-section-height-default elementor-section-height-default\" data-id=\"2b20965\" data-element_type=\"section\" data-e-type=\"section\" data-settings=\"{&quot;stretch_section&quot;:&quot;section-stretched&quot;,&quot;background_background&quot;:&quot;classic&quot;}\">\n\t\t\t\t\t\t<div class=\"elementor-container elementor-column-gap-default\">\n\t\t\t\t\t<div class=\"elementor-column elementor-col-100 elementor-top-column elementor-element elementor-element-03508c7\" data-id=\"03508c7\" data-element_type=\"column\" data-e-type=\"column\">\n\t\t\t<div class=\"elementor-widget-wrap elementor-element-populated\">\n\t\t\t\t\t\t<div class=\"elementor-element elementor-element-234ba61 elementor-widget elementor-widget-spacer\" data-id=\"234ba61\" data-element_type=\"widget\" data-e-type=\"widget\" data-widget_type=\"spacer.default\">\n\t\t\t\t<div class=\"elementor-widget-container\">\n\t\t\t\t\t\t\t<div class=\"elementor-spacer\">\n\t\t\t<div class=\"elementor-spacer-inner\"><\/div>\n\t\t<\/div>\n\t\t\t\t\t\t<\/div>\n\t\t\t\t<\/div>\n\t\t\t\t<div class=\"elementor-element elementor-element-eb88119 elementor-widget__width-initial elementor-widget elementor-widget-homey_elementor_section_title\" data-id=\"eb88119\" data-element_type=\"widget\" data-e-type=\"widget\" data-widget_type=\"homey_elementor_section_title.default\">\n\t\t\t\t<div class=\"elementor-widget-container\">\n\t\t\t\t\t            <div class=\"homey_section_title_wrap_elementor homey-module module-title section-title-module\">\n                                    <h2 class=\"homey_section_title\">Prix de location de bateaux \u00e0 Majorque<\/h2>\n                \n                                    <p class=\"homey_section_subtitle sub-heading\">\u00c0 Majorque, les prix de location de bateaux varient selon le type d&#039;embarcation, la dur\u00e9e et les services inclus. Profitez d&#039;une location priv\u00e9e \u00e0 partir de 150 \u20ac de l&#039;heure, avec des options pour une demi-journ\u00e9e, une journ\u00e9e compl\u00e8te ou une croisi\u00e8re au coucher du soleil.<\/p>\n                            <\/div>\n            \t\t\t\t<\/div>\n\t\t\t\t<\/div>\n\t\t\t\t<div class=\"elementor-element elementor-element-8cbf648 elementor-widget-divider--view-line elementor-widget elementor-widget-divider\" data-id=\"8cbf648\" data-element_type=\"widget\" data-e-type=\"widget\" data-widget_type=\"divider.default\">\n\t\t\t\t<div class=\"elementor-widget-container\">\n\t\t\t\t\t\t\t<div class=\"elementor-divider\">\n\t\t\t<span class=\"elementor-divider-separator\">\n\t\t\t\t\t\t<\/span>\n\t\t<\/div>\n\t\t\t\t\t\t<\/div>\n\t\t\t\t<\/div>\n\t\t\t\t<div class=\"elementor-element elementor-element-8a84ed1 eael-dt-th-align-center eael-table-align-center elementor-widget elementor-widget-eael-data-table\" data-id=\"8a84ed1\" data-element_type=\"widget\" data-e-type=\"widget\" data-widget_type=\"eael-data-table.default\">\n\t\t\t\t<div class=\"elementor-widget-container\">\n\t\t\t\t\t\t\t<div class=\"eael-data-table-wrap\" data-table_id=\"8a84ed1\" id=\"eael-data-table-wrapper-8a84ed1\" data-custom_responsive=\"false\">\n\t\t\t<table class=\"tablesorter eael-data-table center\" id=\"eael-data-table-8a84ed1\">\n\t\t\t    <thead>\n\t\t\t        <tr class=\"table-header\">\n\t\t\t\t\t\t\t\t\t            <th class=\"\" id=\"\" colspan=\"\">\n\t\t\t\t\t\t\t\t\t\t\t\t\t\t<span class=\"data-table-header-text\">Type de bateau<\/span><\/th>\n\t\t\t        \t\t\t\t            <th class=\"\" id=\"\" colspan=\"\">\n\t\t\t\t\t\t\t\t\t\t\t\t\t\t<span class=\"data-table-header-text\">Prix minimum<\/span><\/th>\n\t\t\t        \t\t\t\t            <th class=\"\" id=\"\" colspan=\"\">\n\t\t\t\t\t\t\t\t\t\t\t\t\t\t<span class=\"data-table-header-text\">Dur\u00e9e<\/span><\/th>\n\t\t\t        \t\t\t\t            <th class=\"\" id=\"\" colspan=\"\">\n\t\t\t\t\t\t\t\t\t\t\t\t\t\t<span class=\"data-table-header-text\">Lieux<\/span><\/th>\n\t\t\t        \t\t\t\t            <th class=\"\" id=\"\" colspan=\"\">\n\t\t\t\t\t\t\t\t\t\t\t\t\t\t<span class=\"data-table-header-text\">Capacit\u00e9 du bateau<\/span><\/th>\n\t\t\t        \t\t\t\t            <th class=\"\" id=\"\" colspan=\"\">\n\t\t\t\t\t\t\t\t\t\t\t\t\t\t<span class=\"data-table-header-text\">Exemples de bateaux<\/span><\/th>\n\t\t\t        \t\t\t\t        <\/tr>\n\t\t\t    <\/thead>\n\t\t\t  \t<tbody>\n\t\t\t\t\t\t\t\t\t\t\t<tr>\n\t\t\t\t\t\t\t\t\t\t\t\t\t\t\t\t   \t\t\t\t\t\t\t\t\t\t\t<td colspan=\"\" rowspan=\"\" class=\"\" id=\"\">\n\t\t\t\t\t\t\t\t\t\t\t\t<div class=\"td-content-wrapper\"><div class=\"td-content\">\n\t\t\t\t\t\t\t\t\t\t\t\t\tYacht\t\t\t\t\t\t\t\t\t\t\t\t<\/div><\/div>\n\t\t\t\t\t\t\t\t\t\t\t<\/td>\n\t\t\t\t\t\t\t\t\t\t\t\t\t\t\t\t\t\t\t\t\t\t\t\t\t\t\t\t\t   \t\t\t\t\t\t\t\t\t\t\t<td colspan=\"\" rowspan=\"\" class=\"\" id=\"\">\n\t\t\t\t\t\t\t\t\t\t\t\t<div class=\"td-content-wrapper\"><div class=\"td-content\">\n\t\t\t\t\t\t\t\t\t\t\t\t\t\u00e0 partir de 1400\u20ac\/jour\t\t\t\t\t\t\t\t\t\t\t\t<\/div><\/div>\n\t\t\t\t\t\t\t\t\t\t\t<\/td>\n\t\t\t\t\t\t\t\t\t\t\t\t\t\t\t\t\t\t\t\t\t\t\t\t\t\t\t\t\t   \t\t\t\t\t\t\t\t\t\t\t<td colspan=\"\" rowspan=\"\" class=\"\" id=\"\">\n\t\t\t\t\t\t\t\t\t\t\t\t<div class=\"td-content-wrapper\"><div class=\"td-content\">\n\t\t\t\t\t\t\t\t\t\t\t\t\tjourn\u00e9e compl\u00e8te, semaine\t\t\t\t\t\t\t\t\t\t\t\t<\/div><\/div>\n\t\t\t\t\t\t\t\t\t\t\t<\/td>\n\t\t\t\t\t\t\t\t\t\t\t\t\t\t\t\t\t\t\t\t\t\t\t\t\t\t\t\t\t   \t\t\t\t\t\t\t\t\t\t\t<td colspan=\"\" rowspan=\"\" class=\"\" id=\"\">\n\t\t\t\t\t\t\t\t\t\t\t\t<div class=\"td-content-wrapper\"><div class=\"td-content\">\n\t\t\t\t\t\t\t\t\t\t\t\t\tPalma de Majorque, Andratx, Alcudia, Pollensa, Portals Nous\t\t\t\t\t\t\t\t\t\t\t\t<\/div><\/div>\n\t\t\t\t\t\t\t\t\t\t\t<\/td>\n\t\t\t\t\t\t\t\t\t\t\t\t\t\t\t\t\t\t\t\t\t\t\t\t\t\t\t\t\t   \t\t\t\t\t\t\t\t\t\t\t<td colspan=\"\" rowspan=\"\" class=\"\" id=\"\">\n\t\t\t\t\t\t\t\t\t\t\t\t<div class=\"td-content-wrapper\"><div class=\"td-content\">\n\t\t\t\t\t\t\t\t\t\t\t\t\tjusqu&#039;\u00e0 14 personnes\t\t\t\t\t\t\t\t\t\t\t\t<\/div><\/div>\n\t\t\t\t\t\t\t\t\t\t\t<\/td>\n\t\t\t\t\t\t\t\t\t\t\t\t\t\t\t\t\t\t\t\t\t\t\t\t\t\t\t\t\t   \t\t\t\t\t\t\t\t\t\t\t<td colspan=\"\" rowspan=\"\" class=\"\" id=\"\">\n\t\t\t\t\t\t\t\t\t\t\t\t<div class=\"td-content-wrapper\"><div class=\"td-content\">\n\t\t\t\t\t\t\t\t\t\t\t\t\tSunseeker 76, Azimut 68, Princess 67, Prestige 680\t\t\t\t\t\t\t\t\t\t\t\t<\/div><\/div>\n\t\t\t\t\t\t\t\t\t\t\t<\/td>\n\t\t\t\t\t\t\t\t\t\t\t\t\t\t\t\t\t\t\t\t\t\t\t\t\t\t<\/tr>\n\t\t\t        \t\t\t\t\t\t<tr>\n\t\t\t\t\t\t\t\t\t\t\t\t\t\t\t\t   \t\t\t\t\t\t\t\t\t\t\t<td colspan=\"\" rowspan=\"\" class=\"\" id=\"\">\n\t\t\t\t\t\t\t\t\t\t\t\t<div class=\"td-content-wrapper\"><div class=\"td-content\">\n\t\t\t\t\t\t\t\t\t\t\t\t\tBateau \u00e0 moteur\t\t\t\t\t\t\t\t\t\t\t\t<\/div><\/div>\n\t\t\t\t\t\t\t\t\t\t\t<\/td>\n\t\t\t\t\t\t\t\t\t\t\t\t\t\t\t\t\t\t\t\t\t\t\t\t\t\t\t\t\t   \t\t\t\t\t\t\t\t\t\t\t<td colspan=\"\" rowspan=\"\" class=\"\" id=\"\">\n\t\t\t\t\t\t\t\t\t\t\t\t<div class=\"td-content-wrapper\"><div class=\"td-content\">\n\t\t\t\t\t\t\t\t\t\t\t\t\t\u00e0 partir de 295 \u20ac\/jour\t\t\t\t\t\t\t\t\t\t\t\t<\/div><\/div>\n\t\t\t\t\t\t\t\t\t\t\t<\/td>\n\t\t\t\t\t\t\t\t\t\t\t\t\t\t\t\t\t\t\t\t\t\t\t\t\t\t\t\t\t   \t\t\t\t\t\t\t\t\t\t\t<td colspan=\"\" rowspan=\"\" class=\"\" id=\"\">\n\t\t\t\t\t\t\t\t\t\t\t\t<div class=\"td-content-wrapper\"><div class=\"td-content\">\n\t\t\t\t\t\t\t\t\t\t\t\t\tcoucher de soleil, demi-journ\u00e9e, journ\u00e9e compl\u00e8te\t\t\t\t\t\t\t\t\t\t\t\t<\/div><\/div>\n\t\t\t\t\t\t\t\t\t\t\t<\/td>\n\t\t\t\t\t\t\t\t\t\t\t\t\t\t\t\t\t\t\t\t\t\t\t\t\t\t\t\t\t   \t\t\t\t\t\t\t\t\t\t\t<td colspan=\"\" rowspan=\"\" class=\"\" id=\"\">\n\t\t\t\t\t\t\t\t\t\t\t\t<div class=\"td-content-wrapper\"><div class=\"td-content\">\n\t\t\t\t\t\t\t\t\t\t\t\t\tCala d&#039;Or, Santa Ponsa, Portocolom, Palma de Majorque, Can Picafort, Port d&#039;Andratx, Alcudia, S&#039;Arenal\t\t\t\t\t\t\t\t\t\t\t\t<\/div><\/div>\n\t\t\t\t\t\t\t\t\t\t\t<\/td>\n\t\t\t\t\t\t\t\t\t\t\t\t\t\t\t\t\t\t\t\t\t\t\t\t\t\t\t\t\t   \t\t\t\t\t\t\t\t\t\t\t<td colspan=\"\" rowspan=\"\" class=\"\" id=\"\">\n\t\t\t\t\t\t\t\t\t\t\t\t<div class=\"td-content-wrapper\"><div class=\"td-content\">\n\t\t\t\t\t\t\t\t\t\t\t\t\tjusqu&#039;\u00e0 12 personnes\t\t\t\t\t\t\t\t\t\t\t\t<\/div><\/div>\n\t\t\t\t\t\t\t\t\t\t\t<\/td>\n\t\t\t\t\t\t\t\t\t\t\t\t\t\t\t\t\t\t\t\t\t\t\t\t\t\t\t\t\t   \t\t\t\t\t\t\t\t\t\t\t<td colspan=\"\" rowspan=\"\" class=\"\" id=\"\">\n\t\t\t\t\t\t\t\t\t\t\t\t<div class=\"td-content-wrapper\"><div class=\"td-content\">\n\t\t\t\t\t\t\t\t\t\t\t\t\tSessa Marine 35, Sea Ray 230, Karnic SL800, Gobbi Open 23\t\t\t\t\t\t\t\t\t\t\t\t<\/div><\/div>\n\t\t\t\t\t\t\t\t\t\t\t<\/td>\n\t\t\t\t\t\t\t\t\t\t\t\t\t\t\t\t\t\t\t\t\t\t\t\t\t\t<\/tr>\n\t\t\t        \t\t\t\t\t\t<tr>\n\t\t\t\t\t\t\t\t\t\t\t\t\t\t\t\t   \t\t\t\t\t\t\t\t\t\t\t<td colspan=\"\" rowspan=\"\" class=\"\" id=\"\">\n\t\t\t\t\t\t\t\t\t\t\t\t<div class=\"td-content-wrapper\"><div class=\"td-content\">\n\t\t\t\t\t\t\t\t\t\t\t\t\tVoilier\t\t\t\t\t\t\t\t\t\t\t\t<\/div><\/div>\n\t\t\t\t\t\t\t\t\t\t\t<\/td>\n\t\t\t\t\t\t\t\t\t\t\t\t\t\t\t\t\t\t\t\t\t\t\t\t\t\t\t\t\t   \t\t\t\t\t\t\t\t\t\t\t<td colspan=\"\" rowspan=\"\" class=\"\" id=\"\">\n\t\t\t\t\t\t\t\t\t\t\t\t<div class=\"td-content-wrapper\"><div class=\"td-content\">\n\t\t\t\t\t\t\t\t\t\t\t\t\t\u00e0 partir de 350 \u20ac\/jour\t\t\t\t\t\t\t\t\t\t\t\t<\/div><\/div>\n\t\t\t\t\t\t\t\t\t\t\t<\/td>\n\t\t\t\t\t\t\t\t\t\t\t\t\t\t\t\t\t\t\t\t\t\t\t\t\t\t\t\t\t   \t\t\t\t\t\t\t\t\t\t\t<td colspan=\"\" rowspan=\"\" class=\"\" id=\"\">\n\t\t\t\t\t\t\t\t\t\t\t\t<div class=\"td-content-wrapper\"><div class=\"td-content\">\n\t\t\t\t\t\t\t\t\t\t\t\t\tdemi-journ\u00e9e, journ\u00e9e compl\u00e8te, semaine\t\t\t\t\t\t\t\t\t\t\t\t<\/div><\/div>\n\t\t\t\t\t\t\t\t\t\t\t<\/td>\n\t\t\t\t\t\t\t\t\t\t\t\t\t\t\t\t\t\t\t\t\t\t\t\t\t\t\t\t\t   \t\t\t\t\t\t\t\t\t\t\t<td colspan=\"\" rowspan=\"\" class=\"\" id=\"\">\n\t\t\t\t\t\t\t\t\t\t\t\t<div class=\"td-content-wrapper\"><div class=\"td-content\">\n\t\t\t\t\t\t\t\t\t\t\t\t\tPortocolom, Cala d&#039;Or, Can Picafort, Palma de Majorque, Port de Pollen\u00e7a, Port d&#039;Alcudia, Port de Soller\t\t\t\t\t\t\t\t\t\t\t\t<\/div><\/div>\n\t\t\t\t\t\t\t\t\t\t\t<\/td>\n\t\t\t\t\t\t\t\t\t\t\t\t\t\t\t\t\t\t\t\t\t\t\t\t\t\t\t\t\t   \t\t\t\t\t\t\t\t\t\t\t<td colspan=\"\" rowspan=\"\" class=\"\" id=\"\">\n\t\t\t\t\t\t\t\t\t\t\t\t<div class=\"td-content-wrapper\"><div class=\"td-content\">\n\t\t\t\t\t\t\t\t\t\t\t\t\tjusqu&#039;\u00e0 12 personnes\t\t\t\t\t\t\t\t\t\t\t\t<\/div><\/div>\n\t\t\t\t\t\t\t\t\t\t\t<\/td>\n\t\t\t\t\t\t\t\t\t\t\t\t\t\t\t\t\t\t\t\t\t\t\t\t\t\t\t\t\t   \t\t\t\t\t\t\t\t\t\t\t<td colspan=\"\" rowspan=\"\" class=\"\" id=\"\">\n\t\t\t\t\t\t\t\t\t\t\t\t<div class=\"td-content-wrapper\"><div class=\"td-content\">\n\t\t\t\t\t\t\t\t\t\t\t\t\tBavaria 40, Sun Odyssey 36, Oceanis 45, Dufour 512\t\t\t\t\t\t\t\t\t\t\t\t<\/div><\/div>\n\t\t\t\t\t\t\t\t\t\t\t<\/td>\n\t\t\t\t\t\t\t\t\t\t\t\t\t\t\t\t\t\t\t\t\t\t\t\t\t\t<\/tr>\n\t\t\t        \t\t\t\t\t\t<tr>\n\t\t\t\t\t\t\t\t\t\t\t\t\t\t\t\t   \t\t\t\t\t\t\t\t\t\t\t<td colspan=\"\" rowspan=\"\" class=\"\" id=\"\">\n\t\t\t\t\t\t\t\t\t\t\t\t<div class=\"td-content-wrapper\"><div class=\"td-content\">\n\t\t\t\t\t\t\t\t\t\t\t\t\tCatamaran\t\t\t\t\t\t\t\t\t\t\t\t<\/div><\/div>\n\t\t\t\t\t\t\t\t\t\t\t<\/td>\n\t\t\t\t\t\t\t\t\t\t\t\t\t\t\t\t\t\t\t\t\t\t\t\t\t\t\t\t\t   \t\t\t\t\t\t\t\t\t\t\t<td colspan=\"\" rowspan=\"\" class=\"\" id=\"\">\n\t\t\t\t\t\t\t\t\t\t\t\t<div class=\"td-content-wrapper\"><div class=\"td-content\">\n\t\t\t\t\t\t\t\t\t\t\t\t\t\u00e0 partir de 700 \u20ac\/jour\t\t\t\t\t\t\t\t\t\t\t\t<\/div><\/div>\n\t\t\t\t\t\t\t\t\t\t\t<\/td>\n\t\t\t\t\t\t\t\t\t\t\t\t\t\t\t\t\t\t\t\t\t\t\t\t\t\t\t\t\t   \t\t\t\t\t\t\t\t\t\t\t<td colspan=\"\" rowspan=\"\" class=\"\" id=\"\">\n\t\t\t\t\t\t\t\t\t\t\t\t<div class=\"td-content-wrapper\"><div class=\"td-content\">\n\t\t\t\t\t\t\t\t\t\t\t\t\tdemi-journ\u00e9e, journ\u00e9e compl\u00e8te, semaine\t\t\t\t\t\t\t\t\t\t\t\t<\/div><\/div>\n\t\t\t\t\t\t\t\t\t\t\t<\/td>\n\t\t\t\t\t\t\t\t\t\t\t\t\t\t\t\t\t\t\t\t\t\t\t\t\t\t\t\t\t   \t\t\t\t\t\t\t\t\t\t\t<td colspan=\"\" rowspan=\"\" class=\"\" id=\"\">\n\t\t\t\t\t\t\t\t\t\t\t\t<div class=\"td-content-wrapper\"><div class=\"td-content\">\n\t\t\t\t\t\t\t\t\t\t\t\t\tS&#039;Arenal, Santa Ponsa, Pollensa, Palma de Majorque, Ca&#039;n Pastilla, Portocolom, Port d&#039;Andratx\t\t\t\t\t\t\t\t\t\t\t\t<\/div><\/div>\n\t\t\t\t\t\t\t\t\t\t\t<\/td>\n\t\t\t\t\t\t\t\t\t\t\t\t\t\t\t\t\t\t\t\t\t\t\t\t\t\t\t\t\t   \t\t\t\t\t\t\t\t\t\t\t<td colspan=\"\" rowspan=\"\" class=\"\" id=\"\">\n\t\t\t\t\t\t\t\t\t\t\t\t<div class=\"td-content-wrapper\"><div class=\"td-content\">\n\t\t\t\t\t\t\t\t\t\t\t\t\tjusqu&#039;\u00e0 150 personnes\t\t\t\t\t\t\t\t\t\t\t\t<\/div><\/div>\n\t\t\t\t\t\t\t\t\t\t\t<\/td>\n\t\t\t\t\t\t\t\t\t\t\t\t\t\t\t\t\t\t\t\t\t\t\t\t\t\t\t\t\t   \t\t\t\t\t\t\t\t\t\t\t<td colspan=\"\" rowspan=\"\" class=\"\" id=\"\">\n\t\t\t\t\t\t\t\t\t\t\t\t<div class=\"td-content-wrapper\"><div class=\"td-content\">\n\t\t\t\t\t\t\t\t\t\t\t\t\tLagoon 40, Bahia 46, Bali 4.2, Voyage 440, Nautitech 40\t\t\t\t\t\t\t\t\t\t\t\t<\/div><\/div>\n\t\t\t\t\t\t\t\t\t\t\t<\/td>\n\t\t\t\t\t\t\t\t\t\t\t\t\t\t\t\t\t\t\t\t\t\t\t\t\t\t<\/tr>\n\t\t\t        \t\t\t\t\t\t<tr>\n\t\t\t\t\t\t\t\t\t\t\t\t\t\t\t\t   \t\t\t\t\t\t\t\t\t\t\t<td colspan=\"\" rowspan=\"\" class=\"\" id=\"\">\n\t\t\t\t\t\t\t\t\t\t\t\t<div class=\"td-content-wrapper\"><div class=\"td-content\">\n\t\t\t\t\t\t\t\t\t\t\t\t\tLlaut\t\t\t\t\t\t\t\t\t\t\t\t<\/div><\/div>\n\t\t\t\t\t\t\t\t\t\t\t<\/td>\n\t\t\t\t\t\t\t\t\t\t\t\t\t\t\t\t\t\t\t\t\t\t\t\t\t\t\t\t\t   \t\t\t\t\t\t\t\t\t\t\t<td colspan=\"\" rowspan=\"\" class=\"\" id=\"\">\n\t\t\t\t\t\t\t\t\t\t\t\t<div class=\"td-content-wrapper\"><div class=\"td-content\">\n\t\t\t\t\t\t\t\t\t\t\t\t\t\u00e0 partir de 605 \u20ac\/jour\t\t\t\t\t\t\t\t\t\t\t\t<\/div><\/div>\n\t\t\t\t\t\t\t\t\t\t\t<\/td>\n\t\t\t\t\t\t\t\t\t\t\t\t\t\t\t\t\t\t\t\t\t\t\t\t\t\t\t\t\t   \t\t\t\t\t\t\t\t\t\t\t<td colspan=\"\" rowspan=\"\" class=\"\" id=\"\">\n\t\t\t\t\t\t\t\t\t\t\t\t<div class=\"td-content-wrapper\"><div class=\"td-content\">\n\t\t\t\t\t\t\t\t\t\t\t\t\tcoucher de soleil, demi-journ\u00e9e, journ\u00e9e compl\u00e8te\t\t\t\t\t\t\t\t\t\t\t\t<\/div><\/div>\n\t\t\t\t\t\t\t\t\t\t\t<\/td>\n\t\t\t\t\t\t\t\t\t\t\t\t\t\t\t\t\t\t\t\t\t\t\t\t\t\t\t\t\t   \t\t\t\t\t\t\t\t\t\t\t<td colspan=\"\" rowspan=\"\" class=\"\" id=\"\">\n\t\t\t\t\t\t\t\t\t\t\t\t<div class=\"td-content-wrapper\"><div class=\"td-content\">\n\t\t\t\t\t\t\t\t\t\t\t\t\tPort Andratx, S&#039;Arenal, Alcudia, Palma de Majorque, Port de Pollen\u00e7a, Colonia de Sant Jordi, Porto Cristo\t\t\t\t\t\t\t\t\t\t\t\t<\/div><\/div>\n\t\t\t\t\t\t\t\t\t\t\t<\/td>\n\t\t\t\t\t\t\t\t\t\t\t\t\t\t\t\t\t\t\t\t\t\t\t\t\t\t\t\t\t   \t\t\t\t\t\t\t\t\t\t\t<td colspan=\"\" rowspan=\"\" class=\"\" id=\"\">\n\t\t\t\t\t\t\t\t\t\t\t\t<div class=\"td-content-wrapper\"><div class=\"td-content\">\n\t\t\t\t\t\t\t\t\t\t\t\t\tjusqu&#039;\u00e0 12 personnes\t\t\t\t\t\t\t\t\t\t\t\t<\/div><\/div>\n\t\t\t\t\t\t\t\t\t\t\t<\/td>\n\t\t\t\t\t\t\t\t\t\t\t\t\t\t\t\t\t\t\t\t\t\t\t\t\t\t\t\t\t   \t\t\t\t\t\t\t\t\t\t\t<td colspan=\"\" rowspan=\"\" class=\"\" id=\"\">\n\t\t\t\t\t\t\t\t\t\t\t\t<div class=\"td-content-wrapper\"><div class=\"td-content\">\n\t\t\t\t\t\t\t\t\t\t\t\t\tMenorquin 50, Myabca 45 TR, Capeador Saura 40, Migjorn 36\t\t\t\t\t\t\t\t\t\t\t\t<\/div><\/div>\n\t\t\t\t\t\t\t\t\t\t\t<\/td>\n\t\t\t\t\t\t\t\t\t\t\t\t\t\t\t\t\t\t\t\t\t\t\t\t\t\t<\/tr>\n\t\t\t        \t\t\t\t\t\t<tr>\n\t\t\t\t\t\t\t\t\t\t\t\t\t\t\t\t   \t\t\t\t\t\t\t\t\t\t\t<td colspan=\"\" rowspan=\"\" class=\"\" id=\"\">\n\t\t\t\t\t\t\t\t\t\t\t\t<div class=\"td-content-wrapper\"><div class=\"td-content\">\n\t\t\t\t\t\t\t\t\t\t\t\t\tC\u00d4TE\t\t\t\t\t\t\t\t\t\t\t\t<\/div><\/div>\n\t\t\t\t\t\t\t\t\t\t\t<\/td>\n\t\t\t\t\t\t\t\t\t\t\t\t\t\t\t\t\t\t\t\t\t\t\t\t\t\t\t\t\t   \t\t\t\t\t\t\t\t\t\t\t<td colspan=\"\" rowspan=\"\" class=\"\" id=\"\">\n\t\t\t\t\t\t\t\t\t\t\t\t<div class=\"td-content-wrapper\"><div class=\"td-content\">\n\t\t\t\t\t\t\t\t\t\t\t\t\t\u00e0 partir de 290 \u20ac\/jour\n\t\t\t\t\t\t\t\t\t\t\t\t<\/div><\/div>\n\t\t\t\t\t\t\t\t\t\t\t<\/td>\n\t\t\t\t\t\t\t\t\t\t\t\t\t\t\t\t\t\t\t\t\t\t\t\t\t\t\t\t\t   \t\t\t\t\t\t\t\t\t\t\t<td colspan=\"\" rowspan=\"\" class=\"\" id=\"\">\n\t\t\t\t\t\t\t\t\t\t\t\t<div class=\"td-content-wrapper\"><div class=\"td-content\">\n\t\t\t\t\t\t\t\t\t\t\t\t\tdemi-journ\u00e9e, journ\u00e9e compl\u00e8te\t\t\t\t\t\t\t\t\t\t\t\t<\/div><\/div>\n\t\t\t\t\t\t\t\t\t\t\t<\/td>\n\t\t\t\t\t\t\t\t\t\t\t\t\t\t\t\t\t\t\t\t\t\t\t\t\t\t\t\t\t   \t\t\t\t\t\t\t\t\t\t\t<td colspan=\"\" rowspan=\"\" class=\"\" id=\"\">\n\t\t\t\t\t\t\t\t\t\t\t\t<div class=\"td-content-wrapper\"><div class=\"td-content\">\n\t\t\t\t\t\t\t\t\t\t\t\t\tPortopetro, Andratx, Cala Ratjada, Pollensa, S&#039;Arenal, Cala Figuera, Cala d&#039;Or, Soller, Palma de Majorque\t\t\t\t\t\t\t\t\t\t\t\t<\/div><\/div>\n\t\t\t\t\t\t\t\t\t\t\t<\/td>\n\t\t\t\t\t\t\t\t\t\t\t\t\t\t\t\t\t\t\t\t\t\t\t\t\t\t\t\t\t   \t\t\t\t\t\t\t\t\t\t\t<td colspan=\"\" rowspan=\"\" class=\"\" id=\"\">\n\t\t\t\t\t\t\t\t\t\t\t\t<div class=\"td-content-wrapper\"><div class=\"td-content\">\n\t\t\t\t\t\t\t\t\t\t\t\t\tjusqu&#039;\u00e0 12 personnes\t\t\t\t\t\t\t\t\t\t\t\t<\/div><\/div>\n\t\t\t\t\t\t\t\t\t\t\t<\/td>\n\t\t\t\t\t\t\t\t\t\t\t\t\t\t\t\t\t\t\t\t\t\t\t\t\t\t\t\t\t   \t\t\t\t\t\t\t\t\t\t\t<td colspan=\"\" rowspan=\"\" class=\"\" id=\"\">\n\t\t\t\t\t\t\t\t\t\t\t\t<div class=\"td-content-wrapper\"><div class=\"td-content\">\n\t\t\t\t\t\t\t\t\t\t\t\t\tBWA 17 Sport, Selva 570, Capelli Tempest 600, BSC 75\t\t\t\t\t\t\t\t\t\t\t\t<\/div><\/div>\n\t\t\t\t\t\t\t\t\t\t\t<\/td>\n\t\t\t\t\t\t\t\t\t\t\t\t\t\t\t\t\t\t\t\t\t\t\t\t\t\t<\/tr>\n\t\t\t        \t\t\t\t\t\t<tr>\n\t\t\t\t\t\t\t\t\t\t\t\t\t\t\t\t   \t\t\t\t\t\t\t\t\t\t\t<td colspan=\"\" rowspan=\"\" class=\"\" id=\"\">\n\t\t\t\t\t\t\t\t\t\t\t\t<div class=\"td-content-wrapper\"><div class=\"td-content\">\n\t\t\t\t\t\t\t\t\t\t\t\t\tBateau sans permis\t\t\t\t\t\t\t\t\t\t\t\t<\/div><\/div>\n\t\t\t\t\t\t\t\t\t\t\t<\/td>\n\t\t\t\t\t\t\t\t\t\t\t\t\t\t\t\t\t\t\t\t\t\t\t\t\t\t\t\t\t   \t\t\t\t\t\t\t\t\t\t\t<td colspan=\"\" rowspan=\"\" class=\"\" id=\"\">\n\t\t\t\t\t\t\t\t\t\t\t\t<div class=\"td-content-wrapper\"><div class=\"td-content\">\n\t\t\t\t\t\t\t\t\t\t\t\t\t\u00e0 partir de 200 \u20ac\/jour\t\t\t\t\t\t\t\t\t\t\t\t<\/div><\/div>\n\t\t\t\t\t\t\t\t\t\t\t<\/td>\n\t\t\t\t\t\t\t\t\t\t\t\t\t\t\t\t\t\t\t\t\t\t\t\t\t\t\t\t\t   \t\t\t\t\t\t\t\t\t\t\t<td colspan=\"\" rowspan=\"\" class=\"\" id=\"\">\n\t\t\t\t\t\t\t\t\t\t\t\t<div class=\"td-content-wrapper\"><div class=\"td-content\">\n\t\t\t\t\t\t\t\t\t\t\t\t\tdemi-journ\u00e9e, journ\u00e9e compl\u00e8te\t\t\t\t\t\t\t\t\t\t\t\t<\/div><\/div>\n\t\t\t\t\t\t\t\t\t\t\t<\/td>\n\t\t\t\t\t\t\t\t\t\t\t\t\t\t\t\t\t\t\t\t\t\t\t\t\t\t\t\t\t   \t\t\t\t\t\t\t\t\t\t\t<td colspan=\"\" rowspan=\"\" class=\"\" id=\"\">\n\t\t\t\t\t\t\t\t\t\t\t\t<div class=\"td-content-wrapper\"><div class=\"td-content\">\n\t\t\t\t\t\t\t\t\t\t\t\t\tPortocolom, Santa Ponsa, Alcudia, Cala d&#039;Or, Palma de Majorque, Can Picafort, Port Adriano\t\t\t\t\t\t\t\t\t\t\t\t<\/div><\/div>\n\t\t\t\t\t\t\t\t\t\t\t<\/td>\n\t\t\t\t\t\t\t\t\t\t\t\t\t\t\t\t\t\t\t\t\t\t\t\t\t\t\t\t\t   \t\t\t\t\t\t\t\t\t\t\t<td colspan=\"\" rowspan=\"\" class=\"\" id=\"\">\n\t\t\t\t\t\t\t\t\t\t\t\t<div class=\"td-content-wrapper\"><div class=\"td-content\">\n\t\t\t\t\t\t\t\t\t\t\t\t\tjusqu&#039;\u00e0 8 personnes\t\t\t\t\t\t\t\t\t\t\t\t<\/div><\/div>\n\t\t\t\t\t\t\t\t\t\t\t<\/td>\n\t\t\t\t\t\t\t\t\t\t\t\t\t\t\t\t\t\t\t\t\t\t\t\t\t\t\t\t\t   \t\t\t\t\t\t\t\t\t\t\t<td colspan=\"\" rowspan=\"\" class=\"\" id=\"\">\n\t\t\t\t\t\t\t\t\t\t\t\t<div class=\"td-content-wrapper\"><div class=\"td-content\">\n\t\t\t\t\t\t\t\t\t\t\t\t\tMarion 500, Compass 150 CC, Silver 525, Remus 450\t\t\t\t\t\t\t\t\t\t\t\t<\/div><\/div>\n\t\t\t\t\t\t\t\t\t\t\t<\/td>\n\t\t\t\t\t\t\t\t\t\t\t\t\t\t\t\t\t\t\t\t\t\t\t\t\t\t<\/tr>\n\t\t\t        \t\t\t    <\/tbody>\n\t\t\t<\/table>\n\t\t<\/div>\n\t  \t\t\t\t\t<\/div>\n\t\t\t\t<\/div>\n\t\t\t\t<div class=\"elementor-element elementor-element-a54bf9d elementor-widget elementor-widget-spacer\" data-id=\"a54bf9d\" data-element_type=\"widget\" data-e-type=\"widget\" data-widget_type=\"spacer.default\">\n\t\t\t\t<div class=\"elementor-widget-container\">\n\t\t\t\t\t\t\t<div class=\"elementor-spacer\">\n\t\t\t<div class=\"elementor-spacer-inner\"><\/div>\n\t\t<\/div>\n\t\t\t\t\t\t<\/div>\n\t\t\t\t<\/div>\n\t\t\t\t\t<\/div>\n\t\t<\/div>\n\t\t\t\t\t<\/div>\n\t\t<\/section>\n\t\t\t\t<section class=\"elementor-section elementor-top-section elementor-element elementor-element-44211ad7 elementor-section-stretched elementor-section-boxed elementor-section-height-default elementor-section-height-default\" data-id=\"44211ad7\" data-element_type=\"section\" data-e-type=\"section\" data-settings=\"{&quot;stretch_section&quot;:&quot;section-stretched&quot;,&quot;background_background&quot;:&quot;classic&quot;}\">\n\t\t\t\t\t\t<div class=\"elementor-container elementor-column-gap-default\">\n\t\t\t\t\t<div class=\"elementor-column elementor-col-33 elementor-top-column elementor-element elementor-element-41b4b87\" data-id=\"41b4b87\" data-element_type=\"column\" data-e-type=\"column\">\n\t\t\t<div class=\"elementor-widget-wrap elementor-element-populated\">\n\t\t\t\t\t\t<div class=\"elementor-element elementor-element-46fdc9a4 elementor-widget elementor-widget-homey_elementor_section_title\" data-id=\"46fdc9a4\" data-element_type=\"widget\" data-e-type=\"widget\" data-widget_type=\"homey_elementor_section_title.default\">\n\t\t\t\t<div class=\"elementor-widget-container\">\n\t\t\t\t\t            <div class=\"homey_section_title_wrap_elementor homey-module module-title section-title-module\">\n                                    <h2 class=\"homey_section_title\">Appelez nos experts<\/h2>\n                \n                            <\/div>\n            \t\t\t\t<\/div>\n\t\t\t\t<\/div>\n\t\t\t\t<div class=\"elementor-element elementor-element-1c0c8a08 elementor-widget elementor-widget-homey_elementor_section_title\" data-id=\"1c0c8a08\" data-element_type=\"widget\" data-e-type=\"widget\" data-widget_type=\"homey_elementor_section_title.default\">\n\t\t\t\t<div class=\"elementor-widget-container\">\n\t\t\t\t\t            <div class=\"homey_section_title_wrap_elementor homey-module module-title section-title-module\">\n                                    <h2 class=\"homey_section_title\">+34662101718<\/h2>\n                \n                            <\/div>\n            \t\t\t\t<\/div>\n\t\t\t\t<\/div>\n\t\t\t\t<div class=\"elementor-element elementor-element-4e273b58 elementor-widget elementor-widget-text-editor\" data-id=\"4e273b58\" data-element_type=\"widget\" data-e-type=\"widget\" data-widget_type=\"text-editor.default\">\n\t\t\t\t<div class=\"elementor-widget-container\">\n\t\t\t\t\t\t\t\t\t<p style=\"text-align: center;\">Contactez notre \u00e9quipe pour obtenir une assistance personnalis\u00e9e dans le choix du bateau id\u00e9al pour votre voyage.<\/p>\t\t\t\t\t\t\t\t<\/div>\n\t\t\t\t<\/div>\n\t\t\t\t\t<\/div>\n\t\t<\/div>\n\t\t\t\t<div class=\"elementor-column elementor-col-33 elementor-top-column elementor-element elementor-element-1182bb8e\" data-id=\"1182bb8e\" data-element_type=\"column\" data-e-type=\"column\">\n\t\t\t<div class=\"elementor-widget-wrap elementor-element-populated\">\n\t\t\t\t\t\t<div class=\"elementor-element elementor-element-1cd0f78 elementor-widget elementor-widget-homey_elementor_section_title\" data-id=\"1cd0f78\" data-element_type=\"widget\" data-e-type=\"widget\" data-widget_type=\"homey_elementor_section_title.default\">\n\t\t\t\t<div class=\"elementor-widget-container\">\n\t\t\t\t\t            <div class=\"homey_section_title_wrap_elementor homey-module module-title section-title-module\">\n                                    <h2 class=\"homey_section_title\">Facile \u00e0 payer<\/h2>\n                \n                            <\/div>\n            \t\t\t\t<\/div>\n\t\t\t\t<\/div>\n\t\t\t\t<div class=\"elementor-element elementor-element-3bcde689 elementor-widget elementor-widget-image\" data-id=\"3bcde689\" data-element_type=\"widget\" data-e-type=\"widget\" data-widget_type=\"image.default\">\n\t\t\t\t<div class=\"elementor-widget-container\">\n\t\t\t\t\t\t\t\t\t\t\t\t\t\t\t<img loading=\"lazy\" decoding=\"async\" width=\"190\" height=\"38\" src=\"https:\/\/boatrentalmallorca.net\/wp-content\/uploads\/2018\/11\/cc8aca6bbd9d00718474e7deacad5413_190_38.png\" class=\"attachment-large size-large wp-image-1980\" alt=\"\" \/>\t\t\t\t\t\t\t\t\t\t\t\t\t\t\t<\/div>\n\t\t\t\t<\/div>\n\t\t\t\t<div class=\"elementor-element elementor-element-762946e3 elementor-widget elementor-widget-text-editor\" data-id=\"762946e3\" data-element_type=\"widget\" data-e-type=\"widget\" data-widget_type=\"text-editor.default\">\n\t\t\t\t<div class=\"elementor-widget-container\">\n\t\t\t\t\t\t\t\t\t<p style=\"text-align: center;\">Nous proposons un large \u00e9ventail de m\u00e9thodes de paiement populaires et pratiques, notamment PayPal, les cartes de cr\u00e9dit et bien plus encore.<\/p>\t\t\t\t\t\t\t\t<\/div>\n\t\t\t\t<\/div>\n\t\t\t\t\t<\/div>\n\t\t<\/div>\n\t\t\t\t<div class=\"elementor-column elementor-col-33 elementor-top-column elementor-element elementor-element-4c2958eb\" data-id=\"4c2958eb\" data-element_type=\"column\" data-e-type=\"column\">\n\t\t\t<div class=\"elementor-widget-wrap elementor-element-populated\">\n\t\t\t\t\t\t<div class=\"elementor-element elementor-element-612f4a55 elementor-widget elementor-widget-homey_elementor_section_title\" data-id=\"612f4a55\" data-element_type=\"widget\" data-e-type=\"widget\" data-widget_type=\"homey_elementor_section_title.default\">\n\t\t\t\t<div class=\"elementor-widget-container\">\n\t\t\t\t\t            <div class=\"homey_section_title_wrap_elementor homey-module module-title section-title-module\">\n                                    <h2 class=\"homey_section_title\">R\u00e9servez maintenant<\/h2>\n                \n                            <\/div>\n            \t\t\t\t<\/div>\n\t\t\t\t<\/div>\n\t\t\t\t<div class=\"elementor-element elementor-element-6d4ba718 elementor-align-center elementor-widget elementor-widget-button\" data-id=\"6d4ba718\" data-element_type=\"widget\" data-e-type=\"widget\" data-widget_type=\"button.default\">\n\t\t\t\t<div class=\"elementor-widget-container\">\n\t\t\t\t\t\t\t\t\t<div class=\"elementor-button-wrapper\">\n\t\t\t\t\t<a class=\"elementor-button elementor-button-link elementor-size-sm\" href=\"https:\/\/boatrentalmallorca.net\/fr\/contact\/\">\n\t\t\t\t\t\t<span class=\"elementor-button-content-wrapper\">\n\t\t\t\t\t\t\t\t\t<span class=\"elementor-button-text\">Contact<\/span>\n\t\t\t\t\t<\/span>\n\t\t\t\t\t<\/a>\n\t\t\t\t<\/div>\n\t\t\t\t\t\t\t\t<\/div>\n\t\t\t\t<\/div>\n\t\t\t\t<div class=\"elementor-element elementor-element-13099a13 elementor-widget elementor-widget-text-editor\" data-id=\"13099a13\" data-element_type=\"widget\" data-e-type=\"widget\" data-widget_type=\"text-editor.default\">\n\t\t\t\t<div class=\"elementor-widget-container\">\n\t\t\t\t\t\t\t\t\t<p style=\"text-align: center;\">Contactez-nous d\u00e8s aujourd&#039;hui pour r\u00e9server le meilleur bateau pour votre aventure en mer \u00e0 Majorque.<\/p>\t\t\t\t\t\t\t\t<\/div>\n\t\t\t\t<\/div>\n\t\t\t\t\t<\/div>\n\t\t<\/div>\n\t\t\t\t\t<\/div>\n\t\t<\/section>\n\t\t\t\t<section class=\"elementor-section elementor-top-section elementor-element elementor-element-8662adb elementor-section-stretched elementor-section-boxed elementor-section-height-default elementor-section-height-default\" data-id=\"8662adb\" data-element_type=\"section\" data-e-type=\"section\" data-settings=\"{&quot;stretch_section&quot;:&quot;section-stretched&quot;,&quot;background_background&quot;:&quot;classic&quot;}\">\n\t\t\t\t\t\t<div class=\"elementor-container elementor-column-gap-default\">\n\t\t\t\t\t<div class=\"elementor-column elementor-col-100 elementor-top-column elementor-element elementor-element-d868c0e\" data-id=\"d868c0e\" data-element_type=\"column\" data-e-type=\"column\">\n\t\t\t<div class=\"elementor-widget-wrap elementor-element-populated\">\n\t\t\t\t\t\t<div class=\"elementor-element elementor-element-bc06afc elementor-widget elementor-widget-spacer\" data-id=\"bc06afc\" data-element_type=\"widget\" data-e-type=\"widget\" data-widget_type=\"spacer.default\">\n\t\t\t\t<div class=\"elementor-widget-container\">\n\t\t\t\t\t\t\t<div class=\"elementor-spacer\">\n\t\t\t<div class=\"elementor-spacer-inner\"><\/div>\n\t\t<\/div>\n\t\t\t\t\t\t<\/div>\n\t\t\t\t<\/div>\n\t\t\t\t<div class=\"elementor-element elementor-element-9c4ca9f elementor-widget elementor-widget-homey_elementor_section_title\" data-id=\"9c4ca9f\" data-element_type=\"widget\" data-e-type=\"widget\" data-widget_type=\"homey_elementor_section_title.default\">\n\t\t\t\t<div class=\"elementor-widget-container\">\n\t\t\t\t\t            <div class=\"homey_section_title_wrap_elementor homey-module module-title section-title-module\">\n                                    <h2 class=\"homey_section_title\">Consultez nos derniers articles de blog<\/h2>\n                \n                                    <p class=\"homey_section_subtitle sub-heading\">Restez inform\u00e9 des derniers conseils, informations et guides sur la location de bateaux \u00e0 Majorque, ainsi que sur les meilleures plages, restaurants, activit\u00e9s et sites pittoresques de l&#039;\u00eele.<\/p>\n                            <\/div>\n            \t\t\t\t<\/div>\n\t\t\t\t<\/div>\n\t\t\t\t<div class=\"elementor-element elementor-element-8bf7c29 elementor-widget-divider--view-line elementor-widget elementor-widget-divider\" data-id=\"8bf7c29\" data-element_type=\"widget\" data-e-type=\"widget\" data-widget_type=\"divider.default\">\n\t\t\t\t<div class=\"elementor-widget-container\">\n\t\t\t\t\t\t\t<div class=\"elementor-divider\">\n\t\t\t<span class=\"elementor-divider-separator\">\n\t\t\t\t\t\t<\/span>\n\t\t<\/div>\n\t\t\t\t\t\t<\/div>\n\t\t\t\t<\/div>\n\t\t\t\t<div class=\"elementor-element elementor-element-2ab0ef8 elementor-widget elementor-widget-homey_elementor_blog_posts\" data-id=\"2ab0ef8\" data-element_type=\"widget\" data-e-type=\"widget\" data-widget_type=\"homey_elementor_blog_posts.default\">\n\t\t\t\t<div class=\"elementor-widget-container\">\n\t\t\t\t\t\n        <div class=\"module-wrap blog-module\">\n            <div class=\"row\">\n                                    <div class=\"col-xs-12 col-sm-4 col-md-4 col-lg-4\">\n                        <div class=\"item-blog post-3009 post type-post status-publish format-standard has-post-thumbnail hentry category-mallorca\">\n\t<div class=\"media\">\n\t\t<div class=\"item-blog-image\">\n\t\t\t<div class=\"item-media item-media-thumb\">\n\t\t\t\t<a href=\"https:\/\/boatrentalmallorca.net\/fr\/best-restaurants-in-mallorca\/\" class=\"hover-effect\">\n                <img loading=\"lazy\" decoding=\"async\" width=\"450\" height=\"300\" src=\"https:\/\/boatrentalmallorca.net\/wp-content\/uploads\/2025\/01\/Best-restaurants-in-Mallorca-450x300.jpg\" class=\"img-responsive wp-post-image\" alt=\"Les meilleurs restaurants de Majorque\" srcset=\"https:\/\/boatrentalmallorca.net\/wp-content\/uploads\/2025\/01\/Best-restaurants-in-Mallorca-450x300.jpg 450w, https:\/\/boatrentalmallorca.net\/wp-content\/uploads\/2025\/01\/Best-restaurants-in-Mallorca-120x80.jpg 120w\" sizes=\"(max-width: 450px) 100vw, 450px\" \/>            \t<\/a>\n\t\t\t<\/div>\n\t\t<\/div>\n\t\t<div class=\"media-body item-body\">\n\t\t\t<div class=\"item-title-head\">\n\t\t\t\t<h3 class=\"title\">\n\t\t\t\t\t<a href=\"https:\/\/boatrentalmallorca.net\/fr\/best-restaurants-in-mallorca\/\">Les meilleurs restaurants de Majorque<\/a>\n\t\t\t\t<\/h3>\n\t\t\t\t<div class=\"item-blog-meta item-blog-category\">\n\t\t\t\t\t<i class=\"homey-icon homey-icon-award-badge-1\"><\/i> <a href=\"https:\/\/boatrentalmallorca.net\/fr\/category\/mallorca\/\" rel=\"category tag\">Majorque<\/a>\t\t\t\t<\/div>\n\t\t\t\t<p><p>Situ\u00e9e au c\u0153ur de la M\u00e9diterran\u00e9e, Majorque n&#039;est pas seulement un paradis ensoleill\u00e9, mais un v\u00e9ritable tr\u00e9sor\u2026<\/p>\n<\/p>\n\t\t\t<\/div>\n\t\t<\/div>\n\t<\/div>\n<\/div>                    <\/div>\n                                    <div class=\"col-xs-12 col-sm-4 col-md-4 col-lg-4\">\n                        <div class=\"item-blog post-2849 post type-post status-publish format-standard has-post-thumbnail hentry category-mallorca\">\n\t<div class=\"media\">\n\t\t<div class=\"item-blog-image\">\n\t\t\t<div class=\"item-media item-media-thumb\">\n\t\t\t\t<a href=\"https:\/\/boatrentalmallorca.net\/fr\/things-to-do-in-mallorca\/\" class=\"hover-effect\">\n                <img loading=\"lazy\" decoding=\"async\" width=\"450\" height=\"300\" src=\"https:\/\/boatrentalmallorca.net\/wp-content\/uploads\/2025\/01\/Things-to-do-in-Mallorca-450x300.jpg\" class=\"img-responsive wp-post-image\" alt=\"Que faire \u00e0 Majorque ?\" srcset=\"https:\/\/boatrentalmallorca.net\/wp-content\/uploads\/2025\/01\/Things-to-do-in-Mallorca-450x300.jpg 450w, https:\/\/boatrentalmallorca.net\/wp-content\/uploads\/2025\/01\/Things-to-do-in-Mallorca-120x80.jpg 120w\" sizes=\"(max-width: 450px) 100vw, 450px\" \/>            \t<\/a>\n\t\t\t<\/div>\n\t\t<\/div>\n\t\t<div class=\"media-body item-body\">\n\t\t\t<div class=\"item-title-head\">\n\t\t\t\t<h3 class=\"title\">\n\t\t\t\t\t<a href=\"https:\/\/boatrentalmallorca.net\/fr\/things-to-do-in-mallorca\/\">Que faire \u00e0 Majorque ?<\/a>\n\t\t\t\t<\/h3>\n\t\t\t\t<div class=\"item-blog-meta item-blog-category\">\n\t\t\t\t\t<i class=\"homey-icon homey-icon-award-badge-1\"><\/i> <a href=\"https:\/\/boatrentalmallorca.net\/fr\/category\/mallorca\/\" rel=\"category tag\">Majorque<\/a>\t\t\t\t<\/div>\n\t\t\t\t<p><p>Majorque est la plus grande \u00eele de l&#039;archipel des Bal\u00e9ares, en Espagne. Elle offre des possibilit\u00e9s de vacances adapt\u00e9es \u00e0\u2026<\/p>\n<\/p>\n\t\t\t<\/div>\n\t\t<\/div>\n\t<\/div>\n<\/div>                    <\/div>\n                                            <\/div>\n        <\/div>\n\n        \t\t\t\t<\/div>\n\t\t\t\t<\/div>\n\t\t\t\t<div class=\"elementor-element elementor-element-3ba1f2f elementor-widget elementor-widget-spacer\" data-id=\"3ba1f2f\" data-element_type=\"widget\" data-e-type=\"widget\" data-widget_type=\"spacer.default\">\n\t\t\t\t<div class=\"elementor-widget-container\">\n\t\t\t\t\t\t\t<div class=\"elementor-spacer\">\n\t\t\t<div class=\"elementor-spacer-inner\"><\/div>\n\t\t<\/div>\n\t\t\t\t\t\t<\/div>\n\t\t\t\t<\/div>\n\t\t\t\t\t<\/div>\n\t\t<\/div>\n\t\t\t\t\t<\/div>\n\t\t<\/section>\n\t\t\t\t<\/div>","protected":false},"excerpt":{"rendered":"<p>Most booked rental boats in Mallorca All popular locations: Palma de Mallorca, Alcudia, Cala d&#039;Or, Palma Nova, Pollensa, Soller. 200+ boats available (yacht, motorboat, catamaran, sailboat). With captain (included) from \u20ac1,800\/half day Hinckley Talaria 40 | Silver Fox | Motorboat Mallorca &#8211; Alcudia &#8211; Port d&#8217;Alc\u00fadia 12.8 m half day min. 8 guests Motorboat rental [&hellip;]<\/p>\n","protected":false},"author":2,"featured_media":0,"parent":0,"menu_order":0,"comment_status":"closed","ping_status":"closed","template":"elementor_header_footer","meta":{"_acf_changed":false,"footnotes":""},"class_list":["post-2098","page","type-page","status-publish","hentry"],"acf":[],"yoast_head":"<!-- This site is optimized with the Yoast SEO Premium plugin v24.3 (Yoast SEO v24.3) - https:\/\/yoast.com\/wordpress\/plugins\/seo\/ -->\n<title>Boat Rental Mallorca - Yacht Charter &amp; Private Boat Hire<\/title>\n<meta name=\"description\" content=\"Boat rental and yacht charter in Mallorca. \u2b50 Palma de Mallorca, \u2b50 Alcudia, \u2b50 Cala d&#039;Or, \u2b50 Palma Nova, \u2b50 Pollensa, \u2b50 Soller. \u2714\ufe0f Book now!\" \/>\n<meta name=\"robots\" content=\"index, follow, max-snippet:-1, max-image-preview:large, max-video-preview:-1\" \/>\n<link rel=\"canonical\" href=\"https:\/\/boatrentalmallorca.net\/fr\/\" \/>\n<meta property=\"og:locale\" content=\"fr_FR\" \/>\n<meta property=\"og:type\" content=\"article\" \/>\n<meta property=\"og:title\" content=\"Boat Rental Mallorca\" \/>\n<meta property=\"og:description\" content=\"Boat rental and yacht charter in Mallorca. \u2b50 Palma de Mallorca, \u2b50 Alcudia, \u2b50 Cala d&#039;Or, \u2b50 Palma Nova, \u2b50 Pollensa, \u2b50 Soller. \u2714\ufe0f Book now!\" \/>\n<meta property=\"og:url\" content=\"https:\/\/boatrentalmallorca.net\/fr\/\" \/>\n<meta property=\"og:site_name\" content=\"Boat Rental Mallorca\" \/>\n<meta property=\"article:modified_time\" content=\"2026-03-12T14:25:46+00:00\" \/>\n<meta property=\"og:image\" content=\"https:\/\/boatrentalmallorca.net\/wp-content\/uploads\/2026\/03\/rent-motorboat-Hinckley-Talaria-40-Silver-Fox-Alcudia.jpg\" \/>\n<meta name=\"twitter:card\" content=\"summary_large_image\" \/>\n<meta name=\"twitter:label1\" content=\"Dur\u00e9e de lecture estim\u00e9e\" \/>\n\t<meta name=\"twitter:data1\" content=\"43 minutes\" \/>\n<script type=\"application\/ld+json\" class=\"yoast-schema-graph\">{\"@context\":\"https:\/\/schema.org\",\"@graph\":[{\"@type\":\"WebPage\",\"@id\":\"https:\/\/boatrentalmallorca.net\/\",\"url\":\"https:\/\/boatrentalmallorca.net\/\",\"name\":\"Boat Rental Mallorca - Yacht Charter & Private Boat Hire\",\"isPartOf\":{\"@id\":\"https:\/\/boatrentalmallorca.net\/#website\"},\"primaryImageOfPage\":{\"@id\":\"https:\/\/boatrentalmallorca.net\/#primaryimage\"},\"image\":{\"@id\":\"https:\/\/boatrentalmallorca.net\/#primaryimage\"},\"thumbnailUrl\":\"https:\/\/boatrentalmallorca.net\/wp-content\/uploads\/2026\/03\/rent-motorboat-Hinckley-Talaria-40-Silver-Fox-Alcudia.jpg\",\"datePublished\":\"2020-11-02T15:34:02+00:00\",\"dateModified\":\"2026-03-12T14:25:46+00:00\",\"description\":\"Boat rental and yacht charter in Mallorca. \u2b50 Palma de Mallorca, \u2b50 Alcudia, \u2b50 Cala d'Or, \u2b50 Palma Nova, \u2b50 Pollensa, \u2b50 Soller. \u2714\ufe0f Book now!\",\"breadcrumb\":{\"@id\":\"https:\/\/boatrentalmallorca.net\/#breadcrumb\"},\"inLanguage\":\"fr-FR\",\"potentialAction\":[{\"@type\":\"ReadAction\",\"target\":[\"https:\/\/boatrentalmallorca.net\/\"]}]},{\"@type\":\"ImageObject\",\"inLanguage\":\"fr-FR\",\"@id\":\"https:\/\/boatrentalmallorca.net\/#primaryimage\",\"url\":\"https:\/\/boatrentalmallorca.net\/wp-content\/uploads\/2026\/03\/rent-motorboat-Hinckley-Talaria-40-Silver-Fox-Alcudia.jpg\",\"contentUrl\":\"https:\/\/boatrentalmallorca.net\/wp-content\/uploads\/2026\/03\/rent-motorboat-Hinckley-Talaria-40-Silver-Fox-Alcudia.jpg\"},{\"@type\":\"BreadcrumbList\",\"@id\":\"https:\/\/boatrentalmallorca.net\/#breadcrumb\",\"itemListElement\":[{\"@type\":\"ListItem\",\"position\":1,\"name\":\"Home\",\"item\":\"https:\/\/boatrentalmallorca.net\/\"},{\"@type\":\"ListItem\",\"position\":2,\"name\":\"Boat Rental Mallorca\"}]},{\"@type\":\"WebSite\",\"@id\":\"https:\/\/boatrentalmallorca.net\/#website\",\"url\":\"https:\/\/boatrentalmallorca.net\/\",\"name\":\"Boat Rental Mallorca\",\"description\":\"\",\"publisher\":{\"@id\":\"https:\/\/boatrentalmallorca.net\/#organization\"},\"potentialAction\":[{\"@type\":\"SearchAction\",\"target\":{\"@type\":\"EntryPoint\",\"urlTemplate\":\"https:\/\/boatrentalmallorca.net\/?s={search_term_string}\"},\"query-input\":{\"@type\":\"PropertyValueSpecification\",\"valueRequired\":true,\"valueName\":\"search_term_string\"}}],\"inLanguage\":\"fr-FR\"},{\"@type\":\"Organization\",\"@id\":\"https:\/\/boatrentalmallorca.net\/#organization\",\"name\":\"Boat Rental Mallorca\",\"url\":\"https:\/\/boatrentalmallorca.net\/\",\"logo\":{\"@type\":\"ImageObject\",\"inLanguage\":\"fr-FR\",\"@id\":\"https:\/\/boatrentalmallorca.net\/#\/schema\/logo\/image\/\",\"url\":\"https:\/\/boatrentalmallorca.net\/wp-content\/uploads\/2025\/02\/Logo-Boat-Rental-Mallorca.jpg\",\"contentUrl\":\"https:\/\/boatrentalmallorca.net\/wp-content\/uploads\/2025\/02\/Logo-Boat-Rental-Mallorca.jpg\",\"width\":996,\"height\":1068,\"caption\":\"Boat Rental Mallorca\"},\"image\":{\"@id\":\"https:\/\/boatrentalmallorca.net\/#\/schema\/logo\/image\/\"},\"description\":\"Boat Rental Mallorca is a local company offering yacht and boat rentals in Mallorca for sunset cruises, half-day, or full-day trips, with or without a captain. Prices start from \u20ac150 per hour. Boats are available for all types of private and corporate events.\",\"email\":\"boatrentalsmallorca@gmail.com\",\"telephone\":\"+34622937315\",\"numberOfEmployees\":{\"@type\":\"QuantitativeValue\",\"minValue\":\"1\",\"maxValue\":\"10\"}}]}<\/script>\n<!-- \/ Yoast SEO Premium plugin. -->","yoast_head_json":{"title":"Location de bateaux \u00e0 Majorque - Location de yachts et de bateaux priv\u00e9s","description":"Location de bateaux et yachts \u00e0 Majorque. \u2b50 Palma de Majorque, \u2b50 Alcudia, \u2b50 Cala d'Or, \u2b50 Palma Nova, \u2b50 Pollen\u00e7a, \u2b50 Soller. \u2714\ufe0f R\u00e9servez maintenant !","robots":{"index":"index","follow":"follow","max-snippet":"max-snippet:-1","max-image-preview":"max-image-preview:large","max-video-preview":"max-video-preview:-1"},"canonical":"https:\/\/boatrentalmallorca.net\/fr\/","og_locale":"fr_FR","og_type":"article","og_title":"Boat Rental Mallorca","og_description":"Boat rental and yacht charter in Mallorca. \u2b50 Palma de Mallorca, \u2b50 Alcudia, \u2b50 Cala d'Or, \u2b50 Palma Nova, \u2b50 Pollensa, \u2b50 Soller. \u2714\ufe0f Book now!","og_url":"https:\/\/boatrentalmallorca.net\/fr\/","og_site_name":"Boat Rental Mallorca","article_modified_time":"2026-03-12T14:25:46+00:00","og_image":[{"url":"https:\/\/boatrentalmallorca.net\/wp-content\/uploads\/2026\/03\/rent-motorboat-Hinckley-Talaria-40-Silver-Fox-Alcudia.jpg","type":"","width":"","height":""}],"twitter_card":"summary_large_image","twitter_misc":{"Dur\u00e9e de lecture estim\u00e9e":"43 minutes"},"schema":{"@context":"https:\/\/schema.org","@graph":[{"@type":"WebPage","@id":"https:\/\/boatrentalmallorca.net\/","url":"https:\/\/boatrentalmallorca.net\/","name":"Location de bateaux \u00e0 Majorque - Location de yachts et de bateaux priv\u00e9s","isPartOf":{"@id":"https:\/\/boatrentalmallorca.net\/#website"},"primaryImageOfPage":{"@id":"https:\/\/boatrentalmallorca.net\/#primaryimage"},"image":{"@id":"https:\/\/boatrentalmallorca.net\/#primaryimage"},"thumbnailUrl":"https:\/\/boatrentalmallorca.net\/wp-content\/uploads\/2026\/03\/rent-motorboat-Hinckley-Talaria-40-Silver-Fox-Alcudia.jpg","datePublished":"2020-11-02T15:34:02+00:00","dateModified":"2026-03-12T14:25:46+00:00","description":"Location de bateaux et yachts \u00e0 Majorque. \u2b50 Palma de Majorque, \u2b50 Alcudia, \u2b50 Cala d'Or, \u2b50 Palma Nova, \u2b50 Pollen\u00e7a, \u2b50 Soller. \u2714\ufe0f R\u00e9servez maintenant !","breadcrumb":{"@id":"https:\/\/boatrentalmallorca.net\/#breadcrumb"},"inLanguage":"fr-FR","potentialAction":[{"@type":"ReadAction","target":["https:\/\/boatrentalmallorca.net\/"]}]},{"@type":"ImageObject","inLanguage":"fr-FR","@id":"https:\/\/boatrentalmallorca.net\/#primaryimage","url":"https:\/\/boatrentalmallorca.net\/wp-content\/uploads\/2026\/03\/rent-motorboat-Hinckley-Talaria-40-Silver-Fox-Alcudia.jpg","contentUrl":"https:\/\/boatrentalmallorca.net\/wp-content\/uploads\/2026\/03\/rent-motorboat-Hinckley-Talaria-40-Silver-Fox-Alcudia.jpg"},{"@type":"BreadcrumbList","@id":"https:\/\/boatrentalmallorca.net\/#breadcrumb","itemListElement":[{"@type":"ListItem","position":1,"name":"Home","item":"https:\/\/boatrentalmallorca.net\/"},{"@type":"ListItem","position":2,"name":"Boat Rental Mallorca"}]},{"@type":"WebSite","@id":"https:\/\/boatrentalmallorca.net\/#website","url":"https:\/\/boatrentalmallorca.net\/","name":"Location de bateaux \u00e0 Majorque","description":"","publisher":{"@id":"https:\/\/boatrentalmallorca.net\/#organization"},"potentialAction":[{"@type":"SearchAction","target":{"@type":"EntryPoint","urlTemplate":"https:\/\/boatrentalmallorca.net\/?s={search_term_string}"},"query-input":{"@type":"PropertyValueSpecification","valueRequired":true,"valueName":"search_term_string"}}],"inLanguage":"fr-FR"},{"@type":"Organization","@id":"https:\/\/boatrentalmallorca.net\/#organization","name":"Location de bateaux \u00e0 Majorque","url":"https:\/\/boatrentalmallorca.net\/","logo":{"@type":"ImageObject","inLanguage":"fr-FR","@id":"https:\/\/boatrentalmallorca.net\/#\/schema\/logo\/image\/","url":"https:\/\/boatrentalmallorca.net\/wp-content\/uploads\/2025\/02\/Logo-Boat-Rental-Mallorca.jpg","contentUrl":"https:\/\/boatrentalmallorca.net\/wp-content\/uploads\/2025\/02\/Logo-Boat-Rental-Mallorca.jpg","width":996,"height":1068,"caption":"Boat Rental Mallorca"},"image":{"@id":"https:\/\/boatrentalmallorca.net\/#\/schema\/logo\/image\/"},"description":"Boat Rental Mallorca est une entreprise locale proposant la location de yachts et de bateaux \u00e0 Majorque pour des croisi\u00e8res au coucher du soleil, des excursions \u00e0 la demi-journ\u00e9e ou \u00e0 la journ\u00e9e, avec ou sans capitaine. Les prix commencent \u00e0 150 \u20ac de l&#039;heure. Les bateaux sont disponibles pour tous types d&#039;\u00e9v\u00e9nements priv\u00e9s et professionnels.","email":"boatrentalsmallorca@gmail.com","telephone":"+34622937315","numberOfEmployees":{"@type":"QuantitativeValue","minValue":"1","maxValue":"10"}}]}},"_links":{"self":[{"href":"https:\/\/boatrentalmallorca.net\/fr\/wp-json\/wp\/v2\/pages\/2098","targetHints":{"allow":["GET"]}}],"collection":[{"href":"https:\/\/boatrentalmallorca.net\/fr\/wp-json\/wp\/v2\/pages"}],"about":[{"href":"https:\/\/boatrentalmallorca.net\/fr\/wp-json\/wp\/v2\/types\/page"}],"author":[{"embeddable":true,"href":"https:\/\/boatrentalmallorca.net\/fr\/wp-json\/wp\/v2\/users\/2"}],"replies":[{"embeddable":true,"href":"https:\/\/boatrentalmallorca.net\/fr\/wp-json\/wp\/v2\/comments?post=2098"}],"version-history":[{"count":468,"href":"https:\/\/boatrentalmallorca.net\/fr\/wp-json\/wp\/v2\/pages\/2098\/revisions"}],"predecessor-version":[{"id":7391,"href":"https:\/\/boatrentalmallorca.net\/fr\/wp-json\/wp\/v2\/pages\/2098\/revisions\/7391"}],"wp:attachment":[{"href":"https:\/\/boatrentalmallorca.net\/fr\/wp-json\/wp\/v2\/media?parent=2098"}],"curies":[{"name":"wp","href":"https:\/\/api.w.org\/{rel}","templated":true}]}}