{"id":5881,"date":"2026-01-21T10:32:33","date_gmt":"2026-01-21T09:32:33","guid":{"rendered":"https:\/\/boatrentalmallorca.net\/?post_type=listing&#038;p=5881"},"modified":"2026-01-25T10:59:34","modified_gmt":"2026-01-25T09:59:34","slug":"pardo-43-seaduced-yacht","status":"publish","type":"listing","link":"https:\/\/boatrentalmallorca.net\/fr\/mallorca\/pardo-43-seaduced-yacht\/","title":{"rendered":"Pardo 43 | Seaduced | Yacht"},"content":{"rendered":"<p><\/p>\n\n\n\n<figure class=\"wp-block-table is-style-stripes\"><table class=\"has-fixed-layout\"><thead><tr><th class=\"has-text-align-center\" data-align=\"center\">DUR\u00c9E<\/th><th class=\"has-text-align-center\" data-align=\"center\">MARS-AVRIL<\/th><th class=\"has-text-align-center\" data-align=\"center\">MAI \/ OCTOBRE<\/th><th class=\"has-text-align-center\" data-align=\"center\">JUIN\u2013SEPTEMBRE<\/th><\/tr><\/thead><tbody><tr><td class=\"has-text-align-center\" data-align=\"center\"><strong>DEMI-JOURN\u00c9E<\/strong><br>4 heures<br>10h00\u201314h00<br>15h00\u201319h00<\/td><td class=\"has-text-align-center\" data-align=\"center\">\u20ac2185<\/td><td class=\"has-text-align-center\" data-align=\"center\">\u20ac2415<\/td><td class=\"has-text-align-center\" data-align=\"center\">\u20ac2645<\/td><\/tr><tr><td class=\"has-text-align-center\" data-align=\"center\"><strong>JOURN\u00c9E COMPL\u00c8TE<\/strong><br>8 heures<br>10h00\u201318h00<\/td><td class=\"has-text-align-center\" data-align=\"center\">\u20ac3105<\/td><td class=\"has-text-align-center\" data-align=\"center\">\u20ac3335<\/td><td class=\"has-text-align-center\" data-align=\"center\">\u20ac3680<\/td><\/tr><tr><td class=\"has-text-align-center\" data-align=\"center\"><strong>COUCHER DE SOLEIL<\/strong><br>2 heures<br>19h00\u201321h00<\/td><td class=\"has-text-align-center\" data-align=\"center\">\u20ac1265<\/td><td class=\"has-text-align-center\" data-align=\"center\">\u20ac1495<\/td><td class=\"has-text-align-center\" data-align=\"center\">\u20ac1725<\/td><\/tr><\/tbody><\/table><\/figure>\n\n\n\n<p><\/p>\n\n\n\n<p><strong>COMPRIS:<\/strong><\/p>\n\n\n\n<ul class=\"wp-block-list\">\n<li>Capitaine<\/li>\n\n\n\n<li>planche \u00e0 pagaie<\/li>\n\n\n\n<li>\u00c9quipement de plong\u00e9e en apn\u00e9e<\/li>\n\n\n\n<li>T.V.A.<\/li>\n\n\n\n<li>Nettoyage final<\/li>\n\n\n\n<li>Boissons offertes : cava, vins blanc et ros\u00e9, bi\u00e8res, boissons sans alcool et eau plate en bouteille<\/li>\n\n\n\n<li>En-cas l\u00e9gers : une s\u00e9lection de chips et de noix<\/li>\n<\/ul>\n\n\n\n<p><strong>NON INCLUS \/ SUPPL\u00c9MENTS :<\/strong><\/p>\n\n\n\n<ul class=\"wp-block-list\">\n<li>Carburant (\u00e0 r\u00e9gler s\u00e9par\u00e9ment, selon l&#039;itin\u00e9raire). Estimation des co\u00fbts de carburant\u00a0: Journ\u00e9e compl\u00e8te \u00e0 partir de 650\u00a0\u20ac, Demi-journ\u00e9e \u00e0 partir de 350\u00a0\u20ac, Sortie au coucher du soleil \u00e0 partir de 200\u00a0\u20ac. Veuillez noter qu&#039;il s&#039;agit d&#039;estimations et que le co\u00fbt final du carburant peut varier en fonction de l&#039;itin\u00e9raire et des conditions de mer.<\/li>\n\n\n\n<li>Les serviettes sont disponibles \u00e0 la location au prix de 5 \u20ac par serviette.<\/li>\n\n\n\n<li>Seabob : 325 \u20ac (demi-journ\u00e9e), 550 \u20ac (journ\u00e9e compl\u00e8te)<\/li>\n\n\n\n<li>Planche de paddle suppl\u00e9mentaire\u00a0: 35\u00a0\u20ac (demi-journ\u00e9e), 50\u00a0\u20ac (journ\u00e9e compl\u00e8te)<\/li>\n\n\n\n<li>Champagne Mo\u00ebt &amp; Chandon : 80 \u20ac la bouteille<\/li>\n\n\n\n<li>Plateau de fruits frais de saison : 24 \u20ac par personne<\/li>\n\n\n\n<li>Planche de charcuterie : 24 \u20ac par personne<\/li>\n\n\n\n<li>Transfert en Rolls-Royce (2 \u00e0 3 personnes) : prix sur demande<\/li>\n<\/ul>\n\n\n\n<p><strong>POLITIQUE D&#039;ANNULATION\u00a0:<\/strong><\/p>\n\n\n\n<p>Annulation par un client<\/p>\n\n\n\n<ul class=\"wp-block-list\">\n<li>Plus de 48 heures avant le d\u00e9part\u00a0: gratuit<\/li>\n\n\n\n<li>48 \u00e0 24 heures avant le d\u00e9part\u00a0: frais 50%<\/li>\n\n\n\n<li>Moins de 24 heures avant le d\u00e9part\u00a0: frais 100%<\/li>\n<\/ul>\n\n\n\n<p>M\u00e9t\u00e9o et m\u00e9canique<\/p>\n\n\n\n<ul class=\"wp-block-list\">\n<li>En cas d&#039;annulation due \u00e0 des conditions maritimes ou techniques, un remboursement int\u00e9gral sera propos\u00e9 si un report est impossible.<\/li>\n\n\n\n<li>Les conditions m\u00e9t\u00e9orologiques sont \u00e9valu\u00e9es jusqu&#039;\u00e0 deux jours avant le d\u00e9part.<\/li>\n<\/ul>","protected":false},"excerpt":{"rendered":"<p>DURATION MARCH\u2013APRIL MAY \/ OCTOBER JUNE\u2013SEPTEMBER HALF DAY4 Hours10:00\u201314:0015:00\u201319:00 \u20ac2185 \u20ac2415 \u20ac2645 FULL DAY8 Hours10:00\u201318:00 \u20ac3105 \u20ac3335 \u20ac3680 SUNSET2 Hours19:00\u201321:00 \u20ac1265 \u20ac1495 \u20ac1725 INCLUDED: NOT INCLUDED \/ EXTRAS: CANCELLATION POLICY: Guest Cancellation Weather &amp; Mechanical<\/p>","protected":false},"author":2,"featured_media":5882,"parent":0,"menu_order":0,"template":"","listing_type":[55],"room_type":[41],"amenities":[66,70,71,82,83,106,107,118,122,143,164,167,184,185,195,199],"facilities":[],"listing_countries":[],"listing_states":[],"listing_cities":[230],"listing_areas":[],"class_list":["post-5881","listing","type-listing","status-publish","has-post-thumbnail","hentry","listing_type-yacht-rental-mallorca","room_type-with-captain","listing_amenity-aft-sundeck","listing_amenity-audio-system","listing_amenity-autopilot","listing_amenity-bimini","listing_amenity-bow-sundeck","listing_amenity-external-speakers","listing_amenity-external-table","listing_amenity-fridge","listing_amenity-gps","listing_amenity-inside-speakers","listing_amenity-outdoor-shower","listing_amenity-paddle-board","listing_amenity-shower","listing_amenity-snorkelling-equipment","listing_amenity-sunpads","listing_amenity-teak-deck","listing_city-boat-rental-palma-de-mallorca"],"acf":[],"yoast_head":"<!-- This site is optimized with the Yoast SEO Premium plugin v24.3 (Yoast SEO v24.3) - https:\/\/yoast.com\/wordpress\/plugins\/seo\/ -->\n<title>Yacht Pardo 43 (Seaduced) rental in Mallorca<\/title>\n<meta name=\"description\" content=\"Rent a yacht Pardo 43 (Seaduced) in Mallorca. \u2b50 Capacity 11 guests. \u2b50 Price from \u20ac2185\/half day. \u2714\ufe0f Book now!\" \/>\n<meta name=\"robots\" content=\"index, follow, max-snippet:-1, max-image-preview:large, max-video-preview:-1\" \/>\n<link rel=\"canonical\" href=\"https:\/\/boatrentalmallorca.net\/fr\/mallorca\/pardo-43-seaduced-yacht\/\" \/>\n<meta property=\"og:locale\" content=\"fr_FR\" \/>\n<meta property=\"og:type\" content=\"article\" \/>\n<meta property=\"og:title\" content=\"Pardo 43 | Seaduced | Yacht\" \/>\n<meta property=\"og:description\" content=\"Rent a yacht Pardo 43 (Seaduced) in Mallorca. \u2b50 Capacity 11 guests. \u2b50 Price from \u20ac2185\/half day. \u2714\ufe0f Book now!\" \/>\n<meta property=\"og:url\" content=\"https:\/\/boatrentalmallorca.net\/fr\/mallorca\/pardo-43-seaduced-yacht\/\" \/>\n<meta property=\"og:site_name\" content=\"Boat Rental Mallorca\" \/>\n<meta property=\"article:modified_time\" content=\"2026-01-25T09:59:34+00:00\" \/>\n<meta property=\"og:image\" content=\"https:\/\/boatrentalmallorca.net\/wp-content\/uploads\/2026\/01\/rent-yacht-Pardo-43-Seaduced-Mallorca.jpg\" \/>\n\t<meta property=\"og:image:width\" content=\"403\" \/>\n\t<meta property=\"og:image:height\" content=\"269\" \/>\n\t<meta property=\"og:image:type\" content=\"image\/jpeg\" \/>\n<meta name=\"twitter:card\" content=\"summary_large_image\" \/>\n<meta name=\"twitter:label1\" content=\"Dur\u00e9e de lecture estim\u00e9e\" \/>\n\t<meta name=\"twitter:data1\" content=\"2 minutes\" \/>\n<script type=\"application\/ld+json\" class=\"yoast-schema-graph\">{\"@context\":\"https:\/\/schema.org\",\"@graph\":[{\"@type\":\"WebPage\",\"@id\":\"https:\/\/boatrentalmallorca.net\/mallorca\/pardo-43-seaduced-yacht\/\",\"url\":\"https:\/\/boatrentalmallorca.net\/mallorca\/pardo-43-seaduced-yacht\/\",\"name\":\"Yacht Pardo 43 (Seaduced) rental in Mallorca\",\"isPartOf\":{\"@id\":\"https:\/\/boatrentalmallorca.net\/#website\"},\"primaryImageOfPage\":{\"@id\":\"https:\/\/boatrentalmallorca.net\/mallorca\/pardo-43-seaduced-yacht\/#primaryimage\"},\"image\":{\"@id\":\"https:\/\/boatrentalmallorca.net\/mallorca\/pardo-43-seaduced-yacht\/#primaryimage\"},\"thumbnailUrl\":\"https:\/\/boatrentalmallorca.net\/wp-content\/uploads\/2026\/01\/rent-yacht-Pardo-43-Seaduced-Mallorca.jpg\",\"datePublished\":\"2026-01-21T09:32:33+00:00\",\"dateModified\":\"2026-01-25T09:59:34+00:00\",\"description\":\"Rent a yacht Pardo 43 (Seaduced) in Mallorca. \u2b50 Capacity 11 guests. \u2b50 Price from \u20ac2185\/half day. \u2714\ufe0f Book now!\",\"breadcrumb\":{\"@id\":\"https:\/\/boatrentalmallorca.net\/mallorca\/pardo-43-seaduced-yacht\/#breadcrumb\"},\"inLanguage\":\"fr-FR\",\"potentialAction\":[{\"@type\":\"ReadAction\",\"target\":[\"https:\/\/boatrentalmallorca.net\/mallorca\/pardo-43-seaduced-yacht\/\"]}]},{\"@type\":\"ImageObject\",\"inLanguage\":\"fr-FR\",\"@id\":\"https:\/\/boatrentalmallorca.net\/mallorca\/pardo-43-seaduced-yacht\/#primaryimage\",\"url\":\"https:\/\/boatrentalmallorca.net\/wp-content\/uploads\/2026\/01\/rent-yacht-Pardo-43-Seaduced-Mallorca.jpg\",\"contentUrl\":\"https:\/\/boatrentalmallorca.net\/wp-content\/uploads\/2026\/01\/rent-yacht-Pardo-43-Seaduced-Mallorca.jpg\",\"width\":403,\"height\":269,\"caption\":\"rent yacht Pardo 43 Seaduced Mallorca\"},{\"@type\":\"BreadcrumbList\",\"@id\":\"https:\/\/boatrentalmallorca.net\/mallorca\/pardo-43-seaduced-yacht\/#breadcrumb\",\"itemListElement\":[{\"@type\":\"ListItem\",\"position\":1,\"name\":\"Home\",\"item\":\"https:\/\/boatrentalmallorca.net\/\"},{\"@type\":\"ListItem\",\"position\":2,\"name\":\"Listings\",\"item\":\"https:\/\/boatrentalmallorca.net\/mallorca\/\"},{\"@type\":\"ListItem\",\"position\":3,\"name\":\"Pardo 43 | Seaduced | Yacht\"}]},{\"@type\":\"WebSite\",\"@id\":\"https:\/\/boatrentalmallorca.net\/#website\",\"url\":\"https:\/\/boatrentalmallorca.net\/\",\"name\":\"Boat Rental Mallorca\",\"description\":\"\",\"publisher\":{\"@id\":\"https:\/\/boatrentalmallorca.net\/#organization\"},\"potentialAction\":[{\"@type\":\"SearchAction\",\"target\":{\"@type\":\"EntryPoint\",\"urlTemplate\":\"https:\/\/boatrentalmallorca.net\/?s={search_term_string}\"},\"query-input\":{\"@type\":\"PropertyValueSpecification\",\"valueRequired\":true,\"valueName\":\"search_term_string\"}}],\"inLanguage\":\"fr-FR\"},{\"@type\":\"Organization\",\"@id\":\"https:\/\/boatrentalmallorca.net\/#organization\",\"name\":\"Boat Rental Mallorca\",\"url\":\"https:\/\/boatrentalmallorca.net\/\",\"logo\":{\"@type\":\"ImageObject\",\"inLanguage\":\"fr-FR\",\"@id\":\"https:\/\/boatrentalmallorca.net\/#\/schema\/logo\/image\/\",\"url\":\"https:\/\/boatrentalmallorca.net\/wp-content\/uploads\/2025\/02\/Logo-Boat-Rental-Mallorca.jpg\",\"contentUrl\":\"https:\/\/boatrentalmallorca.net\/wp-content\/uploads\/2025\/02\/Logo-Boat-Rental-Mallorca.jpg\",\"width\":996,\"height\":1068,\"caption\":\"Boat Rental Mallorca\"},\"image\":{\"@id\":\"https:\/\/boatrentalmallorca.net\/#\/schema\/logo\/image\/\"},\"description\":\"Boat Rental Mallorca is a local company offering yacht and boat rentals in Mallorca for sunset cruises, half-day, or full-day trips, with or without a captain. Prices start from \u20ac150 per hour. Boats are available for all types of private and corporate events.\",\"email\":\"boatrentalsmallorca@gmail.com\",\"telephone\":\"+34622937315\",\"numberOfEmployees\":{\"@type\":\"QuantitativeValue\",\"minValue\":\"1\",\"maxValue\":\"10\"}}]}<\/script>\n<!-- \/ Yoast SEO Premium plugin. -->","yoast_head_json":{"title":"Location de yacht Pardo 43 (Seaduced) \u00e0 Majorque","description":"Louez le yacht Pardo 43 (Seaduced) \u00e0 Majorque. \u2b50 Capacit\u00e9\u00a0: 11 personnes. \u2b50 \u00c0 partir de 2\u00a0185\u00a0\u20ac la demi-journ\u00e9e. \u2714\ufe0f R\u00e9servez d\u00e8s maintenant\u00a0!","robots":{"index":"index","follow":"follow","max-snippet":"max-snippet:-1","max-image-preview":"max-image-preview:large","max-video-preview":"max-video-preview:-1"},"canonical":"https:\/\/boatrentalmallorca.net\/fr\/mallorca\/pardo-43-seaduced-yacht\/","og_locale":"fr_FR","og_type":"article","og_title":"Pardo 43 | Seaduced | Yacht","og_description":"Rent a yacht Pardo 43 (Seaduced) in Mallorca. \u2b50 Capacity 11 guests. \u2b50 Price from \u20ac2185\/half day. \u2714\ufe0f Book now!","og_url":"https:\/\/boatrentalmallorca.net\/fr\/mallorca\/pardo-43-seaduced-yacht\/","og_site_name":"Boat Rental Mallorca","article_modified_time":"2026-01-25T09:59:34+00:00","og_image":[{"width":403,"height":269,"url":"https:\/\/boatrentalmallorca.net\/wp-content\/uploads\/2026\/01\/rent-yacht-Pardo-43-Seaduced-Mallorca.jpg","type":"image\/jpeg"}],"twitter_card":"summary_large_image","twitter_misc":{"Dur\u00e9e de lecture estim\u00e9e":"2 minutes"},"schema":{"@context":"https:\/\/schema.org","@graph":[{"@type":"WebPage","@id":"https:\/\/boatrentalmallorca.net\/mallorca\/pardo-43-seaduced-yacht\/","url":"https:\/\/boatrentalmallorca.net\/mallorca\/pardo-43-seaduced-yacht\/","name":"Location de yacht Pardo 43 (Seaduced) \u00e0 Majorque","isPartOf":{"@id":"https:\/\/boatrentalmallorca.net\/#website"},"primaryImageOfPage":{"@id":"https:\/\/boatrentalmallorca.net\/mallorca\/pardo-43-seaduced-yacht\/#primaryimage"},"image":{"@id":"https:\/\/boatrentalmallorca.net\/mallorca\/pardo-43-seaduced-yacht\/#primaryimage"},"thumbnailUrl":"https:\/\/boatrentalmallorca.net\/wp-content\/uploads\/2026\/01\/rent-yacht-Pardo-43-Seaduced-Mallorca.jpg","datePublished":"2026-01-21T09:32:33+00:00","dateModified":"2026-01-25T09:59:34+00:00","description":"Louez le yacht Pardo 43 (Seaduced) \u00e0 Majorque. \u2b50 Capacit\u00e9\u00a0: 11 personnes. \u2b50 \u00c0 partir de 2\u00a0185\u00a0\u20ac la demi-journ\u00e9e. \u2714\ufe0f R\u00e9servez d\u00e8s maintenant\u00a0!","breadcrumb":{"@id":"https:\/\/boatrentalmallorca.net\/mallorca\/pardo-43-seaduced-yacht\/#breadcrumb"},"inLanguage":"fr-FR","potentialAction":[{"@type":"ReadAction","target":["https:\/\/boatrentalmallorca.net\/mallorca\/pardo-43-seaduced-yacht\/"]}]},{"@type":"ImageObject","inLanguage":"fr-FR","@id":"https:\/\/boatrentalmallorca.net\/mallorca\/pardo-43-seaduced-yacht\/#primaryimage","url":"https:\/\/boatrentalmallorca.net\/wp-content\/uploads\/2026\/01\/rent-yacht-Pardo-43-Seaduced-Mallorca.jpg","contentUrl":"https:\/\/boatrentalmallorca.net\/wp-content\/uploads\/2026\/01\/rent-yacht-Pardo-43-Seaduced-Mallorca.jpg","width":403,"height":269,"caption":"rent yacht Pardo 43 Seaduced Mallorca"},{"@type":"BreadcrumbList","@id":"https:\/\/boatrentalmallorca.net\/mallorca\/pardo-43-seaduced-yacht\/#breadcrumb","itemListElement":[{"@type":"ListItem","position":1,"name":"Home","item":"https:\/\/boatrentalmallorca.net\/"},{"@type":"ListItem","position":2,"name":"Listings","item":"https:\/\/boatrentalmallorca.net\/mallorca\/"},{"@type":"ListItem","position":3,"name":"Pardo 43 | Seaduced | Yacht"}]},{"@type":"WebSite","@id":"https:\/\/boatrentalmallorca.net\/#website","url":"https:\/\/boatrentalmallorca.net\/","name":"Location de bateaux \u00e0 Majorque","description":"","publisher":{"@id":"https:\/\/boatrentalmallorca.net\/#organization"},"potentialAction":[{"@type":"SearchAction","target":{"@type":"EntryPoint","urlTemplate":"https:\/\/boatrentalmallorca.net\/?s={search_term_string}"},"query-input":{"@type":"PropertyValueSpecification","valueRequired":true,"valueName":"search_term_string"}}],"inLanguage":"fr-FR"},{"@type":"Organization","@id":"https:\/\/boatrentalmallorca.net\/#organization","name":"Location de bateaux \u00e0 Majorque","url":"https:\/\/boatrentalmallorca.net\/","logo":{"@type":"ImageObject","inLanguage":"fr-FR","@id":"https:\/\/boatrentalmallorca.net\/#\/schema\/logo\/image\/","url":"https:\/\/boatrentalmallorca.net\/wp-content\/uploads\/2025\/02\/Logo-Boat-Rental-Mallorca.jpg","contentUrl":"https:\/\/boatrentalmallorca.net\/wp-content\/uploads\/2025\/02\/Logo-Boat-Rental-Mallorca.jpg","width":996,"height":1068,"caption":"Boat Rental Mallorca"},"image":{"@id":"https:\/\/boatrentalmallorca.net\/#\/schema\/logo\/image\/"},"description":"Boat Rental Mallorca est une entreprise locale proposant la location de yachts et de bateaux \u00e0 Majorque pour des croisi\u00e8res au coucher du soleil, des excursions \u00e0 la demi-journ\u00e9e ou \u00e0 la journ\u00e9e, avec ou sans capitaine. Les prix commencent \u00e0 150 \u20ac de l&#039;heure. Les bateaux sont disponibles pour tous types d&#039;\u00e9v\u00e9nements priv\u00e9s et professionnels.","email":"boatrentalsmallorca@gmail.com","telephone":"+34622937315","numberOfEmployees":{"@type":"QuantitativeValue","minValue":"1","maxValue":"10"}}]}},"_links":{"self":[{"href":"https:\/\/boatrentalmallorca.net\/fr\/wp-json\/wp\/v2\/listings\/5881","targetHints":{"allow":["GET"]}}],"collection":[{"href":"https:\/\/boatrentalmallorca.net\/fr\/wp-json\/wp\/v2\/listings"}],"about":[{"href":"https:\/\/boatrentalmallorca.net\/fr\/wp-json\/wp\/v2\/types\/listing"}],"author":[{"embeddable":true,"href":"https:\/\/boatrentalmallorca.net\/fr\/wp-json\/wp\/v2\/users\/2"}],"version-history":[{"count":5,"href":"https:\/\/boatrentalmallorca.net\/fr\/wp-json\/wp\/v2\/listings\/5881\/revisions"}],"predecessor-version":[{"id":5944,"href":"https:\/\/boatrentalmallorca.net\/fr\/wp-json\/wp\/v2\/listings\/5881\/revisions\/5944"}],"wp:featuredmedia":[{"embeddable":true,"href":"https:\/\/boatrentalmallorca.net\/fr\/wp-json\/wp\/v2\/media\/5882"}],"wp:attachment":[{"href":"https:\/\/boatrentalmallorca.net\/fr\/wp-json\/wp\/v2\/media?parent=5881"}],"wp:term":[{"taxonomy":"listing_type","embeddable":true,"href":"https:\/\/boatrentalmallorca.net\/fr\/wp-json\/wp\/v2\/listing_type?post=5881"},{"taxonomy":"room_type","embeddable":true,"href":"https:\/\/boatrentalmallorca.net\/fr\/wp-json\/wp\/v2\/room_type?post=5881"},{"taxonomy":"listing_amenity","embeddable":true,"href":"https:\/\/boatrentalmallorca.net\/fr\/wp-json\/wp\/v2\/amenities?post=5881"},{"taxonomy":"listing_facility","embeddable":true,"href":"https:\/\/boatrentalmallorca.net\/fr\/wp-json\/wp\/v2\/facilities?post=5881"},{"taxonomy":"listing_country","embeddable":true,"href":"https:\/\/boatrentalmallorca.net\/fr\/wp-json\/wp\/v2\/listing_countries?post=5881"},{"taxonomy":"listing_state","embeddable":true,"href":"https:\/\/boatrentalmallorca.net\/fr\/wp-json\/wp\/v2\/listing_states?post=5881"},{"taxonomy":"listing_city","embeddable":true,"href":"https:\/\/boatrentalmallorca.net\/fr\/wp-json\/wp\/v2\/listing_cities?post=5881"},{"taxonomy":"listing_area","embeddable":true,"href":"https:\/\/boatrentalmallorca.net\/fr\/wp-json\/wp\/v2\/listing_areas?post=5881"}],"curies":[{"name":"wp","href":"https:\/\/api.w.org\/{rel}","templated":true}]}}