{"id":4465,"date":"2025-11-19T08:04:30","date_gmt":"2025-11-19T07:04:30","guid":{"rendered":"https:\/\/boatrentalmallorca.net\/?post_type=listing&#038;p=4465"},"modified":"2025-11-19T09:36:28","modified_gmt":"2025-11-19T08:36:28","slug":"suite-del-mar-gulet","status":"publish","type":"listing","link":"https:\/\/boatrentalmallorca.net\/fr\/mallorca\/suite-del-mar-gulet\/","title":{"rendered":"Suite del Mar | Go\u00e9lette"},"content":{"rendered":"<p><\/p>\n\n\n\n<figure class=\"wp-block-table is-style-stripes\"><table class=\"has-fixed-layout\"><thead><tr><th class=\"has-text-align-center\" data-align=\"center\">DUR\u00c9E<\/th><th class=\"has-text-align-center\" data-align=\"center\">BASSE SAISON <br>(OCTOBRE-D\u00c9CEMBRE, MARS-MAI)<\/th><th class=\"has-text-align-center\" data-align=\"center\">HAUTE SAISON <br>(JUIN-SEPTEMBRE)<\/th><\/tr><\/thead><tbody><tr><td class=\"has-text-align-center\" data-align=\"center\"><strong>3 HEURES COUCHER DU SOLEIL<\/strong><\/td><td class=\"has-text-align-center\" data-align=\"center\">700\u20ac<\/td><td class=\"has-text-align-center\" data-align=\"center\">850\u20ac<\/td><\/tr><tr><td class=\"has-text-align-center\" data-align=\"center\"><strong>4 HEURES<\/strong><\/td><td class=\"has-text-align-center\" data-align=\"center\">1000\u20ac<\/td><td class=\"has-text-align-center\" data-align=\"center\">1200\u20ac<\/td><\/tr><tr><td class=\"has-text-align-center\" data-align=\"center\"><strong>8 HEURES<\/strong><\/td><td class=\"has-text-align-center\" data-align=\"center\">1300\u20ac<\/td><td class=\"has-text-align-center\" data-align=\"center\">1500\u20ac<\/td><\/tr><\/tbody><\/table><\/figure>\n\n\n\n<p><\/p>\n\n\n\n<p><strong>Compris:<\/strong><\/p>\n\n\n\n<ul class=\"wp-block-list\">\n<li>Carburant<\/li>\n\n\n\n<li>T.V.A.<\/li>\n\n\n\n<li>Paddle surf<\/li>\n\n\n\n<li>\u00c9quipement de plong\u00e9e en apn\u00e9e<\/li>\n\n\n\n<li>Jouets aquatiques<\/li>\n<\/ul>\n\n\n\n<p><strong>Non inclus :<\/strong><\/p>\n\n\n\n<ul class=\"wp-block-list\">\n<li>\u00c9quipage (capitaine + h\u00f4tesse) obligatoire \u2013 250 \u20ac<\/li>\n\n\n\n<li>Plateaux-repas froids gourmands \u2013 de 29,50 \u20ac \u00e0 49,50 \u20ac par personne<\/li>\n\n\n\n<li>Paella disponible \u2013 minimum 4 personnes<\/li>\n<\/ul>","protected":false},"excerpt":{"rendered":"<p>DURATION LOW SEASON (OCTOBER-DECEMBER, MARCH-MAY) HIGH SEASON (JUNE-SEPTEMBER) 3 HOURS SUNSET 700\u20ac 850\u20ac 4 HOURS 1000\u20ac 1200\u20ac 8 HOURS 1300\u20ac 1500\u20ac Included: Not included:<\/p>","protected":false},"author":2,"featured_media":4466,"parent":0,"menu_order":0,"template":"","listing_type":[57],"room_type":[41],"amenities":[65,75,82,85,86,102,106,107,117,118,120,134,164,165,167,185,188,199,207,209],"facilities":[],"listing_countries":[232,231,234,237,236,235],"listing_states":[],"listing_cities":[230],"listing_areas":[],"class_list":["post-4465","listing","type-listing","status-publish","has-post-thumbnail","hentry","listing_type-sailboat-rental-mallorca","room_type-with-captain","listing_amenity-220v-power-outlet","listing_amenity-bathing-ladder","listing_amenity-bimini","listing_amenity-cockpit-cushions","listing_amenity-coffee-machine","listing_amenity-electric-toilet","listing_amenity-external-speakers","listing_amenity-external-table","listing_amenity-freezer","listing_amenity-fridge","listing_amenity-generator","listing_amenity-ice-box","listing_amenity-outdoor-shower","listing_amenity-oven-stovetop","listing_amenity-paddle-board","listing_amenity-snorkelling-equipment","listing_amenity-sprayhood","listing_amenity-teak-deck","listing_amenity-tv","listing_amenity-usb-socket","listing_country-bachelor-party-boat-mallorca","listing_country-bachelorette-party-boat-mallorca","listing_country-boat-party-mallorca","listing_country-corporate-event-boat-mallorca","listing_country-marriage-proposal-boat-mallorca","listing_country-boat-wedding-mallorca","listing_city-boat-rental-palma-de-mallorca"],"acf":[],"yoast_head":"<!-- This site is optimized with the Yoast SEO Premium plugin v24.3 (Yoast SEO v24.3) - https:\/\/yoast.com\/wordpress\/plugins\/seo\/ -->\n<title>Gulet Suite del Mar rental in Mallorca<\/title>\n<meta name=\"description\" content=\"Rent a gulet Suite del Mar with a crew in Mallorca. \u2b50 Capacity 12 guests. \u2b50 Price from 1000\u20ac\/half day. \u2714\ufe0f Book now!\" \/>\n<meta name=\"robots\" content=\"index, follow, max-snippet:-1, max-image-preview:large, max-video-preview:-1\" \/>\n<link rel=\"canonical\" href=\"https:\/\/boatrentalmallorca.net\/fr\/mallorca\/suite-del-mar-gulet\/\" \/>\n<meta property=\"og:locale\" content=\"fr_FR\" \/>\n<meta property=\"og:type\" content=\"article\" \/>\n<meta property=\"og:title\" content=\"Suite del Mar | Gulet\" \/>\n<meta property=\"og:description\" content=\"Rent a gulet Suite del Mar with a crew in Mallorca. \u2b50 Capacity 12 guests. \u2b50 Price from 1000\u20ac\/half day. \u2714\ufe0f Book now!\" \/>\n<meta property=\"og:url\" content=\"https:\/\/boatrentalmallorca.net\/fr\/mallorca\/suite-del-mar-gulet\/\" \/>\n<meta property=\"og:site_name\" content=\"Boat Rental Mallorca\" \/>\n<meta property=\"article:modified_time\" content=\"2025-11-19T08:36:28+00:00\" \/>\n<meta property=\"og:image\" content=\"https:\/\/boatrentalmallorca.net\/wp-content\/uploads\/2025\/11\/rent-Gulet-Suite-del-Mar-Mallorca.jpg\" \/>\n\t<meta property=\"og:image:width\" content=\"403\" \/>\n\t<meta property=\"og:image:height\" content=\"269\" \/>\n\t<meta property=\"og:image:type\" content=\"image\/jpeg\" \/>\n<meta name=\"twitter:card\" content=\"summary_large_image\" \/>\n<meta name=\"twitter:label1\" content=\"Dur\u00e9e de lecture estim\u00e9e\" \/>\n\t<meta name=\"twitter:data1\" content=\"1 minute\" \/>\n<script type=\"application\/ld+json\" class=\"yoast-schema-graph\">{\"@context\":\"https:\/\/schema.org\",\"@graph\":[{\"@type\":\"WebPage\",\"@id\":\"https:\/\/boatrentalmallorca.net\/mallorca\/suite-del-mar-gulet\/\",\"url\":\"https:\/\/boatrentalmallorca.net\/mallorca\/suite-del-mar-gulet\/\",\"name\":\"Gulet Suite del Mar rental in Mallorca\",\"isPartOf\":{\"@id\":\"https:\/\/boatrentalmallorca.net\/#website\"},\"primaryImageOfPage\":{\"@id\":\"https:\/\/boatrentalmallorca.net\/mallorca\/suite-del-mar-gulet\/#primaryimage\"},\"image\":{\"@id\":\"https:\/\/boatrentalmallorca.net\/mallorca\/suite-del-mar-gulet\/#primaryimage\"},\"thumbnailUrl\":\"https:\/\/boatrentalmallorca.net\/wp-content\/uploads\/2025\/11\/rent-Gulet-Suite-del-Mar-Mallorca.jpg\",\"datePublished\":\"2025-11-19T07:04:30+00:00\",\"dateModified\":\"2025-11-19T08:36:28+00:00\",\"description\":\"Rent a gulet Suite del Mar with a crew in Mallorca. \u2b50 Capacity 12 guests. \u2b50 Price from 1000\u20ac\/half day. \u2714\ufe0f Book now!\",\"breadcrumb\":{\"@id\":\"https:\/\/boatrentalmallorca.net\/mallorca\/suite-del-mar-gulet\/#breadcrumb\"},\"inLanguage\":\"fr-FR\",\"potentialAction\":[{\"@type\":\"ReadAction\",\"target\":[\"https:\/\/boatrentalmallorca.net\/mallorca\/suite-del-mar-gulet\/\"]}]},{\"@type\":\"ImageObject\",\"inLanguage\":\"fr-FR\",\"@id\":\"https:\/\/boatrentalmallorca.net\/mallorca\/suite-del-mar-gulet\/#primaryimage\",\"url\":\"https:\/\/boatrentalmallorca.net\/wp-content\/uploads\/2025\/11\/rent-Gulet-Suite-del-Mar-Mallorca.jpg\",\"contentUrl\":\"https:\/\/boatrentalmallorca.net\/wp-content\/uploads\/2025\/11\/rent-Gulet-Suite-del-Mar-Mallorca.jpg\",\"width\":403,\"height\":269,\"caption\":\"rent Gulet Suite del Mar Mallorca\"},{\"@type\":\"BreadcrumbList\",\"@id\":\"https:\/\/boatrentalmallorca.net\/mallorca\/suite-del-mar-gulet\/#breadcrumb\",\"itemListElement\":[{\"@type\":\"ListItem\",\"position\":1,\"name\":\"Home\",\"item\":\"https:\/\/boatrentalmallorca.net\/\"},{\"@type\":\"ListItem\",\"position\":2,\"name\":\"Listings\",\"item\":\"https:\/\/boatrentalmallorca.net\/mallorca\/\"},{\"@type\":\"ListItem\",\"position\":3,\"name\":\"Suite del Mar | Gulet\"}]},{\"@type\":\"WebSite\",\"@id\":\"https:\/\/boatrentalmallorca.net\/#website\",\"url\":\"https:\/\/boatrentalmallorca.net\/\",\"name\":\"Boat Rental Mallorca\",\"description\":\"\",\"publisher\":{\"@id\":\"https:\/\/boatrentalmallorca.net\/#organization\"},\"potentialAction\":[{\"@type\":\"SearchAction\",\"target\":{\"@type\":\"EntryPoint\",\"urlTemplate\":\"https:\/\/boatrentalmallorca.net\/?s={search_term_string}\"},\"query-input\":{\"@type\":\"PropertyValueSpecification\",\"valueRequired\":true,\"valueName\":\"search_term_string\"}}],\"inLanguage\":\"fr-FR\"},{\"@type\":\"Organization\",\"@id\":\"https:\/\/boatrentalmallorca.net\/#organization\",\"name\":\"Boat Rental Mallorca\",\"url\":\"https:\/\/boatrentalmallorca.net\/\",\"logo\":{\"@type\":\"ImageObject\",\"inLanguage\":\"fr-FR\",\"@id\":\"https:\/\/boatrentalmallorca.net\/#\/schema\/logo\/image\/\",\"url\":\"https:\/\/boatrentalmallorca.net\/wp-content\/uploads\/2025\/02\/Logo-Boat-Rental-Mallorca.jpg\",\"contentUrl\":\"https:\/\/boatrentalmallorca.net\/wp-content\/uploads\/2025\/02\/Logo-Boat-Rental-Mallorca.jpg\",\"width\":996,\"height\":1068,\"caption\":\"Boat Rental Mallorca\"},\"image\":{\"@id\":\"https:\/\/boatrentalmallorca.net\/#\/schema\/logo\/image\/\"},\"description\":\"Boat Rental Mallorca is a local company offering yacht and boat rentals in Mallorca for sunset cruises, half-day, or full-day trips, with or without a captain. Prices start from \u20ac150 per hour. Boats are available for all types of private and corporate events.\",\"email\":\"boatrentalsmallorca@gmail.com\",\"telephone\":\"+34622937315\",\"numberOfEmployees\":{\"@type\":\"QuantitativeValue\",\"minValue\":\"1\",\"maxValue\":\"10\"}}]}<\/script>\n<!-- \/ Yoast SEO Premium plugin. -->","yoast_head_json":{"title":"Location de go\u00e9lette Suite del Mar \u00e0 Majorque","description":"Louez une go\u00e9lette Suite del Mar avec \u00e9quipage \u00e0 Majorque. \u2b50 Capacit\u00e9: 12\u00a0personnes. \u2b50 \u00c0 partir de 1\u00a0000\u00a0\u20ac\/demi-journ\u00e9e. \u2714\ufe0f R\u00e9servez d\u00e8s maintenant\u00a0!","robots":{"index":"index","follow":"follow","max-snippet":"max-snippet:-1","max-image-preview":"max-image-preview:large","max-video-preview":"max-video-preview:-1"},"canonical":"https:\/\/boatrentalmallorca.net\/fr\/mallorca\/suite-del-mar-gulet\/","og_locale":"fr_FR","og_type":"article","og_title":"Suite del Mar | Gulet","og_description":"Rent a gulet Suite del Mar with a crew in Mallorca. \u2b50 Capacity 12 guests. \u2b50 Price from 1000\u20ac\/half day. \u2714\ufe0f Book now!","og_url":"https:\/\/boatrentalmallorca.net\/fr\/mallorca\/suite-del-mar-gulet\/","og_site_name":"Boat Rental Mallorca","article_modified_time":"2025-11-19T08:36:28+00:00","og_image":[{"width":403,"height":269,"url":"https:\/\/boatrentalmallorca.net\/wp-content\/uploads\/2025\/11\/rent-Gulet-Suite-del-Mar-Mallorca.jpg","type":"image\/jpeg"}],"twitter_card":"summary_large_image","twitter_misc":{"Dur\u00e9e de lecture estim\u00e9e":"1 minute"},"schema":{"@context":"https:\/\/schema.org","@graph":[{"@type":"WebPage","@id":"https:\/\/boatrentalmallorca.net\/mallorca\/suite-del-mar-gulet\/","url":"https:\/\/boatrentalmallorca.net\/mallorca\/suite-del-mar-gulet\/","name":"Location de go\u00e9lette Suite del Mar \u00e0 Majorque","isPartOf":{"@id":"https:\/\/boatrentalmallorca.net\/#website"},"primaryImageOfPage":{"@id":"https:\/\/boatrentalmallorca.net\/mallorca\/suite-del-mar-gulet\/#primaryimage"},"image":{"@id":"https:\/\/boatrentalmallorca.net\/mallorca\/suite-del-mar-gulet\/#primaryimage"},"thumbnailUrl":"https:\/\/boatrentalmallorca.net\/wp-content\/uploads\/2025\/11\/rent-Gulet-Suite-del-Mar-Mallorca.jpg","datePublished":"2025-11-19T07:04:30+00:00","dateModified":"2025-11-19T08:36:28+00:00","description":"Louez une go\u00e9lette Suite del Mar avec \u00e9quipage \u00e0 Majorque. \u2b50 Capacit\u00e9: 12\u00a0personnes. \u2b50 \u00c0 partir de 1\u00a0000\u00a0\u20ac\/demi-journ\u00e9e. \u2714\ufe0f R\u00e9servez d\u00e8s maintenant\u00a0!","breadcrumb":{"@id":"https:\/\/boatrentalmallorca.net\/mallorca\/suite-del-mar-gulet\/#breadcrumb"},"inLanguage":"fr-FR","potentialAction":[{"@type":"ReadAction","target":["https:\/\/boatrentalmallorca.net\/mallorca\/suite-del-mar-gulet\/"]}]},{"@type":"ImageObject","inLanguage":"fr-FR","@id":"https:\/\/boatrentalmallorca.net\/mallorca\/suite-del-mar-gulet\/#primaryimage","url":"https:\/\/boatrentalmallorca.net\/wp-content\/uploads\/2025\/11\/rent-Gulet-Suite-del-Mar-Mallorca.jpg","contentUrl":"https:\/\/boatrentalmallorca.net\/wp-content\/uploads\/2025\/11\/rent-Gulet-Suite-del-Mar-Mallorca.jpg","width":403,"height":269,"caption":"rent Gulet Suite del Mar Mallorca"},{"@type":"BreadcrumbList","@id":"https:\/\/boatrentalmallorca.net\/mallorca\/suite-del-mar-gulet\/#breadcrumb","itemListElement":[{"@type":"ListItem","position":1,"name":"Home","item":"https:\/\/boatrentalmallorca.net\/"},{"@type":"ListItem","position":2,"name":"Listings","item":"https:\/\/boatrentalmallorca.net\/mallorca\/"},{"@type":"ListItem","position":3,"name":"Suite del Mar | Gulet"}]},{"@type":"WebSite","@id":"https:\/\/boatrentalmallorca.net\/#website","url":"https:\/\/boatrentalmallorca.net\/","name":"Location de bateaux \u00e0 Majorque","description":"","publisher":{"@id":"https:\/\/boatrentalmallorca.net\/#organization"},"potentialAction":[{"@type":"SearchAction","target":{"@type":"EntryPoint","urlTemplate":"https:\/\/boatrentalmallorca.net\/?s={search_term_string}"},"query-input":{"@type":"PropertyValueSpecification","valueRequired":true,"valueName":"search_term_string"}}],"inLanguage":"fr-FR"},{"@type":"Organization","@id":"https:\/\/boatrentalmallorca.net\/#organization","name":"Location de bateaux \u00e0 Majorque","url":"https:\/\/boatrentalmallorca.net\/","logo":{"@type":"ImageObject","inLanguage":"fr-FR","@id":"https:\/\/boatrentalmallorca.net\/#\/schema\/logo\/image\/","url":"https:\/\/boatrentalmallorca.net\/wp-content\/uploads\/2025\/02\/Logo-Boat-Rental-Mallorca.jpg","contentUrl":"https:\/\/boatrentalmallorca.net\/wp-content\/uploads\/2025\/02\/Logo-Boat-Rental-Mallorca.jpg","width":996,"height":1068,"caption":"Boat Rental Mallorca"},"image":{"@id":"https:\/\/boatrentalmallorca.net\/#\/schema\/logo\/image\/"},"description":"Boat Rental Mallorca est une entreprise locale proposant la location de yachts et de bateaux \u00e0 Majorque pour des croisi\u00e8res au coucher du soleil, des excursions \u00e0 la demi-journ\u00e9e ou \u00e0 la journ\u00e9e, avec ou sans capitaine. Les prix commencent \u00e0 150 \u20ac de l&#039;heure. Les bateaux sont disponibles pour tous types d&#039;\u00e9v\u00e9nements priv\u00e9s et professionnels.","email":"boatrentalsmallorca@gmail.com","telephone":"+34622937315","numberOfEmployees":{"@type":"QuantitativeValue","minValue":"1","maxValue":"10"}}]}},"_links":{"self":[{"href":"https:\/\/boatrentalmallorca.net\/fr\/wp-json\/wp\/v2\/listings\/4465","targetHints":{"allow":["GET"]}}],"collection":[{"href":"https:\/\/boatrentalmallorca.net\/fr\/wp-json\/wp\/v2\/listings"}],"about":[{"href":"https:\/\/boatrentalmallorca.net\/fr\/wp-json\/wp\/v2\/types\/listing"}],"author":[{"embeddable":true,"href":"https:\/\/boatrentalmallorca.net\/fr\/wp-json\/wp\/v2\/users\/2"}],"version-history":[{"count":4,"href":"https:\/\/boatrentalmallorca.net\/fr\/wp-json\/wp\/v2\/listings\/4465\/revisions"}],"predecessor-version":[{"id":4490,"href":"https:\/\/boatrentalmallorca.net\/fr\/wp-json\/wp\/v2\/listings\/4465\/revisions\/4490"}],"wp:featuredmedia":[{"embeddable":true,"href":"https:\/\/boatrentalmallorca.net\/fr\/wp-json\/wp\/v2\/media\/4466"}],"wp:attachment":[{"href":"https:\/\/boatrentalmallorca.net\/fr\/wp-json\/wp\/v2\/media?parent=4465"}],"wp:term":[{"taxonomy":"listing_type","embeddable":true,"href":"https:\/\/boatrentalmallorca.net\/fr\/wp-json\/wp\/v2\/listing_type?post=4465"},{"taxonomy":"room_type","embeddable":true,"href":"https:\/\/boatrentalmallorca.net\/fr\/wp-json\/wp\/v2\/room_type?post=4465"},{"taxonomy":"listing_amenity","embeddable":true,"href":"https:\/\/boatrentalmallorca.net\/fr\/wp-json\/wp\/v2\/amenities?post=4465"},{"taxonomy":"listing_facility","embeddable":true,"href":"https:\/\/boatrentalmallorca.net\/fr\/wp-json\/wp\/v2\/facilities?post=4465"},{"taxonomy":"listing_country","embeddable":true,"href":"https:\/\/boatrentalmallorca.net\/fr\/wp-json\/wp\/v2\/listing_countries?post=4465"},{"taxonomy":"listing_state","embeddable":true,"href":"https:\/\/boatrentalmallorca.net\/fr\/wp-json\/wp\/v2\/listing_states?post=4465"},{"taxonomy":"listing_city","embeddable":true,"href":"https:\/\/boatrentalmallorca.net\/fr\/wp-json\/wp\/v2\/listing_cities?post=4465"},{"taxonomy":"listing_area","embeddable":true,"href":"https:\/\/boatrentalmallorca.net\/fr\/wp-json\/wp\/v2\/listing_areas?post=4465"}],"curies":[{"name":"wp","href":"https:\/\/api.w.org\/{rel}","templated":true}]}}