{"id":6909,"date":"2026-02-22T17:27:15","date_gmt":"2026-02-22T16:27:15","guid":{"rendered":"https:\/\/boatrentalmallorca.net\/?post_type=listing&#038;p=6909"},"modified":"2026-04-20T18:14:16","modified_gmt":"2026-04-20T16:14:16","slug":"beneteau-oceanis-31-sailboat","status":"publish","type":"listing","link":"https:\/\/boatrentalmallorca.net\/es\/mallorca\/beneteau-oceanis-31-sailboat\/","title":{"rendered":"Beneteau Oceanis 31 | Velero"},"content":{"rendered":"<p><\/p>\n\n\n\n<figure class=\"wp-block-table is-style-stripes\"><table class=\"has-fixed-layout\"><thead><tr><th class=\"has-text-align-center\" data-align=\"center\">DURACI\u00d3N<\/th><th class=\"has-text-align-center\" data-align=\"center\">JUNIO-SEPTIEMBRE<\/th><th class=\"has-text-align-center\" data-align=\"center\">ABRIL-MAYO, OCTUBRE<\/th><\/tr><\/thead><tbody><tr><td class=\"has-text-align-center\" data-align=\"center\"><strong>D\u00cdA COMPLETO (8 HORAS)<\/strong><br>10:00-18:00<\/td><td class=\"has-text-align-center\" data-align=\"center\">590\u20ac<\/td><td class=\"has-text-align-center\" data-align=\"center\">531\u20ac<\/td><\/tr><\/tbody><\/table><\/figure>\n\n\n\n<p><\/p>\n\n\n\n<p><strong>Incluido:<\/strong><\/p>\n\n\n\n<ul class=\"wp-block-list\">\n<li>TINA<\/li>\n<\/ul>\n\n\n\n<p><strong>No incluido:<\/strong><\/p>\n\n\n\n<ul class=\"wp-block-list\">\n<li>Patr\u00f3n opcional (8 horas \u2013 300\u20ac)<\/li>\n\n\n\n<li>Combustible<\/li>\n\n\n\n<li>Dep\u00f3sito reembolsable: 1000\u20ac<\/li>\n<\/ul>\n\n\n\n<p><strong>Pol\u00edtica de cancelaci\u00f3n:<\/strong><\/p>\n\n\n\n<ul class=\"wp-block-list\">\n<li>Se requiere un dep\u00f3sito de 30% del precio del alquiler para confirmar cualquier reserva.<\/li>\n\n\n\n<li>Las cancelaciones realizadas con m\u00e1s de 2 meses de antelaci\u00f3n a la fecha del charter recibir\u00e1n un reembolso 100% del importe pagado.<\/li>\n\n\n\n<li>Las cancelaciones realizadas entre 2 meses y 10 d\u00edas antes de la fecha del alquiler recibir\u00e1n un reembolso de 50% del dep\u00f3sito, con una tarifa de manejo de 15% basada en el valor del barco.<\/li>\n\n\n\n<li>Las cancelaciones realizadas dentro de los \u00faltimos 10 d\u00edas antes de la fecha del alquiler no son reembolsables y se perder\u00e1 el 100% del dep\u00f3sito.<\/li>\n<\/ul>","protected":false},"excerpt":{"rendered":"<p>DURATION JUNE\u2013SEPTEMBER APRIL-MAY, OCTOBER FULL DAY (8 HOURS)10:00-18:00 590\u20ac 531\u20ac Included: Not included: Cancellation policy:<\/p>","protected":false},"author":2,"featured_media":6910,"parent":0,"menu_order":0,"template":"","listing_type":[57],"room_type":[225],"amenities":[71,75,107,117,118,122,164,184],"facilities":[],"listing_countries":[],"listing_states":[],"listing_cities":[228],"listing_areas":[],"class_list":["post-6909","listing","type-listing","status-publish","has-post-thumbnail","hentry","listing_type-sailboat-rental-mallorca","room_type-with-or-without-a-captain","listing_amenity-autopilot","listing_amenity-bathing-ladder","listing_amenity-external-table","listing_amenity-freezer","listing_amenity-fridge","listing_amenity-gps","listing_amenity-outdoor-shower","listing_amenity-shower","listing_city-boat-rental-alcudia"],"acf":[],"yoast_head":"<!-- This site is optimized with the Yoast SEO Premium plugin v24.3 (Yoast SEO v24.3) - https:\/\/yoast.com\/wordpress\/plugins\/seo\/ -->\n<title>Sailboat Beneteau Oceanis 31 rental in Alcudia, Mallorca<\/title>\n<meta name=\"description\" content=\"Rent a sailboat Beneteau Oceanis 31 with or without a captain in Alcudia, Mallorca. \u2b50 6 guests. \u2b50 from 531\u20ac\/8 hours. \u2714\ufe0f Book now!\" \/>\n<meta name=\"robots\" content=\"index, follow, max-snippet:-1, max-image-preview:large, max-video-preview:-1\" \/>\n<link rel=\"canonical\" href=\"https:\/\/boatrentalmallorca.net\/es\/mallorca\/beneteau-oceanis-31-sailboat\/\" \/>\n<meta property=\"og:locale\" content=\"es_ES\" \/>\n<meta property=\"og:type\" content=\"article\" \/>\n<meta property=\"og:title\" content=\"Beneteau Oceanis 31 | Sailboat\" \/>\n<meta property=\"og:description\" content=\"Rent a sailboat Beneteau Oceanis 31 with or without a captain in Alcudia, Mallorca. \u2b50 6 guests. \u2b50 from 531\u20ac\/8 hours. \u2714\ufe0f Book now!\" \/>\n<meta property=\"og:url\" content=\"https:\/\/boatrentalmallorca.net\/es\/mallorca\/beneteau-oceanis-31-sailboat\/\" \/>\n<meta property=\"og:site_name\" content=\"Boat Rental Mallorca\" \/>\n<meta property=\"article:modified_time\" content=\"2026-04-20T16:14:16+00:00\" \/>\n<meta property=\"og:image\" content=\"https:\/\/boatrentalmallorca.net\/wp-content\/uploads\/2026\/02\/rent-sailboat-Beneteau-Oceanis-31-Alcudia.jpg\" \/>\n\t<meta property=\"og:image:width\" content=\"403\" \/>\n\t<meta property=\"og:image:height\" content=\"269\" \/>\n\t<meta property=\"og:image:type\" content=\"image\/jpeg\" \/>\n<meta name=\"twitter:card\" content=\"summary_large_image\" \/>\n<meta name=\"twitter:label1\" content=\"Tiempo de lectura\" \/>\n\t<meta name=\"twitter:data1\" content=\"1 minuto\" \/>\n<script type=\"application\/ld+json\" class=\"yoast-schema-graph\">{\"@context\":\"https:\/\/schema.org\",\"@graph\":[{\"@type\":\"WebPage\",\"@id\":\"https:\/\/boatrentalmallorca.net\/mallorca\/beneteau-oceanis-31-sailboat\/\",\"url\":\"https:\/\/boatrentalmallorca.net\/mallorca\/beneteau-oceanis-31-sailboat\/\",\"name\":\"Sailboat Beneteau Oceanis 31 rental in Alcudia, Mallorca\",\"isPartOf\":{\"@id\":\"https:\/\/boatrentalmallorca.net\/#website\"},\"primaryImageOfPage\":{\"@id\":\"https:\/\/boatrentalmallorca.net\/mallorca\/beneteau-oceanis-31-sailboat\/#primaryimage\"},\"image\":{\"@id\":\"https:\/\/boatrentalmallorca.net\/mallorca\/beneteau-oceanis-31-sailboat\/#primaryimage\"},\"thumbnailUrl\":\"https:\/\/boatrentalmallorca.net\/wp-content\/uploads\/2026\/02\/rent-sailboat-Beneteau-Oceanis-31-Alcudia.jpg\",\"datePublished\":\"2026-02-22T16:27:15+00:00\",\"dateModified\":\"2026-04-20T16:14:16+00:00\",\"description\":\"Rent a sailboat Beneteau Oceanis 31 with or without a captain in Alcudia, Mallorca. \u2b50 6 guests. \u2b50 from 531\u20ac\/8 hours. \u2714\ufe0f Book now!\",\"breadcrumb\":{\"@id\":\"https:\/\/boatrentalmallorca.net\/mallorca\/beneteau-oceanis-31-sailboat\/#breadcrumb\"},\"inLanguage\":\"es\",\"potentialAction\":[{\"@type\":\"ReadAction\",\"target\":[\"https:\/\/boatrentalmallorca.net\/mallorca\/beneteau-oceanis-31-sailboat\/\"]}]},{\"@type\":\"ImageObject\",\"inLanguage\":\"es\",\"@id\":\"https:\/\/boatrentalmallorca.net\/mallorca\/beneteau-oceanis-31-sailboat\/#primaryimage\",\"url\":\"https:\/\/boatrentalmallorca.net\/wp-content\/uploads\/2026\/02\/rent-sailboat-Beneteau-Oceanis-31-Alcudia.jpg\",\"contentUrl\":\"https:\/\/boatrentalmallorca.net\/wp-content\/uploads\/2026\/02\/rent-sailboat-Beneteau-Oceanis-31-Alcudia.jpg\",\"width\":403,\"height\":269,\"caption\":\"rent sailboat Beneteau Oceanis 31 Alcudia\"},{\"@type\":\"BreadcrumbList\",\"@id\":\"https:\/\/boatrentalmallorca.net\/mallorca\/beneteau-oceanis-31-sailboat\/#breadcrumb\",\"itemListElement\":[{\"@type\":\"ListItem\",\"position\":1,\"name\":\"Home\",\"item\":\"https:\/\/boatrentalmallorca.net\/\"},{\"@type\":\"ListItem\",\"position\":2,\"name\":\"Listings\",\"item\":\"https:\/\/boatrentalmallorca.net\/mallorca\/\"},{\"@type\":\"ListItem\",\"position\":3,\"name\":\"Beneteau Oceanis 31 | Sailboat\"}]},{\"@type\":\"WebSite\",\"@id\":\"https:\/\/boatrentalmallorca.net\/#website\",\"url\":\"https:\/\/boatrentalmallorca.net\/\",\"name\":\"Boat Rental Mallorca\",\"description\":\"\",\"publisher\":{\"@id\":\"https:\/\/boatrentalmallorca.net\/#organization\"},\"potentialAction\":[{\"@type\":\"SearchAction\",\"target\":{\"@type\":\"EntryPoint\",\"urlTemplate\":\"https:\/\/boatrentalmallorca.net\/?s={search_term_string}\"},\"query-input\":{\"@type\":\"PropertyValueSpecification\",\"valueRequired\":true,\"valueName\":\"search_term_string\"}}],\"inLanguage\":\"es\"},{\"@type\":\"Organization\",\"@id\":\"https:\/\/boatrentalmallorca.net\/#organization\",\"name\":\"Boat Rental Mallorca\",\"url\":\"https:\/\/boatrentalmallorca.net\/\",\"logo\":{\"@type\":\"ImageObject\",\"inLanguage\":\"es\",\"@id\":\"https:\/\/boatrentalmallorca.net\/#\/schema\/logo\/image\/\",\"url\":\"https:\/\/boatrentalmallorca.net\/wp-content\/uploads\/2025\/02\/Logo-Boat-Rental-Mallorca.jpg\",\"contentUrl\":\"https:\/\/boatrentalmallorca.net\/wp-content\/uploads\/2025\/02\/Logo-Boat-Rental-Mallorca.jpg\",\"width\":996,\"height\":1068,\"caption\":\"Boat Rental Mallorca\"},\"image\":{\"@id\":\"https:\/\/boatrentalmallorca.net\/#\/schema\/logo\/image\/\"},\"description\":\"Boat Rental Mallorca is a local company offering yacht and boat rentals in Mallorca for sunset cruises, half-day, or full-day trips, with or without a captain. Prices start from \u20ac150 per hour. Boats are available for all types of private and corporate events.\",\"email\":\"boatrentalsmallorca@gmail.com\",\"telephone\":\"+34622937315\",\"numberOfEmployees\":{\"@type\":\"QuantitativeValue\",\"minValue\":\"1\",\"maxValue\":\"10\"}}]}<\/script>\n<!-- \/ Yoast SEO Premium plugin. -->","yoast_head_json":{"title":"Alquiler de velero Beneteau Oceanis 31 en Alcudia, Mallorca","description":"Alquila un velero Beneteau Oceanis 31 con o sin patr\u00f3n en Alcudia, Mallorca. \u2b50 6 personas. \u2b50 desde 531\u20ac\/8 horas. \u2714\ufe0f \u00a1Reserva ya!","robots":{"index":"index","follow":"follow","max-snippet":"max-snippet:-1","max-image-preview":"max-image-preview:large","max-video-preview":"max-video-preview:-1"},"canonical":"https:\/\/boatrentalmallorca.net\/es\/mallorca\/beneteau-oceanis-31-sailboat\/","og_locale":"es_ES","og_type":"article","og_title":"Beneteau Oceanis 31 | Sailboat","og_description":"Rent a sailboat Beneteau Oceanis 31 with or without a captain in Alcudia, Mallorca. \u2b50 6 guests. \u2b50 from 531\u20ac\/8 hours. \u2714\ufe0f Book now!","og_url":"https:\/\/boatrentalmallorca.net\/es\/mallorca\/beneteau-oceanis-31-sailboat\/","og_site_name":"Boat Rental Mallorca","article_modified_time":"2026-04-20T16:14:16+00:00","og_image":[{"width":403,"height":269,"url":"https:\/\/boatrentalmallorca.net\/wp-content\/uploads\/2026\/02\/rent-sailboat-Beneteau-Oceanis-31-Alcudia.jpg","type":"image\/jpeg"}],"twitter_card":"summary_large_image","twitter_misc":{"Tiempo de lectura":"1 minuto"},"schema":{"@context":"https:\/\/schema.org","@graph":[{"@type":"WebPage","@id":"https:\/\/boatrentalmallorca.net\/mallorca\/beneteau-oceanis-31-sailboat\/","url":"https:\/\/boatrentalmallorca.net\/mallorca\/beneteau-oceanis-31-sailboat\/","name":"Alquiler de velero Beneteau Oceanis 31 en Alcudia, Mallorca","isPartOf":{"@id":"https:\/\/boatrentalmallorca.net\/#website"},"primaryImageOfPage":{"@id":"https:\/\/boatrentalmallorca.net\/mallorca\/beneteau-oceanis-31-sailboat\/#primaryimage"},"image":{"@id":"https:\/\/boatrentalmallorca.net\/mallorca\/beneteau-oceanis-31-sailboat\/#primaryimage"},"thumbnailUrl":"https:\/\/boatrentalmallorca.net\/wp-content\/uploads\/2026\/02\/rent-sailboat-Beneteau-Oceanis-31-Alcudia.jpg","datePublished":"2026-02-22T16:27:15+00:00","dateModified":"2026-04-20T16:14:16+00:00","description":"Alquila un velero Beneteau Oceanis 31 con o sin patr\u00f3n en Alcudia, Mallorca. \u2b50 6 personas. \u2b50 desde 531\u20ac\/8 horas. \u2714\ufe0f \u00a1Reserva ya!","breadcrumb":{"@id":"https:\/\/boatrentalmallorca.net\/mallorca\/beneteau-oceanis-31-sailboat\/#breadcrumb"},"inLanguage":"es","potentialAction":[{"@type":"ReadAction","target":["https:\/\/boatrentalmallorca.net\/mallorca\/beneteau-oceanis-31-sailboat\/"]}]},{"@type":"ImageObject","inLanguage":"es","@id":"https:\/\/boatrentalmallorca.net\/mallorca\/beneteau-oceanis-31-sailboat\/#primaryimage","url":"https:\/\/boatrentalmallorca.net\/wp-content\/uploads\/2026\/02\/rent-sailboat-Beneteau-Oceanis-31-Alcudia.jpg","contentUrl":"https:\/\/boatrentalmallorca.net\/wp-content\/uploads\/2026\/02\/rent-sailboat-Beneteau-Oceanis-31-Alcudia.jpg","width":403,"height":269,"caption":"rent sailboat Beneteau Oceanis 31 Alcudia"},{"@type":"BreadcrumbList","@id":"https:\/\/boatrentalmallorca.net\/mallorca\/beneteau-oceanis-31-sailboat\/#breadcrumb","itemListElement":[{"@type":"ListItem","position":1,"name":"Home","item":"https:\/\/boatrentalmallorca.net\/"},{"@type":"ListItem","position":2,"name":"Listings","item":"https:\/\/boatrentalmallorca.net\/mallorca\/"},{"@type":"ListItem","position":3,"name":"Beneteau Oceanis 31 | Sailboat"}]},{"@type":"WebSite","@id":"https:\/\/boatrentalmallorca.net\/#website","url":"https:\/\/boatrentalmallorca.net\/","name":"Alquiler de barcos en Mallorca","description":"","publisher":{"@id":"https:\/\/boatrentalmallorca.net\/#organization"},"potentialAction":[{"@type":"SearchAction","target":{"@type":"EntryPoint","urlTemplate":"https:\/\/boatrentalmallorca.net\/?s={search_term_string}"},"query-input":{"@type":"PropertyValueSpecification","valueRequired":true,"valueName":"search_term_string"}}],"inLanguage":"es"},{"@type":"Organization","@id":"https:\/\/boatrentalmallorca.net\/#organization","name":"Alquiler de barcos en Mallorca","url":"https:\/\/boatrentalmallorca.net\/","logo":{"@type":"ImageObject","inLanguage":"es","@id":"https:\/\/boatrentalmallorca.net\/#\/schema\/logo\/image\/","url":"https:\/\/boatrentalmallorca.net\/wp-content\/uploads\/2025\/02\/Logo-Boat-Rental-Mallorca.jpg","contentUrl":"https:\/\/boatrentalmallorca.net\/wp-content\/uploads\/2025\/02\/Logo-Boat-Rental-Mallorca.jpg","width":996,"height":1068,"caption":"Boat Rental Mallorca"},"image":{"@id":"https:\/\/boatrentalmallorca.net\/#\/schema\/logo\/image\/"},"description":"Boat Rental Mallorca es una empresa local que ofrece alquiler de yates y barcos en Mallorca para cruceros al atardecer, excursiones de medio d\u00eda o de d\u00eda completo, con o sin capit\u00e1n. Los precios parten de 150 \u20ac por hora. Disponemos de barcos para todo tipo de eventos privados y corporativos.","email":"boatrentalsmallorca@gmail.com","telephone":"+34622937315","numberOfEmployees":{"@type":"QuantitativeValue","minValue":"1","maxValue":"10"}}]}},"_links":{"self":[{"href":"https:\/\/boatrentalmallorca.net\/es\/wp-json\/wp\/v2\/listings\/6909","targetHints":{"allow":["GET"]}}],"collection":[{"href":"https:\/\/boatrentalmallorca.net\/es\/wp-json\/wp\/v2\/listings"}],"about":[{"href":"https:\/\/boatrentalmallorca.net\/es\/wp-json\/wp\/v2\/types\/listing"}],"author":[{"embeddable":true,"href":"https:\/\/boatrentalmallorca.net\/es\/wp-json\/wp\/v2\/users\/2"}],"version-history":[{"count":4,"href":"https:\/\/boatrentalmallorca.net\/es\/wp-json\/wp\/v2\/listings\/6909\/revisions"}],"predecessor-version":[{"id":8367,"href":"https:\/\/boatrentalmallorca.net\/es\/wp-json\/wp\/v2\/listings\/6909\/revisions\/8367"}],"wp:featuredmedia":[{"embeddable":true,"href":"https:\/\/boatrentalmallorca.net\/es\/wp-json\/wp\/v2\/media\/6910"}],"wp:attachment":[{"href":"https:\/\/boatrentalmallorca.net\/es\/wp-json\/wp\/v2\/media?parent=6909"}],"wp:term":[{"taxonomy":"listing_type","embeddable":true,"href":"https:\/\/boatrentalmallorca.net\/es\/wp-json\/wp\/v2\/listing_type?post=6909"},{"taxonomy":"room_type","embeddable":true,"href":"https:\/\/boatrentalmallorca.net\/es\/wp-json\/wp\/v2\/room_type?post=6909"},{"taxonomy":"listing_amenity","embeddable":true,"href":"https:\/\/boatrentalmallorca.net\/es\/wp-json\/wp\/v2\/amenities?post=6909"},{"taxonomy":"listing_facility","embeddable":true,"href":"https:\/\/boatrentalmallorca.net\/es\/wp-json\/wp\/v2\/facilities?post=6909"},{"taxonomy":"listing_country","embeddable":true,"href":"https:\/\/boatrentalmallorca.net\/es\/wp-json\/wp\/v2\/listing_countries?post=6909"},{"taxonomy":"listing_state","embeddable":true,"href":"https:\/\/boatrentalmallorca.net\/es\/wp-json\/wp\/v2\/listing_states?post=6909"},{"taxonomy":"listing_city","embeddable":true,"href":"https:\/\/boatrentalmallorca.net\/es\/wp-json\/wp\/v2\/listing_cities?post=6909"},{"taxonomy":"listing_area","embeddable":true,"href":"https:\/\/boatrentalmallorca.net\/es\/wp-json\/wp\/v2\/listing_areas?post=6909"}],"curies":[{"name":"wp","href":"https:\/\/api.w.org\/{rel}","templated":true}]}}