{"id":7109,"date":"2026-03-01T16:28:36","date_gmt":"2026-03-01T15:28:36","guid":{"rendered":"https:\/\/boatrentalmallorca.net\/?post_type=listing&#038;p=7109"},"modified":"2026-03-05T09:03:23","modified_gmt":"2026-03-05T08:03:23","slug":"van-de-voorde-98-falcao-uno-yacht","status":"publish","type":"listing","link":"https:\/\/boatrentalmallorca.net\/de\/mallorca\/van-de-voorde-98-falcao-uno-yacht\/","title":{"rendered":"Van de Voorde 98 | Falcao Uno | Yacht"},"content":{"rendered":"<p><\/p>\n\n\n\n<figure class=\"wp-block-table is-style-stripes\"><table class=\"has-fixed-layout\"><thead><tr><th class=\"has-text-align-center\" data-align=\"center\">DAUER<\/th><th class=\"has-text-align-center\" data-align=\"center\">20 Personen<\/th><th class=\"has-text-align-center\" data-align=\"center\">40 Personen<\/th><th class=\"has-text-align-center\" data-align=\"center\">60 Personen<\/th><\/tr><\/thead><tbody><tr><td class=\"has-text-align-center\" data-align=\"center\"><strong>4 STUNDEN<\/strong><br>11:00 \u2013 15:00<br>17:00 \u2013 21:00<\/td><td class=\"has-text-align-center\" data-align=\"center\">3850 \u20ac<\/td><td class=\"has-text-align-center\" data-align=\"center\">4950 \u20ac<\/td><td class=\"has-text-align-center\" data-align=\"center\">6325 \u20ac<\/td><\/tr><tr><td class=\"has-text-align-center\" data-align=\"center\"><strong>7 STUNDEN<\/strong><\/td><td class=\"has-text-align-center\" data-align=\"center\">5850 \u20ac<\/td><td class=\"has-text-align-center\" data-align=\"center\">6950 \u20ac<\/td><td class=\"has-text-align-center\" data-align=\"center\">8325 \u20ac<\/td><\/tr><\/tbody><\/table><\/figure>\n\n\n\n<p><\/p>\n\n\n\n<p><strong>Enthalten:<\/strong><\/p>\n\n\n\n<ul class=\"wp-block-list\">\n<li>Kraftstoff<\/li>\n\n\n\n<li>Handt\u00fccher<\/li>\n\n\n\n<li>Frisches Obst der Saison<\/li>\n\n\n\n<li>Wasser und Erfrischungsgetr\u00e4nke<\/li>\n\n\n\n<li>Begr\u00fc\u00dfungsglas Cava<\/li>\n<\/ul>\n\n\n\n<p><strong>Nicht inbegriffen (zus\u00e4tzliche Leistungen und Preise):<\/strong><\/p>\n\n\n\n<ul class=\"wp-block-list\">\n<li>Transfer \u2013 Preis auf Anfrage<\/li>\n\n\n\n<li>USt-IdNr. 21%<\/li>\n\n\n\n<li>Catering- und Men\u00fcoptionen \u2013 Preis auf Anfrage<\/li>\n\n\n\n<li>Offene Bar \u2013 Preis auf Anfrage<\/li>\n<\/ul>\n\n\n\n<p><strong>Zus\u00e4tzliche Dienstleistungen:<\/strong><\/p>\n\n\n\n<ul class=\"wp-block-list\">\n<li>Fotograf \u2014 800 \u20ac + 21% MwSt. (4 Stunden) \/ 1300 \u20ac + 21% MwSt. (7 Stunden)<\/li>\n\n\n\n<li>DJ-Set \u2014 850 \u20ac + 21% MwSt. (4 Stunden) \/ 1450 \u20ac + 21% MwSt. (7 Stunden)<\/li>\n\n\n\n<li>Stand-Up-Paddle-Board \u2013 110 \u20ac + 21% MwSt. pro St\u00fcck<\/li>\n\n\n\n<li>Spezialpaket 2 (Taucherbrille und Sicherheitsboje) \u2014 370 \u20ac + MwSt. 21%<\/li>\n<\/ul>\n\n\n\n<p><strong>Wasserspielzeug und -ausr\u00fcstung:<\/strong><\/p>\n\n\n\n<ul class=\"wp-block-list\">\n<li>Flitescooter \u2014 700 \u20ac + 21% MwSt. pro Tag (ohne Instruktor)<\/li>\n\n\n\n<li>Awake Explore \u2014 650 \u20ac + 21% MwSt. pro Tag (ohne Instruktor)<\/li>\n\n\n\n<li>Ausbilder \u2014 550 \u20ac + 21% MwSt. pro Tag<\/li>\n\n\n\n<li>Kauf einer Schnorchelmaske \u2013 50 \u20ac + MwSt. 21%<\/li>\n<\/ul>\n\n\n\n<p><strong>Plattformen und Zubeh\u00f6r:<\/strong><\/p>\n\n\n\n<ul class=\"wp-block-list\">\n<li>Schwimmende Plattform 2 \u00d7 4 m \u2014 360 \u20ac pro Tag + MwSt. 21%<\/li>\n\n\n\n<li>Sechseckige Plattform 250 \u00d7 290 cm \u2014 360 \u20ac pro Tag + MwSt. 21%<\/li>\n\n\n\n<li>Antiquallenbecken 4 \u00d7 4 m \u2014 360 \u20ac pro Tag + MwSt. 21%<\/li>\n\n\n\n<li>Wasserrutsche Zulu \u2014 480 \u20ac + 21% MwSt.<\/li>\n<\/ul>\n\n\n\n<p><strong>Schnellboot und Wassersport:<\/strong><\/p>\n\n\n\n<p>(Inklusive Wakeboard, Wasserski und Donut f\u00fcr 2 Personen, Kapit\u00e4n und Treibstoff)<\/p>\n\n\n\n<ul class=\"wp-block-list\">\n<li>Halbtag (4 Stunden) \u2014 750 \u20ac + 21% MwSt.<\/li>\n\n\n\n<li>Ganzt\u00e4gig (7 Stunden) \u2014 1200 \u20ac + 21% MwSt.<\/li>\n<\/ul>\n\n\n\n<p><strong>Stornierungsbedingungen:<\/strong><\/p>\n\n\n\n<ul class=\"wp-block-list\">\n<li>Im Falle einer Stornierung durch die Yacht aufgrund einer technischen St\u00f6rung oder h\u00f6herer Gewalt (Act of God) wird der vom Kunden gezahlte Gesamtbetrag vollst\u00e4ndig zur\u00fcckerstattet.<\/li>\n\n\n\n<li><strong>Wetterbedingungen:<\/strong> Eine Stornierung aufgrund von Unwetter liegt im Ermessen des Kapit\u00e4ns. Bew\u00f6lktes Wetter oder entsprechende Wettervorhersagen gelten nicht als Stornierungsgrund. Nach M\u00f6glichkeit wird ein Alternativtermin angeboten.<\/li>\n\n\n\n<li><strong>Stornierung durch den Kunden:<\/strong> Mehr als 30 Tage vor Charterbeginn \u2013 Stornogeb\u00fchr 25%. Zwischen 15 und 30 Tagen vor Charterbeginn \u2013 Stornogeb\u00fchr 50%. Weniger als 15 Tage vor Charterbeginn \u2013 Stornogeb\u00fchr 100%.<\/li>\n\n\n\n<li><strong>Dienste von Drittanbietern:<\/strong> Externe Dienstleister (Catering, DJ, Wassersport etc.) haben ihre eigenen Stornierungsbedingungen. Die Yacht \u00fcbernimmt keine Haftung f\u00fcr R\u00fcckerstattungen oder Bedingungen von Drittanbietern.<\/li>\n\n\n\n<li><strong>Reservierungsgeb\u00fchr:<\/strong> Zur Best\u00e4tigung der Buchung ist eine Anzahlung von 50% in H\u00f6he des Gesamtcharterbetrags erforderlich. Die Yacht beh\u00e4lt sich das Recht vor, Anfragen zu stornieren, falls die Zahlung nicht eingeht.<\/li>\n\n\n\n<li><strong>Schlusszahlung:<\/strong> Der Restbetrag von 50% muss mindestens 15 Tage vor dem Veranstaltungstermin bezahlt werden.<\/li>\n\n\n\n<li><strong>Nichtzahlung:<\/strong> Die Nichtzahlung der Schlussrate kann zur Stornierung des Chartervertrags f\u00fchren; die geleistete Anzahlung wird als Stornogeb\u00fchr einbehalten.<\/li>\n\n\n\n<li><strong>Kaution:<\/strong> Eine Kaution in H\u00f6he von 2.000 \u20ac wird beim Check-in per Kreditkarte autorisiert und nach der Charter vollst\u00e4ndig freigegeben, sofern keine Sch\u00e4den am Schiff entstanden sind.<\/li>\n<\/ul>","protected":false},"excerpt":{"rendered":"<p>DURATION 20 PAX 40 PAX 60 PAX 4 HOURS11:00 \u2013 15:0017:00 \u2013 21:00 3850 \u20ac 4950 \u20ac 6325 \u20ac 7 HOURS 5850 \u20ac 6950 \u20ac 8325 \u20ac Included: Not included (extra services and prices): Additional services: Water toys and equipment: Platforms and accessories: Speed boat and water sports: (Includes wakeboard, water ski and donut for [&hellip;]<\/p>\n","protected":false},"author":2,"featured_media":7110,"parent":0,"menu_order":0,"template":"","listing_type":[56,55],"room_type":[41],"amenities":[67,70,76,84,86,95,96,106,113,117,118,120,126,143,159,164,165,167,184,199,218,220],"facilities":[],"listing_countries":[232,231,234,237,235],"listing_states":[],"listing_cities":[230],"listing_areas":[],"class_list":["post-7109","listing","type-listing","status-publish","has-post-thumbnail","hentry","listing_type-motorboat-rental-mallorca","listing_type-yacht-rental-mallorca","room_type-with-captain","listing_amenity-air-conditioning","listing_amenity-audio-system","listing_amenity-bathing-platform","listing_amenity-bow-thruster","listing_amenity-coffee-machine","listing_amenity-dinghy","listing_amenity-dishwasher","listing_amenity-external-speakers","listing_amenity-flybridge","listing_amenity-freezer","listing_amenity-fridge","listing_amenity-generator","listing_amenity-heating","listing_amenity-inside-speakers","listing_amenity-microwave","listing_amenity-outdoor-shower","listing_amenity-oven-stovetop","listing_amenity-paddle-board","listing_amenity-shower","listing_amenity-teak-deck","listing_amenity-water-toys","listing_amenity-watermaker","listing_country-bachelor-party-boat-mallorca","listing_country-bachelorette-party-boat-mallorca","listing_country-boat-party-mallorca","listing_country-corporate-event-boat-mallorca","listing_country-boat-wedding-mallorca","listing_city-boat-rental-palma-de-mallorca"],"acf":[],"yoast_head":"<!-- This site is optimized with the Yoast SEO Premium plugin v24.3 (Yoast SEO v24.3) - https:\/\/yoast.com\/wordpress\/plugins\/seo\/ -->\n<title>Yacht Van de Voorde 98 (Falcao Uno) rental in Palma, Mallorca<\/title>\n<meta name=\"description\" content=\"Rent a yacht Van de Voorde 98 (Falcao Uno) in Palma, Mallorca. \u2b50 60 guests. \u2b50 From 3850\u20ac\/half day. \u2714\ufe0f Book now!\" \/>\n<meta name=\"robots\" content=\"index, follow, max-snippet:-1, max-image-preview:large, max-video-preview:-1\" \/>\n<link rel=\"canonical\" href=\"https:\/\/boatrentalmallorca.net\/de\/mallorca\/van-de-voorde-98-falcao-uno-yacht\/\" \/>\n<meta property=\"og:locale\" content=\"de_DE\" \/>\n<meta property=\"og:type\" content=\"article\" \/>\n<meta property=\"og:title\" content=\"Van de Voorde 98 | Falcao Uno | Yacht\" \/>\n<meta property=\"og:description\" content=\"Rent a yacht Van de Voorde 98 (Falcao Uno) in Palma, Mallorca. \u2b50 60 guests. \u2b50 From 3850\u20ac\/half day. \u2714\ufe0f Book now!\" \/>\n<meta property=\"og:url\" content=\"https:\/\/boatrentalmallorca.net\/de\/mallorca\/van-de-voorde-98-falcao-uno-yacht\/\" \/>\n<meta property=\"og:site_name\" content=\"Boat Rental Mallorca\" \/>\n<meta property=\"article:modified_time\" content=\"2026-03-05T08:03:23+00:00\" \/>\n<meta property=\"og:image\" content=\"https:\/\/boatrentalmallorca.net\/wp-content\/uploads\/2026\/03\/rent-yacht-Van-de-Voorde-98-Falcao-Uno-Palma.jpg\" \/>\n\t<meta property=\"og:image:width\" content=\"403\" \/>\n\t<meta property=\"og:image:height\" content=\"269\" \/>\n\t<meta property=\"og:image:type\" content=\"image\/jpeg\" \/>\n<meta name=\"twitter:card\" content=\"summary_large_image\" \/>\n<meta name=\"twitter:label1\" content=\"Gesch\u00e4tzte Lesezeit\" \/>\n\t<meta name=\"twitter:data1\" content=\"3\u00a0Minuten\" \/>\n<script type=\"application\/ld+json\" class=\"yoast-schema-graph\">{\"@context\":\"https:\/\/schema.org\",\"@graph\":[{\"@type\":\"WebPage\",\"@id\":\"https:\/\/boatrentalmallorca.net\/mallorca\/van-de-voorde-98-falcao-uno-yacht\/\",\"url\":\"https:\/\/boatrentalmallorca.net\/mallorca\/van-de-voorde-98-falcao-uno-yacht\/\",\"name\":\"Yacht Van de Voorde 98 (Falcao Uno) rental in Palma, Mallorca\",\"isPartOf\":{\"@id\":\"https:\/\/boatrentalmallorca.net\/#website\"},\"primaryImageOfPage\":{\"@id\":\"https:\/\/boatrentalmallorca.net\/mallorca\/van-de-voorde-98-falcao-uno-yacht\/#primaryimage\"},\"image\":{\"@id\":\"https:\/\/boatrentalmallorca.net\/mallorca\/van-de-voorde-98-falcao-uno-yacht\/#primaryimage\"},\"thumbnailUrl\":\"https:\/\/boatrentalmallorca.net\/wp-content\/uploads\/2026\/03\/rent-yacht-Van-de-Voorde-98-Falcao-Uno-Palma.jpg\",\"datePublished\":\"2026-03-01T15:28:36+00:00\",\"dateModified\":\"2026-03-05T08:03:23+00:00\",\"description\":\"Rent a yacht Van de Voorde 98 (Falcao Uno) in Palma, Mallorca. \u2b50 60 guests. \u2b50 From 3850\u20ac\/half day. \u2714\ufe0f Book now!\",\"breadcrumb\":{\"@id\":\"https:\/\/boatrentalmallorca.net\/mallorca\/van-de-voorde-98-falcao-uno-yacht\/#breadcrumb\"},\"inLanguage\":\"de\",\"potentialAction\":[{\"@type\":\"ReadAction\",\"target\":[\"https:\/\/boatrentalmallorca.net\/mallorca\/van-de-voorde-98-falcao-uno-yacht\/\"]}]},{\"@type\":\"ImageObject\",\"inLanguage\":\"de\",\"@id\":\"https:\/\/boatrentalmallorca.net\/mallorca\/van-de-voorde-98-falcao-uno-yacht\/#primaryimage\",\"url\":\"https:\/\/boatrentalmallorca.net\/wp-content\/uploads\/2026\/03\/rent-yacht-Van-de-Voorde-98-Falcao-Uno-Palma.jpg\",\"contentUrl\":\"https:\/\/boatrentalmallorca.net\/wp-content\/uploads\/2026\/03\/rent-yacht-Van-de-Voorde-98-Falcao-Uno-Palma.jpg\",\"width\":403,\"height\":269,\"caption\":\"rent yacht Van de Voorde 98 Falcao Uno Palma\"},{\"@type\":\"BreadcrumbList\",\"@id\":\"https:\/\/boatrentalmallorca.net\/mallorca\/van-de-voorde-98-falcao-uno-yacht\/#breadcrumb\",\"itemListElement\":[{\"@type\":\"ListItem\",\"position\":1,\"name\":\"Home\",\"item\":\"https:\/\/boatrentalmallorca.net\/\"},{\"@type\":\"ListItem\",\"position\":2,\"name\":\"Listings\",\"item\":\"https:\/\/boatrentalmallorca.net\/mallorca\/\"},{\"@type\":\"ListItem\",\"position\":3,\"name\":\"Van de Voorde 98 | Falcao Uno | Yacht\"}]},{\"@type\":\"WebSite\",\"@id\":\"https:\/\/boatrentalmallorca.net\/#website\",\"url\":\"https:\/\/boatrentalmallorca.net\/\",\"name\":\"Boat Rental Mallorca\",\"description\":\"\",\"publisher\":{\"@id\":\"https:\/\/boatrentalmallorca.net\/#organization\"},\"potentialAction\":[{\"@type\":\"SearchAction\",\"target\":{\"@type\":\"EntryPoint\",\"urlTemplate\":\"https:\/\/boatrentalmallorca.net\/?s={search_term_string}\"},\"query-input\":{\"@type\":\"PropertyValueSpecification\",\"valueRequired\":true,\"valueName\":\"search_term_string\"}}],\"inLanguage\":\"de\"},{\"@type\":\"Organization\",\"@id\":\"https:\/\/boatrentalmallorca.net\/#organization\",\"name\":\"Boat Rental Mallorca\",\"url\":\"https:\/\/boatrentalmallorca.net\/\",\"logo\":{\"@type\":\"ImageObject\",\"inLanguage\":\"de\",\"@id\":\"https:\/\/boatrentalmallorca.net\/#\/schema\/logo\/image\/\",\"url\":\"https:\/\/boatrentalmallorca.net\/wp-content\/uploads\/2025\/02\/Logo-Boat-Rental-Mallorca.jpg\",\"contentUrl\":\"https:\/\/boatrentalmallorca.net\/wp-content\/uploads\/2025\/02\/Logo-Boat-Rental-Mallorca.jpg\",\"width\":996,\"height\":1068,\"caption\":\"Boat Rental Mallorca\"},\"image\":{\"@id\":\"https:\/\/boatrentalmallorca.net\/#\/schema\/logo\/image\/\"},\"description\":\"Boat Rental Mallorca is a local company offering yacht and boat rentals in Mallorca for sunset cruises, half-day, or full-day trips, with or without a captain. Prices start from \u20ac150 per hour. Boats are available for all types of private and corporate events.\",\"email\":\"boatrentalsmallorca@gmail.com\",\"telephone\":\"+34622937315\",\"numberOfEmployees\":{\"@type\":\"QuantitativeValue\",\"minValue\":\"1\",\"maxValue\":\"10\"}}]}<\/script>\n<!-- \/ Yoast SEO Premium plugin. -->","yoast_head_json":{"title":"Yacht Van de Voorde 98 (Falcao Uno) zu vermieten in Palma, Mallorca","description":"Mieten Sie eine Yacht Van de Voorde 98 (Falcao Uno) in Palma, Mallorca. \u2b50 60 G\u00e4ste. \u2b50 Ab 3850\u20ac\/halber Tag. \u2714\ufe0f Jetzt buchen!","robots":{"index":"index","follow":"follow","max-snippet":"max-snippet:-1","max-image-preview":"max-image-preview:large","max-video-preview":"max-video-preview:-1"},"canonical":"https:\/\/boatrentalmallorca.net\/de\/mallorca\/van-de-voorde-98-falcao-uno-yacht\/","og_locale":"de_DE","og_type":"article","og_title":"Van de Voorde 98 | Falcao Uno | Yacht","og_description":"Rent a yacht Van de Voorde 98 (Falcao Uno) in Palma, Mallorca. \u2b50 60 guests. \u2b50 From 3850\u20ac\/half day. \u2714\ufe0f Book now!","og_url":"https:\/\/boatrentalmallorca.net\/de\/mallorca\/van-de-voorde-98-falcao-uno-yacht\/","og_site_name":"Boat Rental Mallorca","article_modified_time":"2026-03-05T08:03:23+00:00","og_image":[{"width":403,"height":269,"url":"https:\/\/boatrentalmallorca.net\/wp-content\/uploads\/2026\/03\/rent-yacht-Van-de-Voorde-98-Falcao-Uno-Palma.jpg","type":"image\/jpeg"}],"twitter_card":"summary_large_image","twitter_misc":{"Gesch\u00e4tzte Lesezeit":"3\u00a0Minuten"},"schema":{"@context":"https:\/\/schema.org","@graph":[{"@type":"WebPage","@id":"https:\/\/boatrentalmallorca.net\/mallorca\/van-de-voorde-98-falcao-uno-yacht\/","url":"https:\/\/boatrentalmallorca.net\/mallorca\/van-de-voorde-98-falcao-uno-yacht\/","name":"Yacht Van de Voorde 98 (Falcao Uno) zu vermieten in Palma, Mallorca","isPartOf":{"@id":"https:\/\/boatrentalmallorca.net\/#website"},"primaryImageOfPage":{"@id":"https:\/\/boatrentalmallorca.net\/mallorca\/van-de-voorde-98-falcao-uno-yacht\/#primaryimage"},"image":{"@id":"https:\/\/boatrentalmallorca.net\/mallorca\/van-de-voorde-98-falcao-uno-yacht\/#primaryimage"},"thumbnailUrl":"https:\/\/boatrentalmallorca.net\/wp-content\/uploads\/2026\/03\/rent-yacht-Van-de-Voorde-98-Falcao-Uno-Palma.jpg","datePublished":"2026-03-01T15:28:36+00:00","dateModified":"2026-03-05T08:03:23+00:00","description":"Mieten Sie eine Yacht Van de Voorde 98 (Falcao Uno) in Palma, Mallorca. \u2b50 60 G\u00e4ste. \u2b50 Ab 3850\u20ac\/halber Tag. \u2714\ufe0f Jetzt buchen!","breadcrumb":{"@id":"https:\/\/boatrentalmallorca.net\/mallorca\/van-de-voorde-98-falcao-uno-yacht\/#breadcrumb"},"inLanguage":"de","potentialAction":[{"@type":"ReadAction","target":["https:\/\/boatrentalmallorca.net\/mallorca\/van-de-voorde-98-falcao-uno-yacht\/"]}]},{"@type":"ImageObject","inLanguage":"de","@id":"https:\/\/boatrentalmallorca.net\/mallorca\/van-de-voorde-98-falcao-uno-yacht\/#primaryimage","url":"https:\/\/boatrentalmallorca.net\/wp-content\/uploads\/2026\/03\/rent-yacht-Van-de-Voorde-98-Falcao-Uno-Palma.jpg","contentUrl":"https:\/\/boatrentalmallorca.net\/wp-content\/uploads\/2026\/03\/rent-yacht-Van-de-Voorde-98-Falcao-Uno-Palma.jpg","width":403,"height":269,"caption":"rent yacht Van de Voorde 98 Falcao Uno Palma"},{"@type":"BreadcrumbList","@id":"https:\/\/boatrentalmallorca.net\/mallorca\/van-de-voorde-98-falcao-uno-yacht\/#breadcrumb","itemListElement":[{"@type":"ListItem","position":1,"name":"Home","item":"https:\/\/boatrentalmallorca.net\/"},{"@type":"ListItem","position":2,"name":"Listings","item":"https:\/\/boatrentalmallorca.net\/mallorca\/"},{"@type":"ListItem","position":3,"name":"Van de Voorde 98 | Falcao Uno | Yacht"}]},{"@type":"WebSite","@id":"https:\/\/boatrentalmallorca.net\/#website","url":"https:\/\/boatrentalmallorca.net\/","name":"Bootsverleih Mallorca","description":"","publisher":{"@id":"https:\/\/boatrentalmallorca.net\/#organization"},"potentialAction":[{"@type":"SearchAction","target":{"@type":"EntryPoint","urlTemplate":"https:\/\/boatrentalmallorca.net\/?s={search_term_string}"},"query-input":{"@type":"PropertyValueSpecification","valueRequired":true,"valueName":"search_term_string"}}],"inLanguage":"de"},{"@type":"Organization","@id":"https:\/\/boatrentalmallorca.net\/#organization","name":"Bootsverleih Mallorca","url":"https:\/\/boatrentalmallorca.net\/","logo":{"@type":"ImageObject","inLanguage":"de","@id":"https:\/\/boatrentalmallorca.net\/#\/schema\/logo\/image\/","url":"https:\/\/boatrentalmallorca.net\/wp-content\/uploads\/2025\/02\/Logo-Boat-Rental-Mallorca.jpg","contentUrl":"https:\/\/boatrentalmallorca.net\/wp-content\/uploads\/2025\/02\/Logo-Boat-Rental-Mallorca.jpg","width":996,"height":1068,"caption":"Boat Rental Mallorca"},"image":{"@id":"https:\/\/boatrentalmallorca.net\/#\/schema\/logo\/image\/"},"description":"Boat Rental Mallorca ist ein lokales Unternehmen, das Yacht- und Bootsverleih auf Mallorca f\u00fcr Sonnenuntergangsfahrten, Halbtages- oder Ganztagesausfl\u00fcge mit oder ohne Kapit\u00e4n anbietet. Die Preise beginnen bei 150 \u20ac pro Stunde. Boote stehen f\u00fcr alle Arten von privaten und gesch\u00e4ftlichen Veranstaltungen zur Verf\u00fcgung.","email":"boatrentalsmallorca@gmail.com","telephone":"+34622937315","numberOfEmployees":{"@type":"QuantitativeValue","minValue":"1","maxValue":"10"}}]}},"_links":{"self":[{"href":"https:\/\/boatrentalmallorca.net\/de\/wp-json\/wp\/v2\/listings\/7109","targetHints":{"allow":["GET"]}}],"collection":[{"href":"https:\/\/boatrentalmallorca.net\/de\/wp-json\/wp\/v2\/listings"}],"about":[{"href":"https:\/\/boatrentalmallorca.net\/de\/wp-json\/wp\/v2\/types\/listing"}],"author":[{"embeddable":true,"href":"https:\/\/boatrentalmallorca.net\/de\/wp-json\/wp\/v2\/users\/2"}],"version-history":[{"count":7,"href":"https:\/\/boatrentalmallorca.net\/de\/wp-json\/wp\/v2\/listings\/7109\/revisions"}],"predecessor-version":[{"id":7161,"href":"https:\/\/boatrentalmallorca.net\/de\/wp-json\/wp\/v2\/listings\/7109\/revisions\/7161"}],"wp:featuredmedia":[{"embeddable":true,"href":"https:\/\/boatrentalmallorca.net\/de\/wp-json\/wp\/v2\/media\/7110"}],"wp:attachment":[{"href":"https:\/\/boatrentalmallorca.net\/de\/wp-json\/wp\/v2\/media?parent=7109"}],"wp:term":[{"taxonomy":"listing_type","embeddable":true,"href":"https:\/\/boatrentalmallorca.net\/de\/wp-json\/wp\/v2\/listing_type?post=7109"},{"taxonomy":"room_type","embeddable":true,"href":"https:\/\/boatrentalmallorca.net\/de\/wp-json\/wp\/v2\/room_type?post=7109"},{"taxonomy":"listing_amenity","embeddable":true,"href":"https:\/\/boatrentalmallorca.net\/de\/wp-json\/wp\/v2\/amenities?post=7109"},{"taxonomy":"listing_facility","embeddable":true,"href":"https:\/\/boatrentalmallorca.net\/de\/wp-json\/wp\/v2\/facilities?post=7109"},{"taxonomy":"listing_country","embeddable":true,"href":"https:\/\/boatrentalmallorca.net\/de\/wp-json\/wp\/v2\/listing_countries?post=7109"},{"taxonomy":"listing_state","embeddable":true,"href":"https:\/\/boatrentalmallorca.net\/de\/wp-json\/wp\/v2\/listing_states?post=7109"},{"taxonomy":"listing_city","embeddable":true,"href":"https:\/\/boatrentalmallorca.net\/de\/wp-json\/wp\/v2\/listing_cities?post=7109"},{"taxonomy":"listing_area","embeddable":true,"href":"https:\/\/boatrentalmallorca.net\/de\/wp-json\/wp\/v2\/listing_areas?post=7109"}],"curies":[{"name":"wp","href":"https:\/\/api.w.org\/{rel}","templated":true}]}}