{"id":2877,"date":"2025-01-20T12:32:46","date_gmt":"2025-01-20T12:32:46","guid":{"rendered":"https:\/\/boatrentalmallorca.net\/?post_type=listing&#038;p=2877"},"modified":"2026-04-25T12:16:15","modified_gmt":"2026-04-25T10:16:15","slug":"menorquin-55-sa-nina-llaut","status":"publish","type":"listing","link":"https:\/\/boatrentalmallorca.net\/de\/mallorca\/menorquin-55-sa-nina-llaut\/","title":{"rendered":"Menorquin 55 | Sa Nina | Llaut"},"content":{"rendered":"<p><\/p>\n\n\n\n<p><strong>NEBENSAISON (01.04.\u201314.06., 16.09.\u201331.10.) <\/strong><\/p>\n\n\n\n<p><\/p>\n\n\n\n<figure class=\"wp-block-table is-style-stripes\"><table class=\"has-fixed-layout\"><thead><tr><th class=\"has-text-align-center\" data-align=\"center\">DAUER<\/th><th class=\"has-text-align-center\" data-align=\"center\">1\u20136 Personen<\/th><th class=\"has-text-align-center\" data-align=\"center\">7 Personen<\/th><th class=\"has-text-align-center\" data-align=\"center\">8 Personen<\/th><\/tr><\/thead><tbody><tr><td class=\"has-text-align-center\" data-align=\"center\"><strong>8 STUNDEN<\/strong><\/td><td class=\"has-text-align-center\" data-align=\"center\">\u20ac1499<\/td><td class=\"has-text-align-center\" data-align=\"center\">\u20ac1624<\/td><td class=\"has-text-align-center\" data-align=\"center\">\u20ac1749<\/td><\/tr><tr><td class=\"has-text-align-center\" data-align=\"center\"><strong>7 STUNDEN<\/strong><\/td><td class=\"has-text-align-center\" data-align=\"center\">\u20ac1319<\/td><td class=\"has-text-align-center\" data-align=\"center\">\u20ac1431<\/td><td class=\"has-text-align-center\" data-align=\"center\">\u20ac1544<\/td><\/tr><tr><td class=\"has-text-align-center\" data-align=\"center\"><strong>6 STUNDEN<\/strong><\/td><td class=\"has-text-align-center\" data-align=\"center\">\u20ac1138<\/td><td class=\"has-text-align-center\" data-align=\"center\">\u20ac1238<\/td><td class=\"has-text-align-center\" data-align=\"center\">\u20ac1338<\/td><\/tr><tr><td class=\"has-text-align-center\" data-align=\"center\"><strong>5 STUNDEN<\/strong><\/td><td class=\"has-text-align-center\" data-align=\"center\">\u20ac963<\/td><td class=\"has-text-align-center\" data-align=\"center\">\u20ac1050<\/td><td class=\"has-text-align-center\" data-align=\"center\">\u20ac1138<\/td><\/tr><tr><td class=\"has-text-align-center\" data-align=\"center\"><strong>4 STUNDEN<\/strong><\/td><td class=\"has-text-align-center\" data-align=\"center\">\u20ac781<\/td><td class=\"has-text-align-center\" data-align=\"center\">\u20ac856<\/td><td class=\"has-text-align-center\" data-align=\"center\">\u20ac931<\/td><\/tr><tr><td class=\"has-text-align-center\" data-align=\"center\"><strong>3 STUNDEN<\/strong><\/td><td class=\"has-text-align-center\" data-align=\"center\">\u20ac569<\/td><td class=\"has-text-align-center\" data-align=\"center\">\u20ac631<\/td><td class=\"has-text-align-center\" data-align=\"center\">\u20ac694<\/td><\/tr><\/tbody><\/table><\/figure>\n\n\n\n<p><\/p>\n\n\n\n<p><strong>HOCHSAISON (15.06.\u201315.09.)<\/strong><\/p>\n\n\n\n<p><\/p>\n\n\n\n<figure class=\"wp-block-table is-style-stripes\"><table class=\"has-fixed-layout\"><thead><tr><th class=\"has-text-align-center\" data-align=\"center\">DAUER<\/th><th class=\"has-text-align-center\" data-align=\"center\">1\u20136 Personen<\/th><th class=\"has-text-align-center\" data-align=\"center\">7 Personen<\/th><th class=\"has-text-align-center\" data-align=\"center\">8 Personen<\/th><\/tr><\/thead><tbody><tr><td class=\"has-text-align-center\" data-align=\"center\"><strong>8 STUNDEN<\/strong><\/td><td class=\"has-text-align-center\" data-align=\"center\">\u20ac1638<\/td><td class=\"has-text-align-center\" data-align=\"center\">\u20ac1763<\/td><td class=\"has-text-align-center\" data-align=\"center\">\u20ac1888<\/td><\/tr><tr><td class=\"has-text-align-center\" data-align=\"center\"><strong>7 STUNDEN<\/strong><\/td><td class=\"has-text-align-center\" data-align=\"center\">\u20ac1438<\/td><td class=\"has-text-align-center\" data-align=\"center\">\u20ac1550<\/td><td class=\"has-text-align-center\" data-align=\"center\">\u20ac1663<\/td><\/tr><tr><td class=\"has-text-align-center\" data-align=\"center\"><strong>6 STUNDEN<\/strong><\/td><td class=\"has-text-align-center\" data-align=\"center\">\u20ac1244<\/td><td class=\"has-text-align-center\" data-align=\"center\">\u20ac1344<\/td><td class=\"has-text-align-center\" data-align=\"center\">\u20ac1444<\/td><\/tr><tr><td class=\"has-text-align-center\" data-align=\"center\"><strong>5 STUNDEN<\/strong><\/td><td class=\"has-text-align-center\" data-align=\"center\">\u20ac1044<\/td><td class=\"has-text-align-center\" data-align=\"center\">\u20ac1131<\/td><td class=\"has-text-align-center\" data-align=\"center\">\u20ac1219<\/td><\/tr><tr><td class=\"has-text-align-center\" data-align=\"center\"><strong>4 STUNDEN<\/strong><\/td><td class=\"has-text-align-center\" data-align=\"center\">\u20ac849<\/td><td class=\"has-text-align-center\" data-align=\"center\">\u20ac924<\/td><td class=\"has-text-align-center\" data-align=\"center\">\u20ac999<\/td><\/tr><tr><td class=\"has-text-align-center\" data-align=\"center\"><strong>3 STUNDEN<\/strong><\/td><td class=\"has-text-align-center\" data-align=\"center\">\u20ac619<\/td><td class=\"has-text-align-center\" data-align=\"center\">\u20ac681<\/td><td class=\"has-text-align-center\" data-align=\"center\">\u20ac744<\/td><\/tr><\/tbody><\/table><\/figure>\n\n\n\n<p><\/p>\n\n\n\n<p><strong>Enthalten:<\/strong><\/p>\n\n\n\n<ul class=\"wp-block-list\">\n<li>Kapit\u00e4n<\/li>\n\n\n\n<li>Kraftstoff<\/li>\n\n\n\n<li>Mehrwertsteuer<\/li>\n\n\n\n<li>Gratisgetr\u00e4nke<\/li>\n\n\n\n<li>Schnorchelausr\u00fcstung<\/li>\n\n\n\n<li>Paddelsurfen<\/li>\n<\/ul>","protected":false},"excerpt":{"rendered":"<p>LOW SEASON (01\/04\u201314\/06, 16\/09\u201331\/10) DURATION 1\u20136 PAX 7 PAX 8 PAX 8 HOURS \u20ac1499 \u20ac1624 \u20ac1749 7 HOURS \u20ac1319 \u20ac1431 \u20ac1544 6 HOURS \u20ac1138 \u20ac1238 \u20ac1338 5 HOURS \u20ac963 \u20ac1050 \u20ac1138 4 HOURS \u20ac781 \u20ac856 \u20ac931 3 HOURS \u20ac569 \u20ac631 \u20ac694 HIGH SEASON (15\/06\u201315\/09) DURATION 1\u20136 PAX 7 PAX 8 PAX 8 HOURS \u20ac1638 \u20ac1763 [&hellip;]<\/p>\n","protected":false},"author":2,"featured_media":2881,"parent":0,"menu_order":0,"template":"","listing_type":[61],"room_type":[41],"amenities":[65,66,75,76,82,83,86,93,106,107,118,122,164,199,210],"facilities":[],"listing_countries":[237],"listing_states":[],"listing_cities":[229],"listing_areas":[],"class_list":["post-2877","listing","type-listing","status-publish","has-post-thumbnail","hentry","listing_type-llaut-rental-mallorca","room_type-with-captain","listing_amenity-220v-power-outlet","listing_amenity-aft-sundeck","listing_amenity-bathing-ladder","listing_amenity-bathing-platform","listing_amenity-bimini","listing_amenity-bow-sundeck","listing_amenity-coffee-machine","listing_amenity-depth-sounder","listing_amenity-external-speakers","listing_amenity-external-table","listing_amenity-fridge","listing_amenity-gps","listing_amenity-outdoor-shower","listing_amenity-teak-deck","listing_amenity-vhf","listing_country-corporate-event-boat-mallorca","listing_city-boat-rental-pollensa"],"acf":[],"yoast_head":"<!-- This site is optimized with the Yoast SEO Premium plugin v24.3 (Yoast SEO v24.3) - https:\/\/yoast.com\/wordpress\/plugins\/seo\/ -->\n<title>Llaut Sa Nina (Menorquin 55) rental in Mallorca<\/title>\n<meta name=\"description\" content=\"Rent a llaut Sa Nina (Menorquin 55) with a captain in Mallorca. \u2b50 Capacity 8 guests. \u2b50 Price from 569\u20ac\/3 hours. \u2714\ufe0f Book a llaut now!\" \/>\n<meta name=\"robots\" content=\"index, follow, max-snippet:-1, max-image-preview:large, max-video-preview:-1\" \/>\n<link rel=\"canonical\" href=\"https:\/\/boatrentalmallorca.net\/de\/mallorca\/menorquin-55-sa-nina-llaut\/\" \/>\n<meta property=\"og:locale\" content=\"de_DE\" \/>\n<meta property=\"og:type\" content=\"article\" \/>\n<meta property=\"og:title\" content=\"Menorquin 55 | Sa Nina | Llaut\" \/>\n<meta property=\"og:description\" content=\"Rent a llaut Sa Nina (Menorquin 55) with a captain in Mallorca. \u2b50 Capacity 8 guests. \u2b50 Price from 569\u20ac\/3 hours. \u2714\ufe0f Book a llaut now!\" \/>\n<meta property=\"og:url\" content=\"https:\/\/boatrentalmallorca.net\/de\/mallorca\/menorquin-55-sa-nina-llaut\/\" \/>\n<meta property=\"og:site_name\" content=\"Boat Rental Mallorca\" \/>\n<meta property=\"article:modified_time\" content=\"2026-04-25T10:16:15+00:00\" \/>\n<meta property=\"og:image\" content=\"https:\/\/boatrentalmallorca.net\/wp-content\/uploads\/2025\/01\/Llaut-Menorquin-55-Sa-Nina-Mallorca.jpg\" \/>\n\t<meta property=\"og:image:width\" content=\"403\" \/>\n\t<meta property=\"og:image:height\" content=\"269\" \/>\n\t<meta property=\"og:image:type\" content=\"image\/jpeg\" \/>\n<meta name=\"twitter:card\" content=\"summary_large_image\" \/>\n<meta name=\"twitter:label1\" content=\"Gesch\u00e4tzte Lesezeit\" \/>\n\t<meta name=\"twitter:data1\" content=\"1\u00a0Minute\" \/>\n<script type=\"application\/ld+json\" class=\"yoast-schema-graph\">{\"@context\":\"https:\/\/schema.org\",\"@graph\":[{\"@type\":\"WebPage\",\"@id\":\"https:\/\/boatrentalmallorca.net\/mallorca\/menorquin-55-sa-nina-llaut\/\",\"url\":\"https:\/\/boatrentalmallorca.net\/mallorca\/menorquin-55-sa-nina-llaut\/\",\"name\":\"Llaut Sa Nina (Menorquin 55) rental in Mallorca\",\"isPartOf\":{\"@id\":\"https:\/\/boatrentalmallorca.net\/#website\"},\"primaryImageOfPage\":{\"@id\":\"https:\/\/boatrentalmallorca.net\/mallorca\/menorquin-55-sa-nina-llaut\/#primaryimage\"},\"image\":{\"@id\":\"https:\/\/boatrentalmallorca.net\/mallorca\/menorquin-55-sa-nina-llaut\/#primaryimage\"},\"thumbnailUrl\":\"https:\/\/boatrentalmallorca.net\/wp-content\/uploads\/2025\/01\/Llaut-Menorquin-55-Sa-Nina-Mallorca.jpg\",\"datePublished\":\"2025-01-20T12:32:46+00:00\",\"dateModified\":\"2026-04-25T10:16:15+00:00\",\"description\":\"Rent a llaut Sa Nina (Menorquin 55) with a captain in Mallorca. \u2b50 Capacity 8 guests. \u2b50 Price from 569\u20ac\/3 hours. \u2714\ufe0f Book a llaut now!\",\"breadcrumb\":{\"@id\":\"https:\/\/boatrentalmallorca.net\/mallorca\/menorquin-55-sa-nina-llaut\/#breadcrumb\"},\"inLanguage\":\"de\",\"potentialAction\":[{\"@type\":\"ReadAction\",\"target\":[\"https:\/\/boatrentalmallorca.net\/mallorca\/menorquin-55-sa-nina-llaut\/\"]}]},{\"@type\":\"ImageObject\",\"inLanguage\":\"de\",\"@id\":\"https:\/\/boatrentalmallorca.net\/mallorca\/menorquin-55-sa-nina-llaut\/#primaryimage\",\"url\":\"https:\/\/boatrentalmallorca.net\/wp-content\/uploads\/2025\/01\/Llaut-Menorquin-55-Sa-Nina-Mallorca.jpg\",\"contentUrl\":\"https:\/\/boatrentalmallorca.net\/wp-content\/uploads\/2025\/01\/Llaut-Menorquin-55-Sa-Nina-Mallorca.jpg\",\"width\":403,\"height\":269,\"caption\":\"Llaut Menorquin 55 Sa Nina Mallorca\"},{\"@type\":\"BreadcrumbList\",\"@id\":\"https:\/\/boatrentalmallorca.net\/mallorca\/menorquin-55-sa-nina-llaut\/#breadcrumb\",\"itemListElement\":[{\"@type\":\"ListItem\",\"position\":1,\"name\":\"Home\",\"item\":\"https:\/\/boatrentalmallorca.net\/\"},{\"@type\":\"ListItem\",\"position\":2,\"name\":\"Listings\",\"item\":\"https:\/\/boatrentalmallorca.net\/mallorca\/\"},{\"@type\":\"ListItem\",\"position\":3,\"name\":\"Menorquin 55 | Sa Nina | Llaut\"}]},{\"@type\":\"WebSite\",\"@id\":\"https:\/\/boatrentalmallorca.net\/#website\",\"url\":\"https:\/\/boatrentalmallorca.net\/\",\"name\":\"Boat Rental Mallorca\",\"description\":\"\",\"publisher\":{\"@id\":\"https:\/\/boatrentalmallorca.net\/#organization\"},\"potentialAction\":[{\"@type\":\"SearchAction\",\"target\":{\"@type\":\"EntryPoint\",\"urlTemplate\":\"https:\/\/boatrentalmallorca.net\/?s={search_term_string}\"},\"query-input\":{\"@type\":\"PropertyValueSpecification\",\"valueRequired\":true,\"valueName\":\"search_term_string\"}}],\"inLanguage\":\"de\"},{\"@type\":\"Organization\",\"@id\":\"https:\/\/boatrentalmallorca.net\/#organization\",\"name\":\"Boat Rental Mallorca\",\"url\":\"https:\/\/boatrentalmallorca.net\/\",\"logo\":{\"@type\":\"ImageObject\",\"inLanguage\":\"de\",\"@id\":\"https:\/\/boatrentalmallorca.net\/#\/schema\/logo\/image\/\",\"url\":\"https:\/\/boatrentalmallorca.net\/wp-content\/uploads\/2025\/02\/Logo-Boat-Rental-Mallorca.jpg\",\"contentUrl\":\"https:\/\/boatrentalmallorca.net\/wp-content\/uploads\/2025\/02\/Logo-Boat-Rental-Mallorca.jpg\",\"width\":996,\"height\":1068,\"caption\":\"Boat Rental Mallorca\"},\"image\":{\"@id\":\"https:\/\/boatrentalmallorca.net\/#\/schema\/logo\/image\/\"},\"description\":\"Boat Rental Mallorca is a local company offering yacht and boat rentals in Mallorca for sunset cruises, half-day, or full-day trips, with or without a captain. Prices start from \u20ac150 per hour. Boats are available for all types of private and corporate events.\",\"email\":\"boatrentalsmallorca@gmail.com\",\"telephone\":\"+34622937315\",\"numberOfEmployees\":{\"@type\":\"QuantitativeValue\",\"minValue\":\"1\",\"maxValue\":\"10\"}}]}<\/script>\n<!-- \/ Yoast SEO Premium plugin. -->","yoast_head_json":{"title":"Vermietung von Llaut Sa Nina (Menorquin 55) auf Mallorca","description":"Mieten Sie eine Llaut Sa Nina (Menorquin 55) mit Kapit\u00e4n auf Mallorca. \u2b50 Kapazit\u00e4t: 8 G\u00e4ste. \u2b50 Preis ab 569 \u20ac\/3 Stunden. \u2714\ufe0f Jetzt buchen!","robots":{"index":"index","follow":"follow","max-snippet":"max-snippet:-1","max-image-preview":"max-image-preview:large","max-video-preview":"max-video-preview:-1"},"canonical":"https:\/\/boatrentalmallorca.net\/de\/mallorca\/menorquin-55-sa-nina-llaut\/","og_locale":"de_DE","og_type":"article","og_title":"Menorquin 55 | Sa Nina | Llaut","og_description":"Rent a llaut Sa Nina (Menorquin 55) with a captain in Mallorca. \u2b50 Capacity 8 guests. \u2b50 Price from 569\u20ac\/3 hours. \u2714\ufe0f Book a llaut now!","og_url":"https:\/\/boatrentalmallorca.net\/de\/mallorca\/menorquin-55-sa-nina-llaut\/","og_site_name":"Boat Rental Mallorca","article_modified_time":"2026-04-25T10:16:15+00:00","og_image":[{"width":403,"height":269,"url":"https:\/\/boatrentalmallorca.net\/wp-content\/uploads\/2025\/01\/Llaut-Menorquin-55-Sa-Nina-Mallorca.jpg","type":"image\/jpeg"}],"twitter_card":"summary_large_image","twitter_misc":{"Gesch\u00e4tzte Lesezeit":"1\u00a0Minute"},"schema":{"@context":"https:\/\/schema.org","@graph":[{"@type":"WebPage","@id":"https:\/\/boatrentalmallorca.net\/mallorca\/menorquin-55-sa-nina-llaut\/","url":"https:\/\/boatrentalmallorca.net\/mallorca\/menorquin-55-sa-nina-llaut\/","name":"Vermietung von Llaut Sa Nina (Menorquin 55) auf Mallorca","isPartOf":{"@id":"https:\/\/boatrentalmallorca.net\/#website"},"primaryImageOfPage":{"@id":"https:\/\/boatrentalmallorca.net\/mallorca\/menorquin-55-sa-nina-llaut\/#primaryimage"},"image":{"@id":"https:\/\/boatrentalmallorca.net\/mallorca\/menorquin-55-sa-nina-llaut\/#primaryimage"},"thumbnailUrl":"https:\/\/boatrentalmallorca.net\/wp-content\/uploads\/2025\/01\/Llaut-Menorquin-55-Sa-Nina-Mallorca.jpg","datePublished":"2025-01-20T12:32:46+00:00","dateModified":"2026-04-25T10:16:15+00:00","description":"Mieten Sie eine Llaut Sa Nina (Menorquin 55) mit Kapit\u00e4n auf Mallorca. \u2b50 Kapazit\u00e4t: 8 G\u00e4ste. \u2b50 Preis ab 569 \u20ac\/3 Stunden. \u2714\ufe0f Jetzt buchen!","breadcrumb":{"@id":"https:\/\/boatrentalmallorca.net\/mallorca\/menorquin-55-sa-nina-llaut\/#breadcrumb"},"inLanguage":"de","potentialAction":[{"@type":"ReadAction","target":["https:\/\/boatrentalmallorca.net\/mallorca\/menorquin-55-sa-nina-llaut\/"]}]},{"@type":"ImageObject","inLanguage":"de","@id":"https:\/\/boatrentalmallorca.net\/mallorca\/menorquin-55-sa-nina-llaut\/#primaryimage","url":"https:\/\/boatrentalmallorca.net\/wp-content\/uploads\/2025\/01\/Llaut-Menorquin-55-Sa-Nina-Mallorca.jpg","contentUrl":"https:\/\/boatrentalmallorca.net\/wp-content\/uploads\/2025\/01\/Llaut-Menorquin-55-Sa-Nina-Mallorca.jpg","width":403,"height":269,"caption":"Llaut Menorquin 55 Sa Nina Mallorca"},{"@type":"BreadcrumbList","@id":"https:\/\/boatrentalmallorca.net\/mallorca\/menorquin-55-sa-nina-llaut\/#breadcrumb","itemListElement":[{"@type":"ListItem","position":1,"name":"Home","item":"https:\/\/boatrentalmallorca.net\/"},{"@type":"ListItem","position":2,"name":"Listings","item":"https:\/\/boatrentalmallorca.net\/mallorca\/"},{"@type":"ListItem","position":3,"name":"Menorquin 55 | Sa Nina | Llaut"}]},{"@type":"WebSite","@id":"https:\/\/boatrentalmallorca.net\/#website","url":"https:\/\/boatrentalmallorca.net\/","name":"Bootsverleih Mallorca","description":"","publisher":{"@id":"https:\/\/boatrentalmallorca.net\/#organization"},"potentialAction":[{"@type":"SearchAction","target":{"@type":"EntryPoint","urlTemplate":"https:\/\/boatrentalmallorca.net\/?s={search_term_string}"},"query-input":{"@type":"PropertyValueSpecification","valueRequired":true,"valueName":"search_term_string"}}],"inLanguage":"de"},{"@type":"Organization","@id":"https:\/\/boatrentalmallorca.net\/#organization","name":"Bootsverleih Mallorca","url":"https:\/\/boatrentalmallorca.net\/","logo":{"@type":"ImageObject","inLanguage":"de","@id":"https:\/\/boatrentalmallorca.net\/#\/schema\/logo\/image\/","url":"https:\/\/boatrentalmallorca.net\/wp-content\/uploads\/2025\/02\/Logo-Boat-Rental-Mallorca.jpg","contentUrl":"https:\/\/boatrentalmallorca.net\/wp-content\/uploads\/2025\/02\/Logo-Boat-Rental-Mallorca.jpg","width":996,"height":1068,"caption":"Boat Rental Mallorca"},"image":{"@id":"https:\/\/boatrentalmallorca.net\/#\/schema\/logo\/image\/"},"description":"Boat Rental Mallorca ist ein lokales Unternehmen, das Yacht- und Bootsverleih auf Mallorca f\u00fcr Sonnenuntergangsfahrten, Halbtages- oder Ganztagesausfl\u00fcge mit oder ohne Kapit\u00e4n anbietet. Die Preise beginnen bei 150 \u20ac pro Stunde. Boote stehen f\u00fcr alle Arten von privaten und gesch\u00e4ftlichen Veranstaltungen zur Verf\u00fcgung.","email":"boatrentalsmallorca@gmail.com","telephone":"+34622937315","numberOfEmployees":{"@type":"QuantitativeValue","minValue":"1","maxValue":"10"}}]}},"_links":{"self":[{"href":"https:\/\/boatrentalmallorca.net\/de\/wp-json\/wp\/v2\/listings\/2877","targetHints":{"allow":["GET"]}}],"collection":[{"href":"https:\/\/boatrentalmallorca.net\/de\/wp-json\/wp\/v2\/listings"}],"about":[{"href":"https:\/\/boatrentalmallorca.net\/de\/wp-json\/wp\/v2\/types\/listing"}],"author":[{"embeddable":true,"href":"https:\/\/boatrentalmallorca.net\/de\/wp-json\/wp\/v2\/users\/2"}],"version-history":[{"count":7,"href":"https:\/\/boatrentalmallorca.net\/de\/wp-json\/wp\/v2\/listings\/2877\/revisions"}],"predecessor-version":[{"id":8427,"href":"https:\/\/boatrentalmallorca.net\/de\/wp-json\/wp\/v2\/listings\/2877\/revisions\/8427"}],"wp:featuredmedia":[{"embeddable":true,"href":"https:\/\/boatrentalmallorca.net\/de\/wp-json\/wp\/v2\/media\/2881"}],"wp:attachment":[{"href":"https:\/\/boatrentalmallorca.net\/de\/wp-json\/wp\/v2\/media?parent=2877"}],"wp:term":[{"taxonomy":"listing_type","embeddable":true,"href":"https:\/\/boatrentalmallorca.net\/de\/wp-json\/wp\/v2\/listing_type?post=2877"},{"taxonomy":"room_type","embeddable":true,"href":"https:\/\/boatrentalmallorca.net\/de\/wp-json\/wp\/v2\/room_type?post=2877"},{"taxonomy":"listing_amenity","embeddable":true,"href":"https:\/\/boatrentalmallorca.net\/de\/wp-json\/wp\/v2\/amenities?post=2877"},{"taxonomy":"listing_facility","embeddable":true,"href":"https:\/\/boatrentalmallorca.net\/de\/wp-json\/wp\/v2\/facilities?post=2877"},{"taxonomy":"listing_country","embeddable":true,"href":"https:\/\/boatrentalmallorca.net\/de\/wp-json\/wp\/v2\/listing_countries?post=2877"},{"taxonomy":"listing_state","embeddable":true,"href":"https:\/\/boatrentalmallorca.net\/de\/wp-json\/wp\/v2\/listing_states?post=2877"},{"taxonomy":"listing_city","embeddable":true,"href":"https:\/\/boatrentalmallorca.net\/de\/wp-json\/wp\/v2\/listing_cities?post=2877"},{"taxonomy":"listing_area","embeddable":true,"href":"https:\/\/boatrentalmallorca.net\/de\/wp-json\/wp\/v2\/listing_areas?post=2877"}],"curies":[{"name":"wp","href":"https:\/\/api.w.org\/{rel}","templated":true}]}}